{"id":9440,"date":"2025-03-23T15:58:14","date_gmt":"2025-03-23T15:58:14","guid":{"rendered":"https:\/\/slovenianjewelryweek.com\/portfolio\/biljana-klekachkoska-2\/"},"modified":"2025-03-23T16:05:28","modified_gmt":"2025-03-23T16:05:28","slug":"biljana-klekachkoska-2","status":"publish","type":"portfolio","link":"https:\/\/slovenianjewelryweek.com\/sl\/portfolio\/biljana-klekachkoska-2\/","title":{"rendered":"Biljana Klekachkoska"},"content":{"rendered":"\t\t<div data-elementor-type=\"wp-post\" data-elementor-id=\"9440\" class=\"elementor elementor-9440 elementor-9424\">\n\t\t\t\t<div class=\"wd-negative-gap elementor-element elementor-element-29488d9 e-flex e-con-boxed e-con e-parent\" data-id=\"29488d9\" data-element_type=\"container\" data-e-type=\"container\">\n\t\t\t\t\t<div class=\"e-con-inner\">\n\t\t\t\t<div class=\"elementor-element elementor-element-529a656 wd-width-100 elementor-widget elementor-widget-wd_title\" data-id=\"529a656\" data-element_type=\"widget\" data-e-type=\"widget\" data-widget_type=\"wd_title.default\">\n\t\t\t\t<div class=\"elementor-widget-container\">\n\t\t\t\t\t\t\t<div class=\"title-wrapper wd-set-mb reset-last-child wd-title-color-default wd-title-style-default wd-title-size-extra-large text-center\">\n\n\t\t\t\n\t\t\t<div class=\"liner-continer\">\n\t\t\t\t<h1 class=\"woodmart-title-container title wd-fontsize-xxxl wd-underline-colored\">Biljana Klekachkoska<\/h1> \n\t\t\t\t\t\t\t<\/div>\n\n\t\t\t\t\t<\/div>\n\t\t\t\t\t\t<\/div>\n\t\t\t\t<\/div>\n\t\t\t\t\t<\/div>\n\t\t\t\t<\/div>\n\t\t<div class=\"wd-negative-gap elementor-element elementor-element-b0173a1 e-flex e-con-boxed e-con e-parent\" data-id=\"b0173a1\" data-element_type=\"container\" data-e-type=\"container\">\n\t\t\t\t\t<div class=\"e-con-inner\">\n\t\t\t\t<div class=\"elementor-element elementor-element-96faf24 elementor-widget-divider--view-line elementor-widget elementor-widget-divider\" data-id=\"96faf24\" data-element_type=\"widget\" data-e-type=\"widget\" data-widget_type=\"divider.default\">\n\t\t\t\t<div class=\"elementor-widget-container\">\n\t\t\t\t\t\t\t<div class=\"elementor-divider\">\n\t\t\t<span class=\"elementor-divider-separator\">\n\t\t\t\t\t\t<\/span>\n\t\t<\/div>\n\t\t\t\t\t\t<\/div>\n\t\t\t\t<\/div>\n\t\t\t\t\t<\/div>\n\t\t\t\t<\/div>\n\t\t<div class=\"elementor-element elementor-element-8dc6494 e-flex e-con-boxed e-con e-parent\" data-id=\"8dc6494\" data-element_type=\"container\" data-e-type=\"container\">\n\t\t\t\t\t<div class=\"e-con-inner\">\n\t\t\t\t<div class=\"elementor-element elementor-element-86fdb02 wd-width-100 elementor-widget elementor-widget-wd_title\" data-id=\"86fdb02\" data-element_type=\"widget\" data-e-type=\"widget\" data-widget_type=\"wd_title.default\">\n\t\t\t\t<div class=\"elementor-widget-container\">\n\t\t\t\t\t\t\t<div class=\"title-wrapper wd-set-mb reset-last-child wd-title-color-default wd-title-style-default wd-title-size-large text-left\">\n\n\t\t\t\n\t\t\t<div class=\"liner-continer\">\n\t\t\t\t<h4 class=\"woodmart-title-container title wd-fontsize-xxl\">Pogled na nevidno<\/h4> \n\t\t\t\t\t\t\t<\/div>\n\n\t\t\t\t\t\t\t<div class=\"title-after_title reset-last-child wd-fontsize-s\">\n\t\t\t\t\t<p>To delo se je razvilo iz avtori\u010dinega raziskovanja dveh prepletajo\u010dih se tem: gliv in povezave. Obstaja skoraj nevidno podzemno omre\u017eje, \u017eivi \u0161iv, prek katerega je velik del sveta za\u0161it v odnos. Imenuje se micelij in je podoben internetu, saj prena\u0161a informacije in hranila med seboj ter rastlinami in drevesi, s katerimi je povezan. Micelij lahko obravnavamo kot arhetip povezave. Ko rodi, rodi gobe. Nekatere od teh gob pa so razvile enteogene, psihoaktivne snovi, ki povzro\u010dajo stanja spremenjenega zaznavanja in zavesti. Ta odnos med \u010dlovekom in gobami ima zelo dolgo zgodovino, v kateri je bilo iskanje ekstati\u010dih stanj vzajemno in je zagotavljalo tako zdravljenje, vede\u017eevanje kot transcendenco.      <br><br>Hkrati je raziskovala povezanost in sorodnost vsega, kar obstaja, in kako stvari ali bitja \u0161ele v procesu svojih odnosov postanejo to, kar so. Kot micelij je ta nevidna in neoprijemljiva nit tudi tisto, kar povezuje starodavno tehniko filigranskega dela: tisto, kar povezuje njeno 25-letno osebno sodobno filigransko prakso z veliko starej\u0161o ter \u0161ir\u0161o tradicijo in kulturno dedi\u0161\u010dino. Njena praksa temelji na tem, da se najbolj drobni in ob\u010dutljivi srebrni elementi sre\u010dujejo, dr\u017eijo drug drugega in se povezujejo ter ustvarjajo predmete, ki z zajemanjem zraka vsebujejo veliko ve\u010d kot njihove glavne kovinske komponente. To novo delo ji je dalo prilo\u017enost, da ponovno premisli, analizira in razgradi to starodavno tehniko in svoj dolgoletni odnos z njo. Gobe naredijo gobe, vendar morajo najprej razgraditi nekaj drugega, pravi Merlin Sheldrake v svoji knjigi Zapleteno \u017eivljenje. Na podoben na\u010din je umetnica uporabila ta pristop, da bi \u00bbrazodela\u00ab filigransko tehniko in ji omogo\u010dila nove na\u010dine, da se manifestira v njeni praksi.     <\/p>\t\t\t\t<\/div>\n\t\t\t\t\t<\/div>\n\t\t\t\t\t\t<\/div>\n\t\t\t\t<\/div>\n\t\t\t\t\t<\/div>\n\t\t\t\t<\/div>\n\t\t<div class=\"wd-negative-gap elementor-element elementor-element-4e74fba e-flex e-con-boxed e-con e-parent\" data-id=\"4e74fba\" data-element_type=\"container\" data-e-type=\"container\">\n\t\t\t\t\t<div class=\"e-con-inner\">\n\t\t\t\t\t<\/div>\n\t\t\t\t<\/div>\n\t\t<div class=\"elementor-element elementor-element-9f33e16 e-flex e-con-boxed e-con e-parent\" data-id=\"9f33e16\" data-element_type=\"container\" data-e-type=\"container\">\n\t\t\t\t\t<div class=\"e-con-inner\">\n\t\t\t\t<div class=\"elementor-element elementor-element-6df9022 elementor-widget elementor-widget-bdt-advanced-image-gallery\" data-id=\"6df9022\" data-element_type=\"widget\" data-e-type=\"widget\" data-widget_type=\"bdt-advanced-image-gallery.default\">\n\t\t\t\t<div class=\"elementor-widget-container\">\n\t\t\t\t\t\t\t<div id=\"bdt-avdg-6df9022\" class=\"bdt-ep-advanced-image-gallery bdt-ep-advanced-image-gallery-skin-default bdt-grid bdt-grid-small bdt-child-width-1-1 bdt-child-width-1-2@s bdt-child-width-1-2@m\" data-bdt-grid=\" masonry: true\" data-bdt-lightbox=\"animation: slide;\" data-settings=\"{&quot;id&quot;:&quot;#bdt-avdg-6df9022&quot;,&quot;tiltShow&quot;:false}\">\n\t\t\t\n\t\t\t\t<div class=\"bdt-ep-advanced-image-gallery-item bdt-transition-toggle\">\n\t\t\t\t\t<div class=\"bdt-ep-advanced-image-gallery-inner\">\n\t\t\t\t\t\t<div class=\"bdt-ep-advanced-image-gallery-thumbnail bdt-transition-toggle\"><img loading=\"lazy\" decoding=\"async\" width=\"750\" height=\"771\" src=\"https:\/\/slovenianjewelryweek.com\/wp-content\/uploads\/2025\/03\/king.jpg\" class=\"jgalleryImage\" alt=\"king\" srcset=\"https:\/\/slovenianjewelryweek.com\/wp-content\/uploads\/2025\/03\/king.jpg 750w, https:\/\/slovenianjewelryweek.com\/wp-content\/uploads\/2025\/03\/king-292x300.jpg 292w\" sizes=\"auto, (max-width: 750px) 100vw, 750px\" \/><\/div>\t\t<div class=\"bdt-position-cover bdt-overlay bdt-overlay-default bdt-transition-fade\">\n\t\t\t<div class=\"bdt-ep-advanced-image-gallery-content\">\n\t\t\t\t<div class=\"bdt-ep-advanced-image-gallery-content-inner\">\n\n\t\t\t\t\t\t\t\t\t\t\t\t\t\t\t\t<div class=\"bdt-flex-inline bdt-ep-advanced-image-gallery-item-link-wrapper\">\n\t\t\t\t\t\t\t<a class=\"bdt-ep-advanced-image-gallery-item-link elementor-clickable icon-type-icon \" data-elementor-open-lightbox=\"no\" data-caption=\"\" data-href=\"https:\/\/slovenianjewelryweek.com\/wp-content\/uploads\/2025\/03\/king.jpg\">\n\t\t\t\t\t\t\t\t\n\t\t\t\t\t\t\t\t\t\t\t\t\t\t\t\t\t\t\t<span>\n\t\t\t\t\t\t\t\t\t\t\t<i class=\"ep-icon-plus-2\"><\/i>\n\t\t\t\t\t\t\t\t\t\t<\/span>\n\t\t\t\t\t\t\t\t\t\n\t\t\t\t\t\t\t\t\t\t\t\t\t\t\t<\/a>\n\t\t\t\t\t\t<\/div>\n\t\t\t\t\t\n\t\t\t\t\t\t\t\t\t<\/div>\n\t\t\t<\/div>\n\t\t<\/div>\n\t\t\t\t\t<\/div>\n\t\t\t\t\t\t\t\t\t<\/div>\n\n\t\t\t\n\t\t\t\t<div class=\"bdt-ep-advanced-image-gallery-item bdt-transition-toggle\">\n\t\t\t\t\t<div class=\"bdt-ep-advanced-image-gallery-inner\">\n\t\t\t\t\t\t<div class=\"bdt-ep-advanced-image-gallery-thumbnail bdt-transition-toggle\"><img loading=\"lazy\" decoding=\"async\" width=\"750\" height=\"980\" src=\"https:\/\/slovenianjewelryweek.com\/wp-content\/uploads\/2025\/03\/queen.jpg\" class=\"jgalleryImage\" alt=\"queen\" srcset=\"https:\/\/slovenianjewelryweek.com\/wp-content\/uploads\/2025\/03\/queen.jpg 750w, https:\/\/slovenianjewelryweek.com\/wp-content\/uploads\/2025\/03\/queen-230x300.jpg 230w\" sizes=\"auto, (max-width: 750px) 100vw, 750px\" \/><\/div>\t\t<div class=\"bdt-position-cover bdt-overlay bdt-overlay-default bdt-transition-fade\">\n\t\t\t<div class=\"bdt-ep-advanced-image-gallery-content\">\n\t\t\t\t<div class=\"bdt-ep-advanced-image-gallery-content-inner\">\n\n\t\t\t\t\t\t\t\t\t\t\t\t\t\t\t\t<div class=\"bdt-flex-inline bdt-ep-advanced-image-gallery-item-link-wrapper\">\n\t\t\t\t\t\t\t<a class=\"bdt-ep-advanced-image-gallery-item-link elementor-clickable icon-type-icon \" data-elementor-open-lightbox=\"no\" data-caption=\"\" data-href=\"https:\/\/slovenianjewelryweek.com\/wp-content\/uploads\/2025\/03\/queen.jpg\">\n\t\t\t\t\t\t\t\t\n\t\t\t\t\t\t\t\t\t\t\t\t\t\t\t\t\t\t\t<span>\n\t\t\t\t\t\t\t\t\t\t\t<i class=\"ep-icon-plus-2\"><\/i>\n\t\t\t\t\t\t\t\t\t\t<\/span>\n\t\t\t\t\t\t\t\t\t\n\t\t\t\t\t\t\t\t\t\t\t\t\t\t\t<\/a>\n\t\t\t\t\t\t<\/div>\n\t\t\t\t\t\n\t\t\t\t\t\t\t\t\t<\/div>\n\t\t\t<\/div>\n\t\t<\/div>\n\t\t\t\t\t<\/div>\n\t\t\t\t\t\t\t\t\t<\/div>\n\n\t\t\t\n\t\t\t\t<div class=\"bdt-ep-advanced-image-gallery-item bdt-transition-toggle\">\n\t\t\t\t\t<div class=\"bdt-ep-advanced-image-gallery-inner\">\n\t\t\t\t\t\t<div class=\"bdt-ep-advanced-image-gallery-thumbnail bdt-transition-toggle\"><img loading=\"lazy\" decoding=\"async\" width=\"1500\" height=\"1000\" src=\"https:\/\/slovenianjewelryweek.com\/wp-content\/uploads\/2025\/03\/Klekachkoska_Biljana_Chalice_Kings_rings.jpg\" class=\"jgalleryImage\" alt=\"Klekachkoska_Biljana_Chalice_Kings_rings\" srcset=\"https:\/\/slovenianjewelryweek.com\/wp-content\/uploads\/2025\/03\/Klekachkoska_Biljana_Chalice_Kings_rings.jpg 1500w, https:\/\/slovenianjewelryweek.com\/wp-content\/uploads\/2025\/03\/Klekachkoska_Biljana_Chalice_Kings_rings-300x200.jpg 300w, https:\/\/slovenianjewelryweek.com\/wp-content\/uploads\/2025\/03\/Klekachkoska_Biljana_Chalice_Kings_rings-1024x683.jpg 1024w, https:\/\/slovenianjewelryweek.com\/wp-content\/uploads\/2025\/03\/Klekachkoska_Biljana_Chalice_Kings_rings-768x512.jpg 768w\" sizes=\"auto, (max-width: 1500px) 100vw, 1500px\" \/><\/div>\t\t<div class=\"bdt-position-cover bdt-overlay bdt-overlay-default bdt-transition-fade\">\n\t\t\t<div class=\"bdt-ep-advanced-image-gallery-content\">\n\t\t\t\t<div class=\"bdt-ep-advanced-image-gallery-content-inner\">\n\n\t\t\t\t\t\t\t\t\t\t\t\t\t\t\t\t<div class=\"bdt-flex-inline bdt-ep-advanced-image-gallery-item-link-wrapper\">\n\t\t\t\t\t\t\t<a class=\"bdt-ep-advanced-image-gallery-item-link elementor-clickable icon-type-icon \" data-elementor-open-lightbox=\"no\" data-caption=\"\" data-href=\"https:\/\/slovenianjewelryweek.com\/wp-content\/uploads\/2025\/03\/Klekachkoska_Biljana_Chalice_Kings_rings.jpg\">\n\t\t\t\t\t\t\t\t\n\t\t\t\t\t\t\t\t\t\t\t\t\t\t\t\t\t\t\t<span>\n\t\t\t\t\t\t\t\t\t\t\t<i class=\"ep-icon-plus-2\"><\/i>\n\t\t\t\t\t\t\t\t\t\t<\/span>\n\t\t\t\t\t\t\t\t\t\n\t\t\t\t\t\t\t\t\t\t\t\t\t\t\t<\/a>\n\t\t\t\t\t\t<\/div>\n\t\t\t\t\t\n\t\t\t\t\t\t\t\t\t<\/div>\n\t\t\t<\/div>\n\t\t<\/div>\n\t\t\t\t\t<\/div>\n\t\t\t\t\t\t\t\t\t<\/div>\n\n\t\t\t\n\t\t\t\t<div class=\"bdt-ep-advanced-image-gallery-item bdt-transition-toggle\">\n\t\t\t\t\t<div class=\"bdt-ep-advanced-image-gallery-inner\">\n\t\t\t\t\t\t<div class=\"bdt-ep-advanced-image-gallery-thumbnail bdt-transition-toggle\"><img loading=\"lazy\" decoding=\"async\" width=\"1500\" height=\"1000\" src=\"https:\/\/slovenianjewelryweek.com\/wp-content\/uploads\/2025\/03\/Klekachkoska_Biljana_Chalice_Queens_rings.jpg\" class=\"jgalleryImage\" alt=\"Klekachkoska_Biljana_Chalice_Queens_rings\" srcset=\"https:\/\/slovenianjewelryweek.com\/wp-content\/uploads\/2025\/03\/Klekachkoska_Biljana_Chalice_Queens_rings.jpg 1500w, https:\/\/slovenianjewelryweek.com\/wp-content\/uploads\/2025\/03\/Klekachkoska_Biljana_Chalice_Queens_rings-300x200.jpg 300w, https:\/\/slovenianjewelryweek.com\/wp-content\/uploads\/2025\/03\/Klekachkoska_Biljana_Chalice_Queens_rings-1024x683.jpg 1024w, https:\/\/slovenianjewelryweek.com\/wp-content\/uploads\/2025\/03\/Klekachkoska_Biljana_Chalice_Queens_rings-768x512.jpg 768w\" sizes=\"auto, (max-width: 1500px) 100vw, 1500px\" \/><\/div>\t\t<div class=\"bdt-position-cover bdt-overlay bdt-overlay-default bdt-transition-fade\">\n\t\t\t<div class=\"bdt-ep-advanced-image-gallery-content\">\n\t\t\t\t<div class=\"bdt-ep-advanced-image-gallery-content-inner\">\n\n\t\t\t\t\t\t\t\t\t\t\t\t\t\t\t\t<div class=\"bdt-flex-inline bdt-ep-advanced-image-gallery-item-link-wrapper\">\n\t\t\t\t\t\t\t<a class=\"bdt-ep-advanced-image-gallery-item-link elementor-clickable icon-type-icon \" data-elementor-open-lightbox=\"no\" data-caption=\"\" data-href=\"https:\/\/slovenianjewelryweek.com\/wp-content\/uploads\/2025\/03\/Klekachkoska_Biljana_Chalice_Queens_rings.jpg\">\n\t\t\t\t\t\t\t\t\n\t\t\t\t\t\t\t\t\t\t\t\t\t\t\t\t\t\t\t<span>\n\t\t\t\t\t\t\t\t\t\t\t<i class=\"ep-icon-plus-2\"><\/i>\n\t\t\t\t\t\t\t\t\t\t<\/span>\n\t\t\t\t\t\t\t\t\t\n\t\t\t\t\t\t\t\t\t\t\t\t\t\t\t<\/a>\n\t\t\t\t\t\t<\/div>\n\t\t\t\t\t\n\t\t\t\t\t\t\t\t\t<\/div>\n\t\t\t<\/div>\n\t\t<\/div>\n\t\t\t\t\t<\/div>\n\t\t\t\t\t\t\t\t\t<\/div>\n\n\t\t\t\t\t<\/div>\n\t\t\t\t\t<\/div>\n\t\t\t\t<\/div>\n\t\t\t\t\t<\/div>\n\t\t\t\t<\/div>\n\t\t<div class=\"wd-negative-gap elementor-element elementor-element-f412ac3 e-flex e-con-boxed e-con e-parent\" data-id=\"f412ac3\" data-element_type=\"container\" data-e-type=\"container\">\n\t\t\t\t\t<div class=\"e-con-inner\">\n\t\t\t\t<div class=\"elementor-element elementor-element-7d91274 elementor-widget-divider--view-line elementor-widget elementor-widget-divider\" data-id=\"7d91274\" data-element_type=\"widget\" data-e-type=\"widget\" data-widget_type=\"divider.default\">\n\t\t\t\t<div class=\"elementor-widget-container\">\n\t\t\t\t\t\t\t<div class=\"elementor-divider\">\n\t\t\t<span class=\"elementor-divider-separator\">\n\t\t\t\t\t\t<\/span>\n\t\t<\/div>\n\t\t\t\t\t\t<\/div>\n\t\t\t\t<\/div>\n\t\t\t\t\t<\/div>\n\t\t\t\t<\/div>\n\t\t<div class=\"wd-negative-gap elementor-element elementor-element-91f16b2 e-flex e-con-boxed e-con e-parent\" data-id=\"91f16b2\" data-element_type=\"container\" data-e-type=\"container\">\n\t\t\t\t\t<div class=\"e-con-inner\">\n\t\t<div class=\"elementor-element elementor-element-cce6239 e-con-full e-flex e-con e-child\" data-id=\"cce6239\" data-element_type=\"container\" data-e-type=\"container\">\n\t\t\t\t<div class=\"elementor-element elementor-element-ad352e3 wd-width-100 elementor-widget elementor-widget-wd_title\" data-id=\"ad352e3\" data-element_type=\"widget\" data-e-type=\"widget\" data-widget_type=\"wd_title.default\">\n\t\t\t\t<div class=\"elementor-widget-container\">\n\t\t\t\t\t\t\t<div class=\"title-wrapper wd-set-mb reset-last-child wd-title-color-default wd-title-style-default wd-title-size-large text-left\">\n\n\t\t\t\n\t\t\t<div class=\"liner-continer\">\n\t\t\t\t<h4 class=\"woodmart-title-container title wd-fontsize-xxl\"><\/h4> \n\t\t\t\t\t\t\t<\/div>\n\n\t\t\t\t\t\t\t<div class=\"title-after_title reset-last-child wd-fontsize-s\">\n\t\t\t\t\t<p>Biljana Klekachkoska izdeluje nakit \u017ee ve\u010d kot 25 let. S svojim eklekti\u010dnim slogom je postala pionirka novega vala revitalizacije in ponovnega izumljanja tradicionalne umetnosti filigrana, z iznajdljivim pristopom pri uporabi novih tehnik, materialov in na\u010dinov ustvarjanja. Zelo uspe\u0161no je vtisnila oseben pe\u010dat svojim izdelkom, kar ima za posledico stvaritve z veliko umetni\u0161ko in brez\u010dasno vrednostjo.  <br><br>S svojim delom umetnice, podjetnice in u\u010diteljice se je pomembno zavzela za razvoj nastajajo\u010de kulture izdelovanja nakita in obdelave kovin v Republiki Severni Makedoniji ter mnogim mladim omogo\u010dila, da odkrijejo svojo strast do okrasja in tehnike.<br><br>Pred kratkim je na Univerzi za uporabne znanosti v Trierju v Idar-Obersteinu magistrirala iz draguljarstva in nakita.<\/p>\t\t\t\t<\/div>\n\t\t\t\t\t<\/div>\n\t\t\t\t\t\t<\/div>\n\t\t\t\t<\/div>\n\t\t\t\t<div class=\"elementor-element elementor-element-d4e8fce elementor-widget elementor-widget-wd_text_block\" data-id=\"d4e8fce\" data-element_type=\"widget\" data-e-type=\"widget\" data-widget_type=\"wd_text_block.default\">\n\t\t\t\t<div class=\"elementor-widget-container\">\n\t\t\t\t\t\t\t<div class=\"wd-text-block reset-last-child text-left\">\n\t\t\t\n\t\t\t\n\t\t\t\t\t<\/div>\n\t\t\t\t\t\t<\/div>\n\t\t\t\t<\/div>\n\t\t\t\t<\/div>\n\t\t<div class=\"elementor-element elementor-element-b237d38 e-con-full e-flex e-con e-child\" data-id=\"b237d38\" data-element_type=\"container\" data-e-type=\"container\">\n\t\t\t\t<div class=\"elementor-element elementor-element-2feb63e elementor-widget elementor-widget-wd_image_or_svg\" data-id=\"2feb63e\" data-element_type=\"widget\" data-e-type=\"widget\" data-widget_type=\"wd_image_or_svg.default\">\n\t\t\t\t<div class=\"elementor-widget-container\">\n\t\t\t\t\t\n\t\t<div class=\"wd-image text-left\">\n\t\t\t\t\t\t\t\t<img loading=\"lazy\" decoding=\"async\" width=\"750\" height=\"750\" src=\"https:\/\/slovenianjewelryweek.com\/wp-content\/uploads\/2025\/03\/bibi-1.jpg\" class=\"attachment-full size-full\" alt=\"\" srcset=\"https:\/\/slovenianjewelryweek.com\/wp-content\/uploads\/2025\/03\/bibi-1.jpg 750w, https:\/\/slovenianjewelryweek.com\/wp-content\/uploads\/2025\/03\/bibi-1-300x300.jpg 300w, https:\/\/slovenianjewelryweek.com\/wp-content\/uploads\/2025\/03\/bibi-1-150x150.jpg 150w\" sizes=\"auto, (max-width: 750px) 100vw, 750px\" \/>\t\t\t\t\t<\/div>\n\n\t\t\t\t\t\t<\/div>\n\t\t\t\t<\/div>\n\t\t\t\t<\/div>\n\t\t\t\t\t<\/div>\n\t\t\t\t<\/div>\n\t\t<div class=\"wd-negative-gap elementor-element elementor-element-c2cbd3c e-flex e-con-boxed e-con e-parent\" data-id=\"c2cbd3c\" data-element_type=\"container\" data-e-type=\"container\">\n\t\t\t\t\t<div class=\"e-con-inner\">\n\t\t\t\t<div class=\"elementor-element elementor-element-f82dc46 elementor-widget elementor-widget-wd_button\" data-id=\"f82dc46\" data-element_type=\"widget\" data-e-type=\"widget\" id=\"go-back\" data-widget_type=\"wd_button.default\">\n\t\t\t\t<div class=\"elementor-widget-container\">\n\t\t\t\t\t\t\t<div class=\"wd-button-wrapper text-center\" >\n\t\t\t<a class=\"btn btn-style-default btn-shape-rectangle btn-size-extra-large btn-color-black btn-icon-pos-left\" >\n\t\t\t\t<span class=\"wd-btn-text\" data-elementor-setting-key=\"text\">\n\t\t\t\t\tGO BACK\t\t\t\t<\/span>\n\n\t\t\t\t\t\t\t\t\t<span class=\"wd-btn-icon\">\n\t\t\t\t\t\t<span class=\"wd-icon ion ion-ios-arrow-back\"><\/span>\t\t\t\t\t<\/span>\n\t\t\t\t\t\t\t<\/a>\n\t\t<\/div>\n\t\t\t\t\t\t<\/div>\n\t\t\t\t<\/div>\n\t\t\t\t\t<\/div>\n\t\t\t\t<\/div>\n\t\t\t\t<\/div>\n\t\t","protected":false},"excerpt":{"rendered":"<p>Biljana Klekachkoska Pogled na nevidno To delo se je razvilo iz avtori\u010dinega raziskovanja dveh prepletajo\u010dih se tem: gliv in povezave.<\/p>\n","protected":false},"featured_media":9426,"menu_order":0,"comment_status":"open","ping_status":"closed","template":"","project-cat":[106],"class_list":["post-9440","portfolio","type-portfolio","status-publish","has-post-thumbnail","hentry","project-cat-tuji-oblikovalci-2023"],"yoast_head":"<!-- This site is optimized with the Yoast SEO plugin v27.2 - https:\/\/yoast.com\/product\/yoast-seo-wordpress\/ -->\n<title>Biljana Klekachkoska - SIJW<\/title>\n<meta name=\"robots\" content=\"index, follow, max-snippet:-1, max-image-preview:large, max-video-preview:-1\" \/>\n<link rel=\"canonical\" href=\"https:\/\/slovenianjewelryweek.com\/sl\/portfolio\/biljana-klekachkoska-2\/\" \/>\n<meta property=\"og:locale\" content=\"sl_SI\" \/>\n<meta property=\"og:type\" content=\"article\" \/>\n<meta property=\"og:title\" content=\"Biljana Klekachkoska - SIJW\" \/>\n<meta property=\"og:description\" content=\"Biljana Klekachkoska Pogled na nevidno To delo se je razvilo iz avtori\u010dinega raziskovanja dveh prepletajo\u010dih se tem: gliv in povezave.\" \/>\n<meta property=\"og:url\" content=\"https:\/\/slovenianjewelryweek.com\/sl\/portfolio\/biljana-klekachkoska-2\/\" \/>\n<meta property=\"og:site_name\" content=\"SIJW\" \/>\n<meta property=\"article:modified_time\" content=\"2025-03-23T16:05:28+00:00\" \/>\n<meta property=\"og:image\" content=\"https:\/\/slovenianjewelryweek.com\/wp-content\/uploads\/2025\/03\/king.jpg\" \/>\n\t<meta property=\"og:image:width\" content=\"750\" \/>\n\t<meta property=\"og:image:height\" content=\"771\" \/>\n\t<meta property=\"og:image:type\" content=\"image\/jpeg\" \/>\n<meta name=\"twitter:card\" content=\"summary_large_image\" \/>\n<meta name=\"twitter:label1\" content=\"Est. reading time\" \/>\n\t<meta name=\"twitter:data1\" content=\"3 minute\" \/>\n<script type=\"application\/ld+json\" class=\"yoast-schema-graph\">{\"@context\":\"https:\/\/schema.org\",\"@graph\":[{\"@type\":\"WebPage\",\"@id\":\"https:\/\/slovenianjewelryweek.com\/sl\/portfolio\/biljana-klekachkoska-2\/\",\"url\":\"https:\/\/slovenianjewelryweek.com\/sl\/portfolio\/biljana-klekachkoska-2\/\",\"name\":\"Biljana Klekachkoska - SIJW\",\"isPartOf\":{\"@id\":\"https:\/\/slovenianjewelryweek.com\/sl\/#website\"},\"primaryImageOfPage\":{\"@id\":\"https:\/\/slovenianjewelryweek.com\/sl\/portfolio\/biljana-klekachkoska-2\/#primaryimage\"},\"image\":{\"@id\":\"https:\/\/slovenianjewelryweek.com\/sl\/portfolio\/biljana-klekachkoska-2\/#primaryimage\"},\"thumbnailUrl\":\"https:\/\/slovenianjewelryweek.com\/wp-content\/uploads\/2025\/03\/king.jpg\",\"datePublished\":\"2025-03-23T15:58:14+00:00\",\"dateModified\":\"2025-03-23T16:05:28+00:00\",\"breadcrumb\":{\"@id\":\"https:\/\/slovenianjewelryweek.com\/sl\/portfolio\/biljana-klekachkoska-2\/#breadcrumb\"},\"inLanguage\":\"sl-SI\",\"potentialAction\":[{\"@type\":\"ReadAction\",\"target\":[\"https:\/\/slovenianjewelryweek.com\/sl\/portfolio\/biljana-klekachkoska-2\/\"]}]},{\"@type\":\"ImageObject\",\"inLanguage\":\"sl-SI\",\"@id\":\"https:\/\/slovenianjewelryweek.com\/sl\/portfolio\/biljana-klekachkoska-2\/#primaryimage\",\"url\":\"https:\/\/slovenianjewelryweek.com\/wp-content\/uploads\/2025\/03\/king.jpg\",\"contentUrl\":\"https:\/\/slovenianjewelryweek.com\/wp-content\/uploads\/2025\/03\/king.jpg\",\"width\":750,\"height\":771},{\"@type\":\"BreadcrumbList\",\"@id\":\"https:\/\/slovenianjewelryweek.com\/sl\/portfolio\/biljana-klekachkoska-2\/#breadcrumb\",\"itemListElement\":[{\"@type\":\"ListItem\",\"position\":1,\"name\":\"Home\",\"item\":\"https:\/\/slovenianjewelryweek.com\/sl\/\"},{\"@type\":\"ListItem\",\"position\":2,\"name\":\"Portfolio\",\"item\":\"https:\/\/slovenianjewelryweek.com\/sl\/portfolio\/\"},{\"@type\":\"ListItem\",\"position\":3,\"name\":\"Biljana Klekachkoska\"}]},{\"@type\":\"WebSite\",\"@id\":\"https:\/\/slovenianjewelryweek.com\/sl\/#website\",\"url\":\"https:\/\/slovenianjewelryweek.com\/sl\/\",\"name\":\"SIJW\",\"description\":\"\",\"potentialAction\":[{\"@type\":\"SearchAction\",\"target\":{\"@type\":\"EntryPoint\",\"urlTemplate\":\"https:\/\/slovenianjewelryweek.com\/sl\/?s={search_term_string}\"},\"query-input\":{\"@type\":\"PropertyValueSpecification\",\"valueRequired\":true,\"valueName\":\"search_term_string\"}}],\"inLanguage\":\"sl-SI\"}]}<\/script>\n<!-- \/ Yoast SEO plugin. -->","yoast_head_json":{"title":"Biljana Klekachkoska - SIJW","robots":{"index":"index","follow":"follow","max-snippet":"max-snippet:-1","max-image-preview":"max-image-preview:large","max-video-preview":"max-video-preview:-1"},"canonical":"https:\/\/slovenianjewelryweek.com\/sl\/portfolio\/biljana-klekachkoska-2\/","og_locale":"sl_SI","og_type":"article","og_title":"Biljana Klekachkoska - SIJW","og_description":"Biljana Klekachkoska Pogled na nevidno To delo se je razvilo iz avtori\u010dinega raziskovanja dveh prepletajo\u010dih se tem: gliv in povezave.","og_url":"https:\/\/slovenianjewelryweek.com\/sl\/portfolio\/biljana-klekachkoska-2\/","og_site_name":"SIJW","article_modified_time":"2025-03-23T16:05:28+00:00","og_image":[{"width":750,"height":771,"url":"https:\/\/slovenianjewelryweek.com\/wp-content\/uploads\/2025\/03\/king.jpg","type":"image\/jpeg"}],"twitter_card":"summary_large_image","twitter_misc":{"Est. reading time":"3 minute"},"schema":{"@context":"https:\/\/schema.org","@graph":[{"@type":"WebPage","@id":"https:\/\/slovenianjewelryweek.com\/sl\/portfolio\/biljana-klekachkoska-2\/","url":"https:\/\/slovenianjewelryweek.com\/sl\/portfolio\/biljana-klekachkoska-2\/","name":"Biljana Klekachkoska - SIJW","isPartOf":{"@id":"https:\/\/slovenianjewelryweek.com\/sl\/#website"},"primaryImageOfPage":{"@id":"https:\/\/slovenianjewelryweek.com\/sl\/portfolio\/biljana-klekachkoska-2\/#primaryimage"},"image":{"@id":"https:\/\/slovenianjewelryweek.com\/sl\/portfolio\/biljana-klekachkoska-2\/#primaryimage"},"thumbnailUrl":"https:\/\/slovenianjewelryweek.com\/wp-content\/uploads\/2025\/03\/king.jpg","datePublished":"2025-03-23T15:58:14+00:00","dateModified":"2025-03-23T16:05:28+00:00","breadcrumb":{"@id":"https:\/\/slovenianjewelryweek.com\/sl\/portfolio\/biljana-klekachkoska-2\/#breadcrumb"},"inLanguage":"sl-SI","potentialAction":[{"@type":"ReadAction","target":["https:\/\/slovenianjewelryweek.com\/sl\/portfolio\/biljana-klekachkoska-2\/"]}]},{"@type":"ImageObject","inLanguage":"sl-SI","@id":"https:\/\/slovenianjewelryweek.com\/sl\/portfolio\/biljana-klekachkoska-2\/#primaryimage","url":"https:\/\/slovenianjewelryweek.com\/wp-content\/uploads\/2025\/03\/king.jpg","contentUrl":"https:\/\/slovenianjewelryweek.com\/wp-content\/uploads\/2025\/03\/king.jpg","width":750,"height":771},{"@type":"BreadcrumbList","@id":"https:\/\/slovenianjewelryweek.com\/sl\/portfolio\/biljana-klekachkoska-2\/#breadcrumb","itemListElement":[{"@type":"ListItem","position":1,"name":"Home","item":"https:\/\/slovenianjewelryweek.com\/sl\/"},{"@type":"ListItem","position":2,"name":"Portfolio","item":"https:\/\/slovenianjewelryweek.com\/sl\/portfolio\/"},{"@type":"ListItem","position":3,"name":"Biljana Klekachkoska"}]},{"@type":"WebSite","@id":"https:\/\/slovenianjewelryweek.com\/sl\/#website","url":"https:\/\/slovenianjewelryweek.com\/sl\/","name":"SIJW","description":"","potentialAction":[{"@type":"SearchAction","target":{"@type":"EntryPoint","urlTemplate":"https:\/\/slovenianjewelryweek.com\/sl\/?s={search_term_string}"},"query-input":{"@type":"PropertyValueSpecification","valueRequired":true,"valueName":"search_term_string"}}],"inLanguage":"sl-SI"}]}},"_links":{"self":[{"href":"https:\/\/slovenianjewelryweek.com\/sl\/wp-json\/wp\/v2\/portfolio\/9440","targetHints":{"allow":["GET"]}}],"collection":[{"href":"https:\/\/slovenianjewelryweek.com\/sl\/wp-json\/wp\/v2\/portfolio"}],"about":[{"href":"https:\/\/slovenianjewelryweek.com\/sl\/wp-json\/wp\/v2\/types\/portfolio"}],"replies":[{"embeddable":true,"href":"https:\/\/slovenianjewelryweek.com\/sl\/wp-json\/wp\/v2\/comments?post=9440"}],"version-history":[{"count":2,"href":"https:\/\/slovenianjewelryweek.com\/sl\/wp-json\/wp\/v2\/portfolio\/9440\/revisions"}],"predecessor-version":[{"id":9442,"href":"https:\/\/slovenianjewelryweek.com\/sl\/wp-json\/wp\/v2\/portfolio\/9440\/revisions\/9442"}],"wp:featuredmedia":[{"embeddable":true,"href":"https:\/\/slovenianjewelryweek.com\/sl\/wp-json\/wp\/v2\/media\/9426"}],"wp:attachment":[{"href":"https:\/\/slovenianjewelryweek.com\/sl\/wp-json\/wp\/v2\/media?parent=9440"}],"wp:term":[{"taxonomy":"project-cat","embeddable":true,"href":"https:\/\/slovenianjewelryweek.com\/sl\/wp-json\/wp\/v2\/project-cat?post=9440"}],"curies":[{"name":"wp","href":"https:\/\/api.w.org\/{rel}","templated":true}]}}