{"id":5066,"date":"2025-02-24T16:52:20","date_gmt":"2025-02-24T16:52:20","guid":{"rendered":"https:\/\/slovenianjewelryweek.com\/portfolio\/marina-drazenovic\/"},"modified":"2025-02-24T16:55:26","modified_gmt":"2025-02-24T16:55:26","slug":"marina-drazenovic","status":"publish","type":"portfolio","link":"https:\/\/slovenianjewelryweek.com\/sl\/portfolio\/marina-drazenovic\/","title":{"rendered":"Marina Dra\u017eenovi\u0107"},"content":{"rendered":"\t\t<div data-elementor-type=\"wp-post\" data-elementor-id=\"5066\" class=\"elementor elementor-5066 elementor-5053\">\n\t\t\t\t<div class=\"wd-negative-gap elementor-element elementor-element-29488d9 e-flex e-con-boxed e-con e-parent\" data-id=\"29488d9\" data-element_type=\"container\" data-e-type=\"container\">\n\t\t\t\t\t<div class=\"e-con-inner\">\n\t\t\t\t<div class=\"elementor-element elementor-element-529a656 wd-width-100 elementor-widget elementor-widget-wd_title\" data-id=\"529a656\" data-element_type=\"widget\" data-e-type=\"widget\" data-widget_type=\"wd_title.default\">\n\t\t\t\t<div class=\"elementor-widget-container\">\n\t\t\t\t\t\t\t<div class=\"title-wrapper wd-set-mb reset-last-child wd-title-color-default wd-title-style-default wd-title-size-extra-large text-center\">\n\n\t\t\t\n\t\t\t<div class=\"liner-continer\">\n\t\t\t\t<h1 class=\"woodmart-title-container title wd-fontsize-xxxl wd-underline-colored\">Marina Dra\u017eenovi\u0107<\/h1> \n\t\t\t\t\t\t\t<\/div>\n\n\t\t\t\t\t<\/div>\n\t\t\t\t\t\t<\/div>\n\t\t\t\t<\/div>\n\t\t\t\t\t<\/div>\n\t\t\t\t<\/div>\n\t\t<div class=\"wd-negative-gap elementor-element elementor-element-b0173a1 e-flex e-con-boxed e-con e-parent\" data-id=\"b0173a1\" data-element_type=\"container\" data-e-type=\"container\">\n\t\t\t\t\t<div class=\"e-con-inner\">\n\t\t\t\t<div class=\"elementor-element elementor-element-96faf24 elementor-widget-divider--view-line elementor-widget elementor-widget-divider\" data-id=\"96faf24\" data-element_type=\"widget\" data-e-type=\"widget\" data-widget_type=\"divider.default\">\n\t\t\t\t<div class=\"elementor-widget-container\">\n\t\t\t\t\t\t\t<div class=\"elementor-divider\">\n\t\t\t<span class=\"elementor-divider-separator\">\n\t\t\t\t\t\t<\/span>\n\t\t<\/div>\n\t\t\t\t\t\t<\/div>\n\t\t\t\t<\/div>\n\t\t\t\t\t<\/div>\n\t\t\t\t<\/div>\n\t\t<div class=\"elementor-element elementor-element-8dc6494 e-flex e-con-boxed e-con e-parent\" data-id=\"8dc6494\" data-element_type=\"container\" data-e-type=\"container\">\n\t\t\t\t\t<div class=\"e-con-inner\">\n\t\t\t\t<div class=\"elementor-element elementor-element-86fdb02 wd-width-100 elementor-widget elementor-widget-wd_title\" data-id=\"86fdb02\" data-element_type=\"widget\" data-e-type=\"widget\" data-widget_type=\"wd_title.default\">\n\t\t\t\t<div class=\"elementor-widget-container\">\n\t\t\t\t\t\t\t<div class=\"title-wrapper wd-set-mb reset-last-child wd-title-color-default wd-title-style-default wd-title-size-large text-left\">\n\n\t\t\t\n\t\t\t<div class=\"liner-continer\">\n\t\t\t\t<h4 class=\"woodmart-title-container title wd-fontsize-xxl\"><\/h4> \n\t\t\t\t\t\t\t<\/div>\n\n\t\t\t\t\t\t\t<div class=\"title-after_title reset-last-child wd-fontsize-s\">\n\t\t\t\t\t<p>V Bo\u017eanski komediji (Dante) Lucifer stoji na samem dnu pekla, polovica njegovega telesa je zamrznjena v jezeru. Imel je tri glave in v ustih vsake je \u017eve\u010dil enega od treh najve\u010djih izdajalcev. Prvi je bil Juda, ki je izdal Kristusa, druga dva pa Kasij in Brut, izdajalca Julija Cezarja. Ena glava je bila \u010drna, druga rumena, tretja pa rde\u010da. Delo poudarja misti\u010dnost in simboliko \u0161tevila tri, na prstanu iz bakra in medenine pa so z izdelavo o\u010des simboli\u010dno upodobljene 3 glave, ki \u0161trlijo iz ledu.   <\/p>\t\t\t\t<\/div>\n\t\t\t\t\t<\/div>\n\t\t\t\t\t\t<\/div>\n\t\t\t\t<\/div>\n\t\t\t\t\t<\/div>\n\t\t\t\t<\/div>\n\t\t<div class=\"wd-negative-gap elementor-element elementor-element-4e74fba e-flex e-con-boxed e-con e-parent\" data-id=\"4e74fba\" data-element_type=\"container\" data-e-type=\"container\">\n\t\t\t\t\t<div class=\"e-con-inner\">\n\t\t\t\t\t<\/div>\n\t\t\t\t<\/div>\n\t\t<div class=\"elementor-element elementor-element-9f33e16 e-flex e-con-boxed e-con e-parent\" data-id=\"9f33e16\" data-element_type=\"container\" data-e-type=\"container\">\n\t\t\t\t\t<div class=\"e-con-inner\">\n\t\t\t\t<div class=\"elementor-element elementor-element-6df9022 elementor-widget elementor-widget-bdt-advanced-image-gallery\" data-id=\"6df9022\" data-element_type=\"widget\" data-e-type=\"widget\" data-widget_type=\"bdt-advanced-image-gallery.default\">\n\t\t\t\t<div class=\"elementor-widget-container\">\n\t\t\t\t\t\t\t<div id=\"bdt-avdg-6df9022\" class=\"bdt-ep-advanced-image-gallery bdt-ep-advanced-image-gallery-skin-default bdt-grid bdt-grid-small bdt-child-width-1-1 bdt-child-width-1-2@s bdt-child-width-1-2@m\" data-bdt-grid=\" masonry: true\" data-bdt-lightbox=\"animation: slide;\" data-settings=\"{&quot;id&quot;:&quot;#bdt-avdg-6df9022&quot;,&quot;tiltShow&quot;:false}\">\n\t\t\t\n\t\t\t\t<div class=\"bdt-ep-advanced-image-gallery-item bdt-transition-toggle\">\n\t\t\t\t\t<div class=\"bdt-ep-advanced-image-gallery-inner\">\n\t\t\t\t\t\t<div class=\"bdt-ep-advanced-image-gallery-thumbnail bdt-transition-toggle\"><img loading=\"lazy\" decoding=\"async\" width=\"1920\" height=\"2560\" src=\"https:\/\/slovenianjewelryweek.com\/wp-content\/uploads\/2025\/02\/drazenovic_marina_three_lucifersheads_ring-Marina-scaled.jpg\" class=\"jgalleryImage\" alt=\"dav\" srcset=\"https:\/\/slovenianjewelryweek.com\/wp-content\/uploads\/2025\/02\/drazenovic_marina_three_lucifersheads_ring-Marina-scaled.jpg 1920w, https:\/\/slovenianjewelryweek.com\/wp-content\/uploads\/2025\/02\/drazenovic_marina_three_lucifersheads_ring-Marina-225x300.jpg 225w, https:\/\/slovenianjewelryweek.com\/wp-content\/uploads\/2025\/02\/drazenovic_marina_three_lucifersheads_ring-Marina-768x1024.jpg 768w, https:\/\/slovenianjewelryweek.com\/wp-content\/uploads\/2025\/02\/drazenovic_marina_three_lucifersheads_ring-Marina-1152x1536.jpg 1152w, https:\/\/slovenianjewelryweek.com\/wp-content\/uploads\/2025\/02\/drazenovic_marina_three_lucifersheads_ring-Marina-1536x2048.jpg 1536w\" sizes=\"auto, (max-width: 1920px) 100vw, 1920px\" \/><\/div>\t\t<div class=\"bdt-position-cover bdt-overlay bdt-overlay-default bdt-transition-fade\">\n\t\t\t<div class=\"bdt-ep-advanced-image-gallery-content\">\n\t\t\t\t<div class=\"bdt-ep-advanced-image-gallery-content-inner\">\n\n\t\t\t\t\t\t\t\t\t\t\t\t\t\t\t\t<div class=\"bdt-flex-inline bdt-ep-advanced-image-gallery-item-link-wrapper\">\n\t\t\t\t\t\t\t<a class=\"bdt-ep-advanced-image-gallery-item-link elementor-clickable icon-type-icon \" data-elementor-open-lightbox=\"no\" data-caption=\"dav\" data-href=\"https:\/\/slovenianjewelryweek.com\/wp-content\/uploads\/2025\/02\/drazenovic_marina_three_lucifersheads_ring-Marina-scaled.jpg\">\n\t\t\t\t\t\t\t\t\n\t\t\t\t\t\t\t\t\t\t\t\t\t\t\t\t\t\t\t<span>\n\t\t\t\t\t\t\t\t\t\t\t<i class=\"ep-icon-plus-2\"><\/i>\n\t\t\t\t\t\t\t\t\t\t<\/span>\n\t\t\t\t\t\t\t\t\t\n\t\t\t\t\t\t\t\t\t\t\t\t\t\t\t<\/a>\n\t\t\t\t\t\t<\/div>\n\t\t\t\t\t\n\t\t\t\t\t\t\t\t\t<\/div>\n\t\t\t<\/div>\n\t\t<\/div>\n\t\t\t\t\t<\/div>\n\t\t\t\t\t\t\t\t\t<\/div>\n\n\t\t\t\n\t\t\t\t<div class=\"bdt-ep-advanced-image-gallery-item bdt-transition-toggle\">\n\t\t\t\t\t<div class=\"bdt-ep-advanced-image-gallery-inner\">\n\t\t\t\t\t\t<div class=\"bdt-ep-advanced-image-gallery-thumbnail bdt-transition-toggle\"><img loading=\"lazy\" decoding=\"async\" width=\"1500\" height=\"2000\" src=\"https:\/\/slovenianjewelryweek.com\/wp-content\/uploads\/2025\/02\/drazenovic_marina_three_lucifersheads_ring2-Marina.jpg\" class=\"jgalleryImage\" alt=\"dav\" srcset=\"https:\/\/slovenianjewelryweek.com\/wp-content\/uploads\/2025\/02\/drazenovic_marina_three_lucifersheads_ring2-Marina.jpg 1500w, https:\/\/slovenianjewelryweek.com\/wp-content\/uploads\/2025\/02\/drazenovic_marina_three_lucifersheads_ring2-Marina-225x300.jpg 225w, https:\/\/slovenianjewelryweek.com\/wp-content\/uploads\/2025\/02\/drazenovic_marina_three_lucifersheads_ring2-Marina-768x1024.jpg 768w, https:\/\/slovenianjewelryweek.com\/wp-content\/uploads\/2025\/02\/drazenovic_marina_three_lucifersheads_ring2-Marina-1152x1536.jpg 1152w\" sizes=\"auto, (max-width: 1500px) 100vw, 1500px\" \/><\/div>\t\t<div class=\"bdt-position-cover bdt-overlay bdt-overlay-default bdt-transition-fade\">\n\t\t\t<div class=\"bdt-ep-advanced-image-gallery-content\">\n\t\t\t\t<div class=\"bdt-ep-advanced-image-gallery-content-inner\">\n\n\t\t\t\t\t\t\t\t\t\t\t\t\t\t\t\t<div class=\"bdt-flex-inline bdt-ep-advanced-image-gallery-item-link-wrapper\">\n\t\t\t\t\t\t\t<a class=\"bdt-ep-advanced-image-gallery-item-link elementor-clickable icon-type-icon \" data-elementor-open-lightbox=\"no\" data-caption=\"dav\" data-href=\"https:\/\/slovenianjewelryweek.com\/wp-content\/uploads\/2025\/02\/drazenovic_marina_three_lucifersheads_ring2-Marina.jpg\">\n\t\t\t\t\t\t\t\t\n\t\t\t\t\t\t\t\t\t\t\t\t\t\t\t\t\t\t\t<span>\n\t\t\t\t\t\t\t\t\t\t\t<i class=\"ep-icon-plus-2\"><\/i>\n\t\t\t\t\t\t\t\t\t\t<\/span>\n\t\t\t\t\t\t\t\t\t\n\t\t\t\t\t\t\t\t\t\t\t\t\t\t\t<\/a>\n\t\t\t\t\t\t<\/div>\n\t\t\t\t\t\n\t\t\t\t\t\t\t\t\t<\/div>\n\t\t\t<\/div>\n\t\t<\/div>\n\t\t\t\t\t<\/div>\n\t\t\t\t\t\t\t\t\t<\/div>\n\n\t\t\t\n\t\t\t\t<div class=\"bdt-ep-advanced-image-gallery-item bdt-transition-toggle\">\n\t\t\t\t\t<div class=\"bdt-ep-advanced-image-gallery-inner\">\n\t\t\t\t\t\t<div class=\"bdt-ep-advanced-image-gallery-thumbnail bdt-transition-toggle\"><img loading=\"lazy\" decoding=\"async\" width=\"1500\" height=\"1533\" src=\"https:\/\/slovenianjewelryweek.com\/wp-content\/uploads\/2025\/02\/drazenovic_marina_three_lucifersheads_ring3-Marina.jpg\" class=\"jgalleryImage\" alt=\"dav\" srcset=\"https:\/\/slovenianjewelryweek.com\/wp-content\/uploads\/2025\/02\/drazenovic_marina_three_lucifersheads_ring3-Marina.jpg 1500w, https:\/\/slovenianjewelryweek.com\/wp-content\/uploads\/2025\/02\/drazenovic_marina_three_lucifersheads_ring3-Marina-294x300.jpg 294w, https:\/\/slovenianjewelryweek.com\/wp-content\/uploads\/2025\/02\/drazenovic_marina_three_lucifersheads_ring3-Marina-1002x1024.jpg 1002w, https:\/\/slovenianjewelryweek.com\/wp-content\/uploads\/2025\/02\/drazenovic_marina_three_lucifersheads_ring3-Marina-768x785.jpg 768w\" sizes=\"auto, (max-width: 1500px) 100vw, 1500px\" \/><\/div>\t\t<div class=\"bdt-position-cover bdt-overlay bdt-overlay-default bdt-transition-fade\">\n\t\t\t<div class=\"bdt-ep-advanced-image-gallery-content\">\n\t\t\t\t<div class=\"bdt-ep-advanced-image-gallery-content-inner\">\n\n\t\t\t\t\t\t\t\t\t\t\t\t\t\t\t\t<div class=\"bdt-flex-inline bdt-ep-advanced-image-gallery-item-link-wrapper\">\n\t\t\t\t\t\t\t<a class=\"bdt-ep-advanced-image-gallery-item-link elementor-clickable icon-type-icon \" data-elementor-open-lightbox=\"no\" data-caption=\"dav\" data-href=\"https:\/\/slovenianjewelryweek.com\/wp-content\/uploads\/2025\/02\/drazenovic_marina_three_lucifersheads_ring3-Marina.jpg\">\n\t\t\t\t\t\t\t\t\n\t\t\t\t\t\t\t\t\t\t\t\t\t\t\t\t\t\t\t<span>\n\t\t\t\t\t\t\t\t\t\t\t<i class=\"ep-icon-plus-2\"><\/i>\n\t\t\t\t\t\t\t\t\t\t<\/span>\n\t\t\t\t\t\t\t\t\t\n\t\t\t\t\t\t\t\t\t\t\t\t\t\t\t<\/a>\n\t\t\t\t\t\t<\/div>\n\t\t\t\t\t\n\t\t\t\t\t\t\t\t\t<\/div>\n\t\t\t<\/div>\n\t\t<\/div>\n\t\t\t\t\t<\/div>\n\t\t\t\t\t\t\t\t\t<\/div>\n\n\t\t\t\t\t<\/div>\n\t\t\t\t\t<\/div>\n\t\t\t\t<\/div>\n\t\t\t\t\t<\/div>\n\t\t\t\t<\/div>\n\t\t<div class=\"wd-negative-gap elementor-element elementor-element-f412ac3 e-flex e-con-boxed e-con e-parent\" data-id=\"f412ac3\" data-element_type=\"container\" data-e-type=\"container\">\n\t\t\t\t\t<div class=\"e-con-inner\">\n\t\t\t\t<div class=\"elementor-element elementor-element-7d91274 elementor-widget-divider--view-line elementor-widget elementor-widget-divider\" data-id=\"7d91274\" data-element_type=\"widget\" data-e-type=\"widget\" data-widget_type=\"divider.default\">\n\t\t\t\t<div class=\"elementor-widget-container\">\n\t\t\t\t\t\t\t<div class=\"elementor-divider\">\n\t\t\t<span class=\"elementor-divider-separator\">\n\t\t\t\t\t\t<\/span>\n\t\t<\/div>\n\t\t\t\t\t\t<\/div>\n\t\t\t\t<\/div>\n\t\t\t\t\t<\/div>\n\t\t\t\t<\/div>\n\t\t<div class=\"wd-negative-gap elementor-element elementor-element-91f16b2 e-flex e-con-boxed e-con e-parent\" data-id=\"91f16b2\" data-element_type=\"container\" data-e-type=\"container\">\n\t\t\t\t\t<div class=\"e-con-inner\">\n\t\t<div class=\"elementor-element elementor-element-cce6239 e-con-full e-flex e-con e-child\" data-id=\"cce6239\" data-element_type=\"container\" data-e-type=\"container\">\n\t\t\t\t<div class=\"elementor-element elementor-element-ad352e3 wd-width-100 elementor-widget elementor-widget-wd_title\" data-id=\"ad352e3\" data-element_type=\"widget\" data-e-type=\"widget\" data-widget_type=\"wd_title.default\">\n\t\t\t\t<div class=\"elementor-widget-container\">\n\t\t\t\t\t\t\t<div class=\"title-wrapper wd-set-mb reset-last-child wd-title-color-default wd-title-style-default wd-title-size-large text-left\">\n\n\t\t\t\n\t\t\t<div class=\"liner-continer\">\n\t\t\t\t<h4 class=\"woodmart-title-container title wd-fontsize-xxl\"><\/h4> \n\t\t\t\t\t\t\t<\/div>\n\n\t\t\t\t\t\t\t<div class=\"title-after_title reset-last-child wd-fontsize-s\">\n\t\t\t\t\t<p>Marina Dra\u017eenovi\u0107 se je rodila leta 1960 v Sisku, od leta 2016 oblikuje in izdeluje nakit, leta 2017 pa se je udele\u017eila umetni\u0161ke in eksperimentalne delavnice na Odprti ljudski univerzi v Zagrebu, pri neodvisnem umetniku Davorju \u0160uku. Razstavljala je na petih samostojnih in dvanajstih skupinskih razstavah: Milanski teden nakita, Milano, 2022; Romunski teden nakita, Bukare\u0161ta, 2022; ART-ECO \u2013 kolektivna, tematska razstava \u010dlanov ULUPUH, Zagreb, 2022; Nebesa, tematska, izbrana razstava \u010dlanov Sekcije za oblikovanje plemenitih kovin in umetni\u0161kega nakita ULUPUH, Zagreb, 2021; Dante 700 \u2013 Can things be good even in hell, Mestni muzej Kri\u017eevci, v sodelovanju z Akademijo za likovno umetnost Univerze v Zagrebu, Zagreb, 2021 in Torinski teden mode, Torino, 2020.  <\/p>\t\t\t\t<\/div>\n\t\t\t\t\t<\/div>\n\t\t\t\t\t\t<\/div>\n\t\t\t\t<\/div>\n\t\t\t\t<div class=\"elementor-element elementor-element-d4e8fce elementor-widget elementor-widget-wd_text_block\" data-id=\"d4e8fce\" data-element_type=\"widget\" data-e-type=\"widget\" data-widget_type=\"wd_text_block.default\">\n\t\t\t\t<div class=\"elementor-widget-container\">\n\t\t\t\t\t\t\t<div class=\"wd-text-block reset-last-child text-left\">\n\t\t\t\n\t\t\t<p><a href=\"mailto:@m.art.design\">@m.art.design<\/a><\/p>\n\t\t\t\t\t<\/div>\n\t\t\t\t\t\t<\/div>\n\t\t\t\t<\/div>\n\t\t\t\t<\/div>\n\t\t<div class=\"elementor-element elementor-element-b237d38 e-con-full e-flex e-con e-child\" data-id=\"b237d38\" data-element_type=\"container\" data-e-type=\"container\">\n\t\t\t\t<div class=\"elementor-element elementor-element-4de0b92 elementor-widget elementor-widget-wd_image_or_svg\" data-id=\"4de0b92\" data-element_type=\"widget\" data-e-type=\"widget\" data-widget_type=\"wd_image_or_svg.default\">\n\t\t\t\t<div class=\"elementor-widget-container\">\n\t\t\t\t\t\n\t\t<div class=\"wd-image text-left\">\n\t\t\t\t\t\t\t\t<img loading=\"lazy\" decoding=\"async\" width=\"1500\" height=\"1821\" src=\"https:\/\/slovenianjewelryweek.com\/wp-content\/uploads\/2025\/02\/portret.jpg\" class=\"attachment-full size-full\" alt=\"\" srcset=\"https:\/\/slovenianjewelryweek.com\/wp-content\/uploads\/2025\/02\/portret.jpg 1500w, https:\/\/slovenianjewelryweek.com\/wp-content\/uploads\/2025\/02\/portret-247x300.jpg 247w, https:\/\/slovenianjewelryweek.com\/wp-content\/uploads\/2025\/02\/portret-843x1024.jpg 843w, https:\/\/slovenianjewelryweek.com\/wp-content\/uploads\/2025\/02\/portret-768x932.jpg 768w, https:\/\/slovenianjewelryweek.com\/wp-content\/uploads\/2025\/02\/portret-1265x1536.jpg 1265w\" sizes=\"auto, (max-width: 1500px) 100vw, 1500px\" \/>\t\t\t\t\t<\/div>\n\n\t\t\t\t\t\t<\/div>\n\t\t\t\t<\/div>\n\t\t\t\t<\/div>\n\t\t\t\t\t<\/div>\n\t\t\t\t<\/div>\n\t\t<div class=\"wd-negative-gap elementor-element elementor-element-c2cbd3c e-flex e-con-boxed e-con e-parent\" data-id=\"c2cbd3c\" data-element_type=\"container\" data-e-type=\"container\">\n\t\t\t\t\t<div class=\"e-con-inner\">\n\t\t\t\t<div class=\"elementor-element elementor-element-f82dc46 elementor-widget elementor-widget-wd_button\" data-id=\"f82dc46\" data-element_type=\"widget\" data-e-type=\"widget\" id=\"go-back\" data-widget_type=\"wd_button.default\">\n\t\t\t\t<div class=\"elementor-widget-container\">\n\t\t\t\t\t\t\t<div class=\"wd-button-wrapper text-center\" >\n\t\t\t<a class=\"btn btn-style-default btn-shape-rectangle btn-size-extra-large btn-color-black btn-icon-pos-left\" >\n\t\t\t\t<span class=\"wd-btn-text\" data-elementor-setting-key=\"text\">\n\t\t\t\t\tGO BACK\t\t\t\t<\/span>\n\n\t\t\t\t\t\t\t\t\t<span class=\"wd-btn-icon\">\n\t\t\t\t\t\t<span class=\"wd-icon ion ion-ios-arrow-back\"><\/span>\t\t\t\t\t<\/span>\n\t\t\t\t\t\t\t<\/a>\n\t\t<\/div>\n\t\t\t\t\t\t<\/div>\n\t\t\t\t<\/div>\n\t\t\t\t\t<\/div>\n\t\t\t\t<\/div>\n\t\t\t\t<\/div>\n\t\t","protected":false},"excerpt":{"rendered":"<p>Marina Dra\u017eenovi\u0107 V Bo\u017eanski komediji (Dante) Lucifer stoji na samem dnu pekla, polovica njegovega telesa je zamrznjena v jezeru. Imel<\/p>\n","protected":false},"featured_media":5055,"menu_order":0,"comment_status":"open","ping_status":"closed","template":"","project-cat":[100],"class_list":["post-5066","portfolio","type-portfolio","status-publish","has-post-thumbnail","hentry","project-cat-tuji-oblikovalci-2024"],"yoast_head":"<!-- This site is optimized with the Yoast SEO plugin v27.2 - https:\/\/yoast.com\/product\/yoast-seo-wordpress\/ -->\n<title>Marina Dra\u017eenovi\u0107 - SIJW<\/title>\n<meta name=\"robots\" content=\"index, follow, max-snippet:-1, max-image-preview:large, max-video-preview:-1\" \/>\n<link rel=\"canonical\" href=\"https:\/\/slovenianjewelryweek.com\/sl\/portfolio\/marina-drazenovic\/\" \/>\n<meta property=\"og:locale\" content=\"sl_SI\" \/>\n<meta property=\"og:type\" content=\"article\" \/>\n<meta property=\"og:title\" content=\"Marina Dra\u017eenovi\u0107 - SIJW\" \/>\n<meta property=\"og:description\" content=\"Marina Dra\u017eenovi\u0107 V Bo\u017eanski komediji (Dante) Lucifer stoji na samem dnu pekla, polovica njegovega telesa je zamrznjena v jezeru. Imel\" \/>\n<meta property=\"og:url\" content=\"https:\/\/slovenianjewelryweek.com\/sl\/portfolio\/marina-drazenovic\/\" \/>\n<meta property=\"og:site_name\" content=\"SIJW\" \/>\n<meta property=\"article:modified_time\" content=\"2025-02-24T16:55:26+00:00\" \/>\n<meta property=\"og:image\" content=\"https:\/\/slovenianjewelryweek.com\/wp-content\/uploads\/2025\/02\/drazenovic_marina_three_lucifersheads_ring-Marina-scaled.jpg\" \/>\n\t<meta property=\"og:image:width\" content=\"1920\" \/>\n\t<meta property=\"og:image:height\" content=\"2560\" \/>\n\t<meta property=\"og:image:type\" content=\"image\/jpeg\" \/>\n<meta name=\"twitter:card\" content=\"summary_large_image\" \/>\n<meta name=\"twitter:label1\" content=\"Est. reading time\" \/>\n\t<meta name=\"twitter:data1\" content=\"2 minuti\" \/>\n<script type=\"application\/ld+json\" class=\"yoast-schema-graph\">{\"@context\":\"https:\/\/schema.org\",\"@graph\":[{\"@type\":\"WebPage\",\"@id\":\"https:\/\/slovenianjewelryweek.com\/sl\/portfolio\/marina-drazenovic\/\",\"url\":\"https:\/\/slovenianjewelryweek.com\/sl\/portfolio\/marina-drazenovic\/\",\"name\":\"Marina Dra\u017eenovi\u0107 - SIJW\",\"isPartOf\":{\"@id\":\"https:\/\/slovenianjewelryweek.com\/sl\/#website\"},\"primaryImageOfPage\":{\"@id\":\"https:\/\/slovenianjewelryweek.com\/sl\/portfolio\/marina-drazenovic\/#primaryimage\"},\"image\":{\"@id\":\"https:\/\/slovenianjewelryweek.com\/sl\/portfolio\/marina-drazenovic\/#primaryimage\"},\"thumbnailUrl\":\"https:\/\/slovenianjewelryweek.com\/wp-content\/uploads\/2025\/02\/drazenovic_marina_three_lucifersheads_ring-Marina-scaled.jpg\",\"datePublished\":\"2025-02-24T16:52:20+00:00\",\"dateModified\":\"2025-02-24T16:55:26+00:00\",\"breadcrumb\":{\"@id\":\"https:\/\/slovenianjewelryweek.com\/sl\/portfolio\/marina-drazenovic\/#breadcrumb\"},\"inLanguage\":\"sl-SI\",\"potentialAction\":[{\"@type\":\"ReadAction\",\"target\":[\"https:\/\/slovenianjewelryweek.com\/sl\/portfolio\/marina-drazenovic\/\"]}]},{\"@type\":\"ImageObject\",\"inLanguage\":\"sl-SI\",\"@id\":\"https:\/\/slovenianjewelryweek.com\/sl\/portfolio\/marina-drazenovic\/#primaryimage\",\"url\":\"https:\/\/slovenianjewelryweek.com\/wp-content\/uploads\/2025\/02\/drazenovic_marina_three_lucifersheads_ring-Marina-scaled.jpg\",\"contentUrl\":\"https:\/\/slovenianjewelryweek.com\/wp-content\/uploads\/2025\/02\/drazenovic_marina_three_lucifersheads_ring-Marina-scaled.jpg\",\"width\":1920,\"height\":2560,\"caption\":\"dav\"},{\"@type\":\"BreadcrumbList\",\"@id\":\"https:\/\/slovenianjewelryweek.com\/sl\/portfolio\/marina-drazenovic\/#breadcrumb\",\"itemListElement\":[{\"@type\":\"ListItem\",\"position\":1,\"name\":\"Home\",\"item\":\"https:\/\/slovenianjewelryweek.com\/sl\/\"},{\"@type\":\"ListItem\",\"position\":2,\"name\":\"Portfolio\",\"item\":\"https:\/\/slovenianjewelryweek.com\/sl\/portfolio\/\"},{\"@type\":\"ListItem\",\"position\":3,\"name\":\"Marina Dra\u017eenovi\u0107\"}]},{\"@type\":\"WebSite\",\"@id\":\"https:\/\/slovenianjewelryweek.com\/sl\/#website\",\"url\":\"https:\/\/slovenianjewelryweek.com\/sl\/\",\"name\":\"SIJW\",\"description\":\"\",\"potentialAction\":[{\"@type\":\"SearchAction\",\"target\":{\"@type\":\"EntryPoint\",\"urlTemplate\":\"https:\/\/slovenianjewelryweek.com\/sl\/?s={search_term_string}\"},\"query-input\":{\"@type\":\"PropertyValueSpecification\",\"valueRequired\":true,\"valueName\":\"search_term_string\"}}],\"inLanguage\":\"sl-SI\"}]}<\/script>\n<!-- \/ Yoast SEO plugin. -->","yoast_head_json":{"title":"Marina Dra\u017eenovi\u0107 - SIJW","robots":{"index":"index","follow":"follow","max-snippet":"max-snippet:-1","max-image-preview":"max-image-preview:large","max-video-preview":"max-video-preview:-1"},"canonical":"https:\/\/slovenianjewelryweek.com\/sl\/portfolio\/marina-drazenovic\/","og_locale":"sl_SI","og_type":"article","og_title":"Marina Dra\u017eenovi\u0107 - SIJW","og_description":"Marina Dra\u017eenovi\u0107 V Bo\u017eanski komediji (Dante) Lucifer stoji na samem dnu pekla, polovica njegovega telesa je zamrznjena v jezeru. Imel","og_url":"https:\/\/slovenianjewelryweek.com\/sl\/portfolio\/marina-drazenovic\/","og_site_name":"SIJW","article_modified_time":"2025-02-24T16:55:26+00:00","og_image":[{"width":1920,"height":2560,"url":"https:\/\/slovenianjewelryweek.com\/wp-content\/uploads\/2025\/02\/drazenovic_marina_three_lucifersheads_ring-Marina-scaled.jpg","type":"image\/jpeg"}],"twitter_card":"summary_large_image","twitter_misc":{"Est. reading time":"2 minuti"},"schema":{"@context":"https:\/\/schema.org","@graph":[{"@type":"WebPage","@id":"https:\/\/slovenianjewelryweek.com\/sl\/portfolio\/marina-drazenovic\/","url":"https:\/\/slovenianjewelryweek.com\/sl\/portfolio\/marina-drazenovic\/","name":"Marina Dra\u017eenovi\u0107 - SIJW","isPartOf":{"@id":"https:\/\/slovenianjewelryweek.com\/sl\/#website"},"primaryImageOfPage":{"@id":"https:\/\/slovenianjewelryweek.com\/sl\/portfolio\/marina-drazenovic\/#primaryimage"},"image":{"@id":"https:\/\/slovenianjewelryweek.com\/sl\/portfolio\/marina-drazenovic\/#primaryimage"},"thumbnailUrl":"https:\/\/slovenianjewelryweek.com\/wp-content\/uploads\/2025\/02\/drazenovic_marina_three_lucifersheads_ring-Marina-scaled.jpg","datePublished":"2025-02-24T16:52:20+00:00","dateModified":"2025-02-24T16:55:26+00:00","breadcrumb":{"@id":"https:\/\/slovenianjewelryweek.com\/sl\/portfolio\/marina-drazenovic\/#breadcrumb"},"inLanguage":"sl-SI","potentialAction":[{"@type":"ReadAction","target":["https:\/\/slovenianjewelryweek.com\/sl\/portfolio\/marina-drazenovic\/"]}]},{"@type":"ImageObject","inLanguage":"sl-SI","@id":"https:\/\/slovenianjewelryweek.com\/sl\/portfolio\/marina-drazenovic\/#primaryimage","url":"https:\/\/slovenianjewelryweek.com\/wp-content\/uploads\/2025\/02\/drazenovic_marina_three_lucifersheads_ring-Marina-scaled.jpg","contentUrl":"https:\/\/slovenianjewelryweek.com\/wp-content\/uploads\/2025\/02\/drazenovic_marina_three_lucifersheads_ring-Marina-scaled.jpg","width":1920,"height":2560,"caption":"dav"},{"@type":"BreadcrumbList","@id":"https:\/\/slovenianjewelryweek.com\/sl\/portfolio\/marina-drazenovic\/#breadcrumb","itemListElement":[{"@type":"ListItem","position":1,"name":"Home","item":"https:\/\/slovenianjewelryweek.com\/sl\/"},{"@type":"ListItem","position":2,"name":"Portfolio","item":"https:\/\/slovenianjewelryweek.com\/sl\/portfolio\/"},{"@type":"ListItem","position":3,"name":"Marina Dra\u017eenovi\u0107"}]},{"@type":"WebSite","@id":"https:\/\/slovenianjewelryweek.com\/sl\/#website","url":"https:\/\/slovenianjewelryweek.com\/sl\/","name":"SIJW","description":"","potentialAction":[{"@type":"SearchAction","target":{"@type":"EntryPoint","urlTemplate":"https:\/\/slovenianjewelryweek.com\/sl\/?s={search_term_string}"},"query-input":{"@type":"PropertyValueSpecification","valueRequired":true,"valueName":"search_term_string"}}],"inLanguage":"sl-SI"}]}},"_links":{"self":[{"href":"https:\/\/slovenianjewelryweek.com\/sl\/wp-json\/wp\/v2\/portfolio\/5066","targetHints":{"allow":["GET"]}}],"collection":[{"href":"https:\/\/slovenianjewelryweek.com\/sl\/wp-json\/wp\/v2\/portfolio"}],"about":[{"href":"https:\/\/slovenianjewelryweek.com\/sl\/wp-json\/wp\/v2\/types\/portfolio"}],"replies":[{"embeddable":true,"href":"https:\/\/slovenianjewelryweek.com\/sl\/wp-json\/wp\/v2\/comments?post=5066"}],"version-history":[{"count":2,"href":"https:\/\/slovenianjewelryweek.com\/sl\/wp-json\/wp\/v2\/portfolio\/5066\/revisions"}],"predecessor-version":[{"id":5069,"href":"https:\/\/slovenianjewelryweek.com\/sl\/wp-json\/wp\/v2\/portfolio\/5066\/revisions\/5069"}],"wp:featuredmedia":[{"embeddable":true,"href":"https:\/\/slovenianjewelryweek.com\/sl\/wp-json\/wp\/v2\/media\/5055"}],"wp:attachment":[{"href":"https:\/\/slovenianjewelryweek.com\/sl\/wp-json\/wp\/v2\/media?parent=5066"}],"wp:term":[{"taxonomy":"project-cat","embeddable":true,"href":"https:\/\/slovenianjewelryweek.com\/sl\/wp-json\/wp\/v2\/project-cat?post=5066"}],"curies":[{"name":"wp","href":"https:\/\/api.w.org\/{rel}","templated":true}]}}