{"id":4264,"date":"2025-02-13T16:18:19","date_gmt":"2025-02-13T16:18:19","guid":{"rendered":"https:\/\/slovenianjewelryweek.com\/portfolio\/artentia-maria-garcia\/"},"modified":"2025-02-13T16:26:09","modified_gmt":"2025-02-13T16:26:09","slug":"artentia-maria-garcia","status":"publish","type":"portfolio","link":"https:\/\/slovenianjewelryweek.com\/sl\/portfolio\/artentia-maria-garcia\/","title":{"rendered":"ARTENTIA (Maria Garcia)"},"content":{"rendered":"\t\t<div data-elementor-type=\"wp-post\" data-elementor-id=\"4264\" class=\"elementor elementor-4264 elementor-4245\">\n\t\t\t\t<div class=\"wd-negative-gap elementor-element elementor-element-29488d9 e-flex e-con-boxed e-con e-parent\" data-id=\"29488d9\" data-element_type=\"container\" data-e-type=\"container\">\n\t\t\t\t\t<div class=\"e-con-inner\">\n\t\t\t\t<div class=\"elementor-element elementor-element-529a656 wd-width-100 elementor-widget elementor-widget-wd_title\" data-id=\"529a656\" data-element_type=\"widget\" data-e-type=\"widget\" data-widget_type=\"wd_title.default\">\n\t\t\t\t<div class=\"elementor-widget-container\">\n\t\t\t\t\t\t\t<div class=\"title-wrapper wd-set-mb reset-last-child wd-title-color-default wd-title-style-default wd-title-size-extra-large text-center\">\n\n\t\t\t\n\t\t\t<div class=\"liner-continer\">\n\t\t\t\t<h1 class=\"woodmart-title-container title wd-fontsize-xxxl wd-underline-colored\">ARTENTIA (Maria Garcia)<\/h1> \n\t\t\t\t\t\t\t<\/div>\n\n\t\t\t\t\t<\/div>\n\t\t\t\t\t\t<\/div>\n\t\t\t\t<\/div>\n\t\t\t\t\t<\/div>\n\t\t\t\t<\/div>\n\t\t<div class=\"wd-negative-gap elementor-element elementor-element-b0173a1 e-flex e-con-boxed e-con e-parent\" data-id=\"b0173a1\" data-element_type=\"container\" data-e-type=\"container\">\n\t\t\t\t\t<div class=\"e-con-inner\">\n\t\t\t\t<div class=\"elementor-element elementor-element-96faf24 elementor-widget-divider--view-line elementor-widget elementor-widget-divider\" data-id=\"96faf24\" data-element_type=\"widget\" data-e-type=\"widget\" data-widget_type=\"divider.default\">\n\t\t\t\t<div class=\"elementor-widget-container\">\n\t\t\t\t\t\t\t<div class=\"elementor-divider\">\n\t\t\t<span class=\"elementor-divider-separator\">\n\t\t\t\t\t\t<\/span>\n\t\t<\/div>\n\t\t\t\t\t\t<\/div>\n\t\t\t\t<\/div>\n\t\t\t\t\t<\/div>\n\t\t\t\t<\/div>\n\t\t<div class=\"elementor-element elementor-element-8dc6494 e-flex e-con-boxed e-con e-parent\" data-id=\"8dc6494\" data-element_type=\"container\" data-e-type=\"container\">\n\t\t\t\t\t<div class=\"e-con-inner\">\n\t\t\t\t<div class=\"elementor-element elementor-element-86fdb02 wd-width-100 elementor-widget elementor-widget-wd_title\" data-id=\"86fdb02\" data-element_type=\"widget\" data-e-type=\"widget\" data-widget_type=\"wd_title.default\">\n\t\t\t\t<div class=\"elementor-widget-container\">\n\t\t\t\t\t\t\t<div class=\"title-wrapper wd-set-mb reset-last-child wd-title-color-default wd-title-style-default wd-title-size-large text-left\">\n\n\t\t\t\n\t\t\t<div class=\"liner-continer\">\n\t\t\t\t<h4 class=\"woodmart-title-container title wd-fontsize-xxl\"><\/h4> \n\t\t\t\t\t\t\t<\/div>\n\n\t\t\t\t\t\t\t<div class=\"title-after_title reset-last-child wd-fontsize-s\">\n\t\t\t\t\t<p>o delo je potovanje v svet tehnike shibari, starodavne japonske umetnosti vozlov in vrvi. Na\u0161 umetni\u0161ki projekt je globoko praznovanje ob\u010dutkov, \u010dustev in povezav. Skozi skrbno umetnost vezanja z vrvmi se poglabljamo v zapleteno tapiserijo \u010dlove\u0161kih odnosov. Vsak skrbno izdelan vozel, trenje vrvi in pritisk simbolizirajo povezave, ki jih ustvarjamo drug z drugim, prepletanje niti strasti, ranljivosti in intimnosti. Raziskujemo ob\u010dutljivo ravnovesje med nadzorom in predajo, mo\u010djo in ranljivostjo. Podajte se z nami na ta umetni\u0161ki podvig in se potopite v o\u010darljivi svet shibarija, kjer lepota, ob\u010dutki in zapletenost \u010dustev za\u017eivijo.     <\/p>\t\t\t\t<\/div>\n\t\t\t\t\t<\/div>\n\t\t\t\t\t\t<\/div>\n\t\t\t\t<\/div>\n\t\t\t\t\t<\/div>\n\t\t\t\t<\/div>\n\t\t<div class=\"wd-negative-gap elementor-element elementor-element-4e74fba e-flex e-con-boxed e-con e-parent\" data-id=\"4e74fba\" data-element_type=\"container\" data-e-type=\"container\">\n\t\t\t\t\t<div class=\"e-con-inner\">\n\t\t\t\t\t<\/div>\n\t\t\t\t<\/div>\n\t\t<div class=\"elementor-element elementor-element-9f33e16 e-flex e-con-boxed e-con e-parent\" data-id=\"9f33e16\" data-element_type=\"container\" data-e-type=\"container\">\n\t\t\t\t\t<div class=\"e-con-inner\">\n\t\t\t\t<div class=\"elementor-element elementor-element-6df9022 elementor-widget elementor-widget-bdt-advanced-image-gallery\" data-id=\"6df9022\" data-element_type=\"widget\" data-e-type=\"widget\" data-widget_type=\"bdt-advanced-image-gallery.default\">\n\t\t\t\t<div class=\"elementor-widget-container\">\n\t\t\t\t\t\t\t<div id=\"bdt-avdg-6df9022\" class=\"bdt-ep-advanced-image-gallery bdt-ep-advanced-image-gallery-skin-default bdt-grid bdt-grid-small bdt-child-width-1-1 bdt-child-width-1-2@s bdt-child-width-1-2@m\" data-bdt-grid=\" masonry: true\" data-bdt-lightbox=\"animation: slide;\" data-settings=\"{&quot;id&quot;:&quot;#bdt-avdg-6df9022&quot;,&quot;tiltShow&quot;:false}\">\n\t\t\t\n\t\t\t\t<div class=\"bdt-ep-advanced-image-gallery-item bdt-transition-toggle\">\n\t\t\t\t\t<div class=\"bdt-ep-advanced-image-gallery-inner\">\n\t\t\t\t\t\t<div class=\"bdt-ep-advanced-image-gallery-thumbnail bdt-transition-toggle\"><img loading=\"lazy\" decoding=\"async\" width=\"1500\" height=\"1875\" src=\"https:\/\/slovenianjewelryweek.com\/wp-content\/uploads\/2025\/02\/Artentia_chain-and-shackles_necklaceandbacelets_2023_front.jpg\" class=\"jgalleryImage\" alt=\"Artentia_chain-and-shackles_necklaceandbacelets_2023_front\" srcset=\"https:\/\/slovenianjewelryweek.com\/wp-content\/uploads\/2025\/02\/Artentia_chain-and-shackles_necklaceandbacelets_2023_front.jpg 1500w, https:\/\/slovenianjewelryweek.com\/wp-content\/uploads\/2025\/02\/Artentia_chain-and-shackles_necklaceandbacelets_2023_front-240x300.jpg 240w, https:\/\/slovenianjewelryweek.com\/wp-content\/uploads\/2025\/02\/Artentia_chain-and-shackles_necklaceandbacelets_2023_front-819x1024.jpg 819w, https:\/\/slovenianjewelryweek.com\/wp-content\/uploads\/2025\/02\/Artentia_chain-and-shackles_necklaceandbacelets_2023_front-768x960.jpg 768w, https:\/\/slovenianjewelryweek.com\/wp-content\/uploads\/2025\/02\/Artentia_chain-and-shackles_necklaceandbacelets_2023_front-1229x1536.jpg 1229w\" sizes=\"auto, (max-width: 1500px) 100vw, 1500px\" \/><\/div>\t\t<div class=\"bdt-position-cover bdt-overlay bdt-overlay-default bdt-transition-fade\">\n\t\t\t<div class=\"bdt-ep-advanced-image-gallery-content\">\n\t\t\t\t<div class=\"bdt-ep-advanced-image-gallery-content-inner\">\n\n\t\t\t\t\t\t\t\t\t\t\t\t\t\t\t\t<div class=\"bdt-flex-inline bdt-ep-advanced-image-gallery-item-link-wrapper\">\n\t\t\t\t\t\t\t<a class=\"bdt-ep-advanced-image-gallery-item-link elementor-clickable icon-type-icon \" data-elementor-open-lightbox=\"no\" data-caption=\"\" data-href=\"https:\/\/slovenianjewelryweek.com\/wp-content\/uploads\/2025\/02\/Artentia_chain-and-shackles_necklaceandbacelets_2023_front.jpg\">\n\t\t\t\t\t\t\t\t\n\t\t\t\t\t\t\t\t\t\t\t\t\t\t\t\t\t\t\t<span>\n\t\t\t\t\t\t\t\t\t\t\t<i class=\"ep-icon-plus-2\"><\/i>\n\t\t\t\t\t\t\t\t\t\t<\/span>\n\t\t\t\t\t\t\t\t\t\n\t\t\t\t\t\t\t\t\t\t\t\t\t\t\t<\/a>\n\t\t\t\t\t\t<\/div>\n\t\t\t\t\t\n\t\t\t\t\t\t\t\t\t<\/div>\n\t\t\t<\/div>\n\t\t<\/div>\n\t\t\t\t\t<\/div>\n\t\t\t\t\t\t\t\t\t<\/div>\n\n\t\t\t\n\t\t\t\t<div class=\"bdt-ep-advanced-image-gallery-item bdt-transition-toggle\">\n\t\t\t\t\t<div class=\"bdt-ep-advanced-image-gallery-inner\">\n\t\t\t\t\t\t<div class=\"bdt-ep-advanced-image-gallery-thumbnail bdt-transition-toggle\"><img loading=\"lazy\" decoding=\"async\" width=\"1500\" height=\"2000\" src=\"https:\/\/slovenianjewelryweek.com\/wp-content\/uploads\/2025\/02\/Artentia_chain-and-shackles_NecklaceAndBracelets_2023.jpg\" class=\"jgalleryImage\" alt=\"Artentia_chain-and-shackles_NecklaceAndBracelets_2023\" srcset=\"https:\/\/slovenianjewelryweek.com\/wp-content\/uploads\/2025\/02\/Artentia_chain-and-shackles_NecklaceAndBracelets_2023.jpg 1500w, https:\/\/slovenianjewelryweek.com\/wp-content\/uploads\/2025\/02\/Artentia_chain-and-shackles_NecklaceAndBracelets_2023-225x300.jpg 225w, https:\/\/slovenianjewelryweek.com\/wp-content\/uploads\/2025\/02\/Artentia_chain-and-shackles_NecklaceAndBracelets_2023-768x1024.jpg 768w, https:\/\/slovenianjewelryweek.com\/wp-content\/uploads\/2025\/02\/Artentia_chain-and-shackles_NecklaceAndBracelets_2023-1152x1536.jpg 1152w\" sizes=\"auto, (max-width: 1500px) 100vw, 1500px\" \/><\/div>\t\t<div class=\"bdt-position-cover bdt-overlay bdt-overlay-default bdt-transition-fade\">\n\t\t\t<div class=\"bdt-ep-advanced-image-gallery-content\">\n\t\t\t\t<div class=\"bdt-ep-advanced-image-gallery-content-inner\">\n\n\t\t\t\t\t\t\t\t\t\t\t\t\t\t\t\t<div class=\"bdt-flex-inline bdt-ep-advanced-image-gallery-item-link-wrapper\">\n\t\t\t\t\t\t\t<a class=\"bdt-ep-advanced-image-gallery-item-link elementor-clickable icon-type-icon \" data-elementor-open-lightbox=\"no\" data-caption=\"\" data-href=\"https:\/\/slovenianjewelryweek.com\/wp-content\/uploads\/2025\/02\/Artentia_chain-and-shackles_NecklaceAndBracelets_2023.jpg\">\n\t\t\t\t\t\t\t\t\n\t\t\t\t\t\t\t\t\t\t\t\t\t\t\t\t\t\t\t<span>\n\t\t\t\t\t\t\t\t\t\t\t<i class=\"ep-icon-plus-2\"><\/i>\n\t\t\t\t\t\t\t\t\t\t<\/span>\n\t\t\t\t\t\t\t\t\t\n\t\t\t\t\t\t\t\t\t\t\t\t\t\t\t<\/a>\n\t\t\t\t\t\t<\/div>\n\t\t\t\t\t\n\t\t\t\t\t\t\t\t\t<\/div>\n\t\t\t<\/div>\n\t\t<\/div>\n\t\t\t\t\t<\/div>\n\t\t\t\t\t\t\t\t\t<\/div>\n\n\t\t\t\n\t\t\t\t<div class=\"bdt-ep-advanced-image-gallery-item bdt-transition-toggle\">\n\t\t\t\t\t<div class=\"bdt-ep-advanced-image-gallery-inner\">\n\t\t\t\t\t\t<div class=\"bdt-ep-advanced-image-gallery-thumbnail bdt-transition-toggle\"><img loading=\"lazy\" decoding=\"async\" width=\"1599\" height=\"2000\" src=\"https:\/\/slovenianjewelryweek.com\/wp-content\/uploads\/2025\/02\/Artentia_chainAndShackles_necklaceAndBracelets_2023_worn.jpg\" class=\"jgalleryImage\" alt=\"Artentia_chainAndShackles_necklaceAndBracelets_2023_worn\" srcset=\"https:\/\/slovenianjewelryweek.com\/wp-content\/uploads\/2025\/02\/Artentia_chainAndShackles_necklaceAndBracelets_2023_worn.jpg 1599w, https:\/\/slovenianjewelryweek.com\/wp-content\/uploads\/2025\/02\/Artentia_chainAndShackles_necklaceAndBracelets_2023_worn-240x300.jpg 240w, https:\/\/slovenianjewelryweek.com\/wp-content\/uploads\/2025\/02\/Artentia_chainAndShackles_necklaceAndBracelets_2023_worn-819x1024.jpg 819w, https:\/\/slovenianjewelryweek.com\/wp-content\/uploads\/2025\/02\/Artentia_chainAndShackles_necklaceAndBracelets_2023_worn-768x961.jpg 768w, https:\/\/slovenianjewelryweek.com\/wp-content\/uploads\/2025\/02\/Artentia_chainAndShackles_necklaceAndBracelets_2023_worn-1228x1536.jpg 1228w\" sizes=\"auto, (max-width: 1599px) 100vw, 1599px\" \/><\/div>\t\t<div class=\"bdt-position-cover bdt-overlay bdt-overlay-default bdt-transition-fade\">\n\t\t\t<div class=\"bdt-ep-advanced-image-gallery-content\">\n\t\t\t\t<div class=\"bdt-ep-advanced-image-gallery-content-inner\">\n\n\t\t\t\t\t\t\t\t\t\t\t\t\t\t\t\t<div class=\"bdt-flex-inline bdt-ep-advanced-image-gallery-item-link-wrapper\">\n\t\t\t\t\t\t\t<a class=\"bdt-ep-advanced-image-gallery-item-link elementor-clickable icon-type-icon \" data-elementor-open-lightbox=\"no\" data-caption=\"\" data-href=\"https:\/\/slovenianjewelryweek.com\/wp-content\/uploads\/2025\/02\/Artentia_chainAndShackles_necklaceAndBracelets_2023_worn.jpg\">\n\t\t\t\t\t\t\t\t\n\t\t\t\t\t\t\t\t\t\t\t\t\t\t\t\t\t\t\t<span>\n\t\t\t\t\t\t\t\t\t\t\t<i class=\"ep-icon-plus-2\"><\/i>\n\t\t\t\t\t\t\t\t\t\t<\/span>\n\t\t\t\t\t\t\t\t\t\n\t\t\t\t\t\t\t\t\t\t\t\t\t\t\t<\/a>\n\t\t\t\t\t\t<\/div>\n\t\t\t\t\t\n\t\t\t\t\t\t\t\t\t<\/div>\n\t\t\t<\/div>\n\t\t<\/div>\n\t\t\t\t\t<\/div>\n\t\t\t\t\t\t\t\t\t<\/div>\n\n\t\t\t\n\t\t\t\t<div class=\"bdt-ep-advanced-image-gallery-item bdt-transition-toggle\">\n\t\t\t\t\t<div class=\"bdt-ep-advanced-image-gallery-inner\">\n\t\t\t\t\t\t<div class=\"bdt-ep-advanced-image-gallery-thumbnail bdt-transition-toggle\"><img loading=\"lazy\" decoding=\"async\" width=\"1500\" height=\"1874\" src=\"https:\/\/slovenianjewelryweek.com\/wp-content\/uploads\/2025\/02\/Artentia_Tension_brooch_2023_front.jpg\" class=\"jgalleryImage\" alt=\"Artentia_Tension_brooch_2023_front\" srcset=\"https:\/\/slovenianjewelryweek.com\/wp-content\/uploads\/2025\/02\/Artentia_Tension_brooch_2023_front.jpg 1500w, https:\/\/slovenianjewelryweek.com\/wp-content\/uploads\/2025\/02\/Artentia_Tension_brooch_2023_front-240x300.jpg 240w, https:\/\/slovenianjewelryweek.com\/wp-content\/uploads\/2025\/02\/Artentia_Tension_brooch_2023_front-820x1024.jpg 820w, https:\/\/slovenianjewelryweek.com\/wp-content\/uploads\/2025\/02\/Artentia_Tension_brooch_2023_front-768x959.jpg 768w, https:\/\/slovenianjewelryweek.com\/wp-content\/uploads\/2025\/02\/Artentia_Tension_brooch_2023_front-1229x1536.jpg 1229w\" sizes=\"auto, (max-width: 1500px) 100vw, 1500px\" \/><\/div>\t\t<div class=\"bdt-position-cover bdt-overlay bdt-overlay-default bdt-transition-fade\">\n\t\t\t<div class=\"bdt-ep-advanced-image-gallery-content\">\n\t\t\t\t<div class=\"bdt-ep-advanced-image-gallery-content-inner\">\n\n\t\t\t\t\t\t\t\t\t\t\t\t\t\t\t\t<div class=\"bdt-flex-inline bdt-ep-advanced-image-gallery-item-link-wrapper\">\n\t\t\t\t\t\t\t<a class=\"bdt-ep-advanced-image-gallery-item-link elementor-clickable icon-type-icon \" data-elementor-open-lightbox=\"no\" data-caption=\"\" data-href=\"https:\/\/slovenianjewelryweek.com\/wp-content\/uploads\/2025\/02\/Artentia_Tension_brooch_2023_front.jpg\">\n\t\t\t\t\t\t\t\t\n\t\t\t\t\t\t\t\t\t\t\t\t\t\t\t\t\t\t\t<span>\n\t\t\t\t\t\t\t\t\t\t\t<i class=\"ep-icon-plus-2\"><\/i>\n\t\t\t\t\t\t\t\t\t\t<\/span>\n\t\t\t\t\t\t\t\t\t\n\t\t\t\t\t\t\t\t\t\t\t\t\t\t\t<\/a>\n\t\t\t\t\t\t<\/div>\n\t\t\t\t\t\n\t\t\t\t\t\t\t\t\t<\/div>\n\t\t\t<\/div>\n\t\t<\/div>\n\t\t\t\t\t<\/div>\n\t\t\t\t\t\t\t\t\t<\/div>\n\n\t\t\t\t\t<\/div>\n\t\t\t\t\t<\/div>\n\t\t\t\t<\/div>\n\t\t\t\t\t<\/div>\n\t\t\t\t<\/div>\n\t\t<div class=\"wd-negative-gap elementor-element elementor-element-f412ac3 e-flex e-con-boxed e-con e-parent\" data-id=\"f412ac3\" data-element_type=\"container\" data-e-type=\"container\">\n\t\t\t\t\t<div class=\"e-con-inner\">\n\t\t\t\t<div class=\"elementor-element elementor-element-7d91274 elementor-widget-divider--view-line elementor-widget elementor-widget-divider\" data-id=\"7d91274\" data-element_type=\"widget\" data-e-type=\"widget\" data-widget_type=\"divider.default\">\n\t\t\t\t<div class=\"elementor-widget-container\">\n\t\t\t\t\t\t\t<div class=\"elementor-divider\">\n\t\t\t<span class=\"elementor-divider-separator\">\n\t\t\t\t\t\t<\/span>\n\t\t<\/div>\n\t\t\t\t\t\t<\/div>\n\t\t\t\t<\/div>\n\t\t\t\t\t<\/div>\n\t\t\t\t<\/div>\n\t\t<div class=\"wd-negative-gap elementor-element elementor-element-91f16b2 e-flex e-con-boxed e-con e-parent\" data-id=\"91f16b2\" data-element_type=\"container\" data-e-type=\"container\">\n\t\t\t\t\t<div class=\"e-con-inner\">\n\t\t<div class=\"elementor-element elementor-element-cce6239 e-con-full e-flex e-con e-child\" data-id=\"cce6239\" data-element_type=\"container\" data-e-type=\"container\">\n\t\t\t\t<div class=\"elementor-element elementor-element-ad352e3 wd-width-100 elementor-widget elementor-widget-wd_title\" data-id=\"ad352e3\" data-element_type=\"widget\" data-e-type=\"widget\" data-widget_type=\"wd_title.default\">\n\t\t\t\t<div class=\"elementor-widget-container\">\n\t\t\t\t\t\t\t<div class=\"title-wrapper wd-set-mb reset-last-child wd-title-color-default wd-title-style-default wd-title-size-large text-left\">\n\n\t\t\t\n\t\t\t<div class=\"liner-continer\">\n\t\t\t\t<h4 class=\"woodmart-title-container title wd-fontsize-xxl\"><\/h4> \n\t\t\t\t\t\t\t<\/div>\n\n\t\t\t\t\t\t\t<div class=\"title-after_title reset-last-child wd-fontsize-s\">\n\t\t\t\t\t<p>Umetni\u0161ko oblikovanje in izdelava nakita. Podiplomski \u0161tudij na EASD Valencia. \u0160tudent na izmenjavi na Visoki \u0161oli Trier \u2013 Idar-Oberstein (dragi kamni in nakit). <br><br> Razstave <br>The space between, 2023\u20132024 London (VB), M\u00fcnchen (Nem\u010dija), Hereford (VB) <br>Brazil Jewelry week, 2023 (Brazilija) <br>Generaci\u00f3 Brillant, 20 anys de Joieria contempor\u00e0nia, 2022 I Encuentro internacional de joyer\u00eda contempor\u00e1nea, 2021. Galerija umetnosti na dvori\u0161\u010du <br>Museo Nacional de la cer\u00e1mica, 2021, \u00bbConnexions\u00ab, Valencia, Castell\u00f3n (\u0160panija) <br>Istanbulski teden nakita, 2020 (Tur\u010dija) <br>Joyas Today, 2019, Fabrika12 <br>Off Joya Barcelona, 2019. \u00bbClaus 019\u00ab, Valencia, San Sebasti\u00e1n, Barcelona (\u0160panija) <br>Galerija Alliages, 2019, \u00bbPrecieux\u00ab (Francija) <br>Intramurs, 2018, \u00bbEn Construcci\u00f3n\u00ab (\u0160panija) <br>Bienal Melting point, 2018 (\u0160panija) <br>La botiga des joves joiers, Valencija, 2017, 2018 (\u0160panija)<\/p>\t\t\t\t<\/div>\n\t\t\t\t\t<\/div>\n\t\t\t\t\t\t<\/div>\n\t\t\t\t<\/div>\n\t\t\t\t<\/div>\n\t\t<div class=\"elementor-element elementor-element-b237d38 e-con-full e-flex e-con e-child\" data-id=\"b237d38\" data-element_type=\"container\" data-e-type=\"container\">\n\t\t\t\t<div class=\"elementor-element elementor-element-2feb63e elementor-widget elementor-widget-wd_image_or_svg\" data-id=\"2feb63e\" data-element_type=\"widget\" data-e-type=\"widget\" data-widget_type=\"wd_image_or_svg.default\">\n\t\t\t\t<div class=\"elementor-widget-container\">\n\t\t\t\t\t\n\t\t<div class=\"wd-image text-left\">\n\t\t\t\t\t\t\t\t<img loading=\"lazy\" decoding=\"async\" width=\"667\" height=\"1000\" src=\"https:\/\/slovenianjewelryweek.com\/wp-content\/uploads\/2025\/02\/Maria-Garcia.jpg\" class=\"attachment-full size-full\" alt=\"\" srcset=\"https:\/\/slovenianjewelryweek.com\/wp-content\/uploads\/2025\/02\/Maria-Garcia.jpg 667w, https:\/\/slovenianjewelryweek.com\/wp-content\/uploads\/2025\/02\/Maria-Garcia-200x300.jpg 200w\" sizes=\"auto, (max-width: 667px) 100vw, 667px\" \/>\t\t\t\t\t<\/div>\n\n\t\t\t\t\t\t<\/div>\n\t\t\t\t<\/div>\n\t\t\t\t<\/div>\n\t\t\t\t\t<\/div>\n\t\t\t\t<\/div>\n\t\t<div class=\"wd-negative-gap elementor-element elementor-element-c2cbd3c e-flex e-con-boxed e-con e-parent\" data-id=\"c2cbd3c\" data-element_type=\"container\" data-e-type=\"container\">\n\t\t\t\t\t<div class=\"e-con-inner\">\n\t\t\t\t<div class=\"elementor-element elementor-element-f82dc46 elementor-widget elementor-widget-wd_button\" data-id=\"f82dc46\" data-element_type=\"widget\" data-e-type=\"widget\" id=\"go-back\" data-widget_type=\"wd_button.default\">\n\t\t\t\t<div class=\"elementor-widget-container\">\n\t\t\t\t\t\t\t<div class=\"wd-button-wrapper text-center\" >\n\t\t\t<a class=\"btn btn-style-default btn-shape-rectangle btn-size-extra-large btn-color-black btn-icon-pos-left\" >\n\t\t\t\t<span class=\"wd-btn-text\" data-elementor-setting-key=\"text\">\n\t\t\t\t\tNAZAJ\t\t\t\t<\/span>\n\n\t\t\t\t\t\t\t\t\t<span class=\"wd-btn-icon\">\n\t\t\t\t\t\t<span class=\"wd-icon ion ion-ios-arrow-back\"><\/span>\t\t\t\t\t<\/span>\n\t\t\t\t\t\t\t<\/a>\n\t\t<\/div>\n\t\t\t\t\t\t<\/div>\n\t\t\t\t<\/div>\n\t\t\t\t\t<\/div>\n\t\t\t\t<\/div>\n\t\t\t\t<\/div>\n\t\t","protected":false},"excerpt":{"rendered":"<p>ARTENTIA (Maria Garcia) o delo je potovanje v svet tehnike shibari, starodavne japonske umetnosti vozlov in vrvi. Na\u0161 umetni\u0161ki projekt<\/p>\n","protected":false},"featured_media":4247,"menu_order":0,"comment_status":"open","ping_status":"closed","template":"","project-cat":[94],"class_list":["post-4264","portfolio","type-portfolio","status-publish","has-post-thumbnail","hentry","project-cat-precious-collective-sl"],"yoast_head":"<!-- This site is optimized with the Yoast SEO plugin v27.2 - https:\/\/yoast.com\/product\/yoast-seo-wordpress\/ -->\n<title>ARTENTIA (Maria Garcia) - SIJW<\/title>\n<meta name=\"robots\" content=\"index, follow, max-snippet:-1, max-image-preview:large, max-video-preview:-1\" \/>\n<link rel=\"canonical\" href=\"https:\/\/slovenianjewelryweek.com\/sl\/portfolio\/artentia-maria-garcia\/\" \/>\n<meta property=\"og:locale\" content=\"sl_SI\" \/>\n<meta property=\"og:type\" content=\"article\" \/>\n<meta property=\"og:title\" content=\"ARTENTIA (Maria Garcia) - SIJW\" \/>\n<meta property=\"og:description\" content=\"ARTENTIA (Maria Garcia) o delo je potovanje v svet tehnike shibari, starodavne japonske umetnosti vozlov in vrvi. Na\u0161 umetni\u0161ki projekt\" \/>\n<meta property=\"og:url\" content=\"https:\/\/slovenianjewelryweek.com\/sl\/portfolio\/artentia-maria-garcia\/\" \/>\n<meta property=\"og:site_name\" content=\"SIJW\" \/>\n<meta property=\"article:modified_time\" content=\"2025-02-13T16:26:09+00:00\" \/>\n<meta property=\"og:image\" content=\"https:\/\/slovenianjewelryweek.com\/wp-content\/uploads\/2025\/02\/Artentia_chain-and-shackles_necklaceandbacelets_2023_front.jpg\" \/>\n\t<meta property=\"og:image:width\" content=\"1500\" \/>\n\t<meta property=\"og:image:height\" content=\"1875\" \/>\n\t<meta property=\"og:image:type\" content=\"image\/jpeg\" \/>\n<meta name=\"twitter:card\" content=\"summary_large_image\" \/>\n<meta name=\"twitter:label1\" content=\"Est. reading time\" \/>\n\t<meta name=\"twitter:data1\" content=\"2 minuti\" \/>\n<script type=\"application\/ld+json\" class=\"yoast-schema-graph\">{\"@context\":\"https:\/\/schema.org\",\"@graph\":[{\"@type\":\"WebPage\",\"@id\":\"https:\/\/slovenianjewelryweek.com\/sl\/portfolio\/artentia-maria-garcia\/\",\"url\":\"https:\/\/slovenianjewelryweek.com\/sl\/portfolio\/artentia-maria-garcia\/\",\"name\":\"ARTENTIA (Maria Garcia) - SIJW\",\"isPartOf\":{\"@id\":\"https:\/\/slovenianjewelryweek.com\/sl\/#website\"},\"primaryImageOfPage\":{\"@id\":\"https:\/\/slovenianjewelryweek.com\/sl\/portfolio\/artentia-maria-garcia\/#primaryimage\"},\"image\":{\"@id\":\"https:\/\/slovenianjewelryweek.com\/sl\/portfolio\/artentia-maria-garcia\/#primaryimage\"},\"thumbnailUrl\":\"https:\/\/slovenianjewelryweek.com\/wp-content\/uploads\/2025\/02\/Artentia_chain-and-shackles_necklaceandbacelets_2023_front.jpg\",\"datePublished\":\"2025-02-13T16:18:19+00:00\",\"dateModified\":\"2025-02-13T16:26:09+00:00\",\"breadcrumb\":{\"@id\":\"https:\/\/slovenianjewelryweek.com\/sl\/portfolio\/artentia-maria-garcia\/#breadcrumb\"},\"inLanguage\":\"sl-SI\",\"potentialAction\":[{\"@type\":\"ReadAction\",\"target\":[\"https:\/\/slovenianjewelryweek.com\/sl\/portfolio\/artentia-maria-garcia\/\"]}]},{\"@type\":\"ImageObject\",\"inLanguage\":\"sl-SI\",\"@id\":\"https:\/\/slovenianjewelryweek.com\/sl\/portfolio\/artentia-maria-garcia\/#primaryimage\",\"url\":\"https:\/\/slovenianjewelryweek.com\/wp-content\/uploads\/2025\/02\/Artentia_chain-and-shackles_necklaceandbacelets_2023_front.jpg\",\"contentUrl\":\"https:\/\/slovenianjewelryweek.com\/wp-content\/uploads\/2025\/02\/Artentia_chain-and-shackles_necklaceandbacelets_2023_front.jpg\",\"width\":1500,\"height\":1875},{\"@type\":\"BreadcrumbList\",\"@id\":\"https:\/\/slovenianjewelryweek.com\/sl\/portfolio\/artentia-maria-garcia\/#breadcrumb\",\"itemListElement\":[{\"@type\":\"ListItem\",\"position\":1,\"name\":\"Home\",\"item\":\"https:\/\/slovenianjewelryweek.com\/sl\/\"},{\"@type\":\"ListItem\",\"position\":2,\"name\":\"Portfolio\",\"item\":\"https:\/\/slovenianjewelryweek.com\/sl\/portfolio\/\"},{\"@type\":\"ListItem\",\"position\":3,\"name\":\"ARTENTIA (Maria Garcia)\"}]},{\"@type\":\"WebSite\",\"@id\":\"https:\/\/slovenianjewelryweek.com\/sl\/#website\",\"url\":\"https:\/\/slovenianjewelryweek.com\/sl\/\",\"name\":\"SIJW\",\"description\":\"\",\"potentialAction\":[{\"@type\":\"SearchAction\",\"target\":{\"@type\":\"EntryPoint\",\"urlTemplate\":\"https:\/\/slovenianjewelryweek.com\/sl\/?s={search_term_string}\"},\"query-input\":{\"@type\":\"PropertyValueSpecification\",\"valueRequired\":true,\"valueName\":\"search_term_string\"}}],\"inLanguage\":\"sl-SI\"}]}<\/script>\n<!-- \/ Yoast SEO plugin. -->","yoast_head_json":{"title":"ARTENTIA (Maria Garcia) - SIJW","robots":{"index":"index","follow":"follow","max-snippet":"max-snippet:-1","max-image-preview":"max-image-preview:large","max-video-preview":"max-video-preview:-1"},"canonical":"https:\/\/slovenianjewelryweek.com\/sl\/portfolio\/artentia-maria-garcia\/","og_locale":"sl_SI","og_type":"article","og_title":"ARTENTIA (Maria Garcia) - SIJW","og_description":"ARTENTIA (Maria Garcia) o delo je potovanje v svet tehnike shibari, starodavne japonske umetnosti vozlov in vrvi. Na\u0161 umetni\u0161ki projekt","og_url":"https:\/\/slovenianjewelryweek.com\/sl\/portfolio\/artentia-maria-garcia\/","og_site_name":"SIJW","article_modified_time":"2025-02-13T16:26:09+00:00","og_image":[{"width":1500,"height":1875,"url":"https:\/\/slovenianjewelryweek.com\/wp-content\/uploads\/2025\/02\/Artentia_chain-and-shackles_necklaceandbacelets_2023_front.jpg","type":"image\/jpeg"}],"twitter_card":"summary_large_image","twitter_misc":{"Est. reading time":"2 minuti"},"schema":{"@context":"https:\/\/schema.org","@graph":[{"@type":"WebPage","@id":"https:\/\/slovenianjewelryweek.com\/sl\/portfolio\/artentia-maria-garcia\/","url":"https:\/\/slovenianjewelryweek.com\/sl\/portfolio\/artentia-maria-garcia\/","name":"ARTENTIA (Maria Garcia) - SIJW","isPartOf":{"@id":"https:\/\/slovenianjewelryweek.com\/sl\/#website"},"primaryImageOfPage":{"@id":"https:\/\/slovenianjewelryweek.com\/sl\/portfolio\/artentia-maria-garcia\/#primaryimage"},"image":{"@id":"https:\/\/slovenianjewelryweek.com\/sl\/portfolio\/artentia-maria-garcia\/#primaryimage"},"thumbnailUrl":"https:\/\/slovenianjewelryweek.com\/wp-content\/uploads\/2025\/02\/Artentia_chain-and-shackles_necklaceandbacelets_2023_front.jpg","datePublished":"2025-02-13T16:18:19+00:00","dateModified":"2025-02-13T16:26:09+00:00","breadcrumb":{"@id":"https:\/\/slovenianjewelryweek.com\/sl\/portfolio\/artentia-maria-garcia\/#breadcrumb"},"inLanguage":"sl-SI","potentialAction":[{"@type":"ReadAction","target":["https:\/\/slovenianjewelryweek.com\/sl\/portfolio\/artentia-maria-garcia\/"]}]},{"@type":"ImageObject","inLanguage":"sl-SI","@id":"https:\/\/slovenianjewelryweek.com\/sl\/portfolio\/artentia-maria-garcia\/#primaryimage","url":"https:\/\/slovenianjewelryweek.com\/wp-content\/uploads\/2025\/02\/Artentia_chain-and-shackles_necklaceandbacelets_2023_front.jpg","contentUrl":"https:\/\/slovenianjewelryweek.com\/wp-content\/uploads\/2025\/02\/Artentia_chain-and-shackles_necklaceandbacelets_2023_front.jpg","width":1500,"height":1875},{"@type":"BreadcrumbList","@id":"https:\/\/slovenianjewelryweek.com\/sl\/portfolio\/artentia-maria-garcia\/#breadcrumb","itemListElement":[{"@type":"ListItem","position":1,"name":"Home","item":"https:\/\/slovenianjewelryweek.com\/sl\/"},{"@type":"ListItem","position":2,"name":"Portfolio","item":"https:\/\/slovenianjewelryweek.com\/sl\/portfolio\/"},{"@type":"ListItem","position":3,"name":"ARTENTIA (Maria Garcia)"}]},{"@type":"WebSite","@id":"https:\/\/slovenianjewelryweek.com\/sl\/#website","url":"https:\/\/slovenianjewelryweek.com\/sl\/","name":"SIJW","description":"","potentialAction":[{"@type":"SearchAction","target":{"@type":"EntryPoint","urlTemplate":"https:\/\/slovenianjewelryweek.com\/sl\/?s={search_term_string}"},"query-input":{"@type":"PropertyValueSpecification","valueRequired":true,"valueName":"search_term_string"}}],"inLanguage":"sl-SI"}]}},"_links":{"self":[{"href":"https:\/\/slovenianjewelryweek.com\/sl\/wp-json\/wp\/v2\/portfolio\/4264","targetHints":{"allow":["GET"]}}],"collection":[{"href":"https:\/\/slovenianjewelryweek.com\/sl\/wp-json\/wp\/v2\/portfolio"}],"about":[{"href":"https:\/\/slovenianjewelryweek.com\/sl\/wp-json\/wp\/v2\/types\/portfolio"}],"replies":[{"embeddable":true,"href":"https:\/\/slovenianjewelryweek.com\/sl\/wp-json\/wp\/v2\/comments?post=4264"}],"version-history":[{"count":3,"href":"https:\/\/slovenianjewelryweek.com\/sl\/wp-json\/wp\/v2\/portfolio\/4264\/revisions"}],"predecessor-version":[{"id":4267,"href":"https:\/\/slovenianjewelryweek.com\/sl\/wp-json\/wp\/v2\/portfolio\/4264\/revisions\/4267"}],"wp:featuredmedia":[{"embeddable":true,"href":"https:\/\/slovenianjewelryweek.com\/sl\/wp-json\/wp\/v2\/media\/4247"}],"wp:attachment":[{"href":"https:\/\/slovenianjewelryweek.com\/sl\/wp-json\/wp\/v2\/media?parent=4264"}],"wp:term":[{"taxonomy":"project-cat","embeddable":true,"href":"https:\/\/slovenianjewelryweek.com\/sl\/wp-json\/wp\/v2\/project-cat?post=4264"}],"curies":[{"name":"wp","href":"https:\/\/api.w.org\/{rel}","templated":true}]}}