{"id":2714,"date":"2024-11-05T16:06:42","date_gmt":"2024-11-05T16:06:42","guid":{"rendered":"https:\/\/slovenianjewelryweek.com\/portfolio\/martina-obid-mlakar\/"},"modified":"2024-11-05T16:11:30","modified_gmt":"2024-11-05T16:11:30","slug":"martina-obid-mlakar","status":"publish","type":"portfolio","link":"https:\/\/slovenianjewelryweek.com\/sl\/portfolio\/martina-obid-mlakar\/","title":{"rendered":"Martina Obid Mlakar"},"content":{"rendered":"\t\t<div data-elementor-type=\"wp-post\" data-elementor-id=\"2714\" class=\"elementor elementor-2714 elementor-2701\">\n\t\t\t\t<div class=\"wd-negative-gap elementor-element elementor-element-29488d9 e-flex e-con-boxed e-con e-parent\" data-id=\"29488d9\" data-element_type=\"container\" data-e-type=\"container\">\n\t\t\t\t\t<div class=\"e-con-inner\">\n\t\t\t\t<div class=\"elementor-element elementor-element-529a656 wd-width-100 elementor-widget elementor-widget-wd_title\" data-id=\"529a656\" data-element_type=\"widget\" data-e-type=\"widget\" data-widget_type=\"wd_title.default\">\n\t\t\t\t<div class=\"elementor-widget-container\">\n\t\t\t\t\t\t\t<div class=\"title-wrapper wd-set-mb reset-last-child wd-title-color-default wd-title-style-default wd-title-size-extra-large text-center\">\n\n\t\t\t\n\t\t\t<div class=\"liner-continer\">\n\t\t\t\t<h1 class=\"woodmart-title-container title wd-fontsize-xxxl wd-underline-colored\">Martina Obid Mlakar<\/h1> \n\t\t\t\t\t\t\t<\/div>\n\n\t\t\t\t\t<\/div>\n\t\t\t\t\t\t<\/div>\n\t\t\t\t<\/div>\n\t\t\t\t\t<\/div>\n\t\t\t\t<\/div>\n\t\t<div class=\"wd-negative-gap elementor-element elementor-element-b0173a1 e-flex e-con-boxed e-con e-parent\" data-id=\"b0173a1\" data-element_type=\"container\" data-e-type=\"container\">\n\t\t\t\t\t<div class=\"e-con-inner\">\n\t\t\t\t<div class=\"elementor-element elementor-element-96faf24 elementor-widget-divider--view-line elementor-widget elementor-widget-divider\" data-id=\"96faf24\" data-element_type=\"widget\" data-e-type=\"widget\" data-widget_type=\"divider.default\">\n\t\t\t\t<div class=\"elementor-widget-container\">\n\t\t\t\t\t\t\t<div class=\"elementor-divider\">\n\t\t\t<span class=\"elementor-divider-separator\">\n\t\t\t\t\t\t<\/span>\n\t\t<\/div>\n\t\t\t\t\t\t<\/div>\n\t\t\t\t<\/div>\n\t\t\t\t\t<\/div>\n\t\t\t\t<\/div>\n\t\t<div class=\"elementor-element elementor-element-8dc6494 e-flex e-con-boxed e-con e-parent\" data-id=\"8dc6494\" data-element_type=\"container\" data-e-type=\"container\">\n\t\t\t\t\t<div class=\"e-con-inner\">\n\t\t\t\t<div class=\"elementor-element elementor-element-86fdb02 wd-width-100 elementor-widget elementor-widget-wd_title\" data-id=\"86fdb02\" data-element_type=\"widget\" data-e-type=\"widget\" data-widget_type=\"wd_title.default\">\n\t\t\t\t<div class=\"elementor-widget-container\">\n\t\t\t\t\t\t\t<div class=\"title-wrapper wd-set-mb reset-last-child wd-title-color-default wd-title-style-default wd-title-size-large text-left\">\n\n\t\t\t\n\t\t\t<div class=\"liner-continer\">\n\t\t\t\t<h4 class=\"woodmart-title-container title wd-fontsize-xxl\"><\/h4> \n\t\t\t\t\t\t\t<\/div>\n\n\t\t\t\t\t\t\t<div class=\"title-after_title reset-last-child wd-fontsize-s\">\n\t\t\t\t\t<p><br \/>\r\nSerija je poeti\u010dna interpretacija kamen\u010dkov, ki so graciozno zlo\u017eeni drug na drugega \u2013 simbol ravnovesja sredi kaosa ob\u010dutkov. Osrednji del vsakega dela je en sam kamen\u010dek, izklesan iz \u017elahtne kovine, ki je ble\u0161\u010de\u010d svetilnik med zemeljskimi odtenki svojih spremljevalcev, izdelanih iz siporeksa, skromnega, a pro\u017enega materiala. Ti kontrastni elementi odra\u017eajo dihotomijo \u017eelja in \u010dustev, so\u017eitje razko\u0161ja in preprostosti, kar ponovno ustvarja notranjo harmonijo. Kamni, na videz krhki v svojem negotovem ravnovesju, predstavljajo zapleteno ravnovesje, ki ga i\u0161\u010demo v burni pokrajini ob\u010dutkov. Kot \u010dustva, ki so ne\u017eno nalo\u017eena eno na drugo, serija zajema bistvo \u010dlove\u0161ke izku\u0161nje \u2013 \u017eelje, \u010dustva, potrebe \u2013 v iskanju notranje harmonije.<\/p>\t\t\t\t<\/div>\n\t\t\t\t\t<\/div>\n\t\t\t\t\t\t<\/div>\n\t\t\t\t<\/div>\n\t\t\t\t\t<\/div>\n\t\t\t\t<\/div>\n\t\t<div class=\"wd-negative-gap elementor-element elementor-element-4e74fba e-flex e-con-boxed e-con e-parent\" data-id=\"4e74fba\" data-element_type=\"container\" data-e-type=\"container\">\n\t\t\t\t\t<div class=\"e-con-inner\">\n\t\t\t\t\t<\/div>\n\t\t\t\t<\/div>\n\t\t<div class=\"elementor-element elementor-element-9f33e16 e-flex e-con-boxed e-con e-parent\" data-id=\"9f33e16\" data-element_type=\"container\" data-e-type=\"container\">\n\t\t\t\t\t<div class=\"e-con-inner\">\n\t\t\t\t<div class=\"elementor-element elementor-element-6df9022 elementor-widget elementor-widget-bdt-advanced-image-gallery\" data-id=\"6df9022\" data-element_type=\"widget\" data-e-type=\"widget\" data-widget_type=\"bdt-advanced-image-gallery.default\">\n\t\t\t\t<div class=\"elementor-widget-container\">\n\t\t\t\t\t\t\t<div id=\"bdt-avdg-6df9022\" class=\"bdt-ep-advanced-image-gallery bdt-ep-advanced-image-gallery-skin-default bdt-grid bdt-grid-small bdt-child-width-1-1 bdt-child-width-1-2@s bdt-child-width-1-2@m\" data-bdt-grid=\" masonry: true\" data-bdt-lightbox=\"animation: slide;\" data-settings=\"{&quot;id&quot;:&quot;#bdt-avdg-6df9022&quot;,&quot;tiltShow&quot;:false}\">\n\t\t\t\n\t\t\t\t<div class=\"bdt-ep-advanced-image-gallery-item bdt-transition-toggle\">\n\t\t\t\t\t<div class=\"bdt-ep-advanced-image-gallery-inner\">\n\t\t\t\t\t\t<div class=\"bdt-ep-advanced-image-gallery-thumbnail bdt-transition-toggle\"><img loading=\"lazy\" decoding=\"async\" width=\"1000\" height=\"1000\" src=\"https:\/\/slovenianjewelryweek.com\/wp-content\/uploads\/2024\/11\/Obid_Mlakar_Martina_Balance_03_Brooch-Martina-Obid-Mlakar.jpg\" class=\"jgalleryImage\" alt=\"Obid_Mlakar_Martina_Balance_03_Brooch---Martina-Obid-Mlakar\" srcset=\"https:\/\/slovenianjewelryweek.com\/wp-content\/uploads\/2024\/11\/Obid_Mlakar_Martina_Balance_03_Brooch-Martina-Obid-Mlakar.jpg 1000w, https:\/\/slovenianjewelryweek.com\/wp-content\/uploads\/2024\/11\/Obid_Mlakar_Martina_Balance_03_Brooch-Martina-Obid-Mlakar-300x300.jpg 300w, https:\/\/slovenianjewelryweek.com\/wp-content\/uploads\/2024\/11\/Obid_Mlakar_Martina_Balance_03_Brooch-Martina-Obid-Mlakar-150x150.jpg 150w, https:\/\/slovenianjewelryweek.com\/wp-content\/uploads\/2024\/11\/Obid_Mlakar_Martina_Balance_03_Brooch-Martina-Obid-Mlakar-768x768.jpg 768w\" sizes=\"auto, (max-width: 1000px) 100vw, 1000px\" \/><\/div>\t\t<div class=\"bdt-position-cover bdt-overlay bdt-overlay-default bdt-transition-fade\">\n\t\t\t<div class=\"bdt-ep-advanced-image-gallery-content\">\n\t\t\t\t<div class=\"bdt-ep-advanced-image-gallery-content-inner\">\n\n\t\t\t\t\t\t\t\t\t\t\t\t\t\t\t\t<div class=\"bdt-flex-inline bdt-ep-advanced-image-gallery-item-link-wrapper\">\n\t\t\t\t\t\t\t<a class=\"bdt-ep-advanced-image-gallery-item-link elementor-clickable icon-type-icon \" data-elementor-open-lightbox=\"no\" data-caption=\"\" data-href=\"https:\/\/slovenianjewelryweek.com\/wp-content\/uploads\/2024\/11\/Obid_Mlakar_Martina_Balance_03_Brooch-Martina-Obid-Mlakar.jpg\">\n\t\t\t\t\t\t\t\t\n\t\t\t\t\t\t\t\t\t\t\t\t\t\t\t\t\t\t\t<span>\n\t\t\t\t\t\t\t\t\t\t\t<i class=\"ep-icon-plus-2\"><\/i>\n\t\t\t\t\t\t\t\t\t\t<\/span>\n\t\t\t\t\t\t\t\t\t\n\t\t\t\t\t\t\t\t\t\t\t\t\t\t\t<\/a>\n\t\t\t\t\t\t<\/div>\n\t\t\t\t\t\n\t\t\t\t\t\t\t\t\t<\/div>\n\t\t\t<\/div>\n\t\t<\/div>\n\t\t\t\t\t<\/div>\n\t\t\t\t\t\t\t\t\t<\/div>\n\n\t\t\t\n\t\t\t\t<div class=\"bdt-ep-advanced-image-gallery-item bdt-transition-toggle\">\n\t\t\t\t\t<div class=\"bdt-ep-advanced-image-gallery-inner\">\n\t\t\t\t\t\t<div class=\"bdt-ep-advanced-image-gallery-thumbnail bdt-transition-toggle\"><img loading=\"lazy\" decoding=\"async\" width=\"1000\" height=\"1000\" src=\"https:\/\/slovenianjewelryweek.com\/wp-content\/uploads\/2024\/11\/Obid_Mlakar_Martina_Balance_02_Brooch_02-Martina-Obid-Mlakar.jpg\" class=\"jgalleryImage\" alt=\"Obid_Mlakar_Martina_Balance_02_Brooch_02---Martina-Obid-Mlakar\" srcset=\"https:\/\/slovenianjewelryweek.com\/wp-content\/uploads\/2024\/11\/Obid_Mlakar_Martina_Balance_02_Brooch_02-Martina-Obid-Mlakar.jpg 1000w, https:\/\/slovenianjewelryweek.com\/wp-content\/uploads\/2024\/11\/Obid_Mlakar_Martina_Balance_02_Brooch_02-Martina-Obid-Mlakar-300x300.jpg 300w, https:\/\/slovenianjewelryweek.com\/wp-content\/uploads\/2024\/11\/Obid_Mlakar_Martina_Balance_02_Brooch_02-Martina-Obid-Mlakar-150x150.jpg 150w, https:\/\/slovenianjewelryweek.com\/wp-content\/uploads\/2024\/11\/Obid_Mlakar_Martina_Balance_02_Brooch_02-Martina-Obid-Mlakar-768x768.jpg 768w\" sizes=\"auto, (max-width: 1000px) 100vw, 1000px\" \/><\/div>\t\t<div class=\"bdt-position-cover bdt-overlay bdt-overlay-default bdt-transition-fade\">\n\t\t\t<div class=\"bdt-ep-advanced-image-gallery-content\">\n\t\t\t\t<div class=\"bdt-ep-advanced-image-gallery-content-inner\">\n\n\t\t\t\t\t\t\t\t\t\t\t\t\t\t\t\t<div class=\"bdt-flex-inline bdt-ep-advanced-image-gallery-item-link-wrapper\">\n\t\t\t\t\t\t\t<a class=\"bdt-ep-advanced-image-gallery-item-link elementor-clickable icon-type-icon \" data-elementor-open-lightbox=\"no\" data-caption=\"\" data-href=\"https:\/\/slovenianjewelryweek.com\/wp-content\/uploads\/2024\/11\/Obid_Mlakar_Martina_Balance_02_Brooch_02-Martina-Obid-Mlakar.jpg\">\n\t\t\t\t\t\t\t\t\n\t\t\t\t\t\t\t\t\t\t\t\t\t\t\t\t\t\t\t<span>\n\t\t\t\t\t\t\t\t\t\t\t<i class=\"ep-icon-plus-2\"><\/i>\n\t\t\t\t\t\t\t\t\t\t<\/span>\n\t\t\t\t\t\t\t\t\t\n\t\t\t\t\t\t\t\t\t\t\t\t\t\t\t<\/a>\n\t\t\t\t\t\t<\/div>\n\t\t\t\t\t\n\t\t\t\t\t\t\t\t\t<\/div>\n\t\t\t<\/div>\n\t\t<\/div>\n\t\t\t\t\t<\/div>\n\t\t\t\t\t\t\t\t\t<\/div>\n\n\t\t\t\n\t\t\t\t<div class=\"bdt-ep-advanced-image-gallery-item bdt-transition-toggle\">\n\t\t\t\t\t<div class=\"bdt-ep-advanced-image-gallery-inner\">\n\t\t\t\t\t\t<div class=\"bdt-ep-advanced-image-gallery-thumbnail bdt-transition-toggle\"><img loading=\"lazy\" decoding=\"async\" width=\"750\" height=\"750\" src=\"https:\/\/slovenianjewelryweek.com\/wp-content\/uploads\/2024\/11\/Obid_Mlakar_Martina_Balance_01_Ring-Martina-Obid-Mlakar.jpg\" class=\"jgalleryImage\" alt=\"Obid_Mlakar_Martina_Balance_01_Ring---Martina-Obid-Mlakar\" srcset=\"https:\/\/slovenianjewelryweek.com\/wp-content\/uploads\/2024\/11\/Obid_Mlakar_Martina_Balance_01_Ring-Martina-Obid-Mlakar.jpg 750w, https:\/\/slovenianjewelryweek.com\/wp-content\/uploads\/2024\/11\/Obid_Mlakar_Martina_Balance_01_Ring-Martina-Obid-Mlakar-300x300.jpg 300w, https:\/\/slovenianjewelryweek.com\/wp-content\/uploads\/2024\/11\/Obid_Mlakar_Martina_Balance_01_Ring-Martina-Obid-Mlakar-150x150.jpg 150w\" sizes=\"auto, (max-width: 750px) 100vw, 750px\" \/><\/div>\t\t<div class=\"bdt-position-cover bdt-overlay bdt-overlay-default bdt-transition-fade\">\n\t\t\t<div class=\"bdt-ep-advanced-image-gallery-content\">\n\t\t\t\t<div class=\"bdt-ep-advanced-image-gallery-content-inner\">\n\n\t\t\t\t\t\t\t\t\t\t\t\t\t\t\t\t<div class=\"bdt-flex-inline bdt-ep-advanced-image-gallery-item-link-wrapper\">\n\t\t\t\t\t\t\t<a class=\"bdt-ep-advanced-image-gallery-item-link elementor-clickable icon-type-icon \" data-elementor-open-lightbox=\"no\" data-caption=\"\" data-href=\"https:\/\/slovenianjewelryweek.com\/wp-content\/uploads\/2024\/11\/Obid_Mlakar_Martina_Balance_01_Ring-Martina-Obid-Mlakar.jpg\">\n\t\t\t\t\t\t\t\t\n\t\t\t\t\t\t\t\t\t\t\t\t\t\t\t\t\t\t\t<span>\n\t\t\t\t\t\t\t\t\t\t\t<i class=\"ep-icon-plus-2\"><\/i>\n\t\t\t\t\t\t\t\t\t\t<\/span>\n\t\t\t\t\t\t\t\t\t\n\t\t\t\t\t\t\t\t\t\t\t\t\t\t\t<\/a>\n\t\t\t\t\t\t<\/div>\n\t\t\t\t\t\n\t\t\t\t\t\t\t\t\t<\/div>\n\t\t\t<\/div>\n\t\t<\/div>\n\t\t\t\t\t<\/div>\n\t\t\t\t\t\t\t\t\t<\/div>\n\n\t\t\t\t\t<\/div>\n\t\t\t\t\t<\/div>\n\t\t\t\t<\/div>\n\t\t\t\t\t<\/div>\n\t\t\t\t<\/div>\n\t\t<div class=\"wd-negative-gap elementor-element elementor-element-f412ac3 e-flex e-con-boxed e-con e-parent\" data-id=\"f412ac3\" data-element_type=\"container\" data-e-type=\"container\">\n\t\t\t\t\t<div class=\"e-con-inner\">\n\t\t\t\t<div class=\"elementor-element elementor-element-7d91274 elementor-widget-divider--view-line elementor-widget elementor-widget-divider\" data-id=\"7d91274\" data-element_type=\"widget\" data-e-type=\"widget\" data-widget_type=\"divider.default\">\n\t\t\t\t<div class=\"elementor-widget-container\">\n\t\t\t\t\t\t\t<div class=\"elementor-divider\">\n\t\t\t<span class=\"elementor-divider-separator\">\n\t\t\t\t\t\t<\/span>\n\t\t<\/div>\n\t\t\t\t\t\t<\/div>\n\t\t\t\t<\/div>\n\t\t\t\t\t<\/div>\n\t\t\t\t<\/div>\n\t\t<div class=\"wd-negative-gap elementor-element elementor-element-91f16b2 e-flex e-con-boxed e-con e-parent\" data-id=\"91f16b2\" data-element_type=\"container\" data-e-type=\"container\">\n\t\t\t\t\t<div class=\"e-con-inner\">\n\t\t<div class=\"elementor-element elementor-element-cce6239 e-con-full e-flex e-con e-child\" data-id=\"cce6239\" data-element_type=\"container\" data-e-type=\"container\">\n\t\t\t\t<div class=\"elementor-element elementor-element-ad352e3 wd-width-100 elementor-widget elementor-widget-wd_title\" data-id=\"ad352e3\" data-element_type=\"widget\" data-e-type=\"widget\" data-widget_type=\"wd_title.default\">\n\t\t\t\t<div class=\"elementor-widget-container\">\n\t\t\t\t\t\t\t<div class=\"title-wrapper wd-set-mb reset-last-child wd-title-color-default wd-title-style-default wd-title-size-large text-left\">\n\n\t\t\t\n\t\t\t<div class=\"liner-continer\">\n\t\t\t\t<h4 class=\"woodmart-title-container title wd-fontsize-xxl\">Martina Obid Mlakar<\/h4> \n\t\t\t\t\t\t\t<\/div>\n\n\t\t\t\t\t\t\t<div class=\"title-after_title reset-last-child wd-fontsize-s\">\n\t\t\t\t\t<p><br \/>\r\nMartina Obid Mlakar je kon\u010dala \u0161tudij na Akademiji za likovno umetnost in oblikovanje v Ljubljani. Imela je ve\u010d samostojnih razstav in sodelovala na \u0161tevilnih drugih v Sloveniji in tujini. Njena dela so bila sprejeta v zbirko Muzeja za arhitekturo in oblikovanje Slovenije in v Mednarodno zbirko sodobnega nakita v Legnici na Poljskem. Njeni modeli so bili izbrani in pohvaljeni s strani mednarodnih \u017eirij. Leta 2022 je njeno delo prejelo \u010dastno priznanje direktorja Galerije umetnosti v Legnici. Leta 2021 je kolekcija Feeling free prejela znak odli\u010dnosti Made in Slovenia Centra za kreativnost Muzeja za arhitekturo in oblikovanje Slovenije. Leta 2019 je kolekcija \u017divalska farma prejela priznanje Dru\u0161tva oblikovalcev Slovenije, njeno delo Krona pa posebno omembo \u017eirije Gioielli v Fermentu v Italiji. Njena dela so bila izbrana in objavljena v knjigah.<\/p>\t\t\t\t<\/div>\n\t\t\t\t\t<\/div>\n\t\t\t\t\t\t<\/div>\n\t\t\t\t<\/div>\n\t\t\t\t<div class=\"elementor-element elementor-element-d4e8fce elementor-widget elementor-widget-wd_text_block\" data-id=\"d4e8fce\" data-element_type=\"widget\" data-e-type=\"widget\" data-widget_type=\"wd_text_block.default\">\n\t\t\t\t<div class=\"elementor-widget-container\">\n\t\t\t\t\t\t\t<div class=\"wd-text-block reset-last-child text-left\">\n\t\t\t\n\t\t\t<p><a href=\"http:\/\/www.martinaobid.com\/\" target=\"_blank\" rel=\"noopener noreferrer nofollow\">www.martinaobid.com<\/a>\u00a0\/<br \/>MOM Jewellery \/<br \/><a href=\"mailto:@martina.obid.mlakar\">@martina.obid.mlakar<\/a><\/p>\n\t\t\t\t\t<\/div>\n\t\t\t\t\t\t<\/div>\n\t\t\t\t<\/div>\n\t\t\t\t<\/div>\n\t\t<div class=\"elementor-element elementor-element-b237d38 e-con-full e-flex e-con e-child\" data-id=\"b237d38\" data-element_type=\"container\" data-e-type=\"container\">\n\t\t\t\t<div class=\"elementor-element elementor-element-2feb63e elementor-widget elementor-widget-wd_image_or_svg\" data-id=\"2feb63e\" data-element_type=\"widget\" data-e-type=\"widget\" data-widget_type=\"wd_image_or_svg.default\">\n\t\t\t\t<div class=\"elementor-widget-container\">\n\t\t\t\t\t\n\t\t<div class=\"wd-image text-left\">\n\t\t\t\t\t\t\t\t<img loading=\"lazy\" decoding=\"async\" width=\"750\" height=\"750\" src=\"https:\/\/slovenianjewelryweek.com\/wp-content\/uploads\/2024\/11\/Portret_MOM.jpg\" class=\"attachment-full size-full\" alt=\"\" srcset=\"https:\/\/slovenianjewelryweek.com\/wp-content\/uploads\/2024\/11\/Portret_MOM.jpg 750w, https:\/\/slovenianjewelryweek.com\/wp-content\/uploads\/2024\/11\/Portret_MOM-300x300.jpg 300w, https:\/\/slovenianjewelryweek.com\/wp-content\/uploads\/2024\/11\/Portret_MOM-150x150.jpg 150w\" sizes=\"auto, (max-width: 750px) 100vw, 750px\" \/>\t\t\t\t\t<\/div>\n\n\t\t\t\t\t\t<\/div>\n\t\t\t\t<\/div>\n\t\t\t\t<\/div>\n\t\t\t\t\t<\/div>\n\t\t\t\t<\/div>\n\t\t<div class=\"wd-negative-gap elementor-element elementor-element-c2cbd3c e-flex e-con-boxed e-con e-parent\" data-id=\"c2cbd3c\" data-element_type=\"container\" data-e-type=\"container\">\n\t\t\t\t\t<div class=\"e-con-inner\">\n\t\t\t\t<div class=\"elementor-element elementor-element-f82dc46 elementor-widget elementor-widget-wd_button\" data-id=\"f82dc46\" data-element_type=\"widget\" data-e-type=\"widget\" id=\"go-back\" data-widget_type=\"wd_button.default\">\n\t\t\t\t<div class=\"elementor-widget-container\">\n\t\t\t\t\t\t\t<div class=\"wd-button-wrapper text-center\" >\n\t\t\t<a class=\"btn btn-style-default btn-shape-rectangle btn-size-extra-large btn-color-black btn-icon-pos-left\" >\n\t\t\t\t<span class=\"wd-btn-text\" data-elementor-setting-key=\"text\">\n\t\t\t\t\tNAZAJ\t\t\t\t<\/span>\n\n\t\t\t\t\t\t\t\t\t<span class=\"wd-btn-icon\">\n\t\t\t\t\t\t<span class=\"wd-icon ion ion-ios-arrow-back\"><\/span>\t\t\t\t\t<\/span>\n\t\t\t\t\t\t\t<\/a>\n\t\t<\/div>\n\t\t\t\t\t\t<\/div>\n\t\t\t\t<\/div>\n\t\t\t\t\t<\/div>\n\t\t\t\t<\/div>\n\t\t\t\t<\/div>\n\t\t","protected":false},"excerpt":{"rendered":"<p>Martina Obid Mlakar Serija je poeti\u010dna interpretacija kamen\u010dkov, ki so graciozno zlo\u017eeni drug na drugega \u2013 simbol ravnovesja sredi kaosa<\/p>\n","protected":false},"featured_media":2707,"menu_order":0,"comment_status":"open","ping_status":"closed","template":"","project-cat":[80],"class_list":["post-2714","portfolio","type-portfolio","status-publish","has-post-thumbnail","hentry","project-cat-local-designers-sijw-2024-sl"],"yoast_head":"<!-- This site is optimized with the Yoast SEO plugin v27.2 - https:\/\/yoast.com\/product\/yoast-seo-wordpress\/ -->\n<title>Martina Obid Mlakar - SIJW<\/title>\n<meta name=\"robots\" content=\"index, follow, max-snippet:-1, max-image-preview:large, max-video-preview:-1\" \/>\n<link rel=\"canonical\" href=\"https:\/\/slovenianjewelryweek.com\/sl\/portfolio\/martina-obid-mlakar\/\" \/>\n<meta property=\"og:locale\" content=\"sl_SI\" \/>\n<meta property=\"og:type\" content=\"article\" \/>\n<meta property=\"og:title\" content=\"Martina Obid Mlakar - SIJW\" \/>\n<meta property=\"og:description\" content=\"Martina Obid Mlakar Serija je poeti\u010dna interpretacija kamen\u010dkov, ki so graciozno zlo\u017eeni drug na drugega \u2013 simbol ravnovesja sredi kaosa\" \/>\n<meta property=\"og:url\" content=\"https:\/\/slovenianjewelryweek.com\/sl\/portfolio\/martina-obid-mlakar\/\" \/>\n<meta property=\"og:site_name\" content=\"SIJW\" \/>\n<meta property=\"article:modified_time\" content=\"2024-11-05T16:11:30+00:00\" \/>\n<meta property=\"og:image\" content=\"https:\/\/slovenianjewelryweek.com\/wp-content\/uploads\/2024\/11\/Obid_Mlakar_Martina_Balance_03_Brooch-Martina-Obid-Mlakar.jpg\" \/>\n\t<meta property=\"og:image:width\" content=\"1000\" \/>\n\t<meta property=\"og:image:height\" content=\"1000\" \/>\n\t<meta property=\"og:image:type\" content=\"image\/jpeg\" \/>\n<meta name=\"twitter:card\" content=\"summary_large_image\" \/>\n<meta name=\"twitter:label1\" content=\"Est. reading time\" \/>\n\t<meta name=\"twitter:data1\" content=\"1 minuta\" \/>\n<script type=\"application\/ld+json\" class=\"yoast-schema-graph\">{\"@context\":\"https:\/\/schema.org\",\"@graph\":[{\"@type\":\"WebPage\",\"@id\":\"https:\/\/slovenianjewelryweek.com\/sl\/portfolio\/martina-obid-mlakar\/\",\"url\":\"https:\/\/slovenianjewelryweek.com\/sl\/portfolio\/martina-obid-mlakar\/\",\"name\":\"Martina Obid Mlakar - SIJW\",\"isPartOf\":{\"@id\":\"https:\/\/slovenianjewelryweek.com\/sl\/#website\"},\"primaryImageOfPage\":{\"@id\":\"https:\/\/slovenianjewelryweek.com\/sl\/portfolio\/martina-obid-mlakar\/#primaryimage\"},\"image\":{\"@id\":\"https:\/\/slovenianjewelryweek.com\/sl\/portfolio\/martina-obid-mlakar\/#primaryimage\"},\"thumbnailUrl\":\"https:\/\/slovenianjewelryweek.com\/wp-content\/uploads\/2024\/11\/Obid_Mlakar_Martina_Balance_03_Brooch-Martina-Obid-Mlakar.jpg\",\"datePublished\":\"2024-11-05T16:06:42+00:00\",\"dateModified\":\"2024-11-05T16:11:30+00:00\",\"breadcrumb\":{\"@id\":\"https:\/\/slovenianjewelryweek.com\/sl\/portfolio\/martina-obid-mlakar\/#breadcrumb\"},\"inLanguage\":\"sl-SI\",\"potentialAction\":[{\"@type\":\"ReadAction\",\"target\":[\"https:\/\/slovenianjewelryweek.com\/sl\/portfolio\/martina-obid-mlakar\/\"]}]},{\"@type\":\"ImageObject\",\"inLanguage\":\"sl-SI\",\"@id\":\"https:\/\/slovenianjewelryweek.com\/sl\/portfolio\/martina-obid-mlakar\/#primaryimage\",\"url\":\"https:\/\/slovenianjewelryweek.com\/wp-content\/uploads\/2024\/11\/Obid_Mlakar_Martina_Balance_03_Brooch-Martina-Obid-Mlakar.jpg\",\"contentUrl\":\"https:\/\/slovenianjewelryweek.com\/wp-content\/uploads\/2024\/11\/Obid_Mlakar_Martina_Balance_03_Brooch-Martina-Obid-Mlakar.jpg\",\"width\":1000,\"height\":1000},{\"@type\":\"BreadcrumbList\",\"@id\":\"https:\/\/slovenianjewelryweek.com\/sl\/portfolio\/martina-obid-mlakar\/#breadcrumb\",\"itemListElement\":[{\"@type\":\"ListItem\",\"position\":1,\"name\":\"Home\",\"item\":\"https:\/\/slovenianjewelryweek.com\/sl\/\"},{\"@type\":\"ListItem\",\"position\":2,\"name\":\"Portfolio\",\"item\":\"https:\/\/slovenianjewelryweek.com\/sl\/portfolio\/\"},{\"@type\":\"ListItem\",\"position\":3,\"name\":\"Martina Obid Mlakar\"}]},{\"@type\":\"WebSite\",\"@id\":\"https:\/\/slovenianjewelryweek.com\/sl\/#website\",\"url\":\"https:\/\/slovenianjewelryweek.com\/sl\/\",\"name\":\"SIJW\",\"description\":\"\",\"potentialAction\":[{\"@type\":\"SearchAction\",\"target\":{\"@type\":\"EntryPoint\",\"urlTemplate\":\"https:\/\/slovenianjewelryweek.com\/sl\/?s={search_term_string}\"},\"query-input\":{\"@type\":\"PropertyValueSpecification\",\"valueRequired\":true,\"valueName\":\"search_term_string\"}}],\"inLanguage\":\"sl-SI\"}]}<\/script>\n<!-- \/ Yoast SEO plugin. -->","yoast_head_json":{"title":"Martina Obid Mlakar - SIJW","robots":{"index":"index","follow":"follow","max-snippet":"max-snippet:-1","max-image-preview":"max-image-preview:large","max-video-preview":"max-video-preview:-1"},"canonical":"https:\/\/slovenianjewelryweek.com\/sl\/portfolio\/martina-obid-mlakar\/","og_locale":"sl_SI","og_type":"article","og_title":"Martina Obid Mlakar - SIJW","og_description":"Martina Obid Mlakar Serija je poeti\u010dna interpretacija kamen\u010dkov, ki so graciozno zlo\u017eeni drug na drugega \u2013 simbol ravnovesja sredi kaosa","og_url":"https:\/\/slovenianjewelryweek.com\/sl\/portfolio\/martina-obid-mlakar\/","og_site_name":"SIJW","article_modified_time":"2024-11-05T16:11:30+00:00","og_image":[{"width":1000,"height":1000,"url":"https:\/\/slovenianjewelryweek.com\/wp-content\/uploads\/2024\/11\/Obid_Mlakar_Martina_Balance_03_Brooch-Martina-Obid-Mlakar.jpg","type":"image\/jpeg"}],"twitter_card":"summary_large_image","twitter_misc":{"Est. reading time":"1 minuta"},"schema":{"@context":"https:\/\/schema.org","@graph":[{"@type":"WebPage","@id":"https:\/\/slovenianjewelryweek.com\/sl\/portfolio\/martina-obid-mlakar\/","url":"https:\/\/slovenianjewelryweek.com\/sl\/portfolio\/martina-obid-mlakar\/","name":"Martina Obid Mlakar - SIJW","isPartOf":{"@id":"https:\/\/slovenianjewelryweek.com\/sl\/#website"},"primaryImageOfPage":{"@id":"https:\/\/slovenianjewelryweek.com\/sl\/portfolio\/martina-obid-mlakar\/#primaryimage"},"image":{"@id":"https:\/\/slovenianjewelryweek.com\/sl\/portfolio\/martina-obid-mlakar\/#primaryimage"},"thumbnailUrl":"https:\/\/slovenianjewelryweek.com\/wp-content\/uploads\/2024\/11\/Obid_Mlakar_Martina_Balance_03_Brooch-Martina-Obid-Mlakar.jpg","datePublished":"2024-11-05T16:06:42+00:00","dateModified":"2024-11-05T16:11:30+00:00","breadcrumb":{"@id":"https:\/\/slovenianjewelryweek.com\/sl\/portfolio\/martina-obid-mlakar\/#breadcrumb"},"inLanguage":"sl-SI","potentialAction":[{"@type":"ReadAction","target":["https:\/\/slovenianjewelryweek.com\/sl\/portfolio\/martina-obid-mlakar\/"]}]},{"@type":"ImageObject","inLanguage":"sl-SI","@id":"https:\/\/slovenianjewelryweek.com\/sl\/portfolio\/martina-obid-mlakar\/#primaryimage","url":"https:\/\/slovenianjewelryweek.com\/wp-content\/uploads\/2024\/11\/Obid_Mlakar_Martina_Balance_03_Brooch-Martina-Obid-Mlakar.jpg","contentUrl":"https:\/\/slovenianjewelryweek.com\/wp-content\/uploads\/2024\/11\/Obid_Mlakar_Martina_Balance_03_Brooch-Martina-Obid-Mlakar.jpg","width":1000,"height":1000},{"@type":"BreadcrumbList","@id":"https:\/\/slovenianjewelryweek.com\/sl\/portfolio\/martina-obid-mlakar\/#breadcrumb","itemListElement":[{"@type":"ListItem","position":1,"name":"Home","item":"https:\/\/slovenianjewelryweek.com\/sl\/"},{"@type":"ListItem","position":2,"name":"Portfolio","item":"https:\/\/slovenianjewelryweek.com\/sl\/portfolio\/"},{"@type":"ListItem","position":3,"name":"Martina Obid Mlakar"}]},{"@type":"WebSite","@id":"https:\/\/slovenianjewelryweek.com\/sl\/#website","url":"https:\/\/slovenianjewelryweek.com\/sl\/","name":"SIJW","description":"","potentialAction":[{"@type":"SearchAction","target":{"@type":"EntryPoint","urlTemplate":"https:\/\/slovenianjewelryweek.com\/sl\/?s={search_term_string}"},"query-input":{"@type":"PropertyValueSpecification","valueRequired":true,"valueName":"search_term_string"}}],"inLanguage":"sl-SI"}]}},"_links":{"self":[{"href":"https:\/\/slovenianjewelryweek.com\/sl\/wp-json\/wp\/v2\/portfolio\/2714","targetHints":{"allow":["GET"]}}],"collection":[{"href":"https:\/\/slovenianjewelryweek.com\/sl\/wp-json\/wp\/v2\/portfolio"}],"about":[{"href":"https:\/\/slovenianjewelryweek.com\/sl\/wp-json\/wp\/v2\/types\/portfolio"}],"replies":[{"embeddable":true,"href":"https:\/\/slovenianjewelryweek.com\/sl\/wp-json\/wp\/v2\/comments?post=2714"}],"version-history":[{"count":4,"href":"https:\/\/slovenianjewelryweek.com\/sl\/wp-json\/wp\/v2\/portfolio\/2714\/revisions"}],"predecessor-version":[{"id":2718,"href":"https:\/\/slovenianjewelryweek.com\/sl\/wp-json\/wp\/v2\/portfolio\/2714\/revisions\/2718"}],"wp:featuredmedia":[{"embeddable":true,"href":"https:\/\/slovenianjewelryweek.com\/sl\/wp-json\/wp\/v2\/media\/2707"}],"wp:attachment":[{"href":"https:\/\/slovenianjewelryweek.com\/sl\/wp-json\/wp\/v2\/media?parent=2714"}],"wp:term":[{"taxonomy":"project-cat","embeddable":true,"href":"https:\/\/slovenianjewelryweek.com\/sl\/wp-json\/wp\/v2\/project-cat?post=2714"}],"curies":[{"name":"wp","href":"https:\/\/api.w.org\/{rel}","templated":true}]}}