{"id":12238,"date":"2026-03-05T20:08:18","date_gmt":"2026-03-05T19:08:18","guid":{"rendered":"https:\/\/slovenianjewelryweek.com\/portfolio\/arijana-gadzijev-3\/"},"modified":"2026-03-05T20:28:00","modified_gmt":"2026-03-05T19:28:00","slug":"arijana-gadzijev-3","status":"publish","type":"portfolio","link":"https:\/\/slovenianjewelryweek.com\/sl\/portfolio\/arijana-gadzijev-3\/","title":{"rendered":"ARIJANA GAD\u017dIJEV"},"content":{"rendered":"\t\t<div data-elementor-type=\"wp-post\" data-elementor-id=\"12238\" class=\"elementor elementor-12238 elementor-12213\">\n\t\t\t\t<div class=\"wd-negative-gap elementor-element elementor-element-29488d9 e-flex e-con-boxed e-con e-parent\" data-id=\"29488d9\" data-element_type=\"container\" data-e-type=\"container\">\n\t\t\t\t\t<div class=\"e-con-inner\">\n\t\t\t\t<div class=\"elementor-element elementor-element-529a656 wd-width-100 elementor-widget elementor-widget-wd_title\" data-id=\"529a656\" data-element_type=\"widget\" data-e-type=\"widget\" data-widget_type=\"wd_title.default\">\n\t\t\t\t<div class=\"elementor-widget-container\">\n\t\t\t\t\t\t\t<div class=\"title-wrapper wd-set-mb reset-last-child wd-title-color-default wd-title-style-default wd-title-size-extra-large text-center\">\n\n\t\t\t\n\t\t\t<div class=\"liner-continer\">\n\t\t\t\t<h1 class=\"woodmart-title-container title wd-fontsize-xxxl wd-underline-colored\">ARIJANA GAD\u017dIJEV<\/h1> \n\t\t\t\t\t\t\t<\/div>\n\n\t\t\t\t\t<\/div>\n\t\t\t\t\t\t<\/div>\n\t\t\t\t<\/div>\n\t\t\t\t\t<\/div>\n\t\t\t\t<\/div>\n\t\t<div class=\"wd-negative-gap elementor-element elementor-element-b0173a1 e-flex e-con-boxed e-con e-parent\" data-id=\"b0173a1\" data-element_type=\"container\" data-e-type=\"container\">\n\t\t\t\t\t<div class=\"e-con-inner\">\n\t\t\t\t<div class=\"elementor-element elementor-element-96faf24 elementor-widget-divider--view-line elementor-widget elementor-widget-divider\" data-id=\"96faf24\" data-element_type=\"widget\" data-e-type=\"widget\" data-widget_type=\"divider.default\">\n\t\t\t\t<div class=\"elementor-widget-container\">\n\t\t\t\t\t\t\t<div class=\"elementor-divider\">\n\t\t\t<span class=\"elementor-divider-separator\">\n\t\t\t\t\t\t<\/span>\n\t\t<\/div>\n\t\t\t\t\t\t<\/div>\n\t\t\t\t<\/div>\n\t\t\t\t\t<\/div>\n\t\t\t\t<\/div>\n\t\t<div class=\"elementor-element elementor-element-8dc6494 e-flex e-con-boxed e-con e-parent\" data-id=\"8dc6494\" data-element_type=\"container\" data-e-type=\"container\">\n\t\t\t\t\t<div class=\"e-con-inner\">\n\t\t\t\t<div class=\"elementor-element elementor-element-86fdb02 wd-width-100 elementor-widget elementor-widget-wd_title\" data-id=\"86fdb02\" data-element_type=\"widget\" data-e-type=\"widget\" data-widget_type=\"wd_title.default\">\n\t\t\t\t<div class=\"elementor-widget-container\">\n\t\t\t\t\t\t\t<div class=\"title-wrapper wd-set-mb reset-last-child wd-title-color-default wd-title-style-default wd-title-size-large text-left\">\n\n\t\t\t\n\t\t\t<div class=\"liner-continer\">\n\t\t\t\t<h4 class=\"woodmart-title-container title wd-fontsize-xxl\">Ni vse zlato \u2026: zlata ogrlica in Ni vse zlato \u2026: srebrna ogrlica<\/h4> \n\t\t\t\t\t\t\t<\/div>\n\n\t\t\t\t\t\t\t<div class=\"title-after_title reset-last-child wd-fontsize-s\">\n\t\t\t\t\t<p>Kolekcija potiskanega tekstilnega nakita <em>Ni vse zlato<\/em> \u2026 predstavlja komplet ogrlic, \u00bbzlate\u00ab in \u00bbsrebrne\u00ab, ki skozi surovo luksuzno estetiko odseva neposreden bli\u0161\u010d, a hkrati preizpra\u0161uje njegov pomen in vrednost. Ni vse zlato, kar se sveti je znan pregovor, ki je navdu\u0161il tako Shakespearja kot rokerje Led Zeppelin in je v dana\u0161njem svetu samov\u0161e\u010dnega hlepenja po v\u0161e\u010dkih in s fotografijami predelane realnosti mo\u010dno aktualen. Odsev zlate in srebrne izotermi\u010dne re\u0161ilne folije, katere namen je sicer re\u0161evanje \u017eivljenj (plemenitost \u00bbpoceni\u00ab materiala), je vizualno privla\u010den in nudi mo\u017enost manipuliranja materialnosti snovi v poigravanju z njeno zlato ter srebrno esenco. Nakit lahko modularno sestavljamo \u2013 iz dveh ogrlic naredimo eno, poljubno nizamo kocke, ga nosimo na telesu ali obesimo na steno.   <\/p><p> <\/p>\t\t\t\t<\/div>\n\t\t\t\t\t<\/div>\n\t\t\t\t\t\t<\/div>\n\t\t\t\t<\/div>\n\t\t\t\t<div class=\"elementor-element elementor-element-fe6a671 color-scheme-inherit text-left elementor-widget elementor-widget-text-editor\" data-id=\"fe6a671\" data-element_type=\"widget\" data-e-type=\"widget\" data-widget_type=\"text-editor.default\">\n\t\t\t\t<div class=\"elementor-widget-container\">\n\t\t\t\t\t\t\t\t\t<p><strong>Material<\/strong><br>Tkanina, sukanec, zakovice.<\/p><p>Technique<br>Fotografiranje aluminijaste re\u0161ilne folije, digitalna obdelava fotografij in oblikovanje vzorcev za tisk, sublimacijski tisk na tkanini, \u0161ivanje s \u0161ivalnim strojem, ro\u010dno \u0161ivanje, pritrjevanje zakovic.<\/p>\t\t\t\t\t\t\t\t<\/div>\n\t\t\t\t<\/div>\n\t\t\t\t\t<\/div>\n\t\t\t\t<\/div>\n\t\t<div class=\"wd-negative-gap elementor-element elementor-element-4e74fba e-flex e-con-boxed e-con e-parent\" data-id=\"4e74fba\" data-element_type=\"container\" data-e-type=\"container\">\n\t\t\t\t\t<div class=\"e-con-inner\">\n\t\t\t\t\t<\/div>\n\t\t\t\t<\/div>\n\t\t<div class=\"elementor-element elementor-element-9f33e16 e-flex e-con-boxed e-con e-parent\" data-id=\"9f33e16\" data-element_type=\"container\" data-e-type=\"container\">\n\t\t\t\t\t<div class=\"e-con-inner\">\n\t\t\t\t<div class=\"elementor-element elementor-element-6df9022 elementor-widget elementor-widget-bdt-advanced-image-gallery\" data-id=\"6df9022\" data-element_type=\"widget\" data-e-type=\"widget\" data-widget_type=\"bdt-advanced-image-gallery.default\">\n\t\t\t\t<div class=\"elementor-widget-container\">\n\t\t\t\t\t\t\t<div id=\"bdt-avdg-6df9022\" class=\"bdt-ep-advanced-image-gallery bdt-ep-advanced-image-gallery-skin-default bdt-grid bdt-grid-small bdt-child-width-1-1 bdt-child-width-1-1@s bdt-child-width-1-3@m\" data-bdt-grid=\" masonry: true\" data-bdt-lightbox=\"animation: slide;\" data-settings=\"{&quot;id&quot;:&quot;#bdt-avdg-6df9022&quot;,&quot;tiltShow&quot;:false}\">\n\t\t\t\n\t\t\t\t<div class=\"bdt-ep-advanced-image-gallery-item bdt-transition-toggle\">\n\t\t\t\t\t<div class=\"bdt-ep-advanced-image-gallery-inner\">\n\t\t\t\t\t\t<div class=\"bdt-ep-advanced-image-gallery-thumbnail bdt-transition-toggle\"><img loading=\"lazy\" decoding=\"async\" width=\"1067\" height=\"1600\" src=\"https:\/\/slovenianjewelryweek.com\/wp-content\/uploads\/2026\/03\/Gadzijev_Arijana_Ni_vse_zlato_ogrlica_srebrna_01_2.jpg\" class=\"jgalleryImage\" alt=\"Gadzijev_Arijana_Ni_vse_zlato_ogrlica_srebrna_01_2\" srcset=\"https:\/\/slovenianjewelryweek.com\/wp-content\/uploads\/2026\/03\/Gadzijev_Arijana_Ni_vse_zlato_ogrlica_srebrna_01_2.jpg 1067w, https:\/\/slovenianjewelryweek.com\/wp-content\/uploads\/2026\/03\/Gadzijev_Arijana_Ni_vse_zlato_ogrlica_srebrna_01_2-200x300.jpg 200w, https:\/\/slovenianjewelryweek.com\/wp-content\/uploads\/2026\/03\/Gadzijev_Arijana_Ni_vse_zlato_ogrlica_srebrna_01_2-683x1024.jpg 683w, https:\/\/slovenianjewelryweek.com\/wp-content\/uploads\/2026\/03\/Gadzijev_Arijana_Ni_vse_zlato_ogrlica_srebrna_01_2-768x1152.jpg 768w, https:\/\/slovenianjewelryweek.com\/wp-content\/uploads\/2026\/03\/Gadzijev_Arijana_Ni_vse_zlato_ogrlica_srebrna_01_2-1024x1536.jpg 1024w\" sizes=\"auto, (max-width: 1067px) 100vw, 1067px\" \/><\/div>\t\t<div class=\"bdt-position-cover bdt-overlay bdt-overlay-default bdt-transition-fade\">\n\t\t\t<div class=\"bdt-ep-advanced-image-gallery-content\">\n\t\t\t\t<div class=\"bdt-ep-advanced-image-gallery-content-inner\">\n\n\t\t\t\t\t\t\t\t\t\t\t\t\t\t\t\t<div class=\"bdt-flex-inline bdt-ep-advanced-image-gallery-item-link-wrapper\">\n\t\t\t\t\t\t\t<a class=\"bdt-ep-advanced-image-gallery-item-link elementor-clickable icon-type-icon \" data-elementor-open-lightbox=\"no\" data-caption=\"\" data-href=\"https:\/\/slovenianjewelryweek.com\/wp-content\/uploads\/2026\/03\/Gadzijev_Arijana_Ni_vse_zlato_ogrlica_srebrna_01_2.jpg\">\n\t\t\t\t\t\t\t\t\n\t\t\t\t\t\t\t\t\t\t\t\t\t\t\t\t\t\t\t<span>\n\t\t\t\t\t\t\t\t\t\t\t<i class=\"ep-icon-plus-2\"><\/i>\n\t\t\t\t\t\t\t\t\t\t<\/span>\n\t\t\t\t\t\t\t\t\t\n\t\t\t\t\t\t\t\t\t\t\t\t\t\t\t<\/a>\n\t\t\t\t\t\t<\/div>\n\t\t\t\t\t\n\t\t\t\t\t\t\t\t\t<\/div>\n\t\t\t<\/div>\n\t\t<\/div>\n\t\t\t\t\t<\/div>\n\t\t\t\t\t\t\t\t\t<\/div>\n\n\t\t\t\n\t\t\t\t<div class=\"bdt-ep-advanced-image-gallery-item bdt-transition-toggle\">\n\t\t\t\t\t<div class=\"bdt-ep-advanced-image-gallery-inner\">\n\t\t\t\t\t\t<div class=\"bdt-ep-advanced-image-gallery-thumbnail bdt-transition-toggle\"><img loading=\"lazy\" decoding=\"async\" width=\"1067\" height=\"1600\" src=\"https:\/\/slovenianjewelryweek.com\/wp-content\/uploads\/2026\/03\/Gadzijev_Arijana_Ni_vse_zlato_ogrlica_srebrna_02_2.jpg\" class=\"jgalleryImage\" alt=\"Gadzijev_Arijana_Ni_vse_zlato_ogrlica_srebrna_02_2\" srcset=\"https:\/\/slovenianjewelryweek.com\/wp-content\/uploads\/2026\/03\/Gadzijev_Arijana_Ni_vse_zlato_ogrlica_srebrna_02_2.jpg 1067w, https:\/\/slovenianjewelryweek.com\/wp-content\/uploads\/2026\/03\/Gadzijev_Arijana_Ni_vse_zlato_ogrlica_srebrna_02_2-200x300.jpg 200w, https:\/\/slovenianjewelryweek.com\/wp-content\/uploads\/2026\/03\/Gadzijev_Arijana_Ni_vse_zlato_ogrlica_srebrna_02_2-683x1024.jpg 683w, https:\/\/slovenianjewelryweek.com\/wp-content\/uploads\/2026\/03\/Gadzijev_Arijana_Ni_vse_zlato_ogrlica_srebrna_02_2-768x1152.jpg 768w, https:\/\/slovenianjewelryweek.com\/wp-content\/uploads\/2026\/03\/Gadzijev_Arijana_Ni_vse_zlato_ogrlica_srebrna_02_2-1024x1536.jpg 1024w\" sizes=\"auto, (max-width: 1067px) 100vw, 1067px\" \/><\/div>\t\t<div class=\"bdt-position-cover bdt-overlay bdt-overlay-default bdt-transition-fade\">\n\t\t\t<div class=\"bdt-ep-advanced-image-gallery-content\">\n\t\t\t\t<div class=\"bdt-ep-advanced-image-gallery-content-inner\">\n\n\t\t\t\t\t\t\t\t\t\t\t\t\t\t\t\t<div class=\"bdt-flex-inline bdt-ep-advanced-image-gallery-item-link-wrapper\">\n\t\t\t\t\t\t\t<a class=\"bdt-ep-advanced-image-gallery-item-link elementor-clickable icon-type-icon \" data-elementor-open-lightbox=\"no\" data-caption=\"\" data-href=\"https:\/\/slovenianjewelryweek.com\/wp-content\/uploads\/2026\/03\/Gadzijev_Arijana_Ni_vse_zlato_ogrlica_srebrna_02_2.jpg\">\n\t\t\t\t\t\t\t\t\n\t\t\t\t\t\t\t\t\t\t\t\t\t\t\t\t\t\t\t<span>\n\t\t\t\t\t\t\t\t\t\t\t<i class=\"ep-icon-plus-2\"><\/i>\n\t\t\t\t\t\t\t\t\t\t<\/span>\n\t\t\t\t\t\t\t\t\t\n\t\t\t\t\t\t\t\t\t\t\t\t\t\t\t<\/a>\n\t\t\t\t\t\t<\/div>\n\t\t\t\t\t\n\t\t\t\t\t\t\t\t\t<\/div>\n\t\t\t<\/div>\n\t\t<\/div>\n\t\t\t\t\t<\/div>\n\t\t\t\t\t\t\t\t\t<\/div>\n\n\t\t\t\n\t\t\t\t<div class=\"bdt-ep-advanced-image-gallery-item bdt-transition-toggle\">\n\t\t\t\t\t<div class=\"bdt-ep-advanced-image-gallery-inner\">\n\t\t\t\t\t\t<div class=\"bdt-ep-advanced-image-gallery-thumbnail bdt-transition-toggle\"><img loading=\"lazy\" decoding=\"async\" width=\"1600\" height=\"1067\" src=\"https:\/\/slovenianjewelryweek.com\/wp-content\/uploads\/2026\/03\/Gadzijev_Arijana_Ni_vse_zlato_ogrlica_srebrna_03_2.jpg\" class=\"jgalleryImage\" alt=\"Gadzijev_Arijana_Ni_vse_zlato_ogrlica_srebrna_03_2\" srcset=\"https:\/\/slovenianjewelryweek.com\/wp-content\/uploads\/2026\/03\/Gadzijev_Arijana_Ni_vse_zlato_ogrlica_srebrna_03_2.jpg 1600w, https:\/\/slovenianjewelryweek.com\/wp-content\/uploads\/2026\/03\/Gadzijev_Arijana_Ni_vse_zlato_ogrlica_srebrna_03_2-300x200.jpg 300w, https:\/\/slovenianjewelryweek.com\/wp-content\/uploads\/2026\/03\/Gadzijev_Arijana_Ni_vse_zlato_ogrlica_srebrna_03_2-1024x683.jpg 1024w, https:\/\/slovenianjewelryweek.com\/wp-content\/uploads\/2026\/03\/Gadzijev_Arijana_Ni_vse_zlato_ogrlica_srebrna_03_2-768x512.jpg 768w, https:\/\/slovenianjewelryweek.com\/wp-content\/uploads\/2026\/03\/Gadzijev_Arijana_Ni_vse_zlato_ogrlica_srebrna_03_2-1536x1024.jpg 1536w\" sizes=\"auto, (max-width: 1600px) 100vw, 1600px\" \/><\/div>\t\t<div class=\"bdt-position-cover bdt-overlay bdt-overlay-default bdt-transition-fade\">\n\t\t\t<div class=\"bdt-ep-advanced-image-gallery-content\">\n\t\t\t\t<div class=\"bdt-ep-advanced-image-gallery-content-inner\">\n\n\t\t\t\t\t\t\t\t\t\t\t\t\t\t\t\t<div class=\"bdt-flex-inline bdt-ep-advanced-image-gallery-item-link-wrapper\">\n\t\t\t\t\t\t\t<a class=\"bdt-ep-advanced-image-gallery-item-link elementor-clickable icon-type-icon \" data-elementor-open-lightbox=\"no\" data-caption=\"\" data-href=\"https:\/\/slovenianjewelryweek.com\/wp-content\/uploads\/2026\/03\/Gadzijev_Arijana_Ni_vse_zlato_ogrlica_srebrna_03_2.jpg\">\n\t\t\t\t\t\t\t\t\n\t\t\t\t\t\t\t\t\t\t\t\t\t\t\t\t\t\t\t<span>\n\t\t\t\t\t\t\t\t\t\t\t<i class=\"ep-icon-plus-2\"><\/i>\n\t\t\t\t\t\t\t\t\t\t<\/span>\n\t\t\t\t\t\t\t\t\t\n\t\t\t\t\t\t\t\t\t\t\t\t\t\t\t<\/a>\n\t\t\t\t\t\t<\/div>\n\t\t\t\t\t\n\t\t\t\t\t\t\t\t\t<\/div>\n\t\t\t<\/div>\n\t\t<\/div>\n\t\t\t\t\t<\/div>\n\t\t\t\t\t\t\t\t\t<\/div>\n\n\t\t\t\n\t\t\t\t<div class=\"bdt-ep-advanced-image-gallery-item bdt-transition-toggle\">\n\t\t\t\t\t<div class=\"bdt-ep-advanced-image-gallery-inner\">\n\t\t\t\t\t\t<div class=\"bdt-ep-advanced-image-gallery-thumbnail bdt-transition-toggle\"><img loading=\"lazy\" decoding=\"async\" width=\"1067\" height=\"1600\" src=\"https:\/\/slovenianjewelryweek.com\/wp-content\/uploads\/2026\/03\/Gadzijev_Arijana_Ni_vse_zlato_ogrlica_zlata_01_2.jpg\" class=\"jgalleryImage\" alt=\"Gadzijev_Arijana_Ni_vse_zlato_ogrlica_zlata_01_2\" srcset=\"https:\/\/slovenianjewelryweek.com\/wp-content\/uploads\/2026\/03\/Gadzijev_Arijana_Ni_vse_zlato_ogrlica_zlata_01_2.jpg 1067w, https:\/\/slovenianjewelryweek.com\/wp-content\/uploads\/2026\/03\/Gadzijev_Arijana_Ni_vse_zlato_ogrlica_zlata_01_2-200x300.jpg 200w, https:\/\/slovenianjewelryweek.com\/wp-content\/uploads\/2026\/03\/Gadzijev_Arijana_Ni_vse_zlato_ogrlica_zlata_01_2-683x1024.jpg 683w, https:\/\/slovenianjewelryweek.com\/wp-content\/uploads\/2026\/03\/Gadzijev_Arijana_Ni_vse_zlato_ogrlica_zlata_01_2-768x1152.jpg 768w, https:\/\/slovenianjewelryweek.com\/wp-content\/uploads\/2026\/03\/Gadzijev_Arijana_Ni_vse_zlato_ogrlica_zlata_01_2-1024x1536.jpg 1024w\" sizes=\"auto, (max-width: 1067px) 100vw, 1067px\" \/><\/div>\t\t<div class=\"bdt-position-cover bdt-overlay bdt-overlay-default bdt-transition-fade\">\n\t\t\t<div class=\"bdt-ep-advanced-image-gallery-content\">\n\t\t\t\t<div class=\"bdt-ep-advanced-image-gallery-content-inner\">\n\n\t\t\t\t\t\t\t\t\t\t\t\t\t\t\t\t<div class=\"bdt-flex-inline bdt-ep-advanced-image-gallery-item-link-wrapper\">\n\t\t\t\t\t\t\t<a class=\"bdt-ep-advanced-image-gallery-item-link elementor-clickable icon-type-icon \" data-elementor-open-lightbox=\"no\" data-caption=\"\" data-href=\"https:\/\/slovenianjewelryweek.com\/wp-content\/uploads\/2026\/03\/Gadzijev_Arijana_Ni_vse_zlato_ogrlica_zlata_01_2.jpg\">\n\t\t\t\t\t\t\t\t\n\t\t\t\t\t\t\t\t\t\t\t\t\t\t\t\t\t\t\t<span>\n\t\t\t\t\t\t\t\t\t\t\t<i class=\"ep-icon-plus-2\"><\/i>\n\t\t\t\t\t\t\t\t\t\t<\/span>\n\t\t\t\t\t\t\t\t\t\n\t\t\t\t\t\t\t\t\t\t\t\t\t\t\t<\/a>\n\t\t\t\t\t\t<\/div>\n\t\t\t\t\t\n\t\t\t\t\t\t\t\t\t<\/div>\n\t\t\t<\/div>\n\t\t<\/div>\n\t\t\t\t\t<\/div>\n\t\t\t\t\t\t\t\t\t<\/div>\n\n\t\t\t\n\t\t\t\t<div class=\"bdt-ep-advanced-image-gallery-item bdt-transition-toggle\">\n\t\t\t\t\t<div class=\"bdt-ep-advanced-image-gallery-inner\">\n\t\t\t\t\t\t<div class=\"bdt-ep-advanced-image-gallery-thumbnail bdt-transition-toggle\"><img loading=\"lazy\" decoding=\"async\" width=\"1067\" height=\"1600\" src=\"https:\/\/slovenianjewelryweek.com\/wp-content\/uploads\/2026\/03\/Gadzijev_Arijana_Ni_vse_zlato_ogrlica_zlata_02_2.jpg\" class=\"jgalleryImage\" alt=\"Gadzijev_Arijana_Ni_vse_zlato_ogrlica_zlata_02_2\" srcset=\"https:\/\/slovenianjewelryweek.com\/wp-content\/uploads\/2026\/03\/Gadzijev_Arijana_Ni_vse_zlato_ogrlica_zlata_02_2.jpg 1067w, https:\/\/slovenianjewelryweek.com\/wp-content\/uploads\/2026\/03\/Gadzijev_Arijana_Ni_vse_zlato_ogrlica_zlata_02_2-200x300.jpg 200w, https:\/\/slovenianjewelryweek.com\/wp-content\/uploads\/2026\/03\/Gadzijev_Arijana_Ni_vse_zlato_ogrlica_zlata_02_2-683x1024.jpg 683w, https:\/\/slovenianjewelryweek.com\/wp-content\/uploads\/2026\/03\/Gadzijev_Arijana_Ni_vse_zlato_ogrlica_zlata_02_2-768x1152.jpg 768w, https:\/\/slovenianjewelryweek.com\/wp-content\/uploads\/2026\/03\/Gadzijev_Arijana_Ni_vse_zlato_ogrlica_zlata_02_2-1024x1536.jpg 1024w\" sizes=\"auto, (max-width: 1067px) 100vw, 1067px\" \/><\/div>\t\t<div class=\"bdt-position-cover bdt-overlay bdt-overlay-default bdt-transition-fade\">\n\t\t\t<div class=\"bdt-ep-advanced-image-gallery-content\">\n\t\t\t\t<div class=\"bdt-ep-advanced-image-gallery-content-inner\">\n\n\t\t\t\t\t\t\t\t\t\t\t\t\t\t\t\t<div class=\"bdt-flex-inline bdt-ep-advanced-image-gallery-item-link-wrapper\">\n\t\t\t\t\t\t\t<a class=\"bdt-ep-advanced-image-gallery-item-link elementor-clickable icon-type-icon \" data-elementor-open-lightbox=\"no\" data-caption=\"\" data-href=\"https:\/\/slovenianjewelryweek.com\/wp-content\/uploads\/2026\/03\/Gadzijev_Arijana_Ni_vse_zlato_ogrlica_zlata_02_2.jpg\">\n\t\t\t\t\t\t\t\t\n\t\t\t\t\t\t\t\t\t\t\t\t\t\t\t\t\t\t\t<span>\n\t\t\t\t\t\t\t\t\t\t\t<i class=\"ep-icon-plus-2\"><\/i>\n\t\t\t\t\t\t\t\t\t\t<\/span>\n\t\t\t\t\t\t\t\t\t\n\t\t\t\t\t\t\t\t\t\t\t\t\t\t\t<\/a>\n\t\t\t\t\t\t<\/div>\n\t\t\t\t\t\n\t\t\t\t\t\t\t\t\t<\/div>\n\t\t\t<\/div>\n\t\t<\/div>\n\t\t\t\t\t<\/div>\n\t\t\t\t\t\t\t\t\t<\/div>\n\n\t\t\t\n\t\t\t\t<div class=\"bdt-ep-advanced-image-gallery-item bdt-transition-toggle\">\n\t\t\t\t\t<div class=\"bdt-ep-advanced-image-gallery-inner\">\n\t\t\t\t\t\t<div class=\"bdt-ep-advanced-image-gallery-thumbnail bdt-transition-toggle\"><img loading=\"lazy\" decoding=\"async\" width=\"1067\" height=\"1600\" src=\"https:\/\/slovenianjewelryweek.com\/wp-content\/uploads\/2026\/03\/Gadzijev_Arijana_Ni_vse_zlato_ogrlica_zlata_03_2.jpg\" class=\"jgalleryImage\" alt=\"Gadzijev_Arijana_Ni_vse_zlato_ogrlica_zlata_03_2\" srcset=\"https:\/\/slovenianjewelryweek.com\/wp-content\/uploads\/2026\/03\/Gadzijev_Arijana_Ni_vse_zlato_ogrlica_zlata_03_2.jpg 1067w, https:\/\/slovenianjewelryweek.com\/wp-content\/uploads\/2026\/03\/Gadzijev_Arijana_Ni_vse_zlato_ogrlica_zlata_03_2-200x300.jpg 200w, https:\/\/slovenianjewelryweek.com\/wp-content\/uploads\/2026\/03\/Gadzijev_Arijana_Ni_vse_zlato_ogrlica_zlata_03_2-683x1024.jpg 683w, https:\/\/slovenianjewelryweek.com\/wp-content\/uploads\/2026\/03\/Gadzijev_Arijana_Ni_vse_zlato_ogrlica_zlata_03_2-768x1152.jpg 768w, https:\/\/slovenianjewelryweek.com\/wp-content\/uploads\/2026\/03\/Gadzijev_Arijana_Ni_vse_zlato_ogrlica_zlata_03_2-1024x1536.jpg 1024w\" sizes=\"auto, (max-width: 1067px) 100vw, 1067px\" \/><\/div>\t\t<div class=\"bdt-position-cover bdt-overlay bdt-overlay-default bdt-transition-fade\">\n\t\t\t<div class=\"bdt-ep-advanced-image-gallery-content\">\n\t\t\t\t<div class=\"bdt-ep-advanced-image-gallery-content-inner\">\n\n\t\t\t\t\t\t\t\t\t\t\t\t\t\t\t\t<div class=\"bdt-flex-inline bdt-ep-advanced-image-gallery-item-link-wrapper\">\n\t\t\t\t\t\t\t<a class=\"bdt-ep-advanced-image-gallery-item-link elementor-clickable icon-type-icon \" data-elementor-open-lightbox=\"no\" data-caption=\"\" data-href=\"https:\/\/slovenianjewelryweek.com\/wp-content\/uploads\/2026\/03\/Gadzijev_Arijana_Ni_vse_zlato_ogrlica_zlata_03_2.jpg\">\n\t\t\t\t\t\t\t\t\n\t\t\t\t\t\t\t\t\t\t\t\t\t\t\t\t\t\t\t<span>\n\t\t\t\t\t\t\t\t\t\t\t<i class=\"ep-icon-plus-2\"><\/i>\n\t\t\t\t\t\t\t\t\t\t<\/span>\n\t\t\t\t\t\t\t\t\t\n\t\t\t\t\t\t\t\t\t\t\t\t\t\t\t<\/a>\n\t\t\t\t\t\t<\/div>\n\t\t\t\t\t\n\t\t\t\t\t\t\t\t\t<\/div>\n\t\t\t<\/div>\n\t\t<\/div>\n\t\t\t\t\t<\/div>\n\t\t\t\t\t\t\t\t\t<\/div>\n\n\t\t\t\n\t\t\t\t<div class=\"bdt-ep-advanced-image-gallery-item bdt-transition-toggle\">\n\t\t\t\t\t<div class=\"bdt-ep-advanced-image-gallery-inner\">\n\t\t\t\t\t\t<div class=\"bdt-ep-advanced-image-gallery-thumbnail bdt-transition-toggle\"><img loading=\"lazy\" decoding=\"async\" width=\"1600\" height=\"1067\" src=\"https:\/\/slovenianjewelryweek.com\/wp-content\/uploads\/2026\/03\/Gadzijev_Arijana_Ni_vse_zlato_ogrlici_zlata_in_srebrna_01_2-1.jpg\" class=\"jgalleryImage\" alt=\"Gadzijev_Arijana_Ni_vse_zlato_ogrlici_zlata_in_srebrna_01_2\" srcset=\"https:\/\/slovenianjewelryweek.com\/wp-content\/uploads\/2026\/03\/Gadzijev_Arijana_Ni_vse_zlato_ogrlici_zlata_in_srebrna_01_2-1.jpg 1600w, https:\/\/slovenianjewelryweek.com\/wp-content\/uploads\/2026\/03\/Gadzijev_Arijana_Ni_vse_zlato_ogrlici_zlata_in_srebrna_01_2-1-300x200.jpg 300w, https:\/\/slovenianjewelryweek.com\/wp-content\/uploads\/2026\/03\/Gadzijev_Arijana_Ni_vse_zlato_ogrlici_zlata_in_srebrna_01_2-1-1024x683.jpg 1024w, https:\/\/slovenianjewelryweek.com\/wp-content\/uploads\/2026\/03\/Gadzijev_Arijana_Ni_vse_zlato_ogrlici_zlata_in_srebrna_01_2-1-768x512.jpg 768w, https:\/\/slovenianjewelryweek.com\/wp-content\/uploads\/2026\/03\/Gadzijev_Arijana_Ni_vse_zlato_ogrlici_zlata_in_srebrna_01_2-1-1536x1024.jpg 1536w\" sizes=\"auto, (max-width: 1600px) 100vw, 1600px\" \/><\/div>\t\t<div class=\"bdt-position-cover bdt-overlay bdt-overlay-default bdt-transition-fade\">\n\t\t\t<div class=\"bdt-ep-advanced-image-gallery-content\">\n\t\t\t\t<div class=\"bdt-ep-advanced-image-gallery-content-inner\">\n\n\t\t\t\t\t\t\t\t\t\t\t\t\t\t\t\t<div class=\"bdt-flex-inline bdt-ep-advanced-image-gallery-item-link-wrapper\">\n\t\t\t\t\t\t\t<a class=\"bdt-ep-advanced-image-gallery-item-link elementor-clickable icon-type-icon \" data-elementor-open-lightbox=\"no\" data-caption=\"\" data-href=\"https:\/\/slovenianjewelryweek.com\/wp-content\/uploads\/2026\/03\/Gadzijev_Arijana_Ni_vse_zlato_ogrlici_zlata_in_srebrna_01_2-1.jpg\">\n\t\t\t\t\t\t\t\t\n\t\t\t\t\t\t\t\t\t\t\t\t\t\t\t\t\t\t\t<span>\n\t\t\t\t\t\t\t\t\t\t\t<i class=\"ep-icon-plus-2\"><\/i>\n\t\t\t\t\t\t\t\t\t\t<\/span>\n\t\t\t\t\t\t\t\t\t\n\t\t\t\t\t\t\t\t\t\t\t\t\t\t\t<\/a>\n\t\t\t\t\t\t<\/div>\n\t\t\t\t\t\n\t\t\t\t\t\t\t\t\t<\/div>\n\t\t\t<\/div>\n\t\t<\/div>\n\t\t\t\t\t<\/div>\n\t\t\t\t\t\t\t\t\t<\/div>\n\n\t\t\t\n\t\t\t\t<div class=\"bdt-ep-advanced-image-gallery-item bdt-transition-toggle\">\n\t\t\t\t\t<div class=\"bdt-ep-advanced-image-gallery-inner\">\n\t\t\t\t\t\t<div class=\"bdt-ep-advanced-image-gallery-thumbnail bdt-transition-toggle\"><img loading=\"lazy\" decoding=\"async\" width=\"1067\" height=\"1600\" src=\"https:\/\/slovenianjewelryweek.com\/wp-content\/uploads\/2026\/03\/Gadzijev_Arijana_Ni_vse_zlato_ogrlici_zlata_in_srebrna_02_2.jpg\" class=\"jgalleryImage\" alt=\"Gadzijev_Arijana_Ni_vse_zlato_ogrlici_zlata_in_srebrna_02_2\" srcset=\"https:\/\/slovenianjewelryweek.com\/wp-content\/uploads\/2026\/03\/Gadzijev_Arijana_Ni_vse_zlato_ogrlici_zlata_in_srebrna_02_2.jpg 1067w, https:\/\/slovenianjewelryweek.com\/wp-content\/uploads\/2026\/03\/Gadzijev_Arijana_Ni_vse_zlato_ogrlici_zlata_in_srebrna_02_2-200x300.jpg 200w, https:\/\/slovenianjewelryweek.com\/wp-content\/uploads\/2026\/03\/Gadzijev_Arijana_Ni_vse_zlato_ogrlici_zlata_in_srebrna_02_2-683x1024.jpg 683w, https:\/\/slovenianjewelryweek.com\/wp-content\/uploads\/2026\/03\/Gadzijev_Arijana_Ni_vse_zlato_ogrlici_zlata_in_srebrna_02_2-768x1152.jpg 768w, https:\/\/slovenianjewelryweek.com\/wp-content\/uploads\/2026\/03\/Gadzijev_Arijana_Ni_vse_zlato_ogrlici_zlata_in_srebrna_02_2-1024x1536.jpg 1024w\" sizes=\"auto, (max-width: 1067px) 100vw, 1067px\" \/><\/div>\t\t<div class=\"bdt-position-cover bdt-overlay bdt-overlay-default bdt-transition-fade\">\n\t\t\t<div class=\"bdt-ep-advanced-image-gallery-content\">\n\t\t\t\t<div class=\"bdt-ep-advanced-image-gallery-content-inner\">\n\n\t\t\t\t\t\t\t\t\t\t\t\t\t\t\t\t<div class=\"bdt-flex-inline bdt-ep-advanced-image-gallery-item-link-wrapper\">\n\t\t\t\t\t\t\t<a class=\"bdt-ep-advanced-image-gallery-item-link elementor-clickable icon-type-icon \" data-elementor-open-lightbox=\"no\" data-caption=\"\" data-href=\"https:\/\/slovenianjewelryweek.com\/wp-content\/uploads\/2026\/03\/Gadzijev_Arijana_Ni_vse_zlato_ogrlici_zlata_in_srebrna_02_2.jpg\">\n\t\t\t\t\t\t\t\t\n\t\t\t\t\t\t\t\t\t\t\t\t\t\t\t\t\t\t\t<span>\n\t\t\t\t\t\t\t\t\t\t\t<i class=\"ep-icon-plus-2\"><\/i>\n\t\t\t\t\t\t\t\t\t\t<\/span>\n\t\t\t\t\t\t\t\t\t\n\t\t\t\t\t\t\t\t\t\t\t\t\t\t\t<\/a>\n\t\t\t\t\t\t<\/div>\n\t\t\t\t\t\n\t\t\t\t\t\t\t\t\t<\/div>\n\t\t\t<\/div>\n\t\t<\/div>\n\t\t\t\t\t<\/div>\n\t\t\t\t\t\t\t\t\t<\/div>\n\n\t\t\t\n\t\t\t\t<div class=\"bdt-ep-advanced-image-gallery-item bdt-transition-toggle\">\n\t\t\t\t\t<div class=\"bdt-ep-advanced-image-gallery-inner\">\n\t\t\t\t\t\t<div class=\"bdt-ep-advanced-image-gallery-thumbnail bdt-transition-toggle\"><img loading=\"lazy\" decoding=\"async\" width=\"1067\" height=\"1600\" src=\"https:\/\/slovenianjewelryweek.com\/wp-content\/uploads\/2026\/03\/Gadzijev_Arijana_Ni_vse_zlato_ogrlici_zlata_in_srebrna_03_2.jpg\" class=\"jgalleryImage\" alt=\"Gadzijev_Arijana_Ni_vse_zlato_ogrlici_zlata_in_srebrna_03_2\" srcset=\"https:\/\/slovenianjewelryweek.com\/wp-content\/uploads\/2026\/03\/Gadzijev_Arijana_Ni_vse_zlato_ogrlici_zlata_in_srebrna_03_2.jpg 1067w, https:\/\/slovenianjewelryweek.com\/wp-content\/uploads\/2026\/03\/Gadzijev_Arijana_Ni_vse_zlato_ogrlici_zlata_in_srebrna_03_2-200x300.jpg 200w, https:\/\/slovenianjewelryweek.com\/wp-content\/uploads\/2026\/03\/Gadzijev_Arijana_Ni_vse_zlato_ogrlici_zlata_in_srebrna_03_2-683x1024.jpg 683w, https:\/\/slovenianjewelryweek.com\/wp-content\/uploads\/2026\/03\/Gadzijev_Arijana_Ni_vse_zlato_ogrlici_zlata_in_srebrna_03_2-768x1152.jpg 768w, https:\/\/slovenianjewelryweek.com\/wp-content\/uploads\/2026\/03\/Gadzijev_Arijana_Ni_vse_zlato_ogrlici_zlata_in_srebrna_03_2-1024x1536.jpg 1024w\" sizes=\"auto, (max-width: 1067px) 100vw, 1067px\" \/><\/div>\t\t<div class=\"bdt-position-cover bdt-overlay bdt-overlay-default bdt-transition-fade\">\n\t\t\t<div class=\"bdt-ep-advanced-image-gallery-content\">\n\t\t\t\t<div class=\"bdt-ep-advanced-image-gallery-content-inner\">\n\n\t\t\t\t\t\t\t\t\t\t\t\t\t\t\t\t<div class=\"bdt-flex-inline bdt-ep-advanced-image-gallery-item-link-wrapper\">\n\t\t\t\t\t\t\t<a class=\"bdt-ep-advanced-image-gallery-item-link elementor-clickable icon-type-icon \" data-elementor-open-lightbox=\"no\" data-caption=\"\" data-href=\"https:\/\/slovenianjewelryweek.com\/wp-content\/uploads\/2026\/03\/Gadzijev_Arijana_Ni_vse_zlato_ogrlici_zlata_in_srebrna_03_2.jpg\">\n\t\t\t\t\t\t\t\t\n\t\t\t\t\t\t\t\t\t\t\t\t\t\t\t\t\t\t\t<span>\n\t\t\t\t\t\t\t\t\t\t\t<i class=\"ep-icon-plus-2\"><\/i>\n\t\t\t\t\t\t\t\t\t\t<\/span>\n\t\t\t\t\t\t\t\t\t\n\t\t\t\t\t\t\t\t\t\t\t\t\t\t\t<\/a>\n\t\t\t\t\t\t<\/div>\n\t\t\t\t\t\n\t\t\t\t\t\t\t\t\t<\/div>\n\t\t\t<\/div>\n\t\t<\/div>\n\t\t\t\t\t<\/div>\n\t\t\t\t\t\t\t\t\t<\/div>\n\n\t\t\t\n\t\t\t\t<div class=\"bdt-ep-advanced-image-gallery-item bdt-transition-toggle\">\n\t\t\t\t\t<div class=\"bdt-ep-advanced-image-gallery-inner\">\n\t\t\t\t\t\t<div class=\"bdt-ep-advanced-image-gallery-thumbnail bdt-transition-toggle\"><img loading=\"lazy\" decoding=\"async\" width=\"1067\" height=\"1600\" src=\"https:\/\/slovenianjewelryweek.com\/wp-content\/uploads\/2026\/03\/Gadzijev_Arijana_Ni_vse_zlato_ogrlici_zlata_in_srebrna_04_2.jpg\" class=\"jgalleryImage\" alt=\"Gadzijev_Arijana_Ni_vse_zlato_ogrlici_zlata_in_srebrna_04_2\" srcset=\"https:\/\/slovenianjewelryweek.com\/wp-content\/uploads\/2026\/03\/Gadzijev_Arijana_Ni_vse_zlato_ogrlici_zlata_in_srebrna_04_2.jpg 1067w, https:\/\/slovenianjewelryweek.com\/wp-content\/uploads\/2026\/03\/Gadzijev_Arijana_Ni_vse_zlato_ogrlici_zlata_in_srebrna_04_2-200x300.jpg 200w, https:\/\/slovenianjewelryweek.com\/wp-content\/uploads\/2026\/03\/Gadzijev_Arijana_Ni_vse_zlato_ogrlici_zlata_in_srebrna_04_2-683x1024.jpg 683w, https:\/\/slovenianjewelryweek.com\/wp-content\/uploads\/2026\/03\/Gadzijev_Arijana_Ni_vse_zlato_ogrlici_zlata_in_srebrna_04_2-768x1152.jpg 768w, https:\/\/slovenianjewelryweek.com\/wp-content\/uploads\/2026\/03\/Gadzijev_Arijana_Ni_vse_zlato_ogrlici_zlata_in_srebrna_04_2-1024x1536.jpg 1024w\" sizes=\"auto, (max-width: 1067px) 100vw, 1067px\" \/><\/div>\t\t<div class=\"bdt-position-cover bdt-overlay bdt-overlay-default bdt-transition-fade\">\n\t\t\t<div class=\"bdt-ep-advanced-image-gallery-content\">\n\t\t\t\t<div class=\"bdt-ep-advanced-image-gallery-content-inner\">\n\n\t\t\t\t\t\t\t\t\t\t\t\t\t\t\t\t<div class=\"bdt-flex-inline bdt-ep-advanced-image-gallery-item-link-wrapper\">\n\t\t\t\t\t\t\t<a class=\"bdt-ep-advanced-image-gallery-item-link elementor-clickable icon-type-icon \" data-elementor-open-lightbox=\"no\" data-caption=\"\" data-href=\"https:\/\/slovenianjewelryweek.com\/wp-content\/uploads\/2026\/03\/Gadzijev_Arijana_Ni_vse_zlato_ogrlici_zlata_in_srebrna_04_2.jpg\">\n\t\t\t\t\t\t\t\t\n\t\t\t\t\t\t\t\t\t\t\t\t\t\t\t\t\t\t\t<span>\n\t\t\t\t\t\t\t\t\t\t\t<i class=\"ep-icon-plus-2\"><\/i>\n\t\t\t\t\t\t\t\t\t\t<\/span>\n\t\t\t\t\t\t\t\t\t\n\t\t\t\t\t\t\t\t\t\t\t\t\t\t\t<\/a>\n\t\t\t\t\t\t<\/div>\n\t\t\t\t\t\n\t\t\t\t\t\t\t\t\t<\/div>\n\t\t\t<\/div>\n\t\t<\/div>\n\t\t\t\t\t<\/div>\n\t\t\t\t\t\t\t\t\t<\/div>\n\n\t\t\t\n\t\t\t\t<div class=\"bdt-ep-advanced-image-gallery-item bdt-transition-toggle\">\n\t\t\t\t\t<div class=\"bdt-ep-advanced-image-gallery-inner\">\n\t\t\t\t\t\t<div class=\"bdt-ep-advanced-image-gallery-thumbnail bdt-transition-toggle\"><img loading=\"lazy\" decoding=\"async\" width=\"1600\" height=\"1067\" src=\"https:\/\/slovenianjewelryweek.com\/wp-content\/uploads\/2026\/03\/Gadzijev_Arijana_Ni_vse_zlato_ogrlici_zlata_in_srebrna_05_2.jpg\" class=\"jgalleryImage\" alt=\"Gadzijev_Arijana_Ni_vse_zlato_ogrlici_zlata_in_srebrna_05_2\" srcset=\"https:\/\/slovenianjewelryweek.com\/wp-content\/uploads\/2026\/03\/Gadzijev_Arijana_Ni_vse_zlato_ogrlici_zlata_in_srebrna_05_2.jpg 1600w, https:\/\/slovenianjewelryweek.com\/wp-content\/uploads\/2026\/03\/Gadzijev_Arijana_Ni_vse_zlato_ogrlici_zlata_in_srebrna_05_2-300x200.jpg 300w, https:\/\/slovenianjewelryweek.com\/wp-content\/uploads\/2026\/03\/Gadzijev_Arijana_Ni_vse_zlato_ogrlici_zlata_in_srebrna_05_2-1024x683.jpg 1024w, https:\/\/slovenianjewelryweek.com\/wp-content\/uploads\/2026\/03\/Gadzijev_Arijana_Ni_vse_zlato_ogrlici_zlata_in_srebrna_05_2-768x512.jpg 768w, https:\/\/slovenianjewelryweek.com\/wp-content\/uploads\/2026\/03\/Gadzijev_Arijana_Ni_vse_zlato_ogrlici_zlata_in_srebrna_05_2-1536x1024.jpg 1536w\" sizes=\"auto, (max-width: 1600px) 100vw, 1600px\" \/><\/div>\t\t<div class=\"bdt-position-cover bdt-overlay bdt-overlay-default bdt-transition-fade\">\n\t\t\t<div class=\"bdt-ep-advanced-image-gallery-content\">\n\t\t\t\t<div class=\"bdt-ep-advanced-image-gallery-content-inner\">\n\n\t\t\t\t\t\t\t\t\t\t\t\t\t\t\t\t<div class=\"bdt-flex-inline bdt-ep-advanced-image-gallery-item-link-wrapper\">\n\t\t\t\t\t\t\t<a class=\"bdt-ep-advanced-image-gallery-item-link elementor-clickable icon-type-icon \" data-elementor-open-lightbox=\"no\" data-caption=\"\" data-href=\"https:\/\/slovenianjewelryweek.com\/wp-content\/uploads\/2026\/03\/Gadzijev_Arijana_Ni_vse_zlato_ogrlici_zlata_in_srebrna_05_2.jpg\">\n\t\t\t\t\t\t\t\t\n\t\t\t\t\t\t\t\t\t\t\t\t\t\t\t\t\t\t\t<span>\n\t\t\t\t\t\t\t\t\t\t\t<i class=\"ep-icon-plus-2\"><\/i>\n\t\t\t\t\t\t\t\t\t\t<\/span>\n\t\t\t\t\t\t\t\t\t\n\t\t\t\t\t\t\t\t\t\t\t\t\t\t\t<\/a>\n\t\t\t\t\t\t<\/div>\n\t\t\t\t\t\n\t\t\t\t\t\t\t\t\t<\/div>\n\t\t\t<\/div>\n\t\t<\/div>\n\t\t\t\t\t<\/div>\n\t\t\t\t\t\t\t\t\t<\/div>\n\n\t\t\t\n\t\t\t\t<div class=\"bdt-ep-advanced-image-gallery-item bdt-transition-toggle\">\n\t\t\t\t\t<div class=\"bdt-ep-advanced-image-gallery-inner\">\n\t\t\t\t\t\t<div class=\"bdt-ep-advanced-image-gallery-thumbnail bdt-transition-toggle\"><img loading=\"lazy\" decoding=\"async\" width=\"1067\" height=\"1600\" src=\"https:\/\/slovenianjewelryweek.com\/wp-content\/uploads\/2026\/03\/Gadzijev_Arijana_Ni_vse_zlato_ogrlici_zlata_in_srebrna_06_2.jpg\" class=\"jgalleryImage\" alt=\"Gadzijev_Arijana_Ni_vse_zlato_ogrlici_zlata_in_srebrna_06_2\" srcset=\"https:\/\/slovenianjewelryweek.com\/wp-content\/uploads\/2026\/03\/Gadzijev_Arijana_Ni_vse_zlato_ogrlici_zlata_in_srebrna_06_2.jpg 1067w, https:\/\/slovenianjewelryweek.com\/wp-content\/uploads\/2026\/03\/Gadzijev_Arijana_Ni_vse_zlato_ogrlici_zlata_in_srebrna_06_2-200x300.jpg 200w, https:\/\/slovenianjewelryweek.com\/wp-content\/uploads\/2026\/03\/Gadzijev_Arijana_Ni_vse_zlato_ogrlici_zlata_in_srebrna_06_2-683x1024.jpg 683w, https:\/\/slovenianjewelryweek.com\/wp-content\/uploads\/2026\/03\/Gadzijev_Arijana_Ni_vse_zlato_ogrlici_zlata_in_srebrna_06_2-768x1152.jpg 768w, https:\/\/slovenianjewelryweek.com\/wp-content\/uploads\/2026\/03\/Gadzijev_Arijana_Ni_vse_zlato_ogrlici_zlata_in_srebrna_06_2-1024x1536.jpg 1024w\" sizes=\"auto, (max-width: 1067px) 100vw, 1067px\" \/><\/div>\t\t<div class=\"bdt-position-cover bdt-overlay bdt-overlay-default bdt-transition-fade\">\n\t\t\t<div class=\"bdt-ep-advanced-image-gallery-content\">\n\t\t\t\t<div class=\"bdt-ep-advanced-image-gallery-content-inner\">\n\n\t\t\t\t\t\t\t\t\t\t\t\t\t\t\t\t<div class=\"bdt-flex-inline bdt-ep-advanced-image-gallery-item-link-wrapper\">\n\t\t\t\t\t\t\t<a class=\"bdt-ep-advanced-image-gallery-item-link elementor-clickable icon-type-icon \" data-elementor-open-lightbox=\"no\" data-caption=\"\" data-href=\"https:\/\/slovenianjewelryweek.com\/wp-content\/uploads\/2026\/03\/Gadzijev_Arijana_Ni_vse_zlato_ogrlici_zlata_in_srebrna_06_2.jpg\">\n\t\t\t\t\t\t\t\t\n\t\t\t\t\t\t\t\t\t\t\t\t\t\t\t\t\t\t\t<span>\n\t\t\t\t\t\t\t\t\t\t\t<i class=\"ep-icon-plus-2\"><\/i>\n\t\t\t\t\t\t\t\t\t\t<\/span>\n\t\t\t\t\t\t\t\t\t\n\t\t\t\t\t\t\t\t\t\t\t\t\t\t\t<\/a>\n\t\t\t\t\t\t<\/div>\n\t\t\t\t\t\n\t\t\t\t\t\t\t\t\t<\/div>\n\t\t\t<\/div>\n\t\t<\/div>\n\t\t\t\t\t<\/div>\n\t\t\t\t\t\t\t\t\t<\/div>\n\n\t\t\t\n\t\t\t\t<div class=\"bdt-ep-advanced-image-gallery-item bdt-transition-toggle\">\n\t\t\t\t\t<div class=\"bdt-ep-advanced-image-gallery-inner\">\n\t\t\t\t\t\t<div class=\"bdt-ep-advanced-image-gallery-thumbnail bdt-transition-toggle\"><img loading=\"lazy\" decoding=\"async\" width=\"1067\" height=\"1600\" src=\"https:\/\/slovenianjewelryweek.com\/wp-content\/uploads\/2026\/03\/Gadzijev_Arijana_Ni_vse_zlato_ogrlici_zlata_in_srebrna_07-1_2.jpg\" class=\"jgalleryImage\" alt=\"Gadzijev_Arijana_Ni_vse_zlato_ogrlici_zlata_in_srebrna_07 (1)_2\" srcset=\"https:\/\/slovenianjewelryweek.com\/wp-content\/uploads\/2026\/03\/Gadzijev_Arijana_Ni_vse_zlato_ogrlici_zlata_in_srebrna_07-1_2.jpg 1067w, https:\/\/slovenianjewelryweek.com\/wp-content\/uploads\/2026\/03\/Gadzijev_Arijana_Ni_vse_zlato_ogrlici_zlata_in_srebrna_07-1_2-200x300.jpg 200w, https:\/\/slovenianjewelryweek.com\/wp-content\/uploads\/2026\/03\/Gadzijev_Arijana_Ni_vse_zlato_ogrlici_zlata_in_srebrna_07-1_2-683x1024.jpg 683w, https:\/\/slovenianjewelryweek.com\/wp-content\/uploads\/2026\/03\/Gadzijev_Arijana_Ni_vse_zlato_ogrlici_zlata_in_srebrna_07-1_2-768x1152.jpg 768w, https:\/\/slovenianjewelryweek.com\/wp-content\/uploads\/2026\/03\/Gadzijev_Arijana_Ni_vse_zlato_ogrlici_zlata_in_srebrna_07-1_2-1024x1536.jpg 1024w\" sizes=\"auto, (max-width: 1067px) 100vw, 1067px\" \/><\/div>\t\t<div class=\"bdt-position-cover bdt-overlay bdt-overlay-default bdt-transition-fade\">\n\t\t\t<div class=\"bdt-ep-advanced-image-gallery-content\">\n\t\t\t\t<div class=\"bdt-ep-advanced-image-gallery-content-inner\">\n\n\t\t\t\t\t\t\t\t\t\t\t\t\t\t\t\t<div class=\"bdt-flex-inline bdt-ep-advanced-image-gallery-item-link-wrapper\">\n\t\t\t\t\t\t\t<a class=\"bdt-ep-advanced-image-gallery-item-link elementor-clickable icon-type-icon \" data-elementor-open-lightbox=\"no\" data-caption=\"\" data-href=\"https:\/\/slovenianjewelryweek.com\/wp-content\/uploads\/2026\/03\/Gadzijev_Arijana_Ni_vse_zlato_ogrlici_zlata_in_srebrna_07-1_2.jpg\">\n\t\t\t\t\t\t\t\t\n\t\t\t\t\t\t\t\t\t\t\t\t\t\t\t\t\t\t\t<span>\n\t\t\t\t\t\t\t\t\t\t\t<i class=\"ep-icon-plus-2\"><\/i>\n\t\t\t\t\t\t\t\t\t\t<\/span>\n\t\t\t\t\t\t\t\t\t\n\t\t\t\t\t\t\t\t\t\t\t\t\t\t\t<\/a>\n\t\t\t\t\t\t<\/div>\n\t\t\t\t\t\n\t\t\t\t\t\t\t\t\t<\/div>\n\t\t\t<\/div>\n\t\t<\/div>\n\t\t\t\t\t<\/div>\n\t\t\t\t\t\t\t\t\t<\/div>\n\n\t\t\t\t\t<\/div>\n\t\t\t\t\t<\/div>\n\t\t\t\t<\/div>\n\t\t\t\t\t<\/div>\n\t\t\t\t<\/div>\n\t\t<div class=\"wd-negative-gap elementor-element elementor-element-f412ac3 e-flex e-con-boxed e-con e-parent\" data-id=\"f412ac3\" data-element_type=\"container\" data-e-type=\"container\">\n\t\t\t\t\t<div class=\"e-con-inner\">\n\t\t\t\t<div class=\"elementor-element elementor-element-7d91274 elementor-widget-divider--view-line elementor-widget elementor-widget-divider\" data-id=\"7d91274\" data-element_type=\"widget\" data-e-type=\"widget\" data-widget_type=\"divider.default\">\n\t\t\t\t<div class=\"elementor-widget-container\">\n\t\t\t\t\t\t\t<div class=\"elementor-divider\">\n\t\t\t<span class=\"elementor-divider-separator\">\n\t\t\t\t\t\t<\/span>\n\t\t<\/div>\n\t\t\t\t\t\t<\/div>\n\t\t\t\t<\/div>\n\t\t\t\t\t<\/div>\n\t\t\t\t<\/div>\n\t\t<div class=\"wd-negative-gap elementor-element elementor-element-91f16b2 e-flex e-con-boxed e-con e-parent\" data-id=\"91f16b2\" data-element_type=\"container\" data-e-type=\"container\">\n\t\t\t\t\t<div class=\"e-con-inner\">\n\t\t<div class=\"elementor-element elementor-element-cce6239 e-con-full e-flex e-con e-child\" data-id=\"cce6239\" data-element_type=\"container\" data-e-type=\"container\">\n\t\t\t\t<div class=\"elementor-element elementor-element-ad352e3 wd-width-100 elementor-widget elementor-widget-wd_title\" data-id=\"ad352e3\" data-element_type=\"widget\" data-e-type=\"widget\" data-widget_type=\"wd_title.default\">\n\t\t\t\t<div class=\"elementor-widget-container\">\n\t\t\t\t\t\t\t<div class=\"title-wrapper wd-set-mb reset-last-child wd-title-color-default wd-title-style-default wd-title-size-large text-left\">\n\n\t\t\t\n\t\t\t<div class=\"liner-continer\">\n\t\t\t\t<h4 class=\"woodmart-title-container title wd-fontsize-xxl\">ARIJANA GAD\u017dIJEV, Slovenija<\/h4> \n\t\t\t\t\t\t\t<\/div>\n\n\t\t\t\t\t\t\t<div class=\"title-after_title reset-last-child wd-fontsize-s\">\n\t\t\t\t\t<p>Arijana Gad\u017eijev je tekstilna umetnica, oblikovalka in docentka na Katedri za oblikovanje tekstilij in obla\u010dil na NTF UL. V svojem doma\u010dem studiu oblikuje manj\u0161a, trajnostna ter ro\u010dno izdelana umetni\u0161ka tekstilna dela in nakit, ki odra\u017ea spo\u0161tovanje do tekstilno umetni\u0161ke obrti. Z zdru\u017eevanjem ro\u010dnih in digitalnih oblikovalskih tehnik, eklekti\u010dno kombinacijo materialov, oblik, barv ter avtorskih vzorcev njeno delo raziskuje teme, kot so varstvo narave, kulturna dedi\u0161\u010dina in socialna vklju\u010denost. Sodeluje na samostojnih ter skupinskih razstavah doma in v tujini. Za svoja dela je prejela nacionalne in mednarodne nagrade. Je \u010dlanica mednarodne platforme za sodoben umetni\u0161ki nakit Klimt02 in svoje kolekcije tekstilnega nakita aktivno razstavlja na mednarodnih tednih nakita.     <\/p>\t\t\t\t<\/div>\n\t\t\t\t\t<\/div>\n\t\t\t\t\t\t<\/div>\n\t\t\t\t<\/div>\n\t\t\t\t<div class=\"elementor-element elementor-element-3c5c02b color-scheme-inherit text-left elementor-widget elementor-widget-text-editor\" data-id=\"3c5c02b\" data-element_type=\"widget\" data-e-type=\"widget\" data-widget_type=\"text-editor.default\">\n\t\t\t\t<div class=\"elementor-widget-container\">\n\t\t\t\t\t\t\t\t\t<p>https:\/\/www.arijanagadzijev.com\/<br>https:\/\/www.instagram.com\/arijanagadzijev\/<br>https:\/\/www.facebook.com\/arijana.gadzijev<\/p>\t\t\t\t\t\t\t\t<\/div>\n\t\t\t\t<\/div>\n\t\t\t\t<\/div>\n\t\t<div class=\"elementor-element elementor-element-b237d38 e-con-full e-flex e-con e-child\" data-id=\"b237d38\" data-element_type=\"container\" data-e-type=\"container\">\n\t\t\t\t<div class=\"elementor-element elementor-element-2feb63e elementor-widget elementor-widget-wd_image_or_svg\" data-id=\"2feb63e\" data-element_type=\"widget\" data-e-type=\"widget\" data-widget_type=\"wd_image_or_svg.default\">\n\t\t\t\t<div class=\"elementor-widget-container\">\n\t\t\t\t\t\n\t\t<div class=\"wd-image text-left\">\n\t\t\t\t\t\t\t\t<img loading=\"lazy\" decoding=\"async\" width=\"534\" height=\"800\" src=\"https:\/\/slovenianjewelryweek.com\/wp-content\/uploads\/2026\/03\/ArijanaGadzijev_CB_foto_Kristjan_Jarni.jpg\" class=\"attachment-full size-full\" alt=\"\" srcset=\"https:\/\/slovenianjewelryweek.com\/wp-content\/uploads\/2026\/03\/ArijanaGadzijev_CB_foto_Kristjan_Jarni.jpg 534w, https:\/\/slovenianjewelryweek.com\/wp-content\/uploads\/2026\/03\/ArijanaGadzijev_CB_foto_Kristjan_Jarni-200x300.jpg 200w\" sizes=\"auto, (max-width: 534px) 100vw, 534px\" \/>\t\t\t\t\t<\/div>\n\n\t\t\t\t\t\t<\/div>\n\t\t\t\t<\/div>\n\t\t\t\t<\/div>\n\t\t\t\t\t<\/div>\n\t\t\t\t<\/div>\n\t\t<div class=\"wd-negative-gap elementor-element elementor-element-c2cbd3c e-flex e-con-boxed e-con e-parent\" data-id=\"c2cbd3c\" data-element_type=\"container\" data-e-type=\"container\">\n\t\t\t\t\t<div class=\"e-con-inner\">\n\t\t\t\t<div class=\"elementor-element elementor-element-f82dc46 elementor-widget elementor-widget-wd_button\" data-id=\"f82dc46\" data-element_type=\"widget\" data-e-type=\"widget\" id=\"go-back\" data-widget_type=\"wd_button.default\">\n\t\t\t\t<div class=\"elementor-widget-container\">\n\t\t\t\t\t\t\t<div class=\"wd-button-wrapper text-center\" >\n\t\t\t<a class=\"btn btn-style-default btn-shape-rectangle btn-size-extra-large btn-color-black btn-icon-pos-left\" >\n\t\t\t\t<span class=\"wd-btn-text\" data-elementor-setting-key=\"text\">\n\t\t\t\t\tNAZAJ\t\t\t\t<\/span>\n\n\t\t\t\t\t\t\t\t\t<span class=\"wd-btn-icon\">\n\t\t\t\t\t\t<span class=\"wd-icon ion ion-ios-arrow-back\"><\/span>\t\t\t\t\t<\/span>\n\t\t\t\t\t\t\t<\/a>\n\t\t<\/div>\n\t\t\t\t\t\t<\/div>\n\t\t\t\t<\/div>\n\t\t\t\t<div class=\"elementor-element elementor-element-c65c6df elementor-widget elementor-widget-bdt-breadcrumbs\" data-id=\"c65c6df\" data-element_type=\"widget\" data-e-type=\"widget\" data-widget_type=\"bdt-breadcrumbs.default\">\n\t\t\t\t<div class=\"elementor-widget-container\">\n\t\t\t\t\t<div class='bdt-ep-breadcrumbs-wrapper'><ul class=\"bdt-ep-breadcrumb  breadcrumb-align-center \"><li><a href=\"https:\/\/slovenianjewelryweek.com\/sl\/\"><span class=\"bdt-ep-breadcrumbs-home-icon\"> <i aria-hidden=\"true\" class=\"fas fa-home\"><\/i> <\/span>SIJW<\/a><\/li>\n<li><span> Project<\/span><\/li>\n<\/ul><\/div>\t\t\t\t<\/div>\n\t\t\t\t<\/div>\n\t\t\t\t\t<\/div>\n\t\t\t\t<\/div>\n\t\t\t\t<\/div>\n\t\t","protected":false},"excerpt":{"rendered":"<p>ARIJANA GAD\u017dIJEV Ni vse zlato \u2026: zlata ogrlica in Ni vse zlato \u2026: srebrna ogrlica Kolekcija potiskanega tekstilnega nakita Ni<\/p>\n","protected":false},"featured_media":12240,"menu_order":0,"comment_status":"open","ping_status":"closed","template":"","project-cat":[141],"class_list":["post-12238","portfolio","type-portfolio","status-publish","has-post-thumbnail","hentry","project-cat-izbrani-avtorji-sijw-2026"],"yoast_head":"<!-- This site is optimized with the Yoast SEO plugin v27.2 - https:\/\/yoast.com\/product\/yoast-seo-wordpress\/ -->\n<title>ARIJANA GAD\u017dIJEV - SIJW<\/title>\n<meta name=\"robots\" content=\"index, follow, max-snippet:-1, max-image-preview:large, max-video-preview:-1\" \/>\n<link rel=\"canonical\" href=\"https:\/\/slovenianjewelryweek.com\/sl\/portfolio\/arijana-gadzijev-3\/\" \/>\n<meta property=\"og:locale\" content=\"sl_SI\" \/>\n<meta property=\"og:type\" content=\"article\" \/>\n<meta property=\"og:title\" content=\"ARIJANA GAD\u017dIJEV - SIJW\" \/>\n<meta property=\"og:description\" content=\"ARIJANA GAD\u017dIJEV Ni vse zlato \u2026: zlata ogrlica in Ni vse zlato \u2026: srebrna ogrlica Kolekcija potiskanega tekstilnega nakita Ni\" \/>\n<meta property=\"og:url\" content=\"https:\/\/slovenianjewelryweek.com\/sl\/portfolio\/arijana-gadzijev-3\/\" \/>\n<meta property=\"og:site_name\" content=\"SIJW\" \/>\n<meta property=\"article:modified_time\" content=\"2026-03-05T19:28:00+00:00\" \/>\n<meta property=\"og:image\" content=\"https:\/\/slovenianjewelryweek.com\/wp-content\/uploads\/2026\/03\/Gadzijev_Arijana_Ni_vse_zlato_ogrlici_zlata_in_srebrna_01_2.jpg\" \/>\n\t<meta property=\"og:image:width\" content=\"1600\" \/>\n\t<meta property=\"og:image:height\" content=\"1067\" \/>\n\t<meta property=\"og:image:type\" content=\"image\/jpeg\" \/>\n<meta name=\"twitter:card\" content=\"summary_large_image\" \/>\n<meta name=\"twitter:label1\" content=\"Est. reading time\" \/>\n\t<meta name=\"twitter:data1\" content=\"5 minut\" \/>\n<script type=\"application\/ld+json\" class=\"yoast-schema-graph\">{\"@context\":\"https:\/\/schema.org\",\"@graph\":[{\"@type\":\"WebPage\",\"@id\":\"https:\/\/slovenianjewelryweek.com\/sl\/portfolio\/arijana-gadzijev-3\/\",\"url\":\"https:\/\/slovenianjewelryweek.com\/sl\/portfolio\/arijana-gadzijev-3\/\",\"name\":\"ARIJANA GAD\u017dIJEV - SIJW\",\"isPartOf\":{\"@id\":\"https:\/\/slovenianjewelryweek.com\/sl\/#website\"},\"primaryImageOfPage\":{\"@id\":\"https:\/\/slovenianjewelryweek.com\/sl\/portfolio\/arijana-gadzijev-3\/#primaryimage\"},\"image\":{\"@id\":\"https:\/\/slovenianjewelryweek.com\/sl\/portfolio\/arijana-gadzijev-3\/#primaryimage\"},\"thumbnailUrl\":\"https:\/\/slovenianjewelryweek.com\/wp-content\/uploads\/2026\/03\/Gadzijev_Arijana_Ni_vse_zlato_ogrlici_zlata_in_srebrna_01_2.jpg\",\"datePublished\":\"2026-03-05T19:08:18+00:00\",\"dateModified\":\"2026-03-05T19:28:00+00:00\",\"breadcrumb\":{\"@id\":\"https:\/\/slovenianjewelryweek.com\/sl\/portfolio\/arijana-gadzijev-3\/#breadcrumb\"},\"inLanguage\":\"sl-SI\",\"potentialAction\":[{\"@type\":\"ReadAction\",\"target\":[\"https:\/\/slovenianjewelryweek.com\/sl\/portfolio\/arijana-gadzijev-3\/\"]}]},{\"@type\":\"ImageObject\",\"inLanguage\":\"sl-SI\",\"@id\":\"https:\/\/slovenianjewelryweek.com\/sl\/portfolio\/arijana-gadzijev-3\/#primaryimage\",\"url\":\"https:\/\/slovenianjewelryweek.com\/wp-content\/uploads\/2026\/03\/Gadzijev_Arijana_Ni_vse_zlato_ogrlici_zlata_in_srebrna_01_2.jpg\",\"contentUrl\":\"https:\/\/slovenianjewelryweek.com\/wp-content\/uploads\/2026\/03\/Gadzijev_Arijana_Ni_vse_zlato_ogrlici_zlata_in_srebrna_01_2.jpg\",\"width\":1600,\"height\":1067},{\"@type\":\"BreadcrumbList\",\"@id\":\"https:\/\/slovenianjewelryweek.com\/sl\/portfolio\/arijana-gadzijev-3\/#breadcrumb\",\"itemListElement\":[{\"@type\":\"ListItem\",\"position\":1,\"name\":\"Home\",\"item\":\"https:\/\/slovenianjewelryweek.com\/sl\/\"},{\"@type\":\"ListItem\",\"position\":2,\"name\":\"Portfolio\",\"item\":\"https:\/\/slovenianjewelryweek.com\/sl\/portfolio\/\"},{\"@type\":\"ListItem\",\"position\":3,\"name\":\"ARIJANA GAD\u017dIJEV\"}]},{\"@type\":\"WebSite\",\"@id\":\"https:\/\/slovenianjewelryweek.com\/sl\/#website\",\"url\":\"https:\/\/slovenianjewelryweek.com\/sl\/\",\"name\":\"SIJW\",\"description\":\"\",\"potentialAction\":[{\"@type\":\"SearchAction\",\"target\":{\"@type\":\"EntryPoint\",\"urlTemplate\":\"https:\/\/slovenianjewelryweek.com\/sl\/?s={search_term_string}\"},\"query-input\":{\"@type\":\"PropertyValueSpecification\",\"valueRequired\":true,\"valueName\":\"search_term_string\"}}],\"inLanguage\":\"sl-SI\"}]}<\/script>\n<!-- \/ Yoast SEO plugin. -->","yoast_head_json":{"title":"ARIJANA GAD\u017dIJEV - SIJW","robots":{"index":"index","follow":"follow","max-snippet":"max-snippet:-1","max-image-preview":"max-image-preview:large","max-video-preview":"max-video-preview:-1"},"canonical":"https:\/\/slovenianjewelryweek.com\/sl\/portfolio\/arijana-gadzijev-3\/","og_locale":"sl_SI","og_type":"article","og_title":"ARIJANA GAD\u017dIJEV - SIJW","og_description":"ARIJANA GAD\u017dIJEV Ni vse zlato \u2026: zlata ogrlica in Ni vse zlato \u2026: srebrna ogrlica Kolekcija potiskanega tekstilnega nakita Ni","og_url":"https:\/\/slovenianjewelryweek.com\/sl\/portfolio\/arijana-gadzijev-3\/","og_site_name":"SIJW","article_modified_time":"2026-03-05T19:28:00+00:00","og_image":[{"width":1600,"height":1067,"url":"https:\/\/slovenianjewelryweek.com\/wp-content\/uploads\/2026\/03\/Gadzijev_Arijana_Ni_vse_zlato_ogrlici_zlata_in_srebrna_01_2.jpg","type":"image\/jpeg"}],"twitter_card":"summary_large_image","twitter_misc":{"Est. reading time":"5 minut"},"schema":{"@context":"https:\/\/schema.org","@graph":[{"@type":"WebPage","@id":"https:\/\/slovenianjewelryweek.com\/sl\/portfolio\/arijana-gadzijev-3\/","url":"https:\/\/slovenianjewelryweek.com\/sl\/portfolio\/arijana-gadzijev-3\/","name":"ARIJANA GAD\u017dIJEV - SIJW","isPartOf":{"@id":"https:\/\/slovenianjewelryweek.com\/sl\/#website"},"primaryImageOfPage":{"@id":"https:\/\/slovenianjewelryweek.com\/sl\/portfolio\/arijana-gadzijev-3\/#primaryimage"},"image":{"@id":"https:\/\/slovenianjewelryweek.com\/sl\/portfolio\/arijana-gadzijev-3\/#primaryimage"},"thumbnailUrl":"https:\/\/slovenianjewelryweek.com\/wp-content\/uploads\/2026\/03\/Gadzijev_Arijana_Ni_vse_zlato_ogrlici_zlata_in_srebrna_01_2.jpg","datePublished":"2026-03-05T19:08:18+00:00","dateModified":"2026-03-05T19:28:00+00:00","breadcrumb":{"@id":"https:\/\/slovenianjewelryweek.com\/sl\/portfolio\/arijana-gadzijev-3\/#breadcrumb"},"inLanguage":"sl-SI","potentialAction":[{"@type":"ReadAction","target":["https:\/\/slovenianjewelryweek.com\/sl\/portfolio\/arijana-gadzijev-3\/"]}]},{"@type":"ImageObject","inLanguage":"sl-SI","@id":"https:\/\/slovenianjewelryweek.com\/sl\/portfolio\/arijana-gadzijev-3\/#primaryimage","url":"https:\/\/slovenianjewelryweek.com\/wp-content\/uploads\/2026\/03\/Gadzijev_Arijana_Ni_vse_zlato_ogrlici_zlata_in_srebrna_01_2.jpg","contentUrl":"https:\/\/slovenianjewelryweek.com\/wp-content\/uploads\/2026\/03\/Gadzijev_Arijana_Ni_vse_zlato_ogrlici_zlata_in_srebrna_01_2.jpg","width":1600,"height":1067},{"@type":"BreadcrumbList","@id":"https:\/\/slovenianjewelryweek.com\/sl\/portfolio\/arijana-gadzijev-3\/#breadcrumb","itemListElement":[{"@type":"ListItem","position":1,"name":"Home","item":"https:\/\/slovenianjewelryweek.com\/sl\/"},{"@type":"ListItem","position":2,"name":"Portfolio","item":"https:\/\/slovenianjewelryweek.com\/sl\/portfolio\/"},{"@type":"ListItem","position":3,"name":"ARIJANA GAD\u017dIJEV"}]},{"@type":"WebSite","@id":"https:\/\/slovenianjewelryweek.com\/sl\/#website","url":"https:\/\/slovenianjewelryweek.com\/sl\/","name":"SIJW","description":"","potentialAction":[{"@type":"SearchAction","target":{"@type":"EntryPoint","urlTemplate":"https:\/\/slovenianjewelryweek.com\/sl\/?s={search_term_string}"},"query-input":{"@type":"PropertyValueSpecification","valueRequired":true,"valueName":"search_term_string"}}],"inLanguage":"sl-SI"}]}},"_links":{"self":[{"href":"https:\/\/slovenianjewelryweek.com\/sl\/wp-json\/wp\/v2\/portfolio\/12238","targetHints":{"allow":["GET"]}}],"collection":[{"href":"https:\/\/slovenianjewelryweek.com\/sl\/wp-json\/wp\/v2\/portfolio"}],"about":[{"href":"https:\/\/slovenianjewelryweek.com\/sl\/wp-json\/wp\/v2\/types\/portfolio"}],"replies":[{"embeddable":true,"href":"https:\/\/slovenianjewelryweek.com\/sl\/wp-json\/wp\/v2\/comments?post=12238"}],"version-history":[{"count":4,"href":"https:\/\/slovenianjewelryweek.com\/sl\/wp-json\/wp\/v2\/portfolio\/12238\/revisions"}],"predecessor-version":[{"id":12257,"href":"https:\/\/slovenianjewelryweek.com\/sl\/wp-json\/wp\/v2\/portfolio\/12238\/revisions\/12257"}],"wp:featuredmedia":[{"embeddable":true,"href":"https:\/\/slovenianjewelryweek.com\/sl\/wp-json\/wp\/v2\/media\/12240"}],"wp:attachment":[{"href":"https:\/\/slovenianjewelryweek.com\/sl\/wp-json\/wp\/v2\/media?parent=12238"}],"wp:term":[{"taxonomy":"project-cat","embeddable":true,"href":"https:\/\/slovenianjewelryweek.com\/sl\/wp-json\/wp\/v2\/project-cat?post=12238"}],"curies":[{"name":"wp","href":"https:\/\/api.w.org\/{rel}","templated":true}]}}