{"id":4446,"date":"2025-02-17T07:22:53","date_gmt":"2025-02-17T07:22:53","guid":{"rendered":"https:\/\/slovenianjewelryweek.com\/sijw-2024\/gostje-2024\/faculty-of-design\/"},"modified":"2025-02-17T07:30:20","modified_gmt":"2025-02-17T07:30:20","slug":"faculty-of-design","status":"publish","type":"page","link":"https:\/\/slovenianjewelryweek.com\/sl\/sijw-2024\/gostje-2024\/faculty-of-design\/","title":{"rendered":"Fakulteta za dizajn"},"content":{"rendered":"\t\t<div data-elementor-type=\"wp-page\" data-elementor-id=\"4446\" class=\"elementor elementor-4446 elementor-4436\">\n\t\t\t\t<div class=\"wd-negative-gap elementor-element elementor-element-4a5f32b e-flex e-con-boxed e-con e-parent\" data-id=\"4a5f32b\" data-element_type=\"container\" data-e-type=\"container\">\n\t\t\t\t\t<div class=\"e-con-inner\">\n\t\t<div class=\"elementor-element elementor-element-8939698 e-con-full e-flex e-con e-child\" data-id=\"8939698\" data-element_type=\"container\" data-e-type=\"container\">\n\t\t\t\t<div class=\"elementor-element elementor-element-249cb4c wd-width-100 elementor-widget elementor-widget-wd_title\" data-id=\"249cb4c\" data-element_type=\"widget\" data-e-type=\"widget\" data-widget_type=\"wd_title.default\">\n\t\t\t\t<div class=\"elementor-widget-container\">\n\t\t\t\t\t\t\t<div class=\"title-wrapper wd-set-mb reset-last-child wd-title-color-default wd-title-style-default wd-title-size-extra-large text-center\">\n\n\t\t\t\t\t\t\t\t\t\t\t<div class=\"title-subtitle subtitle-color-default subtitle-style-default wd-fontsize-m\">\n\t\t\t\t\tSLOVENSKI TEDEN NAKITA 2025 - GOSTJE\t\t\t\t<\/div>\n\t\t\t\n\t\t\t<div class=\"liner-continer\">\n\t\t\t\t<h1 class=\"woodmart-title-container title wd-fontsize-xxxl wd-underline-colored\">Fakulteta za dizajn<\/h1> \n\t\t\t\t\t\t\t<\/div>\n\n\t\t\t\t\t<\/div>\n\t\t\t\t\t\t<\/div>\n\t\t\t\t<\/div>\n\t\t\t\t<\/div>\n\t\t\t\t\t<\/div>\n\t\t\t\t<\/div>\n\t\t<div class=\"wd-negative-gap elementor-element elementor-element-0de2884 e-flex e-con-boxed e-con e-parent\" data-id=\"0de2884\" data-element_type=\"container\" data-e-type=\"container\">\n\t\t\t\t\t<div class=\"e-con-inner\">\n\t\t<div class=\"elementor-element elementor-element-da2f7cc e-con-full e-flex e-con e-child\" data-id=\"da2f7cc\" data-element_type=\"container\" data-e-type=\"container\">\n\t\t\t\t<div class=\"elementor-element elementor-element-33604ec elementor-widget elementor-widget-wd_text_block\" data-id=\"33604ec\" data-element_type=\"widget\" data-e-type=\"widget\" data-widget_type=\"wd_text_block.default\">\n\t\t\t\t<div class=\"elementor-widget-container\">\n\t\t\t\t\t\t\t<div class=\"wd-text-block reset-last-child text-left\">\n\t\t\t\n\t\t\t<p>\u0160tudij na Fakulteti za dizajn je zasnovan interdisciplinarno in poteka v dinami\u010dnem okolju ter v tesni povezanosti \u0161tudentov in profesorjev \u2013 akademsko in strokovno usposobljenih visoko\u0161olskih u\u010diteljev in sodelavcev, ki s svojim znanjem ter ustvarjalnostjo soustvarjajo prihodnost \u0161tudentov \u2013 bodo\u010dih dizajnerjev.<\/p>\n\t\t\t\t\t<\/div>\n\t\t\t\t\t\t<\/div>\n\t\t\t\t<\/div>\n\t\t\t\t<\/div>\n\t\t<div class=\"elementor-element elementor-element-dc654ab e-con-full e-flex e-con e-child\" data-id=\"dc654ab\" data-element_type=\"container\" data-e-type=\"container\">\n\t\t\t\t<div class=\"elementor-element elementor-element-18740d2 elementor-widget elementor-widget-wd_text_block\" data-id=\"18740d2\" data-element_type=\"widget\" data-e-type=\"widget\" data-widget_type=\"wd_text_block.default\">\n\t\t\t\t<div class=\"elementor-widget-container\">\n\t\t\t\t\t\t\t<div class=\"wd-text-block reset-last-child text-left\">\n\t\t\t\n\t\t\t<p>Fakulteta za dizajn izvaja 3 letni visoko\u0161olski strokovni \u0161tudijski program I. stopnje \u2013 Dizajn in II. stopnje Dizajn, ki \u0161tudentom ponuja smeri:<\/p><p>Notranja oprema, Vizualne komunikacije, Moda in tekstilije, Dizajn management in Nakit.<\/p>\n\t\t\t\t\t<\/div>\n\t\t\t\t\t\t<\/div>\n\t\t\t\t<\/div>\n\t\t\t\t<\/div>\n\t\t<div class=\"elementor-element elementor-element-c765482 e-con-full e-flex e-con e-child\" data-id=\"c765482\" data-element_type=\"container\" data-e-type=\"container\">\n\t\t\t\t<div class=\"elementor-element elementor-element-a6b5045 elementor-widget elementor-widget-wd_text_block\" data-id=\"a6b5045\" data-element_type=\"widget\" data-e-type=\"widget\" data-widget_type=\"wd_text_block.default\">\n\t\t\t\t<div class=\"elementor-widget-container\">\n\t\t\t\t\t\t\t<div class=\"wd-text-block reset-last-child text-left\">\n\t\t\t\n\t\t\t<p>Namen dodiplomskega \u0161tudija smeri nakit je odprava vrzeli v mo\u017enosti pridobitve znanja s podro\u010dja, ki se specifi\u010dno ukvarja z nakitom, saj v Sloveniji do sedaj ni bil mogo\u010d \u0161tudij samo te vrste. Namen programa je omogo\u010diti ustrezno znanje in specifi\u010dne kompetence na podro\u010djih kot so: industrijski, modni in umetni\u0161ki nakit. <\/p>\n\t\t\t\t\t<\/div>\n\t\t\t\t\t\t<\/div>\n\t\t\t\t<\/div>\n\t\t\t\t<\/div>\n\t\t\t\t\t<\/div>\n\t\t\t\t<\/div>\n\t\t<div class=\"wd-negative-gap elementor-element elementor-element-9030313 e-flex e-con-boxed e-con e-parent\" data-id=\"9030313\" data-element_type=\"container\" data-e-type=\"container\">\n\t\t\t\t\t<div class=\"e-con-inner\">\n\t\t\t\t<div class=\"elementor-element elementor-element-df29299 bdt-custom-gallery-skin-fedara-style-center bdt-post-gallery-skin-fedara-style-center elementor-widget elementor-widget-bdt-post-gallery\" data-id=\"df29299\" data-element_type=\"widget\" data-e-type=\"widget\" data-settings=\"{&quot;columns&quot;:&quot;4&quot;,&quot;columns_tablet&quot;:&quot;2&quot;,&quot;columns_mobile&quot;:&quot;1&quot;}\" data-widget_type=\"bdt-post-gallery.bdt-fedara\">\n\t\t\t\t<div class=\"elementor-widget-container\">\n\t\t\t\t\t\t\t<div class=\"bdt-post-gallery-wrapper\">\n\n\t\t\t\t\t\t<div id=\"bdt-post-gallerydf29299\" class=\"bdt-post-gallery bdt-ep-grid-filter-container bdt-post-gallery-skin-fedara bdt-grid bdt-grid-medium\" data-bdt-grid=\"\" data-bdt-lightbox=\"toggle: .bdt-gallery-lightbox-item; animation:slide;\" data-settings=\"{&quot;id&quot;:&quot;#bdt-post-gallerydf29299&quot;,&quot;tilt_show&quot;:false,&quot;tilt_scale&quot;:false}\">\n\n\t\t\t\t\t\t<div class=\"bdt-gallery-item bdt-transition-toggle bdt-width-1-1 bdt-width-1-2@s bdt-width-1-4@m\">\n\t\t\t<div >\n\t\t\t\t<div class=\"bdt-post-gallery-inner\">\n\t\t\t\t\t\t\t<div class=\"bdt-gallery-thumbnail\">\n\t\t\t<img loading=\"lazy\" decoding=\"async\" width=\"768\" height=\"1016\" src=\"https:\/\/slovenianjewelryweek.com\/wp-content\/uploads\/2025\/02\/JH-Koralna-simfonija-ogrlica-768x1016.jpg\" class=\"attachment-medium_large size-medium_large\" alt=\"Jasna Hrovatin\" srcset=\"https:\/\/slovenianjewelryweek.com\/wp-content\/uploads\/2025\/02\/JH-Koralna-simfonija-ogrlica-768x1016.jpg 768w, https:\/\/slovenianjewelryweek.com\/wp-content\/uploads\/2025\/02\/JH-Koralna-simfonija-ogrlica-227x300.jpg 227w, https:\/\/slovenianjewelryweek.com\/wp-content\/uploads\/2025\/02\/JH-Koralna-simfonija-ogrlica-774x1024.jpg 774w, https:\/\/slovenianjewelryweek.com\/wp-content\/uploads\/2025\/02\/JH-Koralna-simfonija-ogrlica-1161x1536.jpg 1161w, https:\/\/slovenianjewelryweek.com\/wp-content\/uploads\/2025\/02\/JH-Koralna-simfonija-ogrlica-1547x2048.jpg 1547w, https:\/\/slovenianjewelryweek.com\/wp-content\/uploads\/2025\/02\/JH-Koralna-simfonija-ogrlica-scaled.jpg 1934w\" sizes=\"auto, (max-width: 768px) 100vw, 768px\" \/>\t\t<\/div>\n\t\t\t\t<div class=\"bdt-position-cover bdt-overlay bdt-overlay-default bdt-transition-fade\">\n\t\t\t<div class=\"bdt-post-gallery-content\">\n\t\t\t\t<div class=\"bdt-gallery-content-inner\">\n\t\t\t\t\t\t\t\t\t\t\t<div class=\"bdt-flex-inline bdt-gallery-item-link-wrapper\">\n\t\t\t\t\t\t\t\t\t\t\t\t\t\t\t<a class=\"bdt-gallery-item-link bdt-gallery-lightbox-item bdt-link-icon\" data-elementor-open-lightbox=\"no\" data-caption=\"Jasna Hrovatin\" href=\"https:\/\/slovenianjewelryweek.com\/wp-content\/uploads\/2025\/02\/JH-Koralna-simfonija-ogrlica-scaled.jpg\">\n\t\t\t\t\t\t\t\t\t\t\t\t\t\t\t\t\t\t\t<i class=\"ep-icon-plus\" aria-hidden=\"true\"><\/i>\n\t\t\t\t\t\t\t\t\t\t\t\t\t\t\t\t\t\t<\/a>\n\t\t\t\t\t\t\t\n\t\t\t\t\t\t\t\t\t\t\t\t\t\t\t\t\t\t\t\t\t\t\t<a class=\"bdt-gallery-item-link bdt-link-icon\"\n\t\t\t\t\t\t\t\t\thref=\"https:\/\/slovenianjewelryweek.com\/sl\/portfolio\/jasna-hrovatin\/\" >\n\t\t\t\t\t\t\t\t\t\t\t\t\t\t\t\t\t\t\t<i class=\"ep-icon-link\" aria-hidden=\"true\"><\/i>\n\t\t\t\t\t\t\t\t\t\t\t\t\t\t\t\t\t\t<\/a>\n\t\t\t\t\t\t\t\t\t\t\t\t\t<\/div>\n\t\t\t\t\t\t\t\t\t<\/div>\n\t\t\t<\/div>\n\t\t<\/div>\n\t\t\t\t\t\t<\/div>\n\t\t\t\t\t\t<div class=\"bdt-post-gallery-skin-fedara-desc bdt-padding-small\">\n\t\t\t\t\t<a class=\"bdt-post-gallery-title-link\" href=\"https:\/\/slovenianjewelryweek.com\/sl\/portfolio\/jasna-hrovatin\/\" >\n\t\t\t<h4 class=\"bdt-gallery-item-title bdt-margin-remove\">\n\t\t\t\tJasna Hrovatin\t\t\t<\/h4>\n\t\t<\/a>\n\t\t\t\t<\/div>\n\t\t\t\t\t<\/div>\n\t\t<\/div>\n\t\t\t\t<div class=\"bdt-gallery-item bdt-transition-toggle bdt-width-1-1 bdt-width-1-2@s bdt-width-1-4@m\">\n\t\t\t<div >\n\t\t\t\t<div class=\"bdt-post-gallery-inner\">\n\t\t\t\t\t\t\t<div class=\"bdt-gallery-thumbnail bdt-gallery-thumbnail\">\n\t\t\t<img loading=\"lazy\" decoding=\"async\" width=\"768\" height=\"576\" src=\"https:\/\/slovenianjewelryweek.com\/wp-content\/uploads\/2025\/02\/1-Mojca-Perse-768x576.jpg\" class=\"attachment-medium_large size-medium_large\" alt=\"Mojca Per\u0161e\" srcset=\"https:\/\/slovenianjewelryweek.com\/wp-content\/uploads\/2025\/02\/1-Mojca-Perse-768x576.jpg 768w, https:\/\/slovenianjewelryweek.com\/wp-content\/uploads\/2025\/02\/1-Mojca-Perse-300x225.jpg 300w, https:\/\/slovenianjewelryweek.com\/wp-content\/uploads\/2025\/02\/1-Mojca-Perse-1024x768.jpg 1024w, https:\/\/slovenianjewelryweek.com\/wp-content\/uploads\/2025\/02\/1-Mojca-Perse.jpg 1199w\" sizes=\"auto, (max-width: 768px) 100vw, 768px\" \/>\t\t<\/div>\n\t\t\t\t<div class=\"bdt-position-cover bdt-overlay bdt-overlay-default bdt-transition-fade\">\n\t\t\t<div class=\"bdt-post-gallery-content\">\n\t\t\t\t<div class=\"bdt-gallery-content-inner\">\n\t\t\t\t\t\t\t\t\t\t\t<div class=\"bdt-flex-inline bdt-gallery-item-link-wrapper\">\n\t\t\t\t\t\t\t\t\t\t\t\t\t\t\t<a class=\"bdt-gallery-item-link bdt-gallery-lightbox-item bdt-link-icon\" data-elementor-open-lightbox=\"no\" data-caption=\"Mojca Per\u0161e\" href=\"https:\/\/slovenianjewelryweek.com\/wp-content\/uploads\/2025\/02\/1-Mojca-Perse.jpg\">\n\t\t\t\t\t\t\t\t\t\t\t\t\t\t\t\t\t\t\t<i class=\"ep-icon-plus\" aria-hidden=\"true\"><\/i>\n\t\t\t\t\t\t\t\t\t\t\t\t\t\t\t\t\t\t<\/a>\n\t\t\t\t\t\t\t\n\t\t\t\t\t\t\t\t\t\t\t\t\t\t\t\t\t\t\t\t\t\t\t<a class=\"bdt-gallery-item-link bdt-link-icon\"\n\t\t\t\t\t\t\t\t\thref=\"https:\/\/slovenianjewelryweek.com\/sl\/portfolio\/mojca-perse\/\" >\n\t\t\t\t\t\t\t\t\t\t\t\t\t\t\t\t\t\t\t<i class=\"ep-icon-link\" aria-hidden=\"true\"><\/i>\n\t\t\t\t\t\t\t\t\t\t\t\t\t\t\t\t\t\t<\/a>\n\t\t\t\t\t\t\t\t\t\t\t\t\t<\/div>\n\t\t\t\t\t\t\t\t\t<\/div>\n\t\t\t<\/div>\n\t\t<\/div>\n\t\t\t\t\t\t<\/div>\n\t\t\t\t\t\t<div class=\"bdt-post-gallery-skin-fedara-desc bdt-padding-small\">\n\t\t\t\t\t<a class=\"bdt-post-gallery-title-link\" href=\"https:\/\/slovenianjewelryweek.com\/sl\/portfolio\/mojca-perse\/\" >\n\t\t\t<h4 class=\"bdt-gallery-item-title bdt-margin-remove\">\n\t\t\t\tMojca Per\u0161e\t\t\t<\/h4>\n\t\t<\/a>\n\t\t\t\t<\/div>\n\t\t\t\t\t<\/div>\n\t\t<\/div>\n\t\t\t\t<div class=\"bdt-gallery-item bdt-transition-toggle bdt-width-1-1 bdt-width-1-2@s bdt-width-1-4@m\">\n\t\t\t<div >\n\t\t\t\t<div class=\"bdt-post-gallery-inner\">\n\t\t\t\t\t\t\t<div class=\"bdt-gallery-thumbnail bdt-gallery-thumbnail bdt-gallery-thumbnail\">\n\t\t\t<img loading=\"lazy\" decoding=\"async\" width=\"768\" height=\"576\" src=\"https:\/\/slovenianjewelryweek.com\/wp-content\/uploads\/2025\/02\/1-Petra-Kocjancic-768x576.jpg\" class=\"attachment-medium_large size-medium_large\" alt=\"Petra Kocjan\u010di\u010d\" srcset=\"https:\/\/slovenianjewelryweek.com\/wp-content\/uploads\/2025\/02\/1-Petra-Kocjancic-768x576.jpg 768w, https:\/\/slovenianjewelryweek.com\/wp-content\/uploads\/2025\/02\/1-Petra-Kocjancic-300x225.jpg 300w, https:\/\/slovenianjewelryweek.com\/wp-content\/uploads\/2025\/02\/1-Petra-Kocjancic-1024x768.jpg 1024w, https:\/\/slovenianjewelryweek.com\/wp-content\/uploads\/2025\/02\/1-Petra-Kocjancic.jpg 1199w\" sizes=\"auto, (max-width: 768px) 100vw, 768px\" \/>\t\t<\/div>\n\t\t\t\t<div class=\"bdt-position-cover bdt-overlay bdt-overlay-default bdt-transition-fade\">\n\t\t\t<div class=\"bdt-post-gallery-content\">\n\t\t\t\t<div class=\"bdt-gallery-content-inner\">\n\t\t\t\t\t\t\t\t\t\t\t<div class=\"bdt-flex-inline bdt-gallery-item-link-wrapper\">\n\t\t\t\t\t\t\t\t\t\t\t\t\t\t\t<a class=\"bdt-gallery-item-link bdt-gallery-lightbox-item bdt-link-icon\" data-elementor-open-lightbox=\"no\" data-caption=\"Petra Kocjan\u010di\u010d\" href=\"https:\/\/slovenianjewelryweek.com\/wp-content\/uploads\/2025\/02\/1-Petra-Kocjancic.jpg\">\n\t\t\t\t\t\t\t\t\t\t\t\t\t\t\t\t\t\t\t<i class=\"ep-icon-plus\" aria-hidden=\"true\"><\/i>\n\t\t\t\t\t\t\t\t\t\t\t\t\t\t\t\t\t\t<\/a>\n\t\t\t\t\t\t\t\n\t\t\t\t\t\t\t\t\t\t\t\t\t\t\t\t\t\t\t\t\t\t\t<a class=\"bdt-gallery-item-link bdt-link-icon\"\n\t\t\t\t\t\t\t\t\thref=\"https:\/\/slovenianjewelryweek.com\/sl\/portfolio\/petra-kocjancic\/\" >\n\t\t\t\t\t\t\t\t\t\t\t\t\t\t\t\t\t\t\t<i class=\"ep-icon-link\" aria-hidden=\"true\"><\/i>\n\t\t\t\t\t\t\t\t\t\t\t\t\t\t\t\t\t\t<\/a>\n\t\t\t\t\t\t\t\t\t\t\t\t\t<\/div>\n\t\t\t\t\t\t\t\t\t<\/div>\n\t\t\t<\/div>\n\t\t<\/div>\n\t\t\t\t\t\t<\/div>\n\t\t\t\t\t\t<div class=\"bdt-post-gallery-skin-fedara-desc bdt-padding-small\">\n\t\t\t\t\t<a class=\"bdt-post-gallery-title-link\" href=\"https:\/\/slovenianjewelryweek.com\/sl\/portfolio\/petra-kocjancic\/\" >\n\t\t\t<h4 class=\"bdt-gallery-item-title bdt-margin-remove\">\n\t\t\t\tPetra Kocjan\u010di\u010d\t\t\t<\/h4>\n\t\t<\/a>\n\t\t\t\t<\/div>\n\t\t\t\t\t<\/div>\n\t\t<\/div>\n\t\t\n\t\t\t<\/div>\n\t\t<\/div>\n\t\t\t\t\t\t<\/div>\n\t\t\t\t<\/div>\n\t\t\t\t\t<\/div>\n\t\t\t\t<\/div>\n\t\t\t\t<\/div>\n\t\t","protected":false},"excerpt":{"rendered":"<p>SLOVENSKI TEDEN NAKITA 2025 &#8211; GOSTJE Fakulteta za dizajn \u0160tudij na Fakulteti za dizajn je zasnovan interdisciplinarno in poteka v<\/p>\n","protected":false},"author":1,"featured_media":0,"parent":3171,"menu_order":0,"comment_status":"closed","ping_status":"closed","template":"","meta":{"iawp_total_views":1,"footnotes":""},"class_list":["post-4446","page","type-page","status-publish","hentry"],"yoast_head":"<!-- This site is optimized with the Yoast SEO plugin v27.2 - https:\/\/yoast.com\/product\/yoast-seo-wordpress\/ -->\n<title>Fakulteta za dizajn - SIJW<\/title>\n<meta name=\"robots\" content=\"index, follow, max-snippet:-1, max-image-preview:large, max-video-preview:-1\" \/>\n<link rel=\"canonical\" href=\"https:\/\/slovenianjewelryweek.com\/sl\/sijw-2024\/gostje-2024\/faculty-of-design\/\" \/>\n<meta property=\"og:locale\" content=\"sl_SI\" \/>\n<meta property=\"og:type\" content=\"article\" \/>\n<meta property=\"og:title\" content=\"Fakulteta za dizajn - SIJW\" \/>\n<meta property=\"og:description\" content=\"SLOVENSKI TEDEN NAKITA 2025 &#8211; GOSTJE Fakulteta za dizajn \u0160tudij na Fakulteti za dizajn je zasnovan interdisciplinarno in poteka v\" \/>\n<meta property=\"og:url\" content=\"https:\/\/slovenianjewelryweek.com\/sl\/sijw-2024\/gostje-2024\/faculty-of-design\/\" \/>\n<meta property=\"og:site_name\" content=\"SIJW\" \/>\n<meta property=\"article:modified_time\" content=\"2025-02-17T07:30:20+00:00\" \/>\n<meta name=\"twitter:card\" content=\"summary_large_image\" \/>\n<meta name=\"twitter:label1\" content=\"Est. reading time\" \/>\n\t<meta name=\"twitter:data1\" content=\"1 minuta\" \/>\n<script type=\"application\/ld+json\" class=\"yoast-schema-graph\">{\"@context\":\"https:\/\/schema.org\",\"@graph\":[{\"@type\":\"WebPage\",\"@id\":\"https:\/\/slovenianjewelryweek.com\/sl\/sijw-2024\/gostje-2024\/faculty-of-design\/\",\"url\":\"https:\/\/slovenianjewelryweek.com\/sl\/sijw-2024\/gostje-2024\/faculty-of-design\/\",\"name\":\"Fakulteta za dizajn - SIJW\",\"isPartOf\":{\"@id\":\"https:\/\/slovenianjewelryweek.com\/sl\/#website\"},\"datePublished\":\"2025-02-17T07:22:53+00:00\",\"dateModified\":\"2025-02-17T07:30:20+00:00\",\"breadcrumb\":{\"@id\":\"https:\/\/slovenianjewelryweek.com\/sl\/sijw-2024\/gostje-2024\/faculty-of-design\/#breadcrumb\"},\"inLanguage\":\"sl-SI\",\"potentialAction\":[{\"@type\":\"ReadAction\",\"target\":[\"https:\/\/slovenianjewelryweek.com\/sl\/sijw-2024\/gostje-2024\/faculty-of-design\/\"]}]},{\"@type\":\"BreadcrumbList\",\"@id\":\"https:\/\/slovenianjewelryweek.com\/sl\/sijw-2024\/gostje-2024\/faculty-of-design\/#breadcrumb\",\"itemListElement\":[{\"@type\":\"ListItem\",\"position\":1,\"name\":\"Home\",\"item\":\"https:\/\/slovenianjewelryweek.com\/sl\/\"},{\"@type\":\"ListItem\",\"position\":2,\"name\":\"SIJW 2024\",\"item\":\"https:\/\/slovenianjewelryweek.com\/sl\/sijw-2024\/\"},{\"@type\":\"ListItem\",\"position\":3,\"name\":\"Gostje 2024\",\"item\":\"https:\/\/slovenianjewelryweek.com\/sl\/sijw-2024\/guests-2024\/\"},{\"@type\":\"ListItem\",\"position\":4,\"name\":\"Fakulteta za dizajn\"}]},{\"@type\":\"WebSite\",\"@id\":\"https:\/\/slovenianjewelryweek.com\/sl\/#website\",\"url\":\"https:\/\/slovenianjewelryweek.com\/sl\/\",\"name\":\"SIJW\",\"description\":\"\",\"potentialAction\":[{\"@type\":\"SearchAction\",\"target\":{\"@type\":\"EntryPoint\",\"urlTemplate\":\"https:\/\/slovenianjewelryweek.com\/sl\/?s={search_term_string}\"},\"query-input\":{\"@type\":\"PropertyValueSpecification\",\"valueRequired\":true,\"valueName\":\"search_term_string\"}}],\"inLanguage\":\"sl-SI\"}]}<\/script>\n<!-- \/ Yoast SEO plugin. -->","yoast_head_json":{"title":"Fakulteta za dizajn - SIJW","robots":{"index":"index","follow":"follow","max-snippet":"max-snippet:-1","max-image-preview":"max-image-preview:large","max-video-preview":"max-video-preview:-1"},"canonical":"https:\/\/slovenianjewelryweek.com\/sl\/sijw-2024\/gostje-2024\/faculty-of-design\/","og_locale":"sl_SI","og_type":"article","og_title":"Fakulteta za dizajn - SIJW","og_description":"SLOVENSKI TEDEN NAKITA 2025 &#8211; GOSTJE Fakulteta za dizajn \u0160tudij na Fakulteti za dizajn je zasnovan interdisciplinarno in poteka v","og_url":"https:\/\/slovenianjewelryweek.com\/sl\/sijw-2024\/gostje-2024\/faculty-of-design\/","og_site_name":"SIJW","article_modified_time":"2025-02-17T07:30:20+00:00","twitter_card":"summary_large_image","twitter_misc":{"Est. reading time":"1 minuta"},"schema":{"@context":"https:\/\/schema.org","@graph":[{"@type":"WebPage","@id":"https:\/\/slovenianjewelryweek.com\/sl\/sijw-2024\/gostje-2024\/faculty-of-design\/","url":"https:\/\/slovenianjewelryweek.com\/sl\/sijw-2024\/gostje-2024\/faculty-of-design\/","name":"Fakulteta za dizajn - SIJW","isPartOf":{"@id":"https:\/\/slovenianjewelryweek.com\/sl\/#website"},"datePublished":"2025-02-17T07:22:53+00:00","dateModified":"2025-02-17T07:30:20+00:00","breadcrumb":{"@id":"https:\/\/slovenianjewelryweek.com\/sl\/sijw-2024\/gostje-2024\/faculty-of-design\/#breadcrumb"},"inLanguage":"sl-SI","potentialAction":[{"@type":"ReadAction","target":["https:\/\/slovenianjewelryweek.com\/sl\/sijw-2024\/gostje-2024\/faculty-of-design\/"]}]},{"@type":"BreadcrumbList","@id":"https:\/\/slovenianjewelryweek.com\/sl\/sijw-2024\/gostje-2024\/faculty-of-design\/#breadcrumb","itemListElement":[{"@type":"ListItem","position":1,"name":"Home","item":"https:\/\/slovenianjewelryweek.com\/sl\/"},{"@type":"ListItem","position":2,"name":"SIJW 2024","item":"https:\/\/slovenianjewelryweek.com\/sl\/sijw-2024\/"},{"@type":"ListItem","position":3,"name":"Gostje 2024","item":"https:\/\/slovenianjewelryweek.com\/sl\/sijw-2024\/guests-2024\/"},{"@type":"ListItem","position":4,"name":"Fakulteta za dizajn"}]},{"@type":"WebSite","@id":"https:\/\/slovenianjewelryweek.com\/sl\/#website","url":"https:\/\/slovenianjewelryweek.com\/sl\/","name":"SIJW","description":"","potentialAction":[{"@type":"SearchAction","target":{"@type":"EntryPoint","urlTemplate":"https:\/\/slovenianjewelryweek.com\/sl\/?s={search_term_string}"},"query-input":{"@type":"PropertyValueSpecification","valueRequired":true,"valueName":"search_term_string"}}],"inLanguage":"sl-SI"}]}},"_links":{"self":[{"href":"https:\/\/slovenianjewelryweek.com\/sl\/wp-json\/wp\/v2\/pages\/4446","targetHints":{"allow":["GET"]}}],"collection":[{"href":"https:\/\/slovenianjewelryweek.com\/sl\/wp-json\/wp\/v2\/pages"}],"about":[{"href":"https:\/\/slovenianjewelryweek.com\/sl\/wp-json\/wp\/v2\/types\/page"}],"author":[{"embeddable":true,"href":"https:\/\/slovenianjewelryweek.com\/sl\/wp-json\/wp\/v2\/users\/1"}],"replies":[{"embeddable":true,"href":"https:\/\/slovenianjewelryweek.com\/sl\/wp-json\/wp\/v2\/comments?post=4446"}],"version-history":[{"count":3,"href":"https:\/\/slovenianjewelryweek.com\/sl\/wp-json\/wp\/v2\/pages\/4446\/revisions"}],"predecessor-version":[{"id":4453,"href":"https:\/\/slovenianjewelryweek.com\/sl\/wp-json\/wp\/v2\/pages\/4446\/revisions\/4453"}],"up":[{"embeddable":true,"href":"https:\/\/slovenianjewelryweek.com\/sl\/wp-json\/wp\/v2\/pages\/3171"}],"wp:attachment":[{"href":"https:\/\/slovenianjewelryweek.com\/sl\/wp-json\/wp\/v2\/media?parent=4446"}],"curies":[{"name":"wp","href":"https:\/\/api.w.org\/{rel}","templated":true}]}}