{"id":3916,"date":"2025-02-04T22:07:41","date_gmt":"2025-02-04T22:07:41","guid":{"rendered":"https:\/\/slovenianjewelryweek.com\/sijw-2024\/gostje-2024\/the-plus-one-collective\/"},"modified":"2025-02-04T22:33:18","modified_gmt":"2025-02-04T22:33:18","slug":"the-plus-one-collective","status":"publish","type":"page","link":"https:\/\/slovenianjewelryweek.com\/sl\/sijw-2024\/gostje-2024\/the-plus-one-collective\/","title":{"rendered":"The Plus One Collective"},"content":{"rendered":"\t\t<div data-elementor-type=\"wp-page\" data-elementor-id=\"3916\" class=\"elementor elementor-3916 elementor-3908\">\n\t\t\t\t<div class=\"wd-negative-gap elementor-element elementor-element-4a5f32b e-flex e-con-boxed e-con e-parent\" data-id=\"4a5f32b\" data-element_type=\"container\" data-e-type=\"container\">\n\t\t\t\t\t<div class=\"e-con-inner\">\n\t\t<div class=\"elementor-element elementor-element-8939698 e-con-full e-flex e-con e-child\" data-id=\"8939698\" data-element_type=\"container\" data-e-type=\"container\">\n\t\t\t\t<div class=\"elementor-element elementor-element-249cb4c wd-width-100 elementor-widget elementor-widget-wd_title\" data-id=\"249cb4c\" data-element_type=\"widget\" data-e-type=\"widget\" data-widget_type=\"wd_title.default\">\n\t\t\t\t<div class=\"elementor-widget-container\">\n\t\t\t\t\t\t\t<div class=\"title-wrapper wd-set-mb reset-last-child wd-title-color-default wd-title-style-default wd-title-size-extra-large text-center\">\n\n\t\t\t\t\t\t\t\t\t\t\t<div class=\"title-subtitle subtitle-color-default subtitle-style-default wd-fontsize-m\">\n\t\t\t\t\tSLOVENSKI TEDEN NAKITA 2024 - GOSTJE\t\t\t\t<\/div>\n\t\t\t\n\t\t\t<div class=\"liner-continer\">\n\t\t\t\t<h1 class=\"woodmart-title-container title wd-fontsize-xxxl wd-underline-colored\">The Plus One Collective<\/h1> \n\t\t\t\t\t\t\t<\/div>\n\n\t\t\t\t\t<\/div>\n\t\t\t\t\t\t<\/div>\n\t\t\t\t<\/div>\n\t\t\t\t<\/div>\n\t\t\t\t\t<\/div>\n\t\t\t\t<\/div>\n\t\t<div class=\"wd-negative-gap elementor-element elementor-element-0de2884 e-flex e-con-boxed e-con e-parent\" data-id=\"0de2884\" data-element_type=\"container\" data-e-type=\"container\">\n\t\t\t\t\t<div class=\"e-con-inner\">\n\t\t<div class=\"elementor-element elementor-element-da2f7cc e-con-full e-flex e-con e-child\" data-id=\"da2f7cc\" data-element_type=\"container\" data-e-type=\"container\">\n\t\t\t\t<div class=\"elementor-element elementor-element-33604ec elementor-widget elementor-widget-wd_text_block\" data-id=\"33604ec\" data-element_type=\"widget\" data-e-type=\"widget\" data-widget_type=\"wd_text_block.default\">\n\t\t\t\t<div class=\"elementor-widget-container\">\n\t\t\t\t\t\t\t<div class=\"wd-text-block reset-last-child text-left\">\n\t\t\t\n\t\t\t<p>Plus One Collective je mednarodna razstava, ki se osredoto\u010da na steklene emajle ter razli\u010dne tehnike in na\u010dine vklju\u010devanja emajlov v nakit. Prva razstava leta 2020 na Romunskem tednu nakita se je za\u010dela s skupino povabljenih umetnikov, ki so nato morali izbrati drugega emajlista, ki so ga ob\u010dudovali, da bi se jim lahko pridru\u017eil na razstavi kot njihov \u00bbplus ena\u00ab. Rezultat je bila intimna zbirka razli\u010dnih tehnik emajla umetnikov, ki so se razlikovali po starosti, izku\u0161njah in geografski lokaciji.  <\/p>\n\t\t\t\t\t<\/div>\n\t\t\t\t\t\t<\/div>\n\t\t\t\t<\/div>\n\t\t\t\t<div class=\"elementor-element elementor-element-d269a1e elementor-widget elementor-widget-wd_text_block\" data-id=\"d269a1e\" data-element_type=\"widget\" data-e-type=\"widget\" data-widget_type=\"wd_text_block.default\">\n\t\t\t\t<div class=\"elementor-widget-container\">\n\t\t\t\t\t\t\t<div class=\"wd-text-block reset-last-child text-left\">\n\t\t\t\n\t\t\t<p>Od leta 2020 je kolektiv postal letni dogodek, na katerega so vedno znova povabljeni novi umetniki, da postanejo \u00bbplus ena\u00ab povabljenca iz prej\u0161njega leta. Na ta na\u010din je kolektiv za\u010del \u017eiveti svoje lastno \u017eivljenje in zgodovino. Vsako leto se skupina umetnikov umakne in vstopi nova skupina, kar udele\u017eencem omogo\u010da dve leti sodelovanja kot tisti, ki vabijo ali tisti, ki so povabljeni v kolektiv. Upam, da se bo ta Kolektiv nadaljeval ve\u010d let, da bodo v njem sodelovali umetniki z vsega sveta in da bo ponujal kratko pripoved o zgodbi in zgodovini emajla.   <\/p>\n\t\t\t\t\t<\/div>\n\t\t\t\t\t\t<\/div>\n\t\t\t\t<\/div>\n\t\t\t\t<\/div>\n\t\t<div class=\"elementor-element elementor-element-c765482 e-con-full e-flex e-con e-child\" data-id=\"c765482\" data-element_type=\"container\" data-e-type=\"container\">\n\t\t\t\t<div class=\"elementor-element elementor-element-a6b5045 elementor-widget elementor-widget-wd_text_block\" data-id=\"a6b5045\" data-element_type=\"widget\" data-e-type=\"widget\" data-widget_type=\"wd_text_block.default\">\n\t\t\t\t<div class=\"elementor-widget-container\">\n\t\t\t\t\t\t\t<div class=\"wd-text-block reset-last-child text-left\">\n\t\t\t\n\t\t\t<p>Kurirala Jennifer Wells <br><br> Kontaktna oseba: <br>Jennifer Wells <br><a href=\"http:\/\/www.jennwellsstudio.com\/\" target=\"_blank\" rel=\"noopener noreferrer nofollow\">www.jennwellsstudio.com<\/a> <br><a href=\"mailto:jennwellsstudio@gmail.com\">jennwellsstudio@gmail.com<\/a> <br>@jennwellsstudio <br>@plusonecollective<br>@plusonecollective<\/p>\n\t\t\t\t\t<\/div>\n\t\t\t\t\t\t<\/div>\n\t\t\t\t<\/div>\n\t\t\t\t<\/div>\n\t\t\t\t\t<\/div>\n\t\t\t\t<\/div>\n\t\t<div class=\"wd-negative-gap elementor-element elementor-element-9030313 e-flex e-con-boxed e-con e-parent\" data-id=\"9030313\" data-element_type=\"container\" data-e-type=\"container\">\n\t\t\t\t\t<div class=\"e-con-inner\">\n\t\t\t\t<div class=\"elementor-element elementor-element-df29299 bdt-custom-gallery-skin-fedara-style-center bdt-post-gallery-skin-fedara-style-center elementor-widget elementor-widget-bdt-post-gallery\" data-id=\"df29299\" data-element_type=\"widget\" data-e-type=\"widget\" data-settings=\"{&quot;columns&quot;:&quot;4&quot;,&quot;columns_tablet&quot;:&quot;2&quot;,&quot;columns_mobile&quot;:&quot;1&quot;}\" data-widget_type=\"bdt-post-gallery.bdt-fedara\">\n\t\t\t\t<div class=\"elementor-widget-container\">\n\t\t\t\t\t\t\t<div class=\"bdt-post-gallery-wrapper\">\n\n\t\t\t\t\t\t<div id=\"bdt-post-gallerydf29299\" class=\"bdt-post-gallery bdt-ep-grid-filter-container bdt-post-gallery-skin-fedara bdt-grid bdt-grid-medium\" data-bdt-grid=\"\" data-bdt-lightbox=\"toggle: .bdt-gallery-lightbox-item; animation:slide;\" data-settings=\"{&quot;id&quot;:&quot;#bdt-post-gallerydf29299&quot;,&quot;tilt_show&quot;:false,&quot;tilt_scale&quot;:false}\">\n\n\t\t\t\t\t\t<div class=\"bdt-gallery-item bdt-transition-toggle bdt-width-1-1 bdt-width-1-2@s bdt-width-1-4@m\">\n\t\t\t<div >\n\t\t\t\t<div class=\"bdt-post-gallery-inner\">\n\t\t\t\t\t\t\t<div class=\"bdt-gallery-thumbnail\">\n\t\t\t<img loading=\"lazy\" decoding=\"async\" width=\"750\" height=\"529\" src=\"https:\/\/slovenianjewelryweek.com\/wp-content\/uploads\/2025\/02\/page-15_1.webp\" class=\"attachment-medium_large size-medium_large\" alt=\"Barbara McFadyen\" srcset=\"https:\/\/slovenianjewelryweek.com\/wp-content\/uploads\/2025\/02\/page-15_1.webp 750w, https:\/\/slovenianjewelryweek.com\/wp-content\/uploads\/2025\/02\/page-15_1-300x212.webp 300w\" sizes=\"auto, (max-width: 750px) 100vw, 750px\" \/>\t\t<\/div>\n\t\t\t\t<div class=\"bdt-position-cover bdt-overlay bdt-overlay-default bdt-transition-fade\">\n\t\t\t<div class=\"bdt-post-gallery-content\">\n\t\t\t\t<div class=\"bdt-gallery-content-inner\">\n\t\t\t\t\t\t\t\t\t\t\t<div class=\"bdt-flex-inline bdt-gallery-item-link-wrapper\">\n\t\t\t\t\t\t\t\t\t\t\t\t\t\t\t<a class=\"bdt-gallery-item-link bdt-gallery-lightbox-item bdt-link-icon\" data-elementor-open-lightbox=\"no\" data-caption=\"Barbara McFadyen\" href=\"https:\/\/slovenianjewelryweek.com\/wp-content\/uploads\/2025\/02\/page-15_1.webp\">\n\t\t\t\t\t\t\t\t\t\t\t\t\t\t\t\t\t\t\t<i class=\"ep-icon-plus\" aria-hidden=\"true\"><\/i>\n\t\t\t\t\t\t\t\t\t\t\t\t\t\t\t\t\t\t<\/a>\n\t\t\t\t\t\t\t\n\t\t\t\t\t\t\t\t\t\t\t\t\t\t\t\t\t\t\t\t\t\t\t<a class=\"bdt-gallery-item-link bdt-link-icon\"\n\t\t\t\t\t\t\t\t\thref=\"https:\/\/slovenianjewelryweek.com\/sl\/portfolio\/barbara-mcfadyen\/\" >\n\t\t\t\t\t\t\t\t\t\t\t\t\t\t\t\t\t\t\t<i class=\"ep-icon-link\" aria-hidden=\"true\"><\/i>\n\t\t\t\t\t\t\t\t\t\t\t\t\t\t\t\t\t\t<\/a>\n\t\t\t\t\t\t\t\t\t\t\t\t\t<\/div>\n\t\t\t\t\t\t\t\t\t<\/div>\n\t\t\t<\/div>\n\t\t<\/div>\n\t\t\t\t\t\t<\/div>\n\t\t\t\t\t\t<div class=\"bdt-post-gallery-skin-fedara-desc bdt-padding-small\">\n\t\t\t\t\t<a class=\"bdt-post-gallery-title-link\" href=\"https:\/\/slovenianjewelryweek.com\/sl\/portfolio\/barbara-mcfadyen\/\" >\n\t\t\t<h4 class=\"bdt-gallery-item-title bdt-margin-remove\">\n\t\t\t\tBarbara McFadyen\t\t\t<\/h4>\n\t\t<\/a>\n\t\t\t\t<\/div>\n\t\t\t\t\t<\/div>\n\t\t<\/div>\n\t\t\t\t<div class=\"bdt-gallery-item bdt-transition-toggle bdt-width-1-1 bdt-width-1-2@s bdt-width-1-4@m\">\n\t\t\t<div >\n\t\t\t\t<div class=\"bdt-post-gallery-inner\">\n\t\t\t\t\t\t\t<div class=\"bdt-gallery-thumbnail bdt-gallery-thumbnail\">\n\t\t\t<img loading=\"lazy\" decoding=\"async\" width=\"750\" height=\"500\" src=\"https:\/\/slovenianjewelryweek.com\/wp-content\/uploads\/2025\/02\/page-1_1.webp\" class=\"attachment-medium_large size-medium_large\" alt=\"Ben Cooke-Akaiwa\" srcset=\"https:\/\/slovenianjewelryweek.com\/wp-content\/uploads\/2025\/02\/page-1_1.webp 750w, https:\/\/slovenianjewelryweek.com\/wp-content\/uploads\/2025\/02\/page-1_1-300x200.webp 300w\" sizes=\"auto, (max-width: 750px) 100vw, 750px\" \/>\t\t<\/div>\n\t\t\t\t<div class=\"bdt-position-cover bdt-overlay bdt-overlay-default bdt-transition-fade\">\n\t\t\t<div class=\"bdt-post-gallery-content\">\n\t\t\t\t<div class=\"bdt-gallery-content-inner\">\n\t\t\t\t\t\t\t\t\t\t\t<div class=\"bdt-flex-inline bdt-gallery-item-link-wrapper\">\n\t\t\t\t\t\t\t\t\t\t\t\t\t\t\t<a class=\"bdt-gallery-item-link bdt-gallery-lightbox-item bdt-link-icon\" data-elementor-open-lightbox=\"no\" data-caption=\"Ben Cooke-Akaiwa\" href=\"https:\/\/slovenianjewelryweek.com\/wp-content\/uploads\/2025\/02\/page-1_1.webp\">\n\t\t\t\t\t\t\t\t\t\t\t\t\t\t\t\t\t\t\t<i class=\"ep-icon-plus\" aria-hidden=\"true\"><\/i>\n\t\t\t\t\t\t\t\t\t\t\t\t\t\t\t\t\t\t<\/a>\n\t\t\t\t\t\t\t\n\t\t\t\t\t\t\t\t\t\t\t\t\t\t\t\t\t\t\t\t\t\t\t<a class=\"bdt-gallery-item-link bdt-link-icon\"\n\t\t\t\t\t\t\t\t\thref=\"https:\/\/slovenianjewelryweek.com\/sl\/portfolio\/ben-cooke-akaiwa\/\" >\n\t\t\t\t\t\t\t\t\t\t\t\t\t\t\t\t\t\t\t<i class=\"ep-icon-link\" aria-hidden=\"true\"><\/i>\n\t\t\t\t\t\t\t\t\t\t\t\t\t\t\t\t\t\t<\/a>\n\t\t\t\t\t\t\t\t\t\t\t\t\t<\/div>\n\t\t\t\t\t\t\t\t\t<\/div>\n\t\t\t<\/div>\n\t\t<\/div>\n\t\t\t\t\t\t<\/div>\n\t\t\t\t\t\t<div class=\"bdt-post-gallery-skin-fedara-desc bdt-padding-small\">\n\t\t\t\t\t<a class=\"bdt-post-gallery-title-link\" href=\"https:\/\/slovenianjewelryweek.com\/sl\/portfolio\/ben-cooke-akaiwa\/\" >\n\t\t\t<h4 class=\"bdt-gallery-item-title bdt-margin-remove\">\n\t\t\t\tBen Cooke-Akaiwa\t\t\t<\/h4>\n\t\t<\/a>\n\t\t\t\t<\/div>\n\t\t\t\t\t<\/div>\n\t\t<\/div>\n\t\t\t\t<div class=\"bdt-gallery-item bdt-transition-toggle bdt-width-1-1 bdt-width-1-2@s bdt-width-1-4@m\">\n\t\t\t<div >\n\t\t\t\t<div class=\"bdt-post-gallery-inner\">\n\t\t\t\t\t\t\t<div class=\"bdt-gallery-thumbnail bdt-gallery-thumbnail bdt-gallery-thumbnail\">\n\t\t\t<img loading=\"lazy\" decoding=\"async\" width=\"768\" height=\"769\" src=\"https:\/\/slovenianjewelryweek.com\/wp-content\/uploads\/2025\/02\/Cathy-Timbrell-1-768x769.webp\" class=\"attachment-medium_large size-medium_large\" alt=\"Cathy Timbrell\" srcset=\"https:\/\/slovenianjewelryweek.com\/wp-content\/uploads\/2025\/02\/Cathy-Timbrell-1-768x769.webp 768w, https:\/\/slovenianjewelryweek.com\/wp-content\/uploads\/2025\/02\/Cathy-Timbrell-1-300x300.webp 300w, https:\/\/slovenianjewelryweek.com\/wp-content\/uploads\/2025\/02\/Cathy-Timbrell-1-150x150.webp 150w, https:\/\/slovenianjewelryweek.com\/wp-content\/uploads\/2025\/02\/Cathy-Timbrell-1.webp 1000w\" sizes=\"auto, (max-width: 768px) 100vw, 768px\" \/>\t\t<\/div>\n\t\t\t\t<div class=\"bdt-position-cover bdt-overlay bdt-overlay-default bdt-transition-fade\">\n\t\t\t<div class=\"bdt-post-gallery-content\">\n\t\t\t\t<div class=\"bdt-gallery-content-inner\">\n\t\t\t\t\t\t\t\t\t\t\t<div class=\"bdt-flex-inline bdt-gallery-item-link-wrapper\">\n\t\t\t\t\t\t\t\t\t\t\t\t\t\t\t<a class=\"bdt-gallery-item-link bdt-gallery-lightbox-item bdt-link-icon\" data-elementor-open-lightbox=\"no\" data-caption=\"Cathy Timbrell\" href=\"https:\/\/slovenianjewelryweek.com\/wp-content\/uploads\/2025\/02\/Cathy-Timbrell-1.webp\">\n\t\t\t\t\t\t\t\t\t\t\t\t\t\t\t\t\t\t\t<i class=\"ep-icon-plus\" aria-hidden=\"true\"><\/i>\n\t\t\t\t\t\t\t\t\t\t\t\t\t\t\t\t\t\t<\/a>\n\t\t\t\t\t\t\t\n\t\t\t\t\t\t\t\t\t\t\t\t\t\t\t\t\t\t\t\t\t\t\t<a class=\"bdt-gallery-item-link bdt-link-icon\"\n\t\t\t\t\t\t\t\t\thref=\"https:\/\/slovenianjewelryweek.com\/sl\/portfolio\/cathy-timbrell\/\" >\n\t\t\t\t\t\t\t\t\t\t\t\t\t\t\t\t\t\t\t<i class=\"ep-icon-link\" aria-hidden=\"true\"><\/i>\n\t\t\t\t\t\t\t\t\t\t\t\t\t\t\t\t\t\t<\/a>\n\t\t\t\t\t\t\t\t\t\t\t\t\t<\/div>\n\t\t\t\t\t\t\t\t\t<\/div>\n\t\t\t<\/div>\n\t\t<\/div>\n\t\t\t\t\t\t<\/div>\n\t\t\t\t\t\t<div class=\"bdt-post-gallery-skin-fedara-desc bdt-padding-small\">\n\t\t\t\t\t<a class=\"bdt-post-gallery-title-link\" href=\"https:\/\/slovenianjewelryweek.com\/sl\/portfolio\/cathy-timbrell\/\" >\n\t\t\t<h4 class=\"bdt-gallery-item-title bdt-margin-remove\">\n\t\t\t\tCathy Timbrell\t\t\t<\/h4>\n\t\t<\/a>\n\t\t\t\t<\/div>\n\t\t\t\t\t<\/div>\n\t\t<\/div>\n\t\t\t\t<div class=\"bdt-gallery-item bdt-transition-toggle bdt-width-1-1 bdt-width-1-2@s bdt-width-1-4@m\">\n\t\t\t<div >\n\t\t\t\t<div class=\"bdt-post-gallery-inner\">\n\t\t\t\t\t\t\t<div class=\"bdt-gallery-thumbnail bdt-gallery-thumbnail bdt-gallery-thumbnail bdt-gallery-thumbnail\">\n\t\t\t<img loading=\"lazy\" decoding=\"async\" width=\"768\" height=\"576\" src=\"https:\/\/slovenianjewelryweek.com\/wp-content\/uploads\/2025\/02\/page-9_2-768x576.webp\" class=\"attachment-medium_large size-medium_large\" alt=\"Courtney DiMare\" srcset=\"https:\/\/slovenianjewelryweek.com\/wp-content\/uploads\/2025\/02\/page-9_2-768x576.webp 768w, https:\/\/slovenianjewelryweek.com\/wp-content\/uploads\/2025\/02\/page-9_2-300x225.webp 300w, https:\/\/slovenianjewelryweek.com\/wp-content\/uploads\/2025\/02\/page-9_2.webp 1000w\" sizes=\"auto, (max-width: 768px) 100vw, 768px\" \/>\t\t<\/div>\n\t\t\t\t<div class=\"bdt-position-cover bdt-overlay bdt-overlay-default bdt-transition-fade\">\n\t\t\t<div class=\"bdt-post-gallery-content\">\n\t\t\t\t<div class=\"bdt-gallery-content-inner\">\n\t\t\t\t\t\t\t\t\t\t\t<div class=\"bdt-flex-inline bdt-gallery-item-link-wrapper\">\n\t\t\t\t\t\t\t\t\t\t\t\t\t\t\t<a class=\"bdt-gallery-item-link bdt-gallery-lightbox-item bdt-link-icon\" data-elementor-open-lightbox=\"no\" data-caption=\"Courtney DiMare\" href=\"https:\/\/slovenianjewelryweek.com\/wp-content\/uploads\/2025\/02\/page-9_2.webp\">\n\t\t\t\t\t\t\t\t\t\t\t\t\t\t\t\t\t\t\t<i class=\"ep-icon-plus\" aria-hidden=\"true\"><\/i>\n\t\t\t\t\t\t\t\t\t\t\t\t\t\t\t\t\t\t<\/a>\n\t\t\t\t\t\t\t\n\t\t\t\t\t\t\t\t\t\t\t\t\t\t\t\t\t\t\t\t\t\t\t<a class=\"bdt-gallery-item-link bdt-link-icon\"\n\t\t\t\t\t\t\t\t\thref=\"https:\/\/slovenianjewelryweek.com\/sl\/portfolio\/courtney-dimare\/\" >\n\t\t\t\t\t\t\t\t\t\t\t\t\t\t\t\t\t\t\t<i class=\"ep-icon-link\" aria-hidden=\"true\"><\/i>\n\t\t\t\t\t\t\t\t\t\t\t\t\t\t\t\t\t\t<\/a>\n\t\t\t\t\t\t\t\t\t\t\t\t\t<\/div>\n\t\t\t\t\t\t\t\t\t<\/div>\n\t\t\t<\/div>\n\t\t<\/div>\n\t\t\t\t\t\t<\/div>\n\t\t\t\t\t\t<div class=\"bdt-post-gallery-skin-fedara-desc bdt-padding-small\">\n\t\t\t\t\t<a class=\"bdt-post-gallery-title-link\" href=\"https:\/\/slovenianjewelryweek.com\/sl\/portfolio\/courtney-dimare\/\" >\n\t\t\t<h4 class=\"bdt-gallery-item-title bdt-margin-remove\">\n\t\t\t\tCourtney DiMare\t\t\t<\/h4>\n\t\t<\/a>\n\t\t\t\t<\/div>\n\t\t\t\t\t<\/div>\n\t\t<\/div>\n\t\t\t\t<div class=\"bdt-gallery-item bdt-transition-toggle bdt-width-1-1 bdt-width-1-2@s bdt-width-1-4@m\">\n\t\t\t<div >\n\t\t\t\t<div class=\"bdt-post-gallery-inner\">\n\t\t\t\t\t\t\t<div class=\"bdt-gallery-thumbnail bdt-gallery-thumbnail bdt-gallery-thumbnail bdt-gallery-thumbnail bdt-gallery-thumbnail\">\n\t\t\t<img loading=\"lazy\" decoding=\"async\" width=\"768\" height=\"514\" src=\"https:\/\/slovenianjewelryweek.com\/wp-content\/uploads\/2025\/02\/Verdancy-copy-768x514.webp\" class=\"attachment-medium_large size-medium_large\" alt=\"Daniel DiCaprio\" srcset=\"https:\/\/slovenianjewelryweek.com\/wp-content\/uploads\/2025\/02\/Verdancy-copy-768x514.webp 768w, https:\/\/slovenianjewelryweek.com\/wp-content\/uploads\/2025\/02\/Verdancy-copy-300x201.webp 300w, https:\/\/slovenianjewelryweek.com\/wp-content\/uploads\/2025\/02\/Verdancy-copy-1024x685.webp 1024w, https:\/\/slovenianjewelryweek.com\/wp-content\/uploads\/2025\/02\/Verdancy-copy.webp 1500w\" sizes=\"auto, (max-width: 768px) 100vw, 768px\" \/>\t\t<\/div>\n\t\t\t\t<div class=\"bdt-position-cover bdt-overlay bdt-overlay-default bdt-transition-fade\">\n\t\t\t<div class=\"bdt-post-gallery-content\">\n\t\t\t\t<div class=\"bdt-gallery-content-inner\">\n\t\t\t\t\t\t\t\t\t\t\t<div class=\"bdt-flex-inline bdt-gallery-item-link-wrapper\">\n\t\t\t\t\t\t\t\t\t\t\t\t\t\t\t<a class=\"bdt-gallery-item-link bdt-gallery-lightbox-item bdt-link-icon\" data-elementor-open-lightbox=\"no\" data-caption=\"Daniel DiCaprio\" href=\"https:\/\/slovenianjewelryweek.com\/wp-content\/uploads\/2025\/02\/Verdancy-copy.webp\">\n\t\t\t\t\t\t\t\t\t\t\t\t\t\t\t\t\t\t\t<i class=\"ep-icon-plus\" aria-hidden=\"true\"><\/i>\n\t\t\t\t\t\t\t\t\t\t\t\t\t\t\t\t\t\t<\/a>\n\t\t\t\t\t\t\t\n\t\t\t\t\t\t\t\t\t\t\t\t\t\t\t\t\t\t\t\t\t\t\t<a class=\"bdt-gallery-item-link bdt-link-icon\"\n\t\t\t\t\t\t\t\t\thref=\"https:\/\/slovenianjewelryweek.com\/sl\/portfolio\/daniel-dicaprio\/\" >\n\t\t\t\t\t\t\t\t\t\t\t\t\t\t\t\t\t\t\t<i class=\"ep-icon-link\" aria-hidden=\"true\"><\/i>\n\t\t\t\t\t\t\t\t\t\t\t\t\t\t\t\t\t\t<\/a>\n\t\t\t\t\t\t\t\t\t\t\t\t\t<\/div>\n\t\t\t\t\t\t\t\t\t<\/div>\n\t\t\t<\/div>\n\t\t<\/div>\n\t\t\t\t\t\t<\/div>\n\t\t\t\t\t\t<div class=\"bdt-post-gallery-skin-fedara-desc bdt-padding-small\">\n\t\t\t\t\t<a class=\"bdt-post-gallery-title-link\" href=\"https:\/\/slovenianjewelryweek.com\/sl\/portfolio\/daniel-dicaprio\/\" >\n\t\t\t<h4 class=\"bdt-gallery-item-title bdt-margin-remove\">\n\t\t\t\tDaniel DiCaprio\t\t\t<\/h4>\n\t\t<\/a>\n\t\t\t\t<\/div>\n\t\t\t\t\t<\/div>\n\t\t<\/div>\n\t\t\t\t<div class=\"bdt-gallery-item bdt-transition-toggle bdt-width-1-1 bdt-width-1-2@s bdt-width-1-4@m\">\n\t\t\t<div >\n\t\t\t\t<div class=\"bdt-post-gallery-inner\">\n\t\t\t\t\t\t\t<div class=\"bdt-gallery-thumbnail bdt-gallery-thumbnail bdt-gallery-thumbnail bdt-gallery-thumbnail bdt-gallery-thumbnail bdt-gallery-thumbnail\">\n\t\t\t<img loading=\"lazy\" decoding=\"async\" width=\"750\" height=\"848\" src=\"https:\/\/slovenianjewelryweek.com\/wp-content\/uploads\/2025\/02\/Finger-Easel.webp\" class=\"attachment-medium_large size-medium_large\" alt=\"Drew Baker\" srcset=\"https:\/\/slovenianjewelryweek.com\/wp-content\/uploads\/2025\/02\/Finger-Easel.webp 750w, https:\/\/slovenianjewelryweek.com\/wp-content\/uploads\/2025\/02\/Finger-Easel-265x300.webp 265w\" sizes=\"auto, (max-width: 750px) 100vw, 750px\" \/>\t\t<\/div>\n\t\t\t\t<div class=\"bdt-position-cover bdt-overlay bdt-overlay-default bdt-transition-fade\">\n\t\t\t<div class=\"bdt-post-gallery-content\">\n\t\t\t\t<div class=\"bdt-gallery-content-inner\">\n\t\t\t\t\t\t\t\t\t\t\t<div class=\"bdt-flex-inline bdt-gallery-item-link-wrapper\">\n\t\t\t\t\t\t\t\t\t\t\t\t\t\t\t<a class=\"bdt-gallery-item-link bdt-gallery-lightbox-item bdt-link-icon\" data-elementor-open-lightbox=\"no\" data-caption=\"Drew Baker\" href=\"https:\/\/slovenianjewelryweek.com\/wp-content\/uploads\/2025\/02\/Finger-Easel.webp\">\n\t\t\t\t\t\t\t\t\t\t\t\t\t\t\t\t\t\t\t<i class=\"ep-icon-plus\" aria-hidden=\"true\"><\/i>\n\t\t\t\t\t\t\t\t\t\t\t\t\t\t\t\t\t\t<\/a>\n\t\t\t\t\t\t\t\n\t\t\t\t\t\t\t\t\t\t\t\t\t\t\t\t\t\t\t\t\t\t\t<a class=\"bdt-gallery-item-link bdt-link-icon\"\n\t\t\t\t\t\t\t\t\thref=\"https:\/\/slovenianjewelryweek.com\/sl\/portfolio\/drew-baker\/\" >\n\t\t\t\t\t\t\t\t\t\t\t\t\t\t\t\t\t\t\t<i class=\"ep-icon-link\" aria-hidden=\"true\"><\/i>\n\t\t\t\t\t\t\t\t\t\t\t\t\t\t\t\t\t\t<\/a>\n\t\t\t\t\t\t\t\t\t\t\t\t\t<\/div>\n\t\t\t\t\t\t\t\t\t<\/div>\n\t\t\t<\/div>\n\t\t<\/div>\n\t\t\t\t\t\t<\/div>\n\t\t\t\t\t\t<div class=\"bdt-post-gallery-skin-fedara-desc bdt-padding-small\">\n\t\t\t\t\t<a class=\"bdt-post-gallery-title-link\" href=\"https:\/\/slovenianjewelryweek.com\/sl\/portfolio\/drew-baker\/\" >\n\t\t\t<h4 class=\"bdt-gallery-item-title bdt-margin-remove\">\n\t\t\t\tDrew Baker\t\t\t<\/h4>\n\t\t<\/a>\n\t\t\t\t<\/div>\n\t\t\t\t\t<\/div>\n\t\t<\/div>\n\t\t\t\t<div class=\"bdt-gallery-item bdt-transition-toggle bdt-width-1-1 bdt-width-1-2@s bdt-width-1-4@m\">\n\t\t\t<div >\n\t\t\t\t<div class=\"bdt-post-gallery-inner\">\n\t\t\t\t\t\t\t<div class=\"bdt-gallery-thumbnail bdt-gallery-thumbnail bdt-gallery-thumbnail bdt-gallery-thumbnail bdt-gallery-thumbnail bdt-gallery-thumbnail bdt-gallery-thumbnail\">\n\t\t\t<img loading=\"lazy\" decoding=\"async\" width=\"750\" height=\"563\" src=\"https:\/\/slovenianjewelryweek.com\/wp-content\/uploads\/2025\/02\/page-11_1.webp\" class=\"attachment-medium_large size-medium_large\" alt=\"Sarah Loch-Test\" srcset=\"https:\/\/slovenianjewelryweek.com\/wp-content\/uploads\/2025\/02\/page-11_1.webp 750w, https:\/\/slovenianjewelryweek.com\/wp-content\/uploads\/2025\/02\/page-11_1-300x225.webp 300w\" sizes=\"auto, (max-width: 750px) 100vw, 750px\" \/>\t\t<\/div>\n\t\t\t\t<div class=\"bdt-position-cover bdt-overlay bdt-overlay-default bdt-transition-fade\">\n\t\t\t<div class=\"bdt-post-gallery-content\">\n\t\t\t\t<div class=\"bdt-gallery-content-inner\">\n\t\t\t\t\t\t\t\t\t\t\t<div class=\"bdt-flex-inline bdt-gallery-item-link-wrapper\">\n\t\t\t\t\t\t\t\t\t\t\t\t\t\t\t<a class=\"bdt-gallery-item-link bdt-gallery-lightbox-item bdt-link-icon\" data-elementor-open-lightbox=\"no\" data-caption=\"Sarah Loch-Test\" href=\"https:\/\/slovenianjewelryweek.com\/wp-content\/uploads\/2025\/02\/page-11_1.webp\">\n\t\t\t\t\t\t\t\t\t\t\t\t\t\t\t\t\t\t\t<i class=\"ep-icon-plus\" aria-hidden=\"true\"><\/i>\n\t\t\t\t\t\t\t\t\t\t\t\t\t\t\t\t\t\t<\/a>\n\t\t\t\t\t\t\t\n\t\t\t\t\t\t\t\t\t\t\t\t\t\t\t\t\t\t\t\t\t\t\t<a class=\"bdt-gallery-item-link bdt-link-icon\"\n\t\t\t\t\t\t\t\t\thref=\"https:\/\/slovenianjewelryweek.com\/sl\/portfolio\/sarah-loch-test\/\" >\n\t\t\t\t\t\t\t\t\t\t\t\t\t\t\t\t\t\t\t<i class=\"ep-icon-link\" aria-hidden=\"true\"><\/i>\n\t\t\t\t\t\t\t\t\t\t\t\t\t\t\t\t\t\t<\/a>\n\t\t\t\t\t\t\t\t\t\t\t\t\t<\/div>\n\t\t\t\t\t\t\t\t\t<\/div>\n\t\t\t<\/div>\n\t\t<\/div>\n\t\t\t\t\t\t<\/div>\n\t\t\t\t\t\t<div class=\"bdt-post-gallery-skin-fedara-desc bdt-padding-small\">\n\t\t\t\t\t<a class=\"bdt-post-gallery-title-link\" href=\"https:\/\/slovenianjewelryweek.com\/sl\/portfolio\/sarah-loch-test\/\" >\n\t\t\t<h4 class=\"bdt-gallery-item-title bdt-margin-remove\">\n\t\t\t\tSarah Loch-Test\t\t\t<\/h4>\n\t\t<\/a>\n\t\t\t\t<\/div>\n\t\t\t\t\t<\/div>\n\t\t<\/div>\n\t\t\t\t<div class=\"bdt-gallery-item bdt-transition-toggle bdt-width-1-1 bdt-width-1-2@s bdt-width-1-4@m\">\n\t\t\t<div >\n\t\t\t\t<div class=\"bdt-post-gallery-inner\">\n\t\t\t\t\t\t\t<div class=\"bdt-gallery-thumbnail bdt-gallery-thumbnail bdt-gallery-thumbnail bdt-gallery-thumbnail bdt-gallery-thumbnail bdt-gallery-thumbnail bdt-gallery-thumbnail bdt-gallery-thumbnail\">\n\t\t\t<img loading=\"lazy\" decoding=\"async\" width=\"768\" height=\"512\" src=\"https:\/\/slovenianjewelryweek.com\/wp-content\/uploads\/2025\/02\/Memento_Wang-768x512.jpg\" class=\"attachment-medium_large size-medium_large\" alt=\"Sishi Wang\" srcset=\"https:\/\/slovenianjewelryweek.com\/wp-content\/uploads\/2025\/02\/Memento_Wang-768x512.jpg 768w, https:\/\/slovenianjewelryweek.com\/wp-content\/uploads\/2025\/02\/Memento_Wang-300x200.jpg 300w, https:\/\/slovenianjewelryweek.com\/wp-content\/uploads\/2025\/02\/Memento_Wang-1024x683.jpg 1024w, https:\/\/slovenianjewelryweek.com\/wp-content\/uploads\/2025\/02\/Memento_Wang.jpg 1500w\" sizes=\"auto, (max-width: 768px) 100vw, 768px\" \/>\t\t<\/div>\n\t\t\t\t<div class=\"bdt-position-cover bdt-overlay bdt-overlay-default bdt-transition-fade\">\n\t\t\t<div class=\"bdt-post-gallery-content\">\n\t\t\t\t<div class=\"bdt-gallery-content-inner\">\n\t\t\t\t\t\t\t\t\t\t\t<div class=\"bdt-flex-inline bdt-gallery-item-link-wrapper\">\n\t\t\t\t\t\t\t\t\t\t\t\t\t\t\t<a class=\"bdt-gallery-item-link bdt-gallery-lightbox-item bdt-link-icon\" data-elementor-open-lightbox=\"no\" data-caption=\"Sishi Wang\" href=\"https:\/\/slovenianjewelryweek.com\/wp-content\/uploads\/2025\/02\/Memento_Wang.jpg\">\n\t\t\t\t\t\t\t\t\t\t\t\t\t\t\t\t\t\t\t<i class=\"ep-icon-plus\" aria-hidden=\"true\"><\/i>\n\t\t\t\t\t\t\t\t\t\t\t\t\t\t\t\t\t\t<\/a>\n\t\t\t\t\t\t\t\n\t\t\t\t\t\t\t\t\t\t\t\t\t\t\t\t\t\t\t\t\t\t\t<a class=\"bdt-gallery-item-link bdt-link-icon\"\n\t\t\t\t\t\t\t\t\thref=\"https:\/\/slovenianjewelryweek.com\/sl\/portfolio\/sishi-wang\/\" >\n\t\t\t\t\t\t\t\t\t\t\t\t\t\t\t\t\t\t\t<i class=\"ep-icon-link\" aria-hidden=\"true\"><\/i>\n\t\t\t\t\t\t\t\t\t\t\t\t\t\t\t\t\t\t<\/a>\n\t\t\t\t\t\t\t\t\t\t\t\t\t<\/div>\n\t\t\t\t\t\t\t\t\t<\/div>\n\t\t\t<\/div>\n\t\t<\/div>\n\t\t\t\t\t\t<\/div>\n\t\t\t\t\t\t<div class=\"bdt-post-gallery-skin-fedara-desc bdt-padding-small\">\n\t\t\t\t\t<a class=\"bdt-post-gallery-title-link\" href=\"https:\/\/slovenianjewelryweek.com\/sl\/portfolio\/sishi-wang\/\" >\n\t\t\t<h4 class=\"bdt-gallery-item-title bdt-margin-remove\">\n\t\t\t\tSishi Wang\t\t\t<\/h4>\n\t\t<\/a>\n\t\t\t\t<\/div>\n\t\t\t\t\t<\/div>\n\t\t<\/div>\n\t\t\t\t<div class=\"bdt-gallery-item bdt-transition-toggle bdt-width-1-1 bdt-width-1-2@s bdt-width-1-4@m\">\n\t\t\t<div >\n\t\t\t\t<div class=\"bdt-post-gallery-inner\">\n\t\t\t\t\t\t\t<div class=\"bdt-gallery-thumbnail bdt-gallery-thumbnail bdt-gallery-thumbnail bdt-gallery-thumbnail bdt-gallery-thumbnail bdt-gallery-thumbnail bdt-gallery-thumbnail bdt-gallery-thumbnail bdt-gallery-thumbnail\">\n\t\t\t<img loading=\"lazy\" decoding=\"async\" width=\"750\" height=\"750\" src=\"https:\/\/slovenianjewelryweek.com\/wp-content\/uploads\/2025\/02\/page-13_1.webp\" class=\"attachment-medium_large size-medium_large\" alt=\"Susan Mannion\" srcset=\"https:\/\/slovenianjewelryweek.com\/wp-content\/uploads\/2025\/02\/page-13_1.webp 750w, https:\/\/slovenianjewelryweek.com\/wp-content\/uploads\/2025\/02\/page-13_1-300x300.webp 300w, https:\/\/slovenianjewelryweek.com\/wp-content\/uploads\/2025\/02\/page-13_1-150x150.webp 150w\" sizes=\"auto, (max-width: 750px) 100vw, 750px\" \/>\t\t<\/div>\n\t\t\t\t<div class=\"bdt-position-cover bdt-overlay bdt-overlay-default bdt-transition-fade\">\n\t\t\t<div class=\"bdt-post-gallery-content\">\n\t\t\t\t<div class=\"bdt-gallery-content-inner\">\n\t\t\t\t\t\t\t\t\t\t\t<div class=\"bdt-flex-inline bdt-gallery-item-link-wrapper\">\n\t\t\t\t\t\t\t\t\t\t\t\t\t\t\t<a class=\"bdt-gallery-item-link bdt-gallery-lightbox-item bdt-link-icon\" data-elementor-open-lightbox=\"no\" data-caption=\"Susan Mannion\" href=\"https:\/\/slovenianjewelryweek.com\/wp-content\/uploads\/2025\/02\/page-13_1.webp\">\n\t\t\t\t\t\t\t\t\t\t\t\t\t\t\t\t\t\t\t<i class=\"ep-icon-plus\" aria-hidden=\"true\"><\/i>\n\t\t\t\t\t\t\t\t\t\t\t\t\t\t\t\t\t\t<\/a>\n\t\t\t\t\t\t\t\n\t\t\t\t\t\t\t\t\t\t\t\t\t\t\t\t\t\t\t\t\t\t\t<a class=\"bdt-gallery-item-link bdt-link-icon\"\n\t\t\t\t\t\t\t\t\thref=\"https:\/\/slovenianjewelryweek.com\/sl\/portfolio\/susan-mannion\/\" >\n\t\t\t\t\t\t\t\t\t\t\t\t\t\t\t\t\t\t\t<i class=\"ep-icon-link\" aria-hidden=\"true\"><\/i>\n\t\t\t\t\t\t\t\t\t\t\t\t\t\t\t\t\t\t<\/a>\n\t\t\t\t\t\t\t\t\t\t\t\t\t<\/div>\n\t\t\t\t\t\t\t\t\t<\/div>\n\t\t\t<\/div>\n\t\t<\/div>\n\t\t\t\t\t\t<\/div>\n\t\t\t\t\t\t<div class=\"bdt-post-gallery-skin-fedara-desc bdt-padding-small\">\n\t\t\t\t\t<a class=\"bdt-post-gallery-title-link\" href=\"https:\/\/slovenianjewelryweek.com\/sl\/portfolio\/susan-mannion\/\" >\n\t\t\t<h4 class=\"bdt-gallery-item-title bdt-margin-remove\">\n\t\t\t\tSusan Mannion\t\t\t<\/h4>\n\t\t<\/a>\n\t\t\t\t<\/div>\n\t\t\t\t\t<\/div>\n\t\t<\/div>\n\t\t\n\t\t\t<\/div>\n\t\t<\/div>\n\t\t\t\t\t\t<\/div>\n\t\t\t\t<\/div>\n\t\t\t\t\t<\/div>\n\t\t\t\t<\/div>\n\t\t\t\t<\/div>\n\t\t","protected":false},"excerpt":{"rendered":"<p>SLOVENSKI TEDEN NAKITA 2024 &#8211; GOSTJE The Plus One Collective Plus One Collective je mednarodna razstava, ki se osredoto\u010da na<\/p>\n","protected":false},"author":1,"featured_media":0,"parent":3171,"menu_order":0,"comment_status":"closed","ping_status":"closed","template":"","meta":{"iawp_total_views":7,"footnotes":""},"class_list":["post-3916","page","type-page","status-publish","hentry"],"yoast_head":"<!-- This site is optimized with the Yoast SEO plugin v27.2 - https:\/\/yoast.com\/product\/yoast-seo-wordpress\/ -->\n<title>The Plus One Collective - SIJW<\/title>\n<meta name=\"robots\" content=\"index, follow, max-snippet:-1, max-image-preview:large, max-video-preview:-1\" \/>\n<link rel=\"canonical\" href=\"https:\/\/slovenianjewelryweek.com\/sl\/sijw-2024\/gostje-2024\/the-plus-one-collective\/\" \/>\n<meta property=\"og:locale\" content=\"sl_SI\" \/>\n<meta property=\"og:type\" content=\"article\" \/>\n<meta property=\"og:title\" content=\"The Plus One Collective - SIJW\" \/>\n<meta property=\"og:description\" content=\"SLOVENSKI TEDEN NAKITA 2024 &#8211; GOSTJE The Plus One Collective Plus One Collective je mednarodna razstava, ki se osredoto\u010da na\" \/>\n<meta property=\"og:url\" content=\"https:\/\/slovenianjewelryweek.com\/sl\/sijw-2024\/gostje-2024\/the-plus-one-collective\/\" \/>\n<meta property=\"og:site_name\" content=\"SIJW\" \/>\n<meta property=\"article:modified_time\" content=\"2025-02-04T22:33:18+00:00\" \/>\n<meta property=\"og:image\" content=\"https:\/\/slovenianjewelryweek.com\/wp-content\/uploads\/2025\/02\/page-15_1.webp\" \/>\n<meta name=\"twitter:card\" content=\"summary_large_image\" \/>\n<meta name=\"twitter:label1\" content=\"Est. reading time\" \/>\n\t<meta name=\"twitter:data1\" content=\"1 minuta\" \/>\n<script type=\"application\/ld+json\" class=\"yoast-schema-graph\">{\"@context\":\"https:\/\/schema.org\",\"@graph\":[{\"@type\":\"WebPage\",\"@id\":\"https:\/\/slovenianjewelryweek.com\/sl\/sijw-2024\/gostje-2024\/the-plus-one-collective\/\",\"url\":\"https:\/\/slovenianjewelryweek.com\/sl\/sijw-2024\/gostje-2024\/the-plus-one-collective\/\",\"name\":\"The Plus One Collective - SIJW\",\"isPartOf\":{\"@id\":\"https:\/\/slovenianjewelryweek.com\/sl\/#website\"},\"primaryImageOfPage\":{\"@id\":\"https:\/\/slovenianjewelryweek.com\/sl\/sijw-2024\/gostje-2024\/the-plus-one-collective\/#primaryimage\"},\"image\":{\"@id\":\"https:\/\/slovenianjewelryweek.com\/sl\/sijw-2024\/gostje-2024\/the-plus-one-collective\/#primaryimage\"},\"thumbnailUrl\":\"https:\/\/slovenianjewelryweek.com\/wp-content\/uploads\/2025\/02\/page-15_1.webp\",\"datePublished\":\"2025-02-04T22:07:41+00:00\",\"dateModified\":\"2025-02-04T22:33:18+00:00\",\"breadcrumb\":{\"@id\":\"https:\/\/slovenianjewelryweek.com\/sl\/sijw-2024\/gostje-2024\/the-plus-one-collective\/#breadcrumb\"},\"inLanguage\":\"sl-SI\",\"potentialAction\":[{\"@type\":\"ReadAction\",\"target\":[\"https:\/\/slovenianjewelryweek.com\/sl\/sijw-2024\/gostje-2024\/the-plus-one-collective\/\"]}]},{\"@type\":\"ImageObject\",\"inLanguage\":\"sl-SI\",\"@id\":\"https:\/\/slovenianjewelryweek.com\/sl\/sijw-2024\/gostje-2024\/the-plus-one-collective\/#primaryimage\",\"url\":\"https:\/\/slovenianjewelryweek.com\/wp-content\/uploads\/2025\/02\/page-15_1.webp\",\"contentUrl\":\"https:\/\/slovenianjewelryweek.com\/wp-content\/uploads\/2025\/02\/page-15_1.webp\"},{\"@type\":\"BreadcrumbList\",\"@id\":\"https:\/\/slovenianjewelryweek.com\/sl\/sijw-2024\/gostje-2024\/the-plus-one-collective\/#breadcrumb\",\"itemListElement\":[{\"@type\":\"ListItem\",\"position\":1,\"name\":\"Home\",\"item\":\"https:\/\/slovenianjewelryweek.com\/sl\/\"},{\"@type\":\"ListItem\",\"position\":2,\"name\":\"SIJW 2024\",\"item\":\"https:\/\/slovenianjewelryweek.com\/sl\/sijw-2024\/\"},{\"@type\":\"ListItem\",\"position\":3,\"name\":\"Gostje 2024\",\"item\":\"https:\/\/slovenianjewelryweek.com\/sl\/sijw-2024\/guests-2024\/\"},{\"@type\":\"ListItem\",\"position\":4,\"name\":\"The Plus One Collective\"}]},{\"@type\":\"WebSite\",\"@id\":\"https:\/\/slovenianjewelryweek.com\/sl\/#website\",\"url\":\"https:\/\/slovenianjewelryweek.com\/sl\/\",\"name\":\"SIJW\",\"description\":\"\",\"potentialAction\":[{\"@type\":\"SearchAction\",\"target\":{\"@type\":\"EntryPoint\",\"urlTemplate\":\"https:\/\/slovenianjewelryweek.com\/sl\/?s={search_term_string}\"},\"query-input\":{\"@type\":\"PropertyValueSpecification\",\"valueRequired\":true,\"valueName\":\"search_term_string\"}}],\"inLanguage\":\"sl-SI\"}]}<\/script>\n<!-- \/ Yoast SEO plugin. -->","yoast_head_json":{"title":"The Plus One Collective - SIJW","robots":{"index":"index","follow":"follow","max-snippet":"max-snippet:-1","max-image-preview":"max-image-preview:large","max-video-preview":"max-video-preview:-1"},"canonical":"https:\/\/slovenianjewelryweek.com\/sl\/sijw-2024\/gostje-2024\/the-plus-one-collective\/","og_locale":"sl_SI","og_type":"article","og_title":"The Plus One Collective - SIJW","og_description":"SLOVENSKI TEDEN NAKITA 2024 &#8211; GOSTJE The Plus One Collective Plus One Collective je mednarodna razstava, ki se osredoto\u010da na","og_url":"https:\/\/slovenianjewelryweek.com\/sl\/sijw-2024\/gostje-2024\/the-plus-one-collective\/","og_site_name":"SIJW","article_modified_time":"2025-02-04T22:33:18+00:00","og_image":[{"url":"https:\/\/slovenianjewelryweek.com\/wp-content\/uploads\/2025\/02\/page-15_1.webp","type":"","width":"","height":""}],"twitter_card":"summary_large_image","twitter_misc":{"Est. reading time":"1 minuta"},"schema":{"@context":"https:\/\/schema.org","@graph":[{"@type":"WebPage","@id":"https:\/\/slovenianjewelryweek.com\/sl\/sijw-2024\/gostje-2024\/the-plus-one-collective\/","url":"https:\/\/slovenianjewelryweek.com\/sl\/sijw-2024\/gostje-2024\/the-plus-one-collective\/","name":"The Plus One Collective - SIJW","isPartOf":{"@id":"https:\/\/slovenianjewelryweek.com\/sl\/#website"},"primaryImageOfPage":{"@id":"https:\/\/slovenianjewelryweek.com\/sl\/sijw-2024\/gostje-2024\/the-plus-one-collective\/#primaryimage"},"image":{"@id":"https:\/\/slovenianjewelryweek.com\/sl\/sijw-2024\/gostje-2024\/the-plus-one-collective\/#primaryimage"},"thumbnailUrl":"https:\/\/slovenianjewelryweek.com\/wp-content\/uploads\/2025\/02\/page-15_1.webp","datePublished":"2025-02-04T22:07:41+00:00","dateModified":"2025-02-04T22:33:18+00:00","breadcrumb":{"@id":"https:\/\/slovenianjewelryweek.com\/sl\/sijw-2024\/gostje-2024\/the-plus-one-collective\/#breadcrumb"},"inLanguage":"sl-SI","potentialAction":[{"@type":"ReadAction","target":["https:\/\/slovenianjewelryweek.com\/sl\/sijw-2024\/gostje-2024\/the-plus-one-collective\/"]}]},{"@type":"ImageObject","inLanguage":"sl-SI","@id":"https:\/\/slovenianjewelryweek.com\/sl\/sijw-2024\/gostje-2024\/the-plus-one-collective\/#primaryimage","url":"https:\/\/slovenianjewelryweek.com\/wp-content\/uploads\/2025\/02\/page-15_1.webp","contentUrl":"https:\/\/slovenianjewelryweek.com\/wp-content\/uploads\/2025\/02\/page-15_1.webp"},{"@type":"BreadcrumbList","@id":"https:\/\/slovenianjewelryweek.com\/sl\/sijw-2024\/gostje-2024\/the-plus-one-collective\/#breadcrumb","itemListElement":[{"@type":"ListItem","position":1,"name":"Home","item":"https:\/\/slovenianjewelryweek.com\/sl\/"},{"@type":"ListItem","position":2,"name":"SIJW 2024","item":"https:\/\/slovenianjewelryweek.com\/sl\/sijw-2024\/"},{"@type":"ListItem","position":3,"name":"Gostje 2024","item":"https:\/\/slovenianjewelryweek.com\/sl\/sijw-2024\/guests-2024\/"},{"@type":"ListItem","position":4,"name":"The Plus One Collective"}]},{"@type":"WebSite","@id":"https:\/\/slovenianjewelryweek.com\/sl\/#website","url":"https:\/\/slovenianjewelryweek.com\/sl\/","name":"SIJW","description":"","potentialAction":[{"@type":"SearchAction","target":{"@type":"EntryPoint","urlTemplate":"https:\/\/slovenianjewelryweek.com\/sl\/?s={search_term_string}"},"query-input":{"@type":"PropertyValueSpecification","valueRequired":true,"valueName":"search_term_string"}}],"inLanguage":"sl-SI"}]}},"_links":{"self":[{"href":"https:\/\/slovenianjewelryweek.com\/sl\/wp-json\/wp\/v2\/pages\/3916","targetHints":{"allow":["GET"]}}],"collection":[{"href":"https:\/\/slovenianjewelryweek.com\/sl\/wp-json\/wp\/v2\/pages"}],"about":[{"href":"https:\/\/slovenianjewelryweek.com\/sl\/wp-json\/wp\/v2\/types\/page"}],"author":[{"embeddable":true,"href":"https:\/\/slovenianjewelryweek.com\/sl\/wp-json\/wp\/v2\/users\/1"}],"replies":[{"embeddable":true,"href":"https:\/\/slovenianjewelryweek.com\/sl\/wp-json\/wp\/v2\/comments?post=3916"}],"version-history":[{"count":5,"href":"https:\/\/slovenianjewelryweek.com\/sl\/wp-json\/wp\/v2\/pages\/3916\/revisions"}],"predecessor-version":[{"id":3935,"href":"https:\/\/slovenianjewelryweek.com\/sl\/wp-json\/wp\/v2\/pages\/3916\/revisions\/3935"}],"up":[{"embeddable":true,"href":"https:\/\/slovenianjewelryweek.com\/sl\/wp-json\/wp\/v2\/pages\/3171"}],"wp:attachment":[{"href":"https:\/\/slovenianjewelryweek.com\/sl\/wp-json\/wp\/v2\/media?parent=3916"}],"curies":[{"name":"wp","href":"https:\/\/api.w.org\/{rel}","templated":true}]}}