{"id":3164,"date":"2024-11-07T07:28:56","date_gmt":"2024-11-07T07:28:56","guid":{"rendered":"https:\/\/slovenianjewelryweek.com\/romanian-jewellery-week-2024\/"},"modified":"2024-11-07T09:17:19","modified_gmt":"2024-11-07T09:17:19","slug":"romanian-jewellery-week-2024","status":"publish","type":"page","link":"https:\/\/slovenianjewelryweek.com\/sl\/sijw-2024\/gostje-2024\/romanian-jewellery-week-2024\/","title":{"rendered":"Romanian Jewellery Week 2024"},"content":{"rendered":"\t\t<div data-elementor-type=\"wp-page\" data-elementor-id=\"3164\" class=\"elementor elementor-3164 elementor-3083\">\n\t\t\t\t<div class=\"wd-negative-gap elementor-element elementor-element-4a5f32b e-flex e-con-boxed e-con e-parent\" data-id=\"4a5f32b\" data-element_type=\"container\" data-e-type=\"container\">\n\t\t\t\t\t<div class=\"e-con-inner\">\n\t\t<div class=\"elementor-element elementor-element-8939698 e-con-full e-flex e-con e-child\" data-id=\"8939698\" data-element_type=\"container\" data-e-type=\"container\">\n\t\t\t\t<div class=\"elementor-element elementor-element-249cb4c wd-width-100 elementor-widget elementor-widget-wd_title\" data-id=\"249cb4c\" data-element_type=\"widget\" data-e-type=\"widget\" data-widget_type=\"wd_title.default\">\n\t\t\t\t<div class=\"elementor-widget-container\">\n\t\t\t\t\t\t\t<div class=\"title-wrapper wd-set-mb reset-last-child wd-title-color-default wd-title-style-default wd-title-size-extra-large text-center\">\n\n\t\t\t\t\t\t\t\t\t\t\t<div class=\"title-subtitle subtitle-color-default subtitle-style-default wd-fontsize-m\">\n\t\t\t\t\tSLOVENIAN JEWELRY WEEK 2024 - GUEST\t\t\t\t<\/div>\n\t\t\t\n\t\t\t<div class=\"liner-continer\">\n\t\t\t\t<h1 class=\"woodmart-title-container title wd-fontsize-xxxl wd-underline-colored\">Romanian Jewellery Week<\/h1> \n\t\t\t\t\t\t\t<\/div>\n\n\t\t\t\t\t<\/div>\n\t\t\t\t\t\t<\/div>\n\t\t\t\t<\/div>\n\t\t\t\t<\/div>\n\t\t\t\t\t<\/div>\n\t\t\t\t<\/div>\n\t\t<div class=\"wd-negative-gap elementor-element elementor-element-0de2884 e-flex e-con-boxed e-con e-parent\" data-id=\"0de2884\" data-element_type=\"container\" data-e-type=\"container\">\n\t\t\t\t\t<div class=\"e-con-inner\">\n\t\t<div class=\"elementor-element elementor-element-da2f7cc e-con-full e-flex e-con e-child\" data-id=\"da2f7cc\" data-element_type=\"container\" data-e-type=\"container\">\n\t\t\t\t<div class=\"elementor-element elementor-element-33604ec elementor-widget elementor-widget-wd_text_block\" data-id=\"33604ec\" data-element_type=\"widget\" data-e-type=\"widget\" data-widget_type=\"wd_text_block.default\">\n\t\t\t\t<div class=\"elementor-widget-container\">\n\t\t\t\t\t\t\t<div class=\"wd-text-block reset-last-child text-left\">\n\t\t\t\n\t\t\t<p>Romunski teden nakita je najve\u010dji mednarodni dogodek v Romuniji, posve\u010den sodobnemu nakitu, ki ga od leta 2020 organizira nacionalno zdru\u017eenje za nakit Assamblage. Dogodek, vklju\u010den v mednarodni zemljevid in koledar mednarodnih tednov nakita, vsako leto v oktobru sprejme ve\u010d kot 200 oblikovalcev in kolektivov z vsega sveta na praznovanje nakita z razstavami, sejmi, delavnicami, konferencami in vodenimi ogledi na ve\u010d kulturnih lokacijah po Bukare\u0161ti.<\/p>\n\t\t\t\t\t<\/div>\n\t\t\t\t\t\t<\/div>\n\t\t\t\t<\/div>\n\t\t\t\t<\/div>\n\t\t<div class=\"elementor-element elementor-element-c765482 e-con-full e-flex e-con e-child\" data-id=\"c765482\" data-element_type=\"container\" data-e-type=\"container\">\n\t\t\t\t<div class=\"elementor-element elementor-element-d269a1e elementor-widget elementor-widget-wd_text_block\" data-id=\"d269a1e\" data-element_type=\"widget\" data-e-type=\"widget\" data-widget_type=\"wd_text_block.default\">\n\t\t\t\t<div class=\"elementor-widget-container\">\n\t\t\t\t\t\t\t<div class=\"wd-text-block reset-last-child text-left\">\n\t\t\t\n\t\t\t<p>Kolektiv romunskega tedna nakita bo na SJW2024 predstavil 9 oblikovalcev, dejavnih na podro\u010dju sodobnega nakita, z izborom del, ki z razli\u010dnimi materiali, koncepti in tehnikami odra\u017eajo temo SENSATIONS.<\/p>\n\t\t\t\t\t<\/div>\n\t\t\t\t\t\t<\/div>\n\t\t\t\t<\/div>\n\t\t\t\t<\/div>\n\t\t\t\t\t<\/div>\n\t\t\t\t<\/div>\n\t\t<div class=\"wd-negative-gap elementor-element elementor-element-9030313 e-flex e-con-boxed e-con e-parent\" data-id=\"9030313\" data-element_type=\"container\" data-e-type=\"container\">\n\t\t\t\t\t<div class=\"e-con-inner\">\n\t\t\t\t<div class=\"elementor-element elementor-element-df29299 bdt-custom-gallery-skin-fedara-style-center bdt-post-gallery-skin-fedara-style-center elementor-widget elementor-widget-bdt-post-gallery\" data-id=\"df29299\" data-element_type=\"widget\" data-e-type=\"widget\" data-settings=\"{&quot;columns&quot;:&quot;4&quot;,&quot;columns_tablet&quot;:&quot;2&quot;,&quot;columns_mobile&quot;:&quot;1&quot;}\" data-widget_type=\"bdt-post-gallery.bdt-fedara\">\n\t\t\t\t<div class=\"elementor-widget-container\">\n\t\t\t\t\t\t\t<div class=\"bdt-post-gallery-wrapper\">\n\n\t\t\t\t\t\t<div id=\"bdt-post-gallerydf29299\" class=\"bdt-post-gallery bdt-ep-grid-filter-container bdt-post-gallery-skin-fedara bdt-grid bdt-grid-medium\" data-bdt-grid=\"\" data-bdt-lightbox=\"toggle: .bdt-gallery-lightbox-item; animation:slide;\" data-settings=\"{&quot;id&quot;:&quot;#bdt-post-gallerydf29299&quot;,&quot;tilt_show&quot;:false,&quot;tilt_scale&quot;:false}\">\n\n\t\t\t\t\t\t<div class=\"bdt-gallery-item bdt-transition-toggle bdt-width-1-1 bdt-width-1-2@s bdt-width-1-4@m\">\n\t\t\t<div >\n\t\t\t\t<div class=\"bdt-post-gallery-inner\">\n\t\t\t\t\t\t\t<div class=\"bdt-gallery-thumbnail\">\n\t\t\t<img loading=\"lazy\" decoding=\"async\" width=\"750\" height=\"750\" src=\"https:\/\/slovenianjewelryweek.com\/wp-content\/uploads\/2024\/11\/CARA__eNclosure__Fragments_Necklace_2024.jpg\" class=\"attachment-medium_large size-medium_large\" alt=\"CARA\" srcset=\"https:\/\/slovenianjewelryweek.com\/wp-content\/uploads\/2024\/11\/CARA__eNclosure__Fragments_Necklace_2024.jpg 750w, https:\/\/slovenianjewelryweek.com\/wp-content\/uploads\/2024\/11\/CARA__eNclosure__Fragments_Necklace_2024-300x300.jpg 300w, https:\/\/slovenianjewelryweek.com\/wp-content\/uploads\/2024\/11\/CARA__eNclosure__Fragments_Necklace_2024-150x150.jpg 150w\" sizes=\"auto, (max-width: 750px) 100vw, 750px\" \/>\t\t<\/div>\n\t\t\t\t<div class=\"bdt-position-cover bdt-overlay bdt-overlay-default bdt-transition-fade\">\n\t\t\t<div class=\"bdt-post-gallery-content\">\n\t\t\t\t<div class=\"bdt-gallery-content-inner\">\n\t\t\t\t\t\t\t\t\t\t\t<div class=\"bdt-flex-inline bdt-gallery-item-link-wrapper\">\n\t\t\t\t\t\t\t\t\t\t\t\t\t\t\t<a class=\"bdt-gallery-item-link bdt-gallery-lightbox-item bdt-link-icon\" data-elementor-open-lightbox=\"no\" data-caption=\"CARA\" href=\"https:\/\/slovenianjewelryweek.com\/wp-content\/uploads\/2024\/11\/CARA__eNclosure__Fragments_Necklace_2024.jpg\">\n\t\t\t\t\t\t\t\t\t\t\t\t\t\t\t\t\t\t\t<i class=\"ep-icon-plus\" aria-hidden=\"true\"><\/i>\n\t\t\t\t\t\t\t\t\t\t\t\t\t\t\t\t\t\t<\/a>\n\t\t\t\t\t\t\t\n\t\t\t\t\t\t\t\t\t\t\t\t\t\t\t\t\t\t\t\t\t\t\t<a class=\"bdt-gallery-item-link bdt-link-icon\"\n\t\t\t\t\t\t\t\t\thref=\"https:\/\/slovenianjewelryweek.com\/sl\/portfolio\/cara\/\" >\n\t\t\t\t\t\t\t\t\t\t\t\t\t\t\t\t\t\t\t<i class=\"ep-icon-link\" aria-hidden=\"true\"><\/i>\n\t\t\t\t\t\t\t\t\t\t\t\t\t\t\t\t\t\t<\/a>\n\t\t\t\t\t\t\t\t\t\t\t\t\t<\/div>\n\t\t\t\t\t\t\t\t\t<\/div>\n\t\t\t<\/div>\n\t\t<\/div>\n\t\t\t\t\t\t<\/div>\n\t\t\t\t\t\t<div class=\"bdt-post-gallery-skin-fedara-desc bdt-padding-small\">\n\t\t\t\t\t<a class=\"bdt-post-gallery-title-link\" href=\"https:\/\/slovenianjewelryweek.com\/sl\/portfolio\/cara\/\" >\n\t\t\t<h4 class=\"bdt-gallery-item-title bdt-margin-remove\">\n\t\t\t\tCARA\t\t\t<\/h4>\n\t\t<\/a>\n\t\t\t\t<\/div>\n\t\t\t\t\t<\/div>\n\t\t<\/div>\n\t\t\t\t<div class=\"bdt-gallery-item bdt-transition-toggle bdt-width-1-1 bdt-width-1-2@s bdt-width-1-4@m\">\n\t\t\t<div >\n\t\t\t\t<div class=\"bdt-post-gallery-inner\">\n\t\t\t\t\t\t\t<div class=\"bdt-gallery-thumbnail bdt-gallery-thumbnail\">\n\t\t\t<img loading=\"lazy\" decoding=\"async\" width=\"750\" height=\"750\" src=\"https:\/\/slovenianjewelryweek.com\/wp-content\/uploads\/2024\/11\/Cleopatra_Cosulet_TERRARIUM_Earrings_higher-temperature-light-color.jpg\" class=\"attachment-medium_large size-medium_large\" alt=\"Cleopatra Cosulet\" srcset=\"https:\/\/slovenianjewelryweek.com\/wp-content\/uploads\/2024\/11\/Cleopatra_Cosulet_TERRARIUM_Earrings_higher-temperature-light-color.jpg 750w, https:\/\/slovenianjewelryweek.com\/wp-content\/uploads\/2024\/11\/Cleopatra_Cosulet_TERRARIUM_Earrings_higher-temperature-light-color-300x300.jpg 300w, https:\/\/slovenianjewelryweek.com\/wp-content\/uploads\/2024\/11\/Cleopatra_Cosulet_TERRARIUM_Earrings_higher-temperature-light-color-150x150.jpg 150w\" sizes=\"auto, (max-width: 750px) 100vw, 750px\" \/>\t\t<\/div>\n\t\t\t\t<div class=\"bdt-position-cover bdt-overlay bdt-overlay-default bdt-transition-fade\">\n\t\t\t<div class=\"bdt-post-gallery-content\">\n\t\t\t\t<div class=\"bdt-gallery-content-inner\">\n\t\t\t\t\t\t\t\t\t\t\t<div class=\"bdt-flex-inline bdt-gallery-item-link-wrapper\">\n\t\t\t\t\t\t\t\t\t\t\t\t\t\t\t<a class=\"bdt-gallery-item-link bdt-gallery-lightbox-item bdt-link-icon\" data-elementor-open-lightbox=\"no\" data-caption=\"Cleopatra Cosulet\" href=\"https:\/\/slovenianjewelryweek.com\/wp-content\/uploads\/2024\/11\/Cleopatra_Cosulet_TERRARIUM_Earrings_higher-temperature-light-color.jpg\">\n\t\t\t\t\t\t\t\t\t\t\t\t\t\t\t\t\t\t\t<i class=\"ep-icon-plus\" aria-hidden=\"true\"><\/i>\n\t\t\t\t\t\t\t\t\t\t\t\t\t\t\t\t\t\t<\/a>\n\t\t\t\t\t\t\t\n\t\t\t\t\t\t\t\t\t\t\t\t\t\t\t\t\t\t\t\t\t\t\t<a class=\"bdt-gallery-item-link bdt-link-icon\"\n\t\t\t\t\t\t\t\t\thref=\"https:\/\/slovenianjewelryweek.com\/sl\/portfolio\/cleopatra-cosulet\/\" >\n\t\t\t\t\t\t\t\t\t\t\t\t\t\t\t\t\t\t\t<i class=\"ep-icon-link\" aria-hidden=\"true\"><\/i>\n\t\t\t\t\t\t\t\t\t\t\t\t\t\t\t\t\t\t<\/a>\n\t\t\t\t\t\t\t\t\t\t\t\t\t<\/div>\n\t\t\t\t\t\t\t\t\t<\/div>\n\t\t\t<\/div>\n\t\t<\/div>\n\t\t\t\t\t\t<\/div>\n\t\t\t\t\t\t<div class=\"bdt-post-gallery-skin-fedara-desc bdt-padding-small\">\n\t\t\t\t\t<a class=\"bdt-post-gallery-title-link\" href=\"https:\/\/slovenianjewelryweek.com\/sl\/portfolio\/cleopatra-cosulet\/\" >\n\t\t\t<h4 class=\"bdt-gallery-item-title bdt-margin-remove\">\n\t\t\t\tCleopatra Cosulet\t\t\t<\/h4>\n\t\t<\/a>\n\t\t\t\t<\/div>\n\t\t\t\t\t<\/div>\n\t\t<\/div>\n\t\t\t\t<div class=\"bdt-gallery-item bdt-transition-toggle bdt-width-1-1 bdt-width-1-2@s bdt-width-1-4@m\">\n\t\t\t<div >\n\t\t\t\t<div class=\"bdt-post-gallery-inner\">\n\t\t\t\t\t\t\t<div class=\"bdt-gallery-thumbnail bdt-gallery-thumbnail bdt-gallery-thumbnail\">\n\t\t\t<img loading=\"lazy\" decoding=\"async\" width=\"750\" height=\"500\" src=\"https:\/\/slovenianjewelryweek.com\/wp-content\/uploads\/2024\/11\/Contemporia_Ioana_Streza_Kaolin_Anima_brooche.jpg\" class=\"attachment-medium_large size-medium_large\" alt=\"Contemporia\" srcset=\"https:\/\/slovenianjewelryweek.com\/wp-content\/uploads\/2024\/11\/Contemporia_Ioana_Streza_Kaolin_Anima_brooche.jpg 750w, https:\/\/slovenianjewelryweek.com\/wp-content\/uploads\/2024\/11\/Contemporia_Ioana_Streza_Kaolin_Anima_brooche-300x200.jpg 300w\" sizes=\"auto, (max-width: 750px) 100vw, 750px\" \/>\t\t<\/div>\n\t\t\t\t<div class=\"bdt-position-cover bdt-overlay bdt-overlay-default bdt-transition-fade\">\n\t\t\t<div class=\"bdt-post-gallery-content\">\n\t\t\t\t<div class=\"bdt-gallery-content-inner\">\n\t\t\t\t\t\t\t\t\t\t\t<div class=\"bdt-flex-inline bdt-gallery-item-link-wrapper\">\n\t\t\t\t\t\t\t\t\t\t\t\t\t\t\t<a class=\"bdt-gallery-item-link bdt-gallery-lightbox-item bdt-link-icon\" data-elementor-open-lightbox=\"no\" data-caption=\"Contemporia\" href=\"https:\/\/slovenianjewelryweek.com\/wp-content\/uploads\/2024\/11\/Contemporia_Ioana_Streza_Kaolin_Anima_brooche.jpg\">\n\t\t\t\t\t\t\t\t\t\t\t\t\t\t\t\t\t\t\t<i class=\"ep-icon-plus\" aria-hidden=\"true\"><\/i>\n\t\t\t\t\t\t\t\t\t\t\t\t\t\t\t\t\t\t<\/a>\n\t\t\t\t\t\t\t\n\t\t\t\t\t\t\t\t\t\t\t\t\t\t\t\t\t\t\t\t\t\t\t<a class=\"bdt-gallery-item-link bdt-link-icon\"\n\t\t\t\t\t\t\t\t\thref=\"https:\/\/slovenianjewelryweek.com\/sl\/portfolio\/contemporia\/\" >\n\t\t\t\t\t\t\t\t\t\t\t\t\t\t\t\t\t\t\t<i class=\"ep-icon-link\" aria-hidden=\"true\"><\/i>\n\t\t\t\t\t\t\t\t\t\t\t\t\t\t\t\t\t\t<\/a>\n\t\t\t\t\t\t\t\t\t\t\t\t\t<\/div>\n\t\t\t\t\t\t\t\t\t<\/div>\n\t\t\t<\/div>\n\t\t<\/div>\n\t\t\t\t\t\t<\/div>\n\t\t\t\t\t\t<div class=\"bdt-post-gallery-skin-fedara-desc bdt-padding-small\">\n\t\t\t\t\t<a class=\"bdt-post-gallery-title-link\" href=\"https:\/\/slovenianjewelryweek.com\/sl\/portfolio\/contemporia\/\" >\n\t\t\t<h4 class=\"bdt-gallery-item-title bdt-margin-remove\">\n\t\t\t\tContemporia\t\t\t<\/h4>\n\t\t<\/a>\n\t\t\t\t<\/div>\n\t\t\t\t\t<\/div>\n\t\t<\/div>\n\t\t\t\t<div class=\"bdt-gallery-item bdt-transition-toggle bdt-width-1-1 bdt-width-1-2@s bdt-width-1-4@m\">\n\t\t\t<div >\n\t\t\t\t<div class=\"bdt-post-gallery-inner\">\n\t\t\t\t\t\t\t<div class=\"bdt-gallery-thumbnail bdt-gallery-thumbnail bdt-gallery-thumbnail bdt-gallery-thumbnail\">\n\t\t\t<img loading=\"lazy\" decoding=\"async\" width=\"750\" height=\"543\" src=\"https:\/\/slovenianjewelryweek.com\/wp-content\/uploads\/2024\/11\/Cziko-ValentinaBody-Language-collection2024earrings-.jpeg\" class=\"attachment-medium_large size-medium_large\" alt=\"Cziko Valentina\" srcset=\"https:\/\/slovenianjewelryweek.com\/wp-content\/uploads\/2024\/11\/Cziko-ValentinaBody-Language-collection2024earrings-.jpeg 750w, https:\/\/slovenianjewelryweek.com\/wp-content\/uploads\/2024\/11\/Cziko-ValentinaBody-Language-collection2024earrings--300x217.jpeg 300w\" sizes=\"auto, (max-width: 750px) 100vw, 750px\" \/>\t\t<\/div>\n\t\t\t\t<div class=\"bdt-position-cover bdt-overlay bdt-overlay-default bdt-transition-fade\">\n\t\t\t<div class=\"bdt-post-gallery-content\">\n\t\t\t\t<div class=\"bdt-gallery-content-inner\">\n\t\t\t\t\t\t\t\t\t\t\t<div class=\"bdt-flex-inline bdt-gallery-item-link-wrapper\">\n\t\t\t\t\t\t\t\t\t\t\t\t\t\t\t<a class=\"bdt-gallery-item-link bdt-gallery-lightbox-item bdt-link-icon\" data-elementor-open-lightbox=\"no\" data-caption=\"Cziko Valentina\" href=\"https:\/\/slovenianjewelryweek.com\/wp-content\/uploads\/2024\/11\/Cziko-ValentinaBody-Language-collection2024earrings-.jpeg\">\n\t\t\t\t\t\t\t\t\t\t\t\t\t\t\t\t\t\t\t<i class=\"ep-icon-plus\" aria-hidden=\"true\"><\/i>\n\t\t\t\t\t\t\t\t\t\t\t\t\t\t\t\t\t\t<\/a>\n\t\t\t\t\t\t\t\n\t\t\t\t\t\t\t\t\t\t\t\t\t\t\t\t\t\t\t\t\t\t\t<a class=\"bdt-gallery-item-link bdt-link-icon\"\n\t\t\t\t\t\t\t\t\thref=\"https:\/\/slovenianjewelryweek.com\/sl\/portfolio\/cziko-valentina\/\" >\n\t\t\t\t\t\t\t\t\t\t\t\t\t\t\t\t\t\t\t<i class=\"ep-icon-link\" aria-hidden=\"true\"><\/i>\n\t\t\t\t\t\t\t\t\t\t\t\t\t\t\t\t\t\t<\/a>\n\t\t\t\t\t\t\t\t\t\t\t\t\t<\/div>\n\t\t\t\t\t\t\t\t\t<\/div>\n\t\t\t<\/div>\n\t\t<\/div>\n\t\t\t\t\t\t<\/div>\n\t\t\t\t\t\t<div class=\"bdt-post-gallery-skin-fedara-desc bdt-padding-small\">\n\t\t\t\t\t<a class=\"bdt-post-gallery-title-link\" href=\"https:\/\/slovenianjewelryweek.com\/sl\/portfolio\/cziko-valentina\/\" >\n\t\t\t<h4 class=\"bdt-gallery-item-title bdt-margin-remove\">\n\t\t\t\tCziko Valentina\t\t\t<\/h4>\n\t\t<\/a>\n\t\t\t\t<\/div>\n\t\t\t\t\t<\/div>\n\t\t<\/div>\n\t\t\t\t<div class=\"bdt-gallery-item bdt-transition-toggle bdt-width-1-1 bdt-width-1-2@s bdt-width-1-4@m\">\n\t\t\t<div >\n\t\t\t\t<div class=\"bdt-post-gallery-inner\">\n\t\t\t\t\t\t\t<div class=\"bdt-gallery-thumbnail bdt-gallery-thumbnail bdt-gallery-thumbnail bdt-gallery-thumbnail bdt-gallery-thumbnail\">\n\t\t\t<img loading=\"lazy\" decoding=\"async\" width=\"750\" height=\"750\" src=\"https:\/\/slovenianjewelryweek.com\/wp-content\/uploads\/2024\/11\/Kalita-Jewelry-Fairy-flowers-Silver-ring-plated-with-24k-gold-and-white-rhodium-amethyst-stone-and-rhodolites.jpeg\" class=\"attachment-medium_large size-medium_large\" alt=\"Igor Kalita\" srcset=\"https:\/\/slovenianjewelryweek.com\/wp-content\/uploads\/2024\/11\/Kalita-Jewelry-Fairy-flowers-Silver-ring-plated-with-24k-gold-and-white-rhodium-amethyst-stone-and-rhodolites.jpeg 750w, https:\/\/slovenianjewelryweek.com\/wp-content\/uploads\/2024\/11\/Kalita-Jewelry-Fairy-flowers-Silver-ring-plated-with-24k-gold-and-white-rhodium-amethyst-stone-and-rhodolites-300x300.jpeg 300w, https:\/\/slovenianjewelryweek.com\/wp-content\/uploads\/2024\/11\/Kalita-Jewelry-Fairy-flowers-Silver-ring-plated-with-24k-gold-and-white-rhodium-amethyst-stone-and-rhodolites-150x150.jpeg 150w\" sizes=\"auto, (max-width: 750px) 100vw, 750px\" \/>\t\t<\/div>\n\t\t\t\t<div class=\"bdt-position-cover bdt-overlay bdt-overlay-default bdt-transition-fade\">\n\t\t\t<div class=\"bdt-post-gallery-content\">\n\t\t\t\t<div class=\"bdt-gallery-content-inner\">\n\t\t\t\t\t\t\t\t\t\t\t<div class=\"bdt-flex-inline bdt-gallery-item-link-wrapper\">\n\t\t\t\t\t\t\t\t\t\t\t\t\t\t\t<a class=\"bdt-gallery-item-link bdt-gallery-lightbox-item bdt-link-icon\" data-elementor-open-lightbox=\"no\" data-caption=\"Igor Kalita\" href=\"https:\/\/slovenianjewelryweek.com\/wp-content\/uploads\/2024\/11\/Kalita-Jewelry-Fairy-flowers-Silver-ring-plated-with-24k-gold-and-white-rhodium-amethyst-stone-and-rhodolites.jpeg\">\n\t\t\t\t\t\t\t\t\t\t\t\t\t\t\t\t\t\t\t<i class=\"ep-icon-plus\" aria-hidden=\"true\"><\/i>\n\t\t\t\t\t\t\t\t\t\t\t\t\t\t\t\t\t\t<\/a>\n\t\t\t\t\t\t\t\n\t\t\t\t\t\t\t\t\t\t\t\t\t\t\t\t\t\t\t\t\t\t\t<a class=\"bdt-gallery-item-link bdt-link-icon\"\n\t\t\t\t\t\t\t\t\thref=\"https:\/\/slovenianjewelryweek.com\/sl\/portfolio\/igor-kalita\/\" >\n\t\t\t\t\t\t\t\t\t\t\t\t\t\t\t\t\t\t\t<i class=\"ep-icon-link\" aria-hidden=\"true\"><\/i>\n\t\t\t\t\t\t\t\t\t\t\t\t\t\t\t\t\t\t<\/a>\n\t\t\t\t\t\t\t\t\t\t\t\t\t<\/div>\n\t\t\t\t\t\t\t\t\t<\/div>\n\t\t\t<\/div>\n\t\t<\/div>\n\t\t\t\t\t\t<\/div>\n\t\t\t\t\t\t<div class=\"bdt-post-gallery-skin-fedara-desc bdt-padding-small\">\n\t\t\t\t\t<a class=\"bdt-post-gallery-title-link\" href=\"https:\/\/slovenianjewelryweek.com\/sl\/portfolio\/igor-kalita\/\" >\n\t\t\t<h4 class=\"bdt-gallery-item-title bdt-margin-remove\">\n\t\t\t\tIgor Kalita\t\t\t<\/h4>\n\t\t<\/a>\n\t\t\t\t<\/div>\n\t\t\t\t\t<\/div>\n\t\t<\/div>\n\t\t\t\t<div class=\"bdt-gallery-item bdt-transition-toggle bdt-width-1-1 bdt-width-1-2@s bdt-width-1-4@m\">\n\t\t\t<div >\n\t\t\t\t<div class=\"bdt-post-gallery-inner\">\n\t\t\t\t\t\t\t<div class=\"bdt-gallery-thumbnail bdt-gallery-thumbnail bdt-gallery-thumbnail bdt-gallery-thumbnail bdt-gallery-thumbnail bdt-gallery-thumbnail\">\n\t\t\t<img loading=\"lazy\" decoding=\"async\" width=\"750\" height=\"1000\" src=\"https:\/\/slovenianjewelryweek.com\/wp-content\/uploads\/2024\/11\/Maria-Paltin_-earrings-porcelain-crystal-pyrite-sterling-silver.jpg\" class=\"attachment-medium_large size-medium_large\" alt=\"Maria Paltin\" srcset=\"https:\/\/slovenianjewelryweek.com\/wp-content\/uploads\/2024\/11\/Maria-Paltin_-earrings-porcelain-crystal-pyrite-sterling-silver.jpg 750w, https:\/\/slovenianjewelryweek.com\/wp-content\/uploads\/2024\/11\/Maria-Paltin_-earrings-porcelain-crystal-pyrite-sterling-silver-225x300.jpg 225w\" sizes=\"auto, (max-width: 750px) 100vw, 750px\" \/>\t\t<\/div>\n\t\t\t\t<div class=\"bdt-position-cover bdt-overlay bdt-overlay-default bdt-transition-fade\">\n\t\t\t<div class=\"bdt-post-gallery-content\">\n\t\t\t\t<div class=\"bdt-gallery-content-inner\">\n\t\t\t\t\t\t\t\t\t\t\t<div class=\"bdt-flex-inline bdt-gallery-item-link-wrapper\">\n\t\t\t\t\t\t\t\t\t\t\t\t\t\t\t<a class=\"bdt-gallery-item-link bdt-gallery-lightbox-item bdt-link-icon\" data-elementor-open-lightbox=\"no\" data-caption=\"Maria Paltin\" href=\"https:\/\/slovenianjewelryweek.com\/wp-content\/uploads\/2024\/11\/Maria-Paltin_-earrings-porcelain-crystal-pyrite-sterling-silver.jpg\">\n\t\t\t\t\t\t\t\t\t\t\t\t\t\t\t\t\t\t\t<i class=\"ep-icon-plus\" aria-hidden=\"true\"><\/i>\n\t\t\t\t\t\t\t\t\t\t\t\t\t\t\t\t\t\t<\/a>\n\t\t\t\t\t\t\t\n\t\t\t\t\t\t\t\t\t\t\t\t\t\t\t\t\t\t\t\t\t\t\t<a class=\"bdt-gallery-item-link bdt-link-icon\"\n\t\t\t\t\t\t\t\t\thref=\"https:\/\/slovenianjewelryweek.com\/sl\/portfolio\/maria-paltin\/\" >\n\t\t\t\t\t\t\t\t\t\t\t\t\t\t\t\t\t\t\t<i class=\"ep-icon-link\" aria-hidden=\"true\"><\/i>\n\t\t\t\t\t\t\t\t\t\t\t\t\t\t\t\t\t\t<\/a>\n\t\t\t\t\t\t\t\t\t\t\t\t\t<\/div>\n\t\t\t\t\t\t\t\t\t<\/div>\n\t\t\t<\/div>\n\t\t<\/div>\n\t\t\t\t\t\t<\/div>\n\t\t\t\t\t\t<div class=\"bdt-post-gallery-skin-fedara-desc bdt-padding-small\">\n\t\t\t\t\t<a class=\"bdt-post-gallery-title-link\" href=\"https:\/\/slovenianjewelryweek.com\/sl\/portfolio\/maria-paltin\/\" >\n\t\t\t<h4 class=\"bdt-gallery-item-title bdt-margin-remove\">\n\t\t\t\tMaria Paltin\t\t\t<\/h4>\n\t\t<\/a>\n\t\t\t\t<\/div>\n\t\t\t\t\t<\/div>\n\t\t<\/div>\n\t\t\t\t<div class=\"bdt-gallery-item bdt-transition-toggle bdt-width-1-1 bdt-width-1-2@s bdt-width-1-4@m\">\n\t\t\t<div >\n\t\t\t\t<div class=\"bdt-post-gallery-inner\">\n\t\t\t\t\t\t\t<div class=\"bdt-gallery-thumbnail bdt-gallery-thumbnail bdt-gallery-thumbnail bdt-gallery-thumbnail bdt-gallery-thumbnail bdt-gallery-thumbnail bdt-gallery-thumbnail\">\n\t\t\t<img loading=\"lazy\" decoding=\"async\" width=\"640\" height=\"640\" src=\"https:\/\/slovenianjewelryweek.com\/wp-content\/uploads\/2024\/11\/Beneficial-noastalgia-2.jpg\" class=\"attachment-medium_large size-medium_large\" alt=\"Mihaela Caravan\" srcset=\"https:\/\/slovenianjewelryweek.com\/wp-content\/uploads\/2024\/11\/Beneficial-noastalgia-2.jpg 640w, https:\/\/slovenianjewelryweek.com\/wp-content\/uploads\/2024\/11\/Beneficial-noastalgia-2-300x300.jpg 300w, https:\/\/slovenianjewelryweek.com\/wp-content\/uploads\/2024\/11\/Beneficial-noastalgia-2-150x150.jpg 150w\" sizes=\"auto, (max-width: 640px) 100vw, 640px\" \/>\t\t<\/div>\n\t\t\t\t<div class=\"bdt-position-cover bdt-overlay bdt-overlay-default bdt-transition-fade\">\n\t\t\t<div class=\"bdt-post-gallery-content\">\n\t\t\t\t<div class=\"bdt-gallery-content-inner\">\n\t\t\t\t\t\t\t\t\t\t\t<div class=\"bdt-flex-inline bdt-gallery-item-link-wrapper\">\n\t\t\t\t\t\t\t\t\t\t\t\t\t\t\t<a class=\"bdt-gallery-item-link bdt-gallery-lightbox-item bdt-link-icon\" data-elementor-open-lightbox=\"no\" data-caption=\"Mihaela Caravan\" href=\"https:\/\/slovenianjewelryweek.com\/wp-content\/uploads\/2024\/11\/Beneficial-noastalgia-2.jpg\">\n\t\t\t\t\t\t\t\t\t\t\t\t\t\t\t\t\t\t\t<i class=\"ep-icon-plus\" aria-hidden=\"true\"><\/i>\n\t\t\t\t\t\t\t\t\t\t\t\t\t\t\t\t\t\t<\/a>\n\t\t\t\t\t\t\t\n\t\t\t\t\t\t\t\t\t\t\t\t\t\t\t\t\t\t\t\t\t\t\t<a class=\"bdt-gallery-item-link bdt-link-icon\"\n\t\t\t\t\t\t\t\t\thref=\"https:\/\/slovenianjewelryweek.com\/sl\/portfolio\/mihaela-caravan\/\" >\n\t\t\t\t\t\t\t\t\t\t\t\t\t\t\t\t\t\t\t<i class=\"ep-icon-link\" aria-hidden=\"true\"><\/i>\n\t\t\t\t\t\t\t\t\t\t\t\t\t\t\t\t\t\t<\/a>\n\t\t\t\t\t\t\t\t\t\t\t\t\t<\/div>\n\t\t\t\t\t\t\t\t\t<\/div>\n\t\t\t<\/div>\n\t\t<\/div>\n\t\t\t\t\t\t<\/div>\n\t\t\t\t\t\t<div class=\"bdt-post-gallery-skin-fedara-desc bdt-padding-small\">\n\t\t\t\t\t<a class=\"bdt-post-gallery-title-link\" href=\"https:\/\/slovenianjewelryweek.com\/sl\/portfolio\/mihaela-caravan\/\" >\n\t\t\t<h4 class=\"bdt-gallery-item-title bdt-margin-remove\">\n\t\t\t\tMihaela Caravan\t\t\t<\/h4>\n\t\t<\/a>\n\t\t\t\t<\/div>\n\t\t\t\t\t<\/div>\n\t\t<\/div>\n\t\t\t\t<div class=\"bdt-gallery-item bdt-transition-toggle bdt-width-1-1 bdt-width-1-2@s bdt-width-1-4@m\">\n\t\t\t<div >\n\t\t\t\t<div class=\"bdt-post-gallery-inner\">\n\t\t\t\t\t\t\t<div class=\"bdt-gallery-thumbnail bdt-gallery-thumbnail bdt-gallery-thumbnail bdt-gallery-thumbnail bdt-gallery-thumbnail bdt-gallery-thumbnail bdt-gallery-thumbnail bdt-gallery-thumbnail\">\n\t\t\t<img loading=\"lazy\" decoding=\"async\" width=\"750\" height=\"1124\" src=\"https:\/\/slovenianjewelryweek.com\/wp-content\/uploads\/2024\/11\/Mihaela_Ciocalteu_The-wheat-field_Earrings-2.2-Pure-silver-plated-with-22-k-Gold-keum-boo.jpg.jpg\" class=\"attachment-medium_large size-medium_large\" alt=\"Mihaela Ciocalteu\" srcset=\"https:\/\/slovenianjewelryweek.com\/wp-content\/uploads\/2024\/11\/Mihaela_Ciocalteu_The-wheat-field_Earrings-2.2-Pure-silver-plated-with-22-k-Gold-keum-boo.jpg.jpg 750w, https:\/\/slovenianjewelryweek.com\/wp-content\/uploads\/2024\/11\/Mihaela_Ciocalteu_The-wheat-field_Earrings-2.2-Pure-silver-plated-with-22-k-Gold-keum-boo.jpg-200x300.jpg 200w, https:\/\/slovenianjewelryweek.com\/wp-content\/uploads\/2024\/11\/Mihaela_Ciocalteu_The-wheat-field_Earrings-2.2-Pure-silver-plated-with-22-k-Gold-keum-boo.jpg-683x1024.jpg 683w\" sizes=\"auto, (max-width: 750px) 100vw, 750px\" \/>\t\t<\/div>\n\t\t\t\t<div class=\"bdt-position-cover bdt-overlay bdt-overlay-default bdt-transition-fade\">\n\t\t\t<div class=\"bdt-post-gallery-content\">\n\t\t\t\t<div class=\"bdt-gallery-content-inner\">\n\t\t\t\t\t\t\t\t\t\t\t<div class=\"bdt-flex-inline bdt-gallery-item-link-wrapper\">\n\t\t\t\t\t\t\t\t\t\t\t\t\t\t\t<a class=\"bdt-gallery-item-link bdt-gallery-lightbox-item bdt-link-icon\" data-elementor-open-lightbox=\"no\" data-caption=\"Mihaela Ciocalteu\" href=\"https:\/\/slovenianjewelryweek.com\/wp-content\/uploads\/2024\/11\/Mihaela_Ciocalteu_The-wheat-field_Earrings-2.2-Pure-silver-plated-with-22-k-Gold-keum-boo.jpg.jpg\">\n\t\t\t\t\t\t\t\t\t\t\t\t\t\t\t\t\t\t\t<i class=\"ep-icon-plus\" aria-hidden=\"true\"><\/i>\n\t\t\t\t\t\t\t\t\t\t\t\t\t\t\t\t\t\t<\/a>\n\t\t\t\t\t\t\t\n\t\t\t\t\t\t\t\t\t\t\t\t\t\t\t\t\t\t\t\t\t\t\t<a class=\"bdt-gallery-item-link bdt-link-icon\"\n\t\t\t\t\t\t\t\t\thref=\"https:\/\/slovenianjewelryweek.com\/sl\/portfolio\/mihaela-ciocalteu\/\" >\n\t\t\t\t\t\t\t\t\t\t\t\t\t\t\t\t\t\t\t<i class=\"ep-icon-link\" aria-hidden=\"true\"><\/i>\n\t\t\t\t\t\t\t\t\t\t\t\t\t\t\t\t\t\t<\/a>\n\t\t\t\t\t\t\t\t\t\t\t\t\t<\/div>\n\t\t\t\t\t\t\t\t\t<\/div>\n\t\t\t<\/div>\n\t\t<\/div>\n\t\t\t\t\t\t<\/div>\n\t\t\t\t\t\t<div class=\"bdt-post-gallery-skin-fedara-desc bdt-padding-small\">\n\t\t\t\t\t<a class=\"bdt-post-gallery-title-link\" href=\"https:\/\/slovenianjewelryweek.com\/sl\/portfolio\/mihaela-ciocalteu\/\" >\n\t\t\t<h4 class=\"bdt-gallery-item-title bdt-margin-remove\">\n\t\t\t\tMihaela Ciocalteu\t\t\t<\/h4>\n\t\t<\/a>\n\t\t\t\t<\/div>\n\t\t\t\t\t<\/div>\n\t\t<\/div>\n\t\t\t\t<div class=\"bdt-gallery-item bdt-transition-toggle bdt-width-1-1 bdt-width-1-2@s bdt-width-1-4@m\">\n\t\t\t<div >\n\t\t\t\t<div class=\"bdt-post-gallery-inner\">\n\t\t\t\t\t\t\t<div class=\"bdt-gallery-thumbnail bdt-gallery-thumbnail bdt-gallery-thumbnail bdt-gallery-thumbnail bdt-gallery-thumbnail bdt-gallery-thumbnail bdt-gallery-thumbnail bdt-gallery-thumbnail bdt-gallery-thumbnail\">\n\t\t\t<img loading=\"lazy\" decoding=\"async\" width=\"750\" height=\"499\" src=\"https:\/\/slovenianjewelryweek.com\/wp-content\/uploads\/2024\/11\/Popescu_Ramona_JapaneseGardenGold_ring-2.jpg\" class=\"attachment-medium_large size-medium_large\" alt=\"Ramona Florina Popescu\" srcset=\"https:\/\/slovenianjewelryweek.com\/wp-content\/uploads\/2024\/11\/Popescu_Ramona_JapaneseGardenGold_ring-2.jpg 750w, https:\/\/slovenianjewelryweek.com\/wp-content\/uploads\/2024\/11\/Popescu_Ramona_JapaneseGardenGold_ring-2-300x200.jpg 300w\" sizes=\"auto, (max-width: 750px) 100vw, 750px\" \/>\t\t<\/div>\n\t\t\t\t<div class=\"bdt-position-cover bdt-overlay bdt-overlay-default bdt-transition-fade\">\n\t\t\t<div class=\"bdt-post-gallery-content\">\n\t\t\t\t<div class=\"bdt-gallery-content-inner\">\n\t\t\t\t\t\t\t\t\t\t\t<div class=\"bdt-flex-inline bdt-gallery-item-link-wrapper\">\n\t\t\t\t\t\t\t\t\t\t\t\t\t\t\t<a class=\"bdt-gallery-item-link bdt-gallery-lightbox-item bdt-link-icon\" data-elementor-open-lightbox=\"no\" data-caption=\"Ramona Florina Popescu\" href=\"https:\/\/slovenianjewelryweek.com\/wp-content\/uploads\/2024\/11\/Popescu_Ramona_JapaneseGardenGold_ring-2.jpg\">\n\t\t\t\t\t\t\t\t\t\t\t\t\t\t\t\t\t\t\t<i class=\"ep-icon-plus\" aria-hidden=\"true\"><\/i>\n\t\t\t\t\t\t\t\t\t\t\t\t\t\t\t\t\t\t<\/a>\n\t\t\t\t\t\t\t\n\t\t\t\t\t\t\t\t\t\t\t\t\t\t\t\t\t\t\t\t\t\t\t<a class=\"bdt-gallery-item-link bdt-link-icon\"\n\t\t\t\t\t\t\t\t\thref=\"https:\/\/slovenianjewelryweek.com\/sl\/portfolio\/ramona-florina-popescu\/\" >\n\t\t\t\t\t\t\t\t\t\t\t\t\t\t\t\t\t\t\t<i class=\"ep-icon-link\" aria-hidden=\"true\"><\/i>\n\t\t\t\t\t\t\t\t\t\t\t\t\t\t\t\t\t\t<\/a>\n\t\t\t\t\t\t\t\t\t\t\t\t\t<\/div>\n\t\t\t\t\t\t\t\t\t<\/div>\n\t\t\t<\/div>\n\t\t<\/div>\n\t\t\t\t\t\t<\/div>\n\t\t\t\t\t\t<div class=\"bdt-post-gallery-skin-fedara-desc bdt-padding-small\">\n\t\t\t\t\t<a class=\"bdt-post-gallery-title-link\" href=\"https:\/\/slovenianjewelryweek.com\/sl\/portfolio\/ramona-florina-popescu\/\" >\n\t\t\t<h4 class=\"bdt-gallery-item-title bdt-margin-remove\">\n\t\t\t\tRamona Florina Popescu\t\t\t<\/h4>\n\t\t<\/a>\n\t\t\t\t<\/div>\n\t\t\t\t\t<\/div>\n\t\t<\/div>\n\t\t\t\t<div class=\"bdt-gallery-item bdt-transition-toggle bdt-width-1-1 bdt-width-1-2@s bdt-width-1-4@m\">\n\t\t\t<div >\n\t\t\t\t<div class=\"bdt-post-gallery-inner\">\n\t\t\t\t\t\t\t<div class=\"bdt-gallery-thumbnail bdt-gallery-thumbnail bdt-gallery-thumbnail bdt-gallery-thumbnail bdt-gallery-thumbnail bdt-gallery-thumbnail bdt-gallery-thumbnail bdt-gallery-thumbnail bdt-gallery-thumbnail bdt-gallery-thumbnail\">\n\t\t\t<img loading=\"lazy\" decoding=\"async\" width=\"750\" height=\"750\" src=\"https:\/\/slovenianjewelryweek.com\/wp-content\/uploads\/2024\/11\/logvin-brooch-SUNRISE-silver.jpg\" class=\"attachment-medium_large size-medium_large\" alt=\"Vadym Logvin\" srcset=\"https:\/\/slovenianjewelryweek.com\/wp-content\/uploads\/2024\/11\/logvin-brooch-SUNRISE-silver.jpg 750w, https:\/\/slovenianjewelryweek.com\/wp-content\/uploads\/2024\/11\/logvin-brooch-SUNRISE-silver-300x300.jpg 300w, https:\/\/slovenianjewelryweek.com\/wp-content\/uploads\/2024\/11\/logvin-brooch-SUNRISE-silver-150x150.jpg 150w\" sizes=\"auto, (max-width: 750px) 100vw, 750px\" \/>\t\t<\/div>\n\t\t\t\t<div class=\"bdt-position-cover bdt-overlay bdt-overlay-default bdt-transition-fade\">\n\t\t\t<div class=\"bdt-post-gallery-content\">\n\t\t\t\t<div class=\"bdt-gallery-content-inner\">\n\t\t\t\t\t\t\t\t\t\t\t<div class=\"bdt-flex-inline bdt-gallery-item-link-wrapper\">\n\t\t\t\t\t\t\t\t\t\t\t\t\t\t\t<a class=\"bdt-gallery-item-link bdt-gallery-lightbox-item bdt-link-icon\" data-elementor-open-lightbox=\"no\" data-caption=\"Vadym Logvin\" href=\"https:\/\/slovenianjewelryweek.com\/wp-content\/uploads\/2024\/11\/logvin-brooch-SUNRISE-silver.jpg\">\n\t\t\t\t\t\t\t\t\t\t\t\t\t\t\t\t\t\t\t<i class=\"ep-icon-plus\" aria-hidden=\"true\"><\/i>\n\t\t\t\t\t\t\t\t\t\t\t\t\t\t\t\t\t\t<\/a>\n\t\t\t\t\t\t\t\n\t\t\t\t\t\t\t\t\t\t\t\t\t\t\t\t\t\t\t\t\t\t\t<a class=\"bdt-gallery-item-link bdt-link-icon\"\n\t\t\t\t\t\t\t\t\thref=\"https:\/\/slovenianjewelryweek.com\/sl\/portfolio\/vadym-logvin\/\" >\n\t\t\t\t\t\t\t\t\t\t\t\t\t\t\t\t\t\t\t<i class=\"ep-icon-link\" aria-hidden=\"true\"><\/i>\n\t\t\t\t\t\t\t\t\t\t\t\t\t\t\t\t\t\t<\/a>\n\t\t\t\t\t\t\t\t\t\t\t\t\t<\/div>\n\t\t\t\t\t\t\t\t\t<\/div>\n\t\t\t<\/div>\n\t\t<\/div>\n\t\t\t\t\t\t<\/div>\n\t\t\t\t\t\t<div class=\"bdt-post-gallery-skin-fedara-desc bdt-padding-small\">\n\t\t\t\t\t<a class=\"bdt-post-gallery-title-link\" href=\"https:\/\/slovenianjewelryweek.com\/sl\/portfolio\/vadym-logvin\/\" >\n\t\t\t<h4 class=\"bdt-gallery-item-title bdt-margin-remove\">\n\t\t\t\tVadym Logvin\t\t\t<\/h4>\n\t\t<\/a>\n\t\t\t\t<\/div>\n\t\t\t\t\t<\/div>\n\t\t<\/div>\n\t\t\n\t\t\t<\/div>\n\t\t<\/div>\n\t\t\t\t\t\t<\/div>\n\t\t\t\t<\/div>\n\t\t\t\t\t<\/div>\n\t\t\t\t<\/div>\n\t\t\t\t<\/div>\n\t\t","protected":false},"excerpt":{"rendered":"<p>SLOVENIAN JEWELRY WEEK 2024 &#8211; GUEST Romanian Jewellery Week Romunski teden nakita je najve\u010dji mednarodni dogodek v Romuniji, posve\u010den sodobnemu<\/p>\n","protected":false},"author":1,"featured_media":0,"parent":3171,"menu_order":0,"comment_status":"closed","ping_status":"closed","template":"","meta":{"iawp_total_views":7,"footnotes":""},"class_list":["post-3164","page","type-page","status-publish","hentry"],"yoast_head":"<!-- This site is optimized with the Yoast SEO plugin v27.2 - https:\/\/yoast.com\/product\/yoast-seo-wordpress\/ -->\n<title>Romanian Jewellery Week 2024 - SIJW<\/title>\n<meta name=\"robots\" content=\"index, follow, max-snippet:-1, max-image-preview:large, max-video-preview:-1\" \/>\n<link rel=\"canonical\" href=\"https:\/\/slovenianjewelryweek.com\/sl\/sijw-2024\/gostje-2024\/romanian-jewellery-week-2024\/\" \/>\n<meta property=\"og:locale\" content=\"sl_SI\" \/>\n<meta property=\"og:type\" content=\"article\" \/>\n<meta property=\"og:title\" content=\"Romanian Jewellery Week 2024 - SIJW\" \/>\n<meta property=\"og:description\" content=\"SLOVENIAN JEWELRY WEEK 2024 &#8211; GUEST Romanian Jewellery Week Romunski teden nakita je najve\u010dji mednarodni dogodek v Romuniji, posve\u010den sodobnemu\" \/>\n<meta property=\"og:url\" content=\"https:\/\/slovenianjewelryweek.com\/sl\/sijw-2024\/gostje-2024\/romanian-jewellery-week-2024\/\" \/>\n<meta property=\"og:site_name\" content=\"SIJW\" \/>\n<meta property=\"article:modified_time\" content=\"2024-11-07T09:17:19+00:00\" \/>\n<meta property=\"og:image\" content=\"https:\/\/slovenianjewelryweek.com\/wp-content\/uploads\/2024\/11\/CARA__eNclosure__Fragments_Necklace_2024.jpg\" \/>\n<meta name=\"twitter:card\" content=\"summary_large_image\" \/>\n<meta name=\"twitter:label1\" content=\"Est. reading time\" \/>\n\t<meta name=\"twitter:data1\" content=\"1 minuta\" \/>\n<script type=\"application\/ld+json\" class=\"yoast-schema-graph\">{\"@context\":\"https:\/\/schema.org\",\"@graph\":[{\"@type\":\"WebPage\",\"@id\":\"https:\/\/slovenianjewelryweek.com\/sl\/sijw-2024\/gostje-2024\/romanian-jewellery-week-2024\/\",\"url\":\"https:\/\/slovenianjewelryweek.com\/sl\/sijw-2024\/gostje-2024\/romanian-jewellery-week-2024\/\",\"name\":\"Romanian Jewellery Week 2024 - SIJW\",\"isPartOf\":{\"@id\":\"https:\/\/slovenianjewelryweek.com\/sl\/#website\"},\"primaryImageOfPage\":{\"@id\":\"https:\/\/slovenianjewelryweek.com\/sl\/sijw-2024\/gostje-2024\/romanian-jewellery-week-2024\/#primaryimage\"},\"image\":{\"@id\":\"https:\/\/slovenianjewelryweek.com\/sl\/sijw-2024\/gostje-2024\/romanian-jewellery-week-2024\/#primaryimage\"},\"thumbnailUrl\":\"https:\/\/slovenianjewelryweek.com\/wp-content\/uploads\/2024\/11\/CARA__eNclosure__Fragments_Necklace_2024.jpg\",\"datePublished\":\"2024-11-07T07:28:56+00:00\",\"dateModified\":\"2024-11-07T09:17:19+00:00\",\"breadcrumb\":{\"@id\":\"https:\/\/slovenianjewelryweek.com\/sl\/sijw-2024\/gostje-2024\/romanian-jewellery-week-2024\/#breadcrumb\"},\"inLanguage\":\"sl-SI\",\"potentialAction\":[{\"@type\":\"ReadAction\",\"target\":[\"https:\/\/slovenianjewelryweek.com\/sl\/sijw-2024\/gostje-2024\/romanian-jewellery-week-2024\/\"]}]},{\"@type\":\"ImageObject\",\"inLanguage\":\"sl-SI\",\"@id\":\"https:\/\/slovenianjewelryweek.com\/sl\/sijw-2024\/gostje-2024\/romanian-jewellery-week-2024\/#primaryimage\",\"url\":\"https:\/\/slovenianjewelryweek.com\/wp-content\/uploads\/2024\/11\/CARA__eNclosure__Fragments_Necklace_2024.jpg\",\"contentUrl\":\"https:\/\/slovenianjewelryweek.com\/wp-content\/uploads\/2024\/11\/CARA__eNclosure__Fragments_Necklace_2024.jpg\"},{\"@type\":\"BreadcrumbList\",\"@id\":\"https:\/\/slovenianjewelryweek.com\/sl\/sijw-2024\/gostje-2024\/romanian-jewellery-week-2024\/#breadcrumb\",\"itemListElement\":[{\"@type\":\"ListItem\",\"position\":1,\"name\":\"Home\",\"item\":\"https:\/\/slovenianjewelryweek.com\/sl\/\"},{\"@type\":\"ListItem\",\"position\":2,\"name\":\"SIJW 2024\",\"item\":\"https:\/\/slovenianjewelryweek.com\/sl\/sijw-2024\/\"},{\"@type\":\"ListItem\",\"position\":3,\"name\":\"Gostje 2024\",\"item\":\"https:\/\/slovenianjewelryweek.com\/sl\/sijw-2024\/guests-2024\/\"},{\"@type\":\"ListItem\",\"position\":4,\"name\":\"Romanian Jewellery Week 2024\"}]},{\"@type\":\"WebSite\",\"@id\":\"https:\/\/slovenianjewelryweek.com\/sl\/#website\",\"url\":\"https:\/\/slovenianjewelryweek.com\/sl\/\",\"name\":\"SIJW\",\"description\":\"\",\"potentialAction\":[{\"@type\":\"SearchAction\",\"target\":{\"@type\":\"EntryPoint\",\"urlTemplate\":\"https:\/\/slovenianjewelryweek.com\/sl\/?s={search_term_string}\"},\"query-input\":{\"@type\":\"PropertyValueSpecification\",\"valueRequired\":true,\"valueName\":\"search_term_string\"}}],\"inLanguage\":\"sl-SI\"}]}<\/script>\n<!-- \/ Yoast SEO plugin. -->","yoast_head_json":{"title":"Romanian Jewellery Week 2024 - SIJW","robots":{"index":"index","follow":"follow","max-snippet":"max-snippet:-1","max-image-preview":"max-image-preview:large","max-video-preview":"max-video-preview:-1"},"canonical":"https:\/\/slovenianjewelryweek.com\/sl\/sijw-2024\/gostje-2024\/romanian-jewellery-week-2024\/","og_locale":"sl_SI","og_type":"article","og_title":"Romanian Jewellery Week 2024 - SIJW","og_description":"SLOVENIAN JEWELRY WEEK 2024 &#8211; GUEST Romanian Jewellery Week Romunski teden nakita je najve\u010dji mednarodni dogodek v Romuniji, posve\u010den sodobnemu","og_url":"https:\/\/slovenianjewelryweek.com\/sl\/sijw-2024\/gostje-2024\/romanian-jewellery-week-2024\/","og_site_name":"SIJW","article_modified_time":"2024-11-07T09:17:19+00:00","og_image":[{"url":"https:\/\/slovenianjewelryweek.com\/wp-content\/uploads\/2024\/11\/CARA__eNclosure__Fragments_Necklace_2024.jpg","type":"","width":"","height":""}],"twitter_card":"summary_large_image","twitter_misc":{"Est. reading time":"1 minuta"},"schema":{"@context":"https:\/\/schema.org","@graph":[{"@type":"WebPage","@id":"https:\/\/slovenianjewelryweek.com\/sl\/sijw-2024\/gostje-2024\/romanian-jewellery-week-2024\/","url":"https:\/\/slovenianjewelryweek.com\/sl\/sijw-2024\/gostje-2024\/romanian-jewellery-week-2024\/","name":"Romanian Jewellery Week 2024 - SIJW","isPartOf":{"@id":"https:\/\/slovenianjewelryweek.com\/sl\/#website"},"primaryImageOfPage":{"@id":"https:\/\/slovenianjewelryweek.com\/sl\/sijw-2024\/gostje-2024\/romanian-jewellery-week-2024\/#primaryimage"},"image":{"@id":"https:\/\/slovenianjewelryweek.com\/sl\/sijw-2024\/gostje-2024\/romanian-jewellery-week-2024\/#primaryimage"},"thumbnailUrl":"https:\/\/slovenianjewelryweek.com\/wp-content\/uploads\/2024\/11\/CARA__eNclosure__Fragments_Necklace_2024.jpg","datePublished":"2024-11-07T07:28:56+00:00","dateModified":"2024-11-07T09:17:19+00:00","breadcrumb":{"@id":"https:\/\/slovenianjewelryweek.com\/sl\/sijw-2024\/gostje-2024\/romanian-jewellery-week-2024\/#breadcrumb"},"inLanguage":"sl-SI","potentialAction":[{"@type":"ReadAction","target":["https:\/\/slovenianjewelryweek.com\/sl\/sijw-2024\/gostje-2024\/romanian-jewellery-week-2024\/"]}]},{"@type":"ImageObject","inLanguage":"sl-SI","@id":"https:\/\/slovenianjewelryweek.com\/sl\/sijw-2024\/gostje-2024\/romanian-jewellery-week-2024\/#primaryimage","url":"https:\/\/slovenianjewelryweek.com\/wp-content\/uploads\/2024\/11\/CARA__eNclosure__Fragments_Necklace_2024.jpg","contentUrl":"https:\/\/slovenianjewelryweek.com\/wp-content\/uploads\/2024\/11\/CARA__eNclosure__Fragments_Necklace_2024.jpg"},{"@type":"BreadcrumbList","@id":"https:\/\/slovenianjewelryweek.com\/sl\/sijw-2024\/gostje-2024\/romanian-jewellery-week-2024\/#breadcrumb","itemListElement":[{"@type":"ListItem","position":1,"name":"Home","item":"https:\/\/slovenianjewelryweek.com\/sl\/"},{"@type":"ListItem","position":2,"name":"SIJW 2024","item":"https:\/\/slovenianjewelryweek.com\/sl\/sijw-2024\/"},{"@type":"ListItem","position":3,"name":"Gostje 2024","item":"https:\/\/slovenianjewelryweek.com\/sl\/sijw-2024\/guests-2024\/"},{"@type":"ListItem","position":4,"name":"Romanian Jewellery Week 2024"}]},{"@type":"WebSite","@id":"https:\/\/slovenianjewelryweek.com\/sl\/#website","url":"https:\/\/slovenianjewelryweek.com\/sl\/","name":"SIJW","description":"","potentialAction":[{"@type":"SearchAction","target":{"@type":"EntryPoint","urlTemplate":"https:\/\/slovenianjewelryweek.com\/sl\/?s={search_term_string}"},"query-input":{"@type":"PropertyValueSpecification","valueRequired":true,"valueName":"search_term_string"}}],"inLanguage":"sl-SI"}]}},"_links":{"self":[{"href":"https:\/\/slovenianjewelryweek.com\/sl\/wp-json\/wp\/v2\/pages\/3164","targetHints":{"allow":["GET"]}}],"collection":[{"href":"https:\/\/slovenianjewelryweek.com\/sl\/wp-json\/wp\/v2\/pages"}],"about":[{"href":"https:\/\/slovenianjewelryweek.com\/sl\/wp-json\/wp\/v2\/types\/page"}],"author":[{"embeddable":true,"href":"https:\/\/slovenianjewelryweek.com\/sl\/wp-json\/wp\/v2\/users\/1"}],"replies":[{"embeddable":true,"href":"https:\/\/slovenianjewelryweek.com\/sl\/wp-json\/wp\/v2\/comments?post=3164"}],"version-history":[{"count":4,"href":"https:\/\/slovenianjewelryweek.com\/sl\/wp-json\/wp\/v2\/pages\/3164\/revisions"}],"predecessor-version":[{"id":3178,"href":"https:\/\/slovenianjewelryweek.com\/sl\/wp-json\/wp\/v2\/pages\/3164\/revisions\/3178"}],"up":[{"embeddable":true,"href":"https:\/\/slovenianjewelryweek.com\/sl\/wp-json\/wp\/v2\/pages\/3171"}],"wp:attachment":[{"href":"https:\/\/slovenianjewelryweek.com\/sl\/wp-json\/wp\/v2\/media?parent=3164"}],"curies":[{"name":"wp","href":"https:\/\/api.w.org\/{rel}","templated":true}]}}