{"id":14227,"date":"2026-03-12T17:30:29","date_gmt":"2026-03-12T16:30:29","guid":{"rendered":"https:\/\/slovenianjewelryweek.com\/romanian-jewelry-week\/"},"modified":"2026-03-12T19:51:49","modified_gmt":"2026-03-12T18:51:49","slug":"romanian-jewelry-week","status":"publish","type":"page","link":"https:\/\/slovenianjewelryweek.com\/sl\/sijw-2026\/guests-2026\/romanian-jewelry-week\/","title":{"rendered":"ROMANIAN JEWELRY WEEK"},"content":{"rendered":"\t\t<div data-elementor-type=\"wp-page\" data-elementor-id=\"14227\" class=\"elementor elementor-14227 elementor-14222\">\n\t\t\t\t<div class=\"wd-negative-gap elementor-element elementor-element-4a5f32b e-flex e-con-boxed e-con e-parent\" data-id=\"4a5f32b\" data-element_type=\"container\" data-e-type=\"container\">\n\t\t\t\t\t<div class=\"e-con-inner\">\n\t\t<div class=\"elementor-element elementor-element-8939698 e-con-full e-flex e-con e-child\" data-id=\"8939698\" data-element_type=\"container\" data-e-type=\"container\">\n\t\t\t\t<div class=\"elementor-element elementor-element-249cb4c wd-width-100 elementor-widget elementor-widget-wd_title\" data-id=\"249cb4c\" data-element_type=\"widget\" data-e-type=\"widget\" data-widget_type=\"wd_title.default\">\n\t\t\t\t<div class=\"elementor-widget-container\">\n\t\t\t\t\t\t\t<div class=\"title-wrapper wd-set-mb reset-last-child wd-title-color-default wd-title-style-default wd-title-size-extra-large text-center\">\n\n\t\t\t\t\t\t\t\t\t\t\t<div class=\"title-subtitle subtitle-color-default subtitle-style-default wd-fontsize-m\">\n\t\t\t\t\tSLOVENSKI TEDEN NAKITA 2026 - GOST\t\t\t\t<\/div>\n\t\t\t\n\t\t\t<div class=\"liner-continer\">\n\t\t\t\t<h1 class=\"woodmart-title-container title wd-fontsize-xxxl wd-underline-colored\">ROMANIAN JEWELRY WEEK (Romunija)<\/h1> \n\t\t\t\t\t\t\t<\/div>\n\n\t\t\t\t\t<\/div>\n\t\t\t\t\t\t<\/div>\n\t\t\t\t<\/div>\n\t\t\t\t<\/div>\n\t\t\t\t\t<\/div>\n\t\t\t\t<\/div>\n\t\t<div class=\"wd-negative-gap elementor-element elementor-element-a7310da e-flex e-con-boxed e-con e-parent\" data-id=\"a7310da\" data-element_type=\"container\" data-e-type=\"container\">\n\t\t\t\t\t<div class=\"e-con-inner\">\n\t\t<div class=\"elementor-element elementor-element-b0fb49a e-con-full e-flex e-con e-child\" data-id=\"b0fb49a\" data-element_type=\"container\" data-e-type=\"container\">\n\t\t\t\t<div class=\"elementor-element elementor-element-f72f93c elementor-widget elementor-widget-wd_text_block\" data-id=\"f72f93c\" data-element_type=\"widget\" data-e-type=\"widget\" data-widget_type=\"wd_text_block.default\">\n\t\t\t\t<div class=\"elementor-widget-container\">\n\t\t\t\t\t\t\t<div class=\"wd-text-block reset-last-child text-left\">\n\t\t\t\n\t\t\t<p class=\"Standard\">Romunski teden nakita je najve\u010dji mednarodni dogodek, posve\u010den sodobnemu nakitu v Romuniji, ki ga od leta 2020 organizira zdru\u017eenje Assamblage National Jewelry. Peta edicija dogodka leta 2024 je zdru\u017eila ve\u010d kot 230 oblikovalcev in kolektivov z vsega sveta ter pritegnila ve\u010d kot 5.000 obiskovalcev, dogodek pa vsako leto poteka v raz\u0161irjenem formatu z glavno razstavno lokacijo ter spremljevalnimi razstavami, sejmi, konferencami, delavnicami, seminarji in vodenimi ogledi. Na razstavi v Sloveniji sodelujejo \u010dlani in izbrani avtorji Romunskega tedna nakita, ki predstavljajo vrhunski izbor sodobnega nakita z mednarodne scene.   <\/p>\n\t\t\t\t\t<\/div>\n\t\t\t\t\t\t<\/div>\n\t\t\t\t<\/div>\n\t\t\t\t<\/div>\n\t\t\t\t\t<\/div>\n\t\t\t\t<\/div>\n\t\t<div class=\"wd-negative-gap elementor-element elementor-element-9030313 e-flex e-con-boxed e-con e-parent\" data-id=\"9030313\" data-element_type=\"container\" data-e-type=\"container\">\n\t\t\t\t\t<div class=\"e-con-inner\">\n\t\t\t\t<div class=\"elementor-element elementor-element-df29299 bdt-custom-gallery-skin-fedara-style-center bdt-post-gallery-skin-fedara-style-center elementor-widget elementor-widget-bdt-post-gallery\" data-id=\"df29299\" data-element_type=\"widget\" data-e-type=\"widget\" data-settings=\"{&quot;columns&quot;:&quot;4&quot;,&quot;columns_tablet&quot;:&quot;2&quot;,&quot;columns_mobile&quot;:&quot;1&quot;}\" data-widget_type=\"bdt-post-gallery.bdt-fedara\">\n\t\t\t\t<div class=\"elementor-widget-container\">\n\t\t\t\t\t\t\t<div class=\"bdt-post-gallery-wrapper\">\n\n\t\t\t\t\t\t<div id=\"bdt-post-gallerydf29299\" class=\"bdt-post-gallery bdt-ep-grid-filter-container bdt-post-gallery-skin-fedara bdt-grid bdt-grid-medium\" data-bdt-grid=\"\" data-bdt-lightbox=\"toggle: .bdt-gallery-lightbox-item; animation:slide;\" data-settings=\"{&quot;id&quot;:&quot;#bdt-post-gallerydf29299&quot;,&quot;tilt_show&quot;:false,&quot;tilt_scale&quot;:false}\">\n\n\t\t\t\t\t\t<div class=\"bdt-gallery-item bdt-transition-toggle bdt-width-1-1 bdt-width-1-2@s bdt-width-1-4@m\">\n\t\t\t<div >\n\t\t\t\t<div class=\"bdt-post-gallery-inner\">\n\t\t\t\t\t\t\t<div class=\"bdt-gallery-thumbnail\">\n\t\t\t<img loading=\"lazy\" decoding=\"async\" width=\"768\" height=\"574\" src=\"https:\/\/slovenianjewelryweek.com\/wp-content\/uploads\/2026\/03\/Alexandrina_RemescuSimo_TheaterOfDreams_Ring_2025_Cement_Bronze_50x55x55cm_2-768x574.jpg\" class=\"attachment-medium_large size-medium_large\" alt=\"ALEXANDRINA REMESCU-SIMO, Romunija\" srcset=\"https:\/\/slovenianjewelryweek.com\/wp-content\/uploads\/2026\/03\/Alexandrina_RemescuSimo_TheaterOfDreams_Ring_2025_Cement_Bronze_50x55x55cm_2-768x574.jpg 768w, https:\/\/slovenianjewelryweek.com\/wp-content\/uploads\/2026\/03\/Alexandrina_RemescuSimo_TheaterOfDreams_Ring_2025_Cement_Bronze_50x55x55cm_2-300x224.jpg 300w, https:\/\/slovenianjewelryweek.com\/wp-content\/uploads\/2026\/03\/Alexandrina_RemescuSimo_TheaterOfDreams_Ring_2025_Cement_Bronze_50x55x55cm_2-1024x765.jpg 1024w, https:\/\/slovenianjewelryweek.com\/wp-content\/uploads\/2026\/03\/Alexandrina_RemescuSimo_TheaterOfDreams_Ring_2025_Cement_Bronze_50x55x55cm_2.jpg 1400w\" sizes=\"auto, (max-width: 768px) 100vw, 768px\" \/>\t\t<\/div>\n\t\t\t\t<div class=\"bdt-position-cover bdt-overlay bdt-overlay-default bdt-transition-fade\">\n\t\t\t<div class=\"bdt-post-gallery-content\">\n\t\t\t\t<div class=\"bdt-gallery-content-inner\">\n\t\t\t\t\t\t\t\t\t\t\t<div class=\"bdt-flex-inline bdt-gallery-item-link-wrapper\">\n\t\t\t\t\t\t\t\t\t\t\t\t\t\t\t<a class=\"bdt-gallery-item-link bdt-gallery-lightbox-item bdt-link-icon\" data-elementor-open-lightbox=\"no\" data-caption=\"ALEXANDRINA REMESCU-SIMO, Romunija\" href=\"https:\/\/slovenianjewelryweek.com\/wp-content\/uploads\/2026\/03\/Alexandrina_RemescuSimo_TheaterOfDreams_Ring_2025_Cement_Bronze_50x55x55cm_2.jpg\">\n\t\t\t\t\t\t\t\t\t\t\t\t\t\t\t\t\t\t\t<i class=\"ep-icon-plus\" aria-hidden=\"true\"><\/i>\n\t\t\t\t\t\t\t\t\t\t\t\t\t\t\t\t\t\t<\/a>\n\t\t\t\t\t\t\t\n\t\t\t\t\t\t\t\t\t\t\t\t\t\t\t\t\t\t\t\t\t\t\t<a class=\"bdt-gallery-item-link bdt-link-icon\"\n\t\t\t\t\t\t\t\t\thref=\"https:\/\/slovenianjewelryweek.com\/sl\/portfolio\/alexandrina-remescu-simo-romania\/\" >\n\t\t\t\t\t\t\t\t\t\t\t\t\t\t\t\t\t\t\t<i class=\"ep-icon-link\" aria-hidden=\"true\"><\/i>\n\t\t\t\t\t\t\t\t\t\t\t\t\t\t\t\t\t\t<\/a>\n\t\t\t\t\t\t\t\t\t\t\t\t\t<\/div>\n\t\t\t\t\t\t\t\t\t<\/div>\n\t\t\t<\/div>\n\t\t<\/div>\n\t\t\t\t\t\t<\/div>\n\t\t\t\t\t\t<div class=\"bdt-post-gallery-skin-fedara-desc bdt-padding-small\">\n\t\t\t\t\t<a class=\"bdt-post-gallery-title-link\" href=\"https:\/\/slovenianjewelryweek.com\/sl\/portfolio\/alexandrina-remescu-simo-romania\/\" >\n\t\t\t<h4 class=\"bdt-gallery-item-title bdt-margin-remove\">\n\t\t\t\tALEXANDRINA REMESCU-SIMO, Romunija\t\t\t<\/h4>\n\t\t<\/a>\n\t\t\t\t<\/div>\n\t\t\t\t\t<\/div>\n\t\t<\/div>\n\t\t\t\t<div class=\"bdt-gallery-item bdt-transition-toggle bdt-width-1-1 bdt-width-1-2@s bdt-width-1-4@m\">\n\t\t\t<div >\n\t\t\t\t<div class=\"bdt-post-gallery-inner\">\n\t\t\t\t\t\t\t<div class=\"bdt-gallery-thumbnail bdt-gallery-thumbnail\">\n\t\t\t<img loading=\"lazy\" decoding=\"async\" width=\"768\" height=\"592\" src=\"https:\/\/slovenianjewelryweek.com\/wp-content\/uploads\/2026\/03\/5.-Earings_Chasing-Clouds_Sunrise-and-Sunset_2025_RoJW_Photo-Credit_Stefan-Vartolomei_01_2-768x592.jpg\" class=\"attachment-medium_large size-medium_large\" alt=\"ANDREEA MARINA RADU, Romunija\" srcset=\"https:\/\/slovenianjewelryweek.com\/wp-content\/uploads\/2026\/03\/5.-Earings_Chasing-Clouds_Sunrise-and-Sunset_2025_RoJW_Photo-Credit_Stefan-Vartolomei_01_2-768x592.jpg 768w, https:\/\/slovenianjewelryweek.com\/wp-content\/uploads\/2026\/03\/5.-Earings_Chasing-Clouds_Sunrise-and-Sunset_2025_RoJW_Photo-Credit_Stefan-Vartolomei_01_2-300x231.jpg 300w, https:\/\/slovenianjewelryweek.com\/wp-content\/uploads\/2026\/03\/5.-Earings_Chasing-Clouds_Sunrise-and-Sunset_2025_RoJW_Photo-Credit_Stefan-Vartolomei_01_2-1024x790.jpg 1024w, https:\/\/slovenianjewelryweek.com\/wp-content\/uploads\/2026\/03\/5.-Earings_Chasing-Clouds_Sunrise-and-Sunset_2025_RoJW_Photo-Credit_Stefan-Vartolomei_01_2.jpg 1400w\" sizes=\"auto, (max-width: 768px) 100vw, 768px\" \/>\t\t<\/div>\n\t\t\t\t<div class=\"bdt-position-cover bdt-overlay bdt-overlay-default bdt-transition-fade\">\n\t\t\t<div class=\"bdt-post-gallery-content\">\n\t\t\t\t<div class=\"bdt-gallery-content-inner\">\n\t\t\t\t\t\t\t\t\t\t\t<div class=\"bdt-flex-inline bdt-gallery-item-link-wrapper\">\n\t\t\t\t\t\t\t\t\t\t\t\t\t\t\t<a class=\"bdt-gallery-item-link bdt-gallery-lightbox-item bdt-link-icon\" data-elementor-open-lightbox=\"no\" data-caption=\"ANDREEA MARINA RADU, Romunija\" href=\"https:\/\/slovenianjewelryweek.com\/wp-content\/uploads\/2026\/03\/5.-Earings_Chasing-Clouds_Sunrise-and-Sunset_2025_RoJW_Photo-Credit_Stefan-Vartolomei_01_2.jpg\">\n\t\t\t\t\t\t\t\t\t\t\t\t\t\t\t\t\t\t\t<i class=\"ep-icon-plus\" aria-hidden=\"true\"><\/i>\n\t\t\t\t\t\t\t\t\t\t\t\t\t\t\t\t\t\t<\/a>\n\t\t\t\t\t\t\t\n\t\t\t\t\t\t\t\t\t\t\t\t\t\t\t\t\t\t\t\t\t\t\t<a class=\"bdt-gallery-item-link bdt-link-icon\"\n\t\t\t\t\t\t\t\t\thref=\"https:\/\/slovenianjewelryweek.com\/sl\/portfolio\/andreea-marina-radu-romania\/\" >\n\t\t\t\t\t\t\t\t\t\t\t\t\t\t\t\t\t\t\t<i class=\"ep-icon-link\" aria-hidden=\"true\"><\/i>\n\t\t\t\t\t\t\t\t\t\t\t\t\t\t\t\t\t\t<\/a>\n\t\t\t\t\t\t\t\t\t\t\t\t\t<\/div>\n\t\t\t\t\t\t\t\t\t<\/div>\n\t\t\t<\/div>\n\t\t<\/div>\n\t\t\t\t\t\t<\/div>\n\t\t\t\t\t\t<div class=\"bdt-post-gallery-skin-fedara-desc bdt-padding-small\">\n\t\t\t\t\t<a class=\"bdt-post-gallery-title-link\" href=\"https:\/\/slovenianjewelryweek.com\/sl\/portfolio\/andreea-marina-radu-romania\/\" >\n\t\t\t<h4 class=\"bdt-gallery-item-title bdt-margin-remove\">\n\t\t\t\tANDREEA MARINA RADU, Romunija\t\t\t<\/h4>\n\t\t<\/a>\n\t\t\t\t<\/div>\n\t\t\t\t\t<\/div>\n\t\t<\/div>\n\t\t\t\t<div class=\"bdt-gallery-item bdt-transition-toggle bdt-width-1-1 bdt-width-1-2@s bdt-width-1-4@m\">\n\t\t\t<div >\n\t\t\t\t<div class=\"bdt-post-gallery-inner\">\n\t\t\t\t\t\t\t<div class=\"bdt-gallery-thumbnail bdt-gallery-thumbnail bdt-gallery-thumbnail\">\n\t\t\t<img loading=\"lazy\" decoding=\"async\" width=\"768\" height=\"584\" src=\"https:\/\/slovenianjewelryweek.com\/wp-content\/uploads\/2026\/03\/David-Sandu__2-768x584.jpg\" class=\"attachment-medium_large size-medium_large\" alt=\"DAVID SANDU, Romunija\" srcset=\"https:\/\/slovenianjewelryweek.com\/wp-content\/uploads\/2026\/03\/David-Sandu__2-768x584.jpg 768w, https:\/\/slovenianjewelryweek.com\/wp-content\/uploads\/2026\/03\/David-Sandu__2-300x228.jpg 300w, https:\/\/slovenianjewelryweek.com\/wp-content\/uploads\/2026\/03\/David-Sandu__2-1024x778.jpg 1024w, https:\/\/slovenianjewelryweek.com\/wp-content\/uploads\/2026\/03\/David-Sandu__2.jpg 1400w\" sizes=\"auto, (max-width: 768px) 100vw, 768px\" \/>\t\t<\/div>\n\t\t\t\t<div class=\"bdt-position-cover bdt-overlay bdt-overlay-default bdt-transition-fade\">\n\t\t\t<div class=\"bdt-post-gallery-content\">\n\t\t\t\t<div class=\"bdt-gallery-content-inner\">\n\t\t\t\t\t\t\t\t\t\t\t<div class=\"bdt-flex-inline bdt-gallery-item-link-wrapper\">\n\t\t\t\t\t\t\t\t\t\t\t\t\t\t\t<a class=\"bdt-gallery-item-link bdt-gallery-lightbox-item bdt-link-icon\" data-elementor-open-lightbox=\"no\" data-caption=\"DAVID SANDU, Romunija\" href=\"https:\/\/slovenianjewelryweek.com\/wp-content\/uploads\/2026\/03\/David-Sandu__2.jpg\">\n\t\t\t\t\t\t\t\t\t\t\t\t\t\t\t\t\t\t\t<i class=\"ep-icon-plus\" aria-hidden=\"true\"><\/i>\n\t\t\t\t\t\t\t\t\t\t\t\t\t\t\t\t\t\t<\/a>\n\t\t\t\t\t\t\t\n\t\t\t\t\t\t\t\t\t\t\t\t\t\t\t\t\t\t\t\t\t\t\t<a class=\"bdt-gallery-item-link bdt-link-icon\"\n\t\t\t\t\t\t\t\t\thref=\"https:\/\/slovenianjewelryweek.com\/sl\/portfolio\/david-sandu-romania\/\" >\n\t\t\t\t\t\t\t\t\t\t\t\t\t\t\t\t\t\t\t<i class=\"ep-icon-link\" aria-hidden=\"true\"><\/i>\n\t\t\t\t\t\t\t\t\t\t\t\t\t\t\t\t\t\t<\/a>\n\t\t\t\t\t\t\t\t\t\t\t\t\t<\/div>\n\t\t\t\t\t\t\t\t\t<\/div>\n\t\t\t<\/div>\n\t\t<\/div>\n\t\t\t\t\t\t<\/div>\n\t\t\t\t\t\t<div class=\"bdt-post-gallery-skin-fedara-desc bdt-padding-small\">\n\t\t\t\t\t<a class=\"bdt-post-gallery-title-link\" href=\"https:\/\/slovenianjewelryweek.com\/sl\/portfolio\/david-sandu-romania\/\" >\n\t\t\t<h4 class=\"bdt-gallery-item-title bdt-margin-remove\">\n\t\t\t\tDAVID SANDU, Romunija\t\t\t<\/h4>\n\t\t<\/a>\n\t\t\t\t<\/div>\n\t\t\t\t\t<\/div>\n\t\t<\/div>\n\t\t\t\t<div class=\"bdt-gallery-item bdt-transition-toggle bdt-width-1-1 bdt-width-1-2@s bdt-width-1-4@m\">\n\t\t\t<div >\n\t\t\t\t<div class=\"bdt-post-gallery-inner\">\n\t\t\t\t\t\t\t<div class=\"bdt-gallery-thumbnail bdt-gallery-thumbnail bdt-gallery-thumbnail bdt-gallery-thumbnail\">\n\t\t\t<img loading=\"lazy\" decoding=\"async\" width=\"768\" height=\"641\" src=\"https:\/\/slovenianjewelryweek.com\/wp-content\/uploads\/2026\/03\/MahdiHuda_Lamu_Nabu-Collection_2025_925-Sterling-Silver-and-Gemstones_Casting-and-Fabrication-Constructed-Jewelry_Photo-Credit-Stefan-Vartolomei_01-768x641.jpg\" class=\"attachment-medium_large size-medium_large\" alt=\"HUDA MAHDI, Irak\/Romunija\" srcset=\"https:\/\/slovenianjewelryweek.com\/wp-content\/uploads\/2026\/03\/MahdiHuda_Lamu_Nabu-Collection_2025_925-Sterling-Silver-and-Gemstones_Casting-and-Fabrication-Constructed-Jewelry_Photo-Credit-Stefan-Vartolomei_01-768x641.jpg 768w, https:\/\/slovenianjewelryweek.com\/wp-content\/uploads\/2026\/03\/MahdiHuda_Lamu_Nabu-Collection_2025_925-Sterling-Silver-and-Gemstones_Casting-and-Fabrication-Constructed-Jewelry_Photo-Credit-Stefan-Vartolomei_01-300x250.jpg 300w, https:\/\/slovenianjewelryweek.com\/wp-content\/uploads\/2026\/03\/MahdiHuda_Lamu_Nabu-Collection_2025_925-Sterling-Silver-and-Gemstones_Casting-and-Fabrication-Constructed-Jewelry_Photo-Credit-Stefan-Vartolomei_01-1024x855.jpg 1024w, https:\/\/slovenianjewelryweek.com\/wp-content\/uploads\/2026\/03\/MahdiHuda_Lamu_Nabu-Collection_2025_925-Sterling-Silver-and-Gemstones_Casting-and-Fabrication-Constructed-Jewelry_Photo-Credit-Stefan-Vartolomei_01-1536x1282.jpg 1536w, https:\/\/slovenianjewelryweek.com\/wp-content\/uploads\/2026\/03\/MahdiHuda_Lamu_Nabu-Collection_2025_925-Sterling-Silver-and-Gemstones_Casting-and-Fabrication-Constructed-Jewelry_Photo-Credit-Stefan-Vartolomei_01.jpg 2048w\" sizes=\"auto, (max-width: 768px) 100vw, 768px\" \/>\t\t<\/div>\n\t\t\t\t<div class=\"bdt-position-cover bdt-overlay bdt-overlay-default bdt-transition-fade\">\n\t\t\t<div class=\"bdt-post-gallery-content\">\n\t\t\t\t<div class=\"bdt-gallery-content-inner\">\n\t\t\t\t\t\t\t\t\t\t\t<div class=\"bdt-flex-inline bdt-gallery-item-link-wrapper\">\n\t\t\t\t\t\t\t\t\t\t\t\t\t\t\t<a class=\"bdt-gallery-item-link bdt-gallery-lightbox-item bdt-link-icon\" data-elementor-open-lightbox=\"no\" data-caption=\"HUDA MAHDI, Irak\/Romunija\" href=\"https:\/\/slovenianjewelryweek.com\/wp-content\/uploads\/2026\/03\/MahdiHuda_Lamu_Nabu-Collection_2025_925-Sterling-Silver-and-Gemstones_Casting-and-Fabrication-Constructed-Jewelry_Photo-Credit-Stefan-Vartolomei_01.jpg\">\n\t\t\t\t\t\t\t\t\t\t\t\t\t\t\t\t\t\t\t<i class=\"ep-icon-plus\" aria-hidden=\"true\"><\/i>\n\t\t\t\t\t\t\t\t\t\t\t\t\t\t\t\t\t\t<\/a>\n\t\t\t\t\t\t\t\n\t\t\t\t\t\t\t\t\t\t\t\t\t\t\t\t\t\t\t\t\t\t\t<a class=\"bdt-gallery-item-link bdt-link-icon\"\n\t\t\t\t\t\t\t\t\thref=\"https:\/\/slovenianjewelryweek.com\/sl\/portfolio\/huda-mahdi-iraq-romania\/\" >\n\t\t\t\t\t\t\t\t\t\t\t\t\t\t\t\t\t\t\t<i class=\"ep-icon-link\" aria-hidden=\"true\"><\/i>\n\t\t\t\t\t\t\t\t\t\t\t\t\t\t\t\t\t\t<\/a>\n\t\t\t\t\t\t\t\t\t\t\t\t\t<\/div>\n\t\t\t\t\t\t\t\t\t<\/div>\n\t\t\t<\/div>\n\t\t<\/div>\n\t\t\t\t\t\t<\/div>\n\t\t\t\t\t\t<div class=\"bdt-post-gallery-skin-fedara-desc bdt-padding-small\">\n\t\t\t\t\t<a class=\"bdt-post-gallery-title-link\" href=\"https:\/\/slovenianjewelryweek.com\/sl\/portfolio\/huda-mahdi-iraq-romania\/\" >\n\t\t\t<h4 class=\"bdt-gallery-item-title bdt-margin-remove\">\n\t\t\t\tHUDA MAHDI, Irak\/Romunija\t\t\t<\/h4>\n\t\t<\/a>\n\t\t\t\t<\/div>\n\t\t\t\t\t<\/div>\n\t\t<\/div>\n\t\t\t\t<div class=\"bdt-gallery-item bdt-transition-toggle bdt-width-1-1 bdt-width-1-2@s bdt-width-1-4@m\">\n\t\t\t<div >\n\t\t\t\t<div class=\"bdt-post-gallery-inner\">\n\t\t\t\t\t\t\t<div class=\"bdt-gallery-thumbnail bdt-gallery-thumbnail bdt-gallery-thumbnail bdt-gallery-thumbnail bdt-gallery-thumbnail\">\n\t\t\t<img loading=\"lazy\" decoding=\"async\" width=\"768\" height=\"768\" src=\"https:\/\/slovenianjewelryweek.com\/wp-content\/uploads\/2026\/03\/Marie-Jianu_Lotus_Bracelet-cuff_2025_Photo-credit-Stefan-Vartolomei_2-768x768.jpg\" class=\"attachment-medium_large size-medium_large\" alt=\"MARIE JIANU, Romunija\" srcset=\"https:\/\/slovenianjewelryweek.com\/wp-content\/uploads\/2026\/03\/Marie-Jianu_Lotus_Bracelet-cuff_2025_Photo-credit-Stefan-Vartolomei_2-768x768.jpg 768w, https:\/\/slovenianjewelryweek.com\/wp-content\/uploads\/2026\/03\/Marie-Jianu_Lotus_Bracelet-cuff_2025_Photo-credit-Stefan-Vartolomei_2-300x300.jpg 300w, https:\/\/slovenianjewelryweek.com\/wp-content\/uploads\/2026\/03\/Marie-Jianu_Lotus_Bracelet-cuff_2025_Photo-credit-Stefan-Vartolomei_2-1024x1024.jpg 1024w, https:\/\/slovenianjewelryweek.com\/wp-content\/uploads\/2026\/03\/Marie-Jianu_Lotus_Bracelet-cuff_2025_Photo-credit-Stefan-Vartolomei_2-150x150.jpg 150w, https:\/\/slovenianjewelryweek.com\/wp-content\/uploads\/2026\/03\/Marie-Jianu_Lotus_Bracelet-cuff_2025_Photo-credit-Stefan-Vartolomei_2.jpg 1400w\" sizes=\"auto, (max-width: 768px) 100vw, 768px\" \/>\t\t<\/div>\n\t\t\t\t<div class=\"bdt-position-cover bdt-overlay bdt-overlay-default bdt-transition-fade\">\n\t\t\t<div class=\"bdt-post-gallery-content\">\n\t\t\t\t<div class=\"bdt-gallery-content-inner\">\n\t\t\t\t\t\t\t\t\t\t\t<div class=\"bdt-flex-inline bdt-gallery-item-link-wrapper\">\n\t\t\t\t\t\t\t\t\t\t\t\t\t\t\t<a class=\"bdt-gallery-item-link bdt-gallery-lightbox-item bdt-link-icon\" data-elementor-open-lightbox=\"no\" data-caption=\"MARIE JIANU, Romunija\" href=\"https:\/\/slovenianjewelryweek.com\/wp-content\/uploads\/2026\/03\/Marie-Jianu_Lotus_Bracelet-cuff_2025_Photo-credit-Stefan-Vartolomei_2.jpg\">\n\t\t\t\t\t\t\t\t\t\t\t\t\t\t\t\t\t\t\t<i class=\"ep-icon-plus\" aria-hidden=\"true\"><\/i>\n\t\t\t\t\t\t\t\t\t\t\t\t\t\t\t\t\t\t<\/a>\n\t\t\t\t\t\t\t\n\t\t\t\t\t\t\t\t\t\t\t\t\t\t\t\t\t\t\t\t\t\t\t<a class=\"bdt-gallery-item-link bdt-link-icon\"\n\t\t\t\t\t\t\t\t\thref=\"https:\/\/slovenianjewelryweek.com\/sl\/portfolio\/marie-jianu-romania\/\" >\n\t\t\t\t\t\t\t\t\t\t\t\t\t\t\t\t\t\t\t<i class=\"ep-icon-link\" aria-hidden=\"true\"><\/i>\n\t\t\t\t\t\t\t\t\t\t\t\t\t\t\t\t\t\t<\/a>\n\t\t\t\t\t\t\t\t\t\t\t\t\t<\/div>\n\t\t\t\t\t\t\t\t\t<\/div>\n\t\t\t<\/div>\n\t\t<\/div>\n\t\t\t\t\t\t<\/div>\n\t\t\t\t\t\t<div class=\"bdt-post-gallery-skin-fedara-desc bdt-padding-small\">\n\t\t\t\t\t<a class=\"bdt-post-gallery-title-link\" href=\"https:\/\/slovenianjewelryweek.com\/sl\/portfolio\/marie-jianu-romania\/\" >\n\t\t\t<h4 class=\"bdt-gallery-item-title bdt-margin-remove\">\n\t\t\t\tMARIE JIANU, Romunija\t\t\t<\/h4>\n\t\t<\/a>\n\t\t\t\t<\/div>\n\t\t\t\t\t<\/div>\n\t\t<\/div>\n\t\t\t\t<div class=\"bdt-gallery-item bdt-transition-toggle bdt-width-1-1 bdt-width-1-2@s bdt-width-1-4@m\">\n\t\t\t<div >\n\t\t\t\t<div class=\"bdt-post-gallery-inner\">\n\t\t\t\t\t\t\t<div class=\"bdt-gallery-thumbnail bdt-gallery-thumbnail bdt-gallery-thumbnail bdt-gallery-thumbnail bdt-gallery-thumbnail bdt-gallery-thumbnail\">\n\t\t\t<img loading=\"lazy\" decoding=\"async\" width=\"768\" height=\"589\" src=\"https:\/\/slovenianjewelryweek.com\/wp-content\/uploads\/2026\/03\/Romana-Mateias-Seed-of-Llife-Collection-Source-of-life-Brooch-2024-Photo-credit-Stefan-Vartolomei-02_2-768x589.jpg\" class=\"attachment-medium_large size-medium_large\" alt=\"ROMANA MATEIA\u0218, Romunija\" srcset=\"https:\/\/slovenianjewelryweek.com\/wp-content\/uploads\/2026\/03\/Romana-Mateias-Seed-of-Llife-Collection-Source-of-life-Brooch-2024-Photo-credit-Stefan-Vartolomei-02_2-768x589.jpg 768w, https:\/\/slovenianjewelryweek.com\/wp-content\/uploads\/2026\/03\/Romana-Mateias-Seed-of-Llife-Collection-Source-of-life-Brooch-2024-Photo-credit-Stefan-Vartolomei-02_2-300x230.jpg 300w, https:\/\/slovenianjewelryweek.com\/wp-content\/uploads\/2026\/03\/Romana-Mateias-Seed-of-Llife-Collection-Source-of-life-Brooch-2024-Photo-credit-Stefan-Vartolomei-02_2-1024x785.jpg 1024w, https:\/\/slovenianjewelryweek.com\/wp-content\/uploads\/2026\/03\/Romana-Mateias-Seed-of-Llife-Collection-Source-of-life-Brooch-2024-Photo-credit-Stefan-Vartolomei-02_2.jpg 1400w\" sizes=\"auto, (max-width: 768px) 100vw, 768px\" \/>\t\t<\/div>\n\t\t\t\t<div class=\"bdt-position-cover bdt-overlay bdt-overlay-default bdt-transition-fade\">\n\t\t\t<div class=\"bdt-post-gallery-content\">\n\t\t\t\t<div class=\"bdt-gallery-content-inner\">\n\t\t\t\t\t\t\t\t\t\t\t<div class=\"bdt-flex-inline bdt-gallery-item-link-wrapper\">\n\t\t\t\t\t\t\t\t\t\t\t\t\t\t\t<a class=\"bdt-gallery-item-link bdt-gallery-lightbox-item bdt-link-icon\" data-elementor-open-lightbox=\"no\" data-caption=\"ROMANA MATEIA\u0218, Romunija\" href=\"https:\/\/slovenianjewelryweek.com\/wp-content\/uploads\/2026\/03\/Romana-Mateias-Seed-of-Llife-Collection-Source-of-life-Brooch-2024-Photo-credit-Stefan-Vartolomei-02_2.jpg\">\n\t\t\t\t\t\t\t\t\t\t\t\t\t\t\t\t\t\t\t<i class=\"ep-icon-plus\" aria-hidden=\"true\"><\/i>\n\t\t\t\t\t\t\t\t\t\t\t\t\t\t\t\t\t\t<\/a>\n\t\t\t\t\t\t\t\n\t\t\t\t\t\t\t\t\t\t\t\t\t\t\t\t\t\t\t\t\t\t\t<a class=\"bdt-gallery-item-link bdt-link-icon\"\n\t\t\t\t\t\t\t\t\thref=\"https:\/\/slovenianjewelryweek.com\/sl\/portfolio\/romana-mateias-romania\/\" >\n\t\t\t\t\t\t\t\t\t\t\t\t\t\t\t\t\t\t\t<i class=\"ep-icon-link\" aria-hidden=\"true\"><\/i>\n\t\t\t\t\t\t\t\t\t\t\t\t\t\t\t\t\t\t<\/a>\n\t\t\t\t\t\t\t\t\t\t\t\t\t<\/div>\n\t\t\t\t\t\t\t\t\t<\/div>\n\t\t\t<\/div>\n\t\t<\/div>\n\t\t\t\t\t\t<\/div>\n\t\t\t\t\t\t<div class=\"bdt-post-gallery-skin-fedara-desc bdt-padding-small\">\n\t\t\t\t\t<a class=\"bdt-post-gallery-title-link\" href=\"https:\/\/slovenianjewelryweek.com\/sl\/portfolio\/romana-mateias-romania\/\" >\n\t\t\t<h4 class=\"bdt-gallery-item-title bdt-margin-remove\">\n\t\t\t\tROMANA MATEIA\u0218, Romunija\t\t\t<\/h4>\n\t\t<\/a>\n\t\t\t\t<\/div>\n\t\t\t\t\t<\/div>\n\t\t<\/div>\n\t\t\n\t\t\t<\/div>\n\t\t<\/div>\n\t\t\t\t\t\t<\/div>\n\t\t\t\t<\/div>\n\t\t\t\t\t<\/div>\n\t\t\t\t<\/div>\n\t\t\t\t<\/div>\n\t\t","protected":false},"excerpt":{"rendered":"<p>SLOVENSKI TEDEN NAKITA 2026 &#8211; GOST ROMANIAN JEWELRY WEEK (Romunija) Romunski teden nakita je najve\u010dji mednarodni dogodek, posve\u010den sodobnemu nakitu<\/p>\n","protected":false},"author":1,"featured_media":0,"parent":14470,"menu_order":0,"comment_status":"closed","ping_status":"closed","template":"","meta":{"iawp_total_views":24,"footnotes":""},"class_list":["post-14227","page","type-page","status-publish","hentry"],"yoast_head":"<!-- This site is optimized with the Yoast SEO plugin v27.2 - https:\/\/yoast.com\/product\/yoast-seo-wordpress\/ -->\n<title>ROMANIAN JEWELRY WEEK - SIJW<\/title>\n<meta name=\"robots\" content=\"index, follow, max-snippet:-1, max-image-preview:large, max-video-preview:-1\" \/>\n<link rel=\"canonical\" href=\"https:\/\/slovenianjewelryweek.com\/sl\/sijw-2026\/guests-2026\/romanian-jewelry-week\/\" \/>\n<meta property=\"og:locale\" content=\"sl_SI\" \/>\n<meta property=\"og:type\" content=\"article\" \/>\n<meta property=\"og:title\" content=\"ROMANIAN JEWELRY WEEK - SIJW\" \/>\n<meta property=\"og:description\" content=\"SLOVENSKI TEDEN NAKITA 2026 &#8211; GOST ROMANIAN JEWELRY WEEK (Romunija) Romunski teden nakita je najve\u010dji mednarodni dogodek, posve\u010den sodobnemu nakitu\" \/>\n<meta property=\"og:url\" content=\"https:\/\/slovenianjewelryweek.com\/sl\/sijw-2026\/guests-2026\/romanian-jewelry-week\/\" \/>\n<meta property=\"og:site_name\" content=\"SIJW\" \/>\n<meta property=\"article:modified_time\" content=\"2026-03-12T18:51:49+00:00\" \/>\n<meta property=\"og:image\" content=\"https:\/\/slovenianjewelryweek.com\/wp-content\/uploads\/2026\/03\/Alexandrina_RemescuSimo_TheaterOfDreams_Ring_2025_Cement_Bronze_50x55x55cm_2-768x574.jpg\" \/>\n<meta name=\"twitter:card\" content=\"summary_large_image\" \/>\n<meta name=\"twitter:label1\" content=\"Est. reading time\" \/>\n\t<meta name=\"twitter:data1\" content=\"93 minut\" \/>\n<script type=\"application\/ld+json\" class=\"yoast-schema-graph\">{\"@context\":\"https:\/\/schema.org\",\"@graph\":[{\"@type\":\"WebPage\",\"@id\":\"https:\/\/slovenianjewelryweek.com\/sl\/sijw-2026\/guests-2026\/romanian-jewelry-week\/\",\"url\":\"https:\/\/slovenianjewelryweek.com\/sl\/sijw-2026\/guests-2026\/romanian-jewelry-week\/\",\"name\":\"ROMANIAN JEWELRY WEEK - SIJW\",\"isPartOf\":{\"@id\":\"https:\/\/slovenianjewelryweek.com\/sl\/#website\"},\"primaryImageOfPage\":{\"@id\":\"https:\/\/slovenianjewelryweek.com\/sl\/sijw-2026\/guests-2026\/romanian-jewelry-week\/#primaryimage\"},\"image\":{\"@id\":\"https:\/\/slovenianjewelryweek.com\/sl\/sijw-2026\/guests-2026\/romanian-jewelry-week\/#primaryimage\"},\"thumbnailUrl\":\"https:\/\/slovenianjewelryweek.com\/wp-content\/uploads\/2026\/03\/Alexandrina_RemescuSimo_TheaterOfDreams_Ring_2025_Cement_Bronze_50x55x55cm_2-768x574.jpg\",\"datePublished\":\"2026-03-12T16:30:29+00:00\",\"dateModified\":\"2026-03-12T18:51:49+00:00\",\"breadcrumb\":{\"@id\":\"https:\/\/slovenianjewelryweek.com\/sl\/sijw-2026\/guests-2026\/romanian-jewelry-week\/#breadcrumb\"},\"inLanguage\":\"sl-SI\",\"potentialAction\":[{\"@type\":\"ReadAction\",\"target\":[\"https:\/\/slovenianjewelryweek.com\/sl\/sijw-2026\/guests-2026\/romanian-jewelry-week\/\"]}]},{\"@type\":\"ImageObject\",\"inLanguage\":\"sl-SI\",\"@id\":\"https:\/\/slovenianjewelryweek.com\/sl\/sijw-2026\/guests-2026\/romanian-jewelry-week\/#primaryimage\",\"url\":\"https:\/\/slovenianjewelryweek.com\/wp-content\/uploads\/2026\/03\/Alexandrina_RemescuSimo_TheaterOfDreams_Ring_2025_Cement_Bronze_50x55x55cm_2-768x574.jpg\",\"contentUrl\":\"https:\/\/slovenianjewelryweek.com\/wp-content\/uploads\/2026\/03\/Alexandrina_RemescuSimo_TheaterOfDreams_Ring_2025_Cement_Bronze_50x55x55cm_2-768x574.jpg\"},{\"@type\":\"BreadcrumbList\",\"@id\":\"https:\/\/slovenianjewelryweek.com\/sl\/sijw-2026\/guests-2026\/romanian-jewelry-week\/#breadcrumb\",\"itemListElement\":[{\"@type\":\"ListItem\",\"position\":1,\"name\":\"Home\",\"item\":\"https:\/\/slovenianjewelryweek.com\/sl\/\"},{\"@type\":\"ListItem\",\"position\":2,\"name\":\"SLOVENSKI TEDEN NAKITA 2026\",\"item\":\"https:\/\/slovenianjewelryweek.com\/sl\/\"},{\"@type\":\"ListItem\",\"position\":3,\"name\":\"Gosti 2026\",\"item\":\"https:\/\/slovenianjewelryweek.com\/sl\/sijw-2026\/guests-2026\/\"},{\"@type\":\"ListItem\",\"position\":4,\"name\":\"ROMANIAN JEWELRY WEEK\"}]},{\"@type\":\"WebSite\",\"@id\":\"https:\/\/slovenianjewelryweek.com\/sl\/#website\",\"url\":\"https:\/\/slovenianjewelryweek.com\/sl\/\",\"name\":\"SIJW\",\"description\":\"\",\"potentialAction\":[{\"@type\":\"SearchAction\",\"target\":{\"@type\":\"EntryPoint\",\"urlTemplate\":\"https:\/\/slovenianjewelryweek.com\/sl\/?s={search_term_string}\"},\"query-input\":{\"@type\":\"PropertyValueSpecification\",\"valueRequired\":true,\"valueName\":\"search_term_string\"}}],\"inLanguage\":\"sl-SI\"}]}<\/script>\n<!-- \/ Yoast SEO plugin. -->","yoast_head_json":{"title":"ROMANIAN JEWELRY WEEK - SIJW","robots":{"index":"index","follow":"follow","max-snippet":"max-snippet:-1","max-image-preview":"max-image-preview:large","max-video-preview":"max-video-preview:-1"},"canonical":"https:\/\/slovenianjewelryweek.com\/sl\/sijw-2026\/guests-2026\/romanian-jewelry-week\/","og_locale":"sl_SI","og_type":"article","og_title":"ROMANIAN JEWELRY WEEK - SIJW","og_description":"SLOVENSKI TEDEN NAKITA 2026 &#8211; GOST ROMANIAN JEWELRY WEEK (Romunija) Romunski teden nakita je najve\u010dji mednarodni dogodek, posve\u010den sodobnemu nakitu","og_url":"https:\/\/slovenianjewelryweek.com\/sl\/sijw-2026\/guests-2026\/romanian-jewelry-week\/","og_site_name":"SIJW","article_modified_time":"2026-03-12T18:51:49+00:00","og_image":[{"url":"https:\/\/slovenianjewelryweek.com\/wp-content\/uploads\/2026\/03\/Alexandrina_RemescuSimo_TheaterOfDreams_Ring_2025_Cement_Bronze_50x55x55cm_2-768x574.jpg","type":"","width":"","height":""}],"twitter_card":"summary_large_image","twitter_misc":{"Est. reading time":"93 minut"},"schema":{"@context":"https:\/\/schema.org","@graph":[{"@type":"WebPage","@id":"https:\/\/slovenianjewelryweek.com\/sl\/sijw-2026\/guests-2026\/romanian-jewelry-week\/","url":"https:\/\/slovenianjewelryweek.com\/sl\/sijw-2026\/guests-2026\/romanian-jewelry-week\/","name":"ROMANIAN JEWELRY WEEK - SIJW","isPartOf":{"@id":"https:\/\/slovenianjewelryweek.com\/sl\/#website"},"primaryImageOfPage":{"@id":"https:\/\/slovenianjewelryweek.com\/sl\/sijw-2026\/guests-2026\/romanian-jewelry-week\/#primaryimage"},"image":{"@id":"https:\/\/slovenianjewelryweek.com\/sl\/sijw-2026\/guests-2026\/romanian-jewelry-week\/#primaryimage"},"thumbnailUrl":"https:\/\/slovenianjewelryweek.com\/wp-content\/uploads\/2026\/03\/Alexandrina_RemescuSimo_TheaterOfDreams_Ring_2025_Cement_Bronze_50x55x55cm_2-768x574.jpg","datePublished":"2026-03-12T16:30:29+00:00","dateModified":"2026-03-12T18:51:49+00:00","breadcrumb":{"@id":"https:\/\/slovenianjewelryweek.com\/sl\/sijw-2026\/guests-2026\/romanian-jewelry-week\/#breadcrumb"},"inLanguage":"sl-SI","potentialAction":[{"@type":"ReadAction","target":["https:\/\/slovenianjewelryweek.com\/sl\/sijw-2026\/guests-2026\/romanian-jewelry-week\/"]}]},{"@type":"ImageObject","inLanguage":"sl-SI","@id":"https:\/\/slovenianjewelryweek.com\/sl\/sijw-2026\/guests-2026\/romanian-jewelry-week\/#primaryimage","url":"https:\/\/slovenianjewelryweek.com\/wp-content\/uploads\/2026\/03\/Alexandrina_RemescuSimo_TheaterOfDreams_Ring_2025_Cement_Bronze_50x55x55cm_2-768x574.jpg","contentUrl":"https:\/\/slovenianjewelryweek.com\/wp-content\/uploads\/2026\/03\/Alexandrina_RemescuSimo_TheaterOfDreams_Ring_2025_Cement_Bronze_50x55x55cm_2-768x574.jpg"},{"@type":"BreadcrumbList","@id":"https:\/\/slovenianjewelryweek.com\/sl\/sijw-2026\/guests-2026\/romanian-jewelry-week\/#breadcrumb","itemListElement":[{"@type":"ListItem","position":1,"name":"Home","item":"https:\/\/slovenianjewelryweek.com\/sl\/"},{"@type":"ListItem","position":2,"name":"SLOVENSKI TEDEN NAKITA 2026","item":"https:\/\/slovenianjewelryweek.com\/sl\/"},{"@type":"ListItem","position":3,"name":"Gosti 2026","item":"https:\/\/slovenianjewelryweek.com\/sl\/sijw-2026\/guests-2026\/"},{"@type":"ListItem","position":4,"name":"ROMANIAN JEWELRY WEEK"}]},{"@type":"WebSite","@id":"https:\/\/slovenianjewelryweek.com\/sl\/#website","url":"https:\/\/slovenianjewelryweek.com\/sl\/","name":"SIJW","description":"","potentialAction":[{"@type":"SearchAction","target":{"@type":"EntryPoint","urlTemplate":"https:\/\/slovenianjewelryweek.com\/sl\/?s={search_term_string}"},"query-input":{"@type":"PropertyValueSpecification","valueRequired":true,"valueName":"search_term_string"}}],"inLanguage":"sl-SI"}]}},"_links":{"self":[{"href":"https:\/\/slovenianjewelryweek.com\/sl\/wp-json\/wp\/v2\/pages\/14227","targetHints":{"allow":["GET"]}}],"collection":[{"href":"https:\/\/slovenianjewelryweek.com\/sl\/wp-json\/wp\/v2\/pages"}],"about":[{"href":"https:\/\/slovenianjewelryweek.com\/sl\/wp-json\/wp\/v2\/types\/page"}],"author":[{"embeddable":true,"href":"https:\/\/slovenianjewelryweek.com\/sl\/wp-json\/wp\/v2\/users\/1"}],"replies":[{"embeddable":true,"href":"https:\/\/slovenianjewelryweek.com\/sl\/wp-json\/wp\/v2\/comments?post=14227"}],"version-history":[{"count":4,"href":"https:\/\/slovenianjewelryweek.com\/sl\/wp-json\/wp\/v2\/pages\/14227\/revisions"}],"predecessor-version":[{"id":14476,"href":"https:\/\/slovenianjewelryweek.com\/sl\/wp-json\/wp\/v2\/pages\/14227\/revisions\/14476"}],"up":[{"embeddable":true,"href":"https:\/\/slovenianjewelryweek.com\/sl\/wp-json\/wp\/v2\/pages\/14470"}],"wp:attachment":[{"href":"https:\/\/slovenianjewelryweek.com\/sl\/wp-json\/wp\/v2\/media?parent=14227"}],"curies":[{"name":"wp","href":"https:\/\/api.w.org\/{rel}","templated":true}]}}