{"id":14101,"date":"2026-03-12T16:55:32","date_gmt":"2026-03-12T15:55:32","guid":{"rendered":"https:\/\/slovenianjewelryweek.com\/preziosa-young\/"},"modified":"2026-03-12T19:51:49","modified_gmt":"2026-03-12T18:51:49","slug":"preziosa-young","status":"publish","type":"page","link":"https:\/\/slovenianjewelryweek.com\/sl\/sijw-2026\/guests-2026\/preziosa-young\/","title":{"rendered":"PREZIOSA YOUNG"},"content":{"rendered":"\t\t<div data-elementor-type=\"wp-page\" data-elementor-id=\"14101\" class=\"elementor elementor-14101 elementor-14096\">\n\t\t\t\t<div class=\"wd-negative-gap elementor-element elementor-element-4a5f32b e-flex e-con-boxed e-con e-parent\" data-id=\"4a5f32b\" data-element_type=\"container\" data-e-type=\"container\">\n\t\t\t\t\t<div class=\"e-con-inner\">\n\t\t<div class=\"elementor-element elementor-element-8939698 e-con-full e-flex e-con e-child\" data-id=\"8939698\" data-element_type=\"container\" data-e-type=\"container\">\n\t\t\t\t<div class=\"elementor-element elementor-element-249cb4c wd-width-100 elementor-widget elementor-widget-wd_title\" data-id=\"249cb4c\" data-element_type=\"widget\" data-e-type=\"widget\" data-widget_type=\"wd_title.default\">\n\t\t\t\t<div class=\"elementor-widget-container\">\n\t\t\t\t\t\t\t<div class=\"title-wrapper wd-set-mb reset-last-child wd-title-color-default wd-title-style-default wd-title-size-extra-large text-center\">\n\n\t\t\t\t\t\t\t\t\t\t\t<div class=\"title-subtitle subtitle-color-default subtitle-style-default wd-fontsize-m\">\n\t\t\t\t\tSLOVENSKI TEDEN NAKITA 2026 - GOST\t\t\t\t<\/div>\n\t\t\t\n\t\t\t<div class=\"liner-continer\">\n\t\t\t\t<h1 class=\"woodmart-title-container title wd-fontsize-xxxl wd-underline-colored\">PREZIOSA YOUNG (Italija)<\/h1> \n\t\t\t\t\t\t\t<\/div>\n\n\t\t\t\t\t<\/div>\n\t\t\t\t\t\t<\/div>\n\t\t\t\t<\/div>\n\t\t\t\t<\/div>\n\t\t\t\t\t<\/div>\n\t\t\t\t<\/div>\n\t\t<div class=\"wd-negative-gap elementor-element elementor-element-a7310da e-flex e-con-boxed e-con e-parent\" data-id=\"a7310da\" data-element_type=\"container\" data-e-type=\"container\">\n\t\t\t\t\t<div class=\"e-con-inner\">\n\t\t<div class=\"elementor-element elementor-element-b0fb49a e-con-full e-flex e-con e-child\" data-id=\"b0fb49a\" data-element_type=\"container\" data-e-type=\"container\">\n\t\t\t\t<div class=\"elementor-element elementor-element-f72f93c elementor-widget elementor-widget-wd_text_block\" data-id=\"f72f93c\" data-element_type=\"widget\" data-e-type=\"widget\" data-widget_type=\"wd_text_block.default\">\n\t\t\t\t<div class=\"elementor-widget-container\">\n\t\t\t\t\t\t\t<div class=\"wd-text-block reset-last-child text-left\">\n\t\t\t\n\t\t\t<p class=\"Standard\">Le Arti Orafe je mednarodni letni projekt in tekmovanje, ki ga od leta 2008 vodi in kurira \u0161ola Le Arti Orafe (LAO) v Firencah z namenom podpore novim generacijam ustvarjalcev sodobnega nakita. Program je namenjen ustvarjalcem, mlaj\u0161im od 35 let, ki raziskujejo avantgardne pristope v oblikovanju, materialih in tehnikah, izbrane pa dolo\u010di mednarodna strokovna \u017eirija. Izbrani avtorji so nagrajeni z mednarodno potujo\u010do razstavo, publikacijo kataloga ter dodatnimi nagradami partnerskih institucij. Razstava v sklopu SIJW 2026 predstavlja kuriran izbor del iz \u0161ir\u0161e zbirke LAO, ki vklju\u010duje kose, pridobljene od nagrajencev skozi razli\u010dne edicije projekta.   <\/p>\n\t\t\t\t\t<\/div>\n\t\t\t\t\t\t<\/div>\n\t\t\t\t<\/div>\n\t\t\t\t<\/div>\n\t\t\t\t\t<\/div>\n\t\t\t\t<\/div>\n\t\t<div class=\"wd-negative-gap elementor-element elementor-element-9030313 e-flex e-con-boxed e-con e-parent\" data-id=\"9030313\" data-element_type=\"container\" data-e-type=\"container\">\n\t\t\t\t\t<div class=\"e-con-inner\">\n\t\t\t\t<div class=\"elementor-element elementor-element-df29299 bdt-custom-gallery-skin-fedara-style-center bdt-post-gallery-skin-fedara-style-center elementor-widget elementor-widget-bdt-post-gallery\" data-id=\"df29299\" data-element_type=\"widget\" data-e-type=\"widget\" data-settings=\"{&quot;columns&quot;:&quot;4&quot;,&quot;columns_tablet&quot;:&quot;2&quot;,&quot;columns_mobile&quot;:&quot;1&quot;}\" data-widget_type=\"bdt-post-gallery.bdt-fedara\">\n\t\t\t\t<div class=\"elementor-widget-container\">\n\t\t\t\t\t\t\t<div class=\"bdt-post-gallery-wrapper\">\n\n\t\t\t\t\t\t<div id=\"bdt-post-gallerydf29299\" class=\"bdt-post-gallery bdt-ep-grid-filter-container bdt-post-gallery-skin-fedara bdt-grid bdt-grid-medium\" data-bdt-grid=\"\" data-bdt-lightbox=\"toggle: .bdt-gallery-lightbox-item; animation:slide;\" data-settings=\"{&quot;id&quot;:&quot;#bdt-post-gallerydf29299&quot;,&quot;tilt_show&quot;:false,&quot;tilt_scale&quot;:false}\">\n\n\t\t\t\t\t\t<div class=\"bdt-gallery-item bdt-transition-toggle bdt-width-1-1 bdt-width-1-2@s bdt-width-1-4@m\">\n\t\t\t<div >\n\t\t\t\t<div class=\"bdt-post-gallery-inner\">\n\t\t\t\t\t\t\t<div class=\"bdt-gallery-thumbnail\">\n\t\t\t<img loading=\"lazy\" decoding=\"async\" width=\"768\" height=\"1152\" src=\"https:\/\/slovenianjewelryweek.com\/wp-content\/uploads\/2026\/03\/kurd_hasan_extension-of_ring_hand-piece_2-768x1152.jpg\" class=\"attachment-medium_large size-medium_large\" alt=\"HASAN KURD, Palestina\/Nem\u010dija\" srcset=\"https:\/\/slovenianjewelryweek.com\/wp-content\/uploads\/2026\/03\/kurd_hasan_extension-of_ring_hand-piece_2-768x1152.jpg 768w, https:\/\/slovenianjewelryweek.com\/wp-content\/uploads\/2026\/03\/kurd_hasan_extension-of_ring_hand-piece_2-200x300.jpg 200w, https:\/\/slovenianjewelryweek.com\/wp-content\/uploads\/2026\/03\/kurd_hasan_extension-of_ring_hand-piece_2-682x1024.jpg 682w, https:\/\/slovenianjewelryweek.com\/wp-content\/uploads\/2026\/03\/kurd_hasan_extension-of_ring_hand-piece_2.jpg 933w\" sizes=\"auto, (max-width: 768px) 100vw, 768px\" \/>\t\t<\/div>\n\t\t\t\t<div class=\"bdt-position-cover bdt-overlay bdt-overlay-default bdt-transition-fade\">\n\t\t\t<div class=\"bdt-post-gallery-content\">\n\t\t\t\t<div class=\"bdt-gallery-content-inner\">\n\t\t\t\t\t\t\t\t\t\t\t<div class=\"bdt-flex-inline bdt-gallery-item-link-wrapper\">\n\t\t\t\t\t\t\t\t\t\t\t\t\t\t\t<a class=\"bdt-gallery-item-link bdt-gallery-lightbox-item bdt-link-icon\" data-elementor-open-lightbox=\"no\" data-caption=\"HASAN KURD, Palestina\/Nem\u010dija\" href=\"https:\/\/slovenianjewelryweek.com\/wp-content\/uploads\/2026\/03\/kurd_hasan_extension-of_ring_hand-piece_2.jpg\">\n\t\t\t\t\t\t\t\t\t\t\t\t\t\t\t\t\t\t\t<i class=\"ep-icon-plus\" aria-hidden=\"true\"><\/i>\n\t\t\t\t\t\t\t\t\t\t\t\t\t\t\t\t\t\t<\/a>\n\t\t\t\t\t\t\t\n\t\t\t\t\t\t\t\t\t\t\t\t\t\t\t\t\t\t\t\t\t\t\t<a class=\"bdt-gallery-item-link bdt-link-icon\"\n\t\t\t\t\t\t\t\t\thref=\"https:\/\/slovenianjewelryweek.com\/sl\/portfolio\/hasan-kurd-palestine-germany\/\" >\n\t\t\t\t\t\t\t\t\t\t\t\t\t\t\t\t\t\t\t<i class=\"ep-icon-link\" aria-hidden=\"true\"><\/i>\n\t\t\t\t\t\t\t\t\t\t\t\t\t\t\t\t\t\t<\/a>\n\t\t\t\t\t\t\t\t\t\t\t\t\t<\/div>\n\t\t\t\t\t\t\t\t\t<\/div>\n\t\t\t<\/div>\n\t\t<\/div>\n\t\t\t\t\t\t<\/div>\n\t\t\t\t\t\t<div class=\"bdt-post-gallery-skin-fedara-desc bdt-padding-small\">\n\t\t\t\t\t<a class=\"bdt-post-gallery-title-link\" href=\"https:\/\/slovenianjewelryweek.com\/sl\/portfolio\/hasan-kurd-palestine-germany\/\" >\n\t\t\t<h4 class=\"bdt-gallery-item-title bdt-margin-remove\">\n\t\t\t\tHASAN KURD, Palestina\/Nem\u010dija\t\t\t<\/h4>\n\t\t<\/a>\n\t\t\t\t<\/div>\n\t\t\t\t\t<\/div>\n\t\t<\/div>\n\t\t\t\t<div class=\"bdt-gallery-item bdt-transition-toggle bdt-width-1-1 bdt-width-1-2@s bdt-width-1-4@m\">\n\t\t\t<div >\n\t\t\t\t<div class=\"bdt-post-gallery-inner\">\n\t\t\t\t\t\t\t<div class=\"bdt-gallery-thumbnail bdt-gallery-thumbnail\">\n\t\t\t<img loading=\"lazy\" decoding=\"async\" width=\"768\" height=\"768\" src=\"https:\/\/slovenianjewelryweek.com\/wp-content\/uploads\/2026\/03\/camera-smit_maria_uncommon-path_brooch_2-768x768.jpg\" class=\"attachment-medium_large size-medium_large\" alt=\"MARIA CAMERA-SMITH, ZDA\" srcset=\"https:\/\/slovenianjewelryweek.com\/wp-content\/uploads\/2026\/03\/camera-smit_maria_uncommon-path_brooch_2-768x768.jpg 768w, https:\/\/slovenianjewelryweek.com\/wp-content\/uploads\/2026\/03\/camera-smit_maria_uncommon-path_brooch_2-300x300.jpg 300w, https:\/\/slovenianjewelryweek.com\/wp-content\/uploads\/2026\/03\/camera-smit_maria_uncommon-path_brooch_2-1024x1024.jpg 1024w, https:\/\/slovenianjewelryweek.com\/wp-content\/uploads\/2026\/03\/camera-smit_maria_uncommon-path_brooch_2-150x150.jpg 150w, https:\/\/slovenianjewelryweek.com\/wp-content\/uploads\/2026\/03\/camera-smit_maria_uncommon-path_brooch_2.jpg 1400w\" sizes=\"auto, (max-width: 768px) 100vw, 768px\" \/>\t\t<\/div>\n\t\t\t\t<div class=\"bdt-position-cover bdt-overlay bdt-overlay-default bdt-transition-fade\">\n\t\t\t<div class=\"bdt-post-gallery-content\">\n\t\t\t\t<div class=\"bdt-gallery-content-inner\">\n\t\t\t\t\t\t\t\t\t\t\t<div class=\"bdt-flex-inline bdt-gallery-item-link-wrapper\">\n\t\t\t\t\t\t\t\t\t\t\t\t\t\t\t<a class=\"bdt-gallery-item-link bdt-gallery-lightbox-item bdt-link-icon\" data-elementor-open-lightbox=\"no\" data-caption=\"MARIA CAMERA-SMITH, ZDA\" href=\"https:\/\/slovenianjewelryweek.com\/wp-content\/uploads\/2026\/03\/camera-smit_maria_uncommon-path_brooch_2.jpg\">\n\t\t\t\t\t\t\t\t\t\t\t\t\t\t\t\t\t\t\t<i class=\"ep-icon-plus\" aria-hidden=\"true\"><\/i>\n\t\t\t\t\t\t\t\t\t\t\t\t\t\t\t\t\t\t<\/a>\n\t\t\t\t\t\t\t\n\t\t\t\t\t\t\t\t\t\t\t\t\t\t\t\t\t\t\t\t\t\t\t<a class=\"bdt-gallery-item-link bdt-link-icon\"\n\t\t\t\t\t\t\t\t\thref=\"https:\/\/slovenianjewelryweek.com\/sl\/portfolio\/maria-camera-smith-usa\/\" >\n\t\t\t\t\t\t\t\t\t\t\t\t\t\t\t\t\t\t\t<i class=\"ep-icon-link\" aria-hidden=\"true\"><\/i>\n\t\t\t\t\t\t\t\t\t\t\t\t\t\t\t\t\t\t<\/a>\n\t\t\t\t\t\t\t\t\t\t\t\t\t<\/div>\n\t\t\t\t\t\t\t\t\t<\/div>\n\t\t\t<\/div>\n\t\t<\/div>\n\t\t\t\t\t\t<\/div>\n\t\t\t\t\t\t<div class=\"bdt-post-gallery-skin-fedara-desc bdt-padding-small\">\n\t\t\t\t\t<a class=\"bdt-post-gallery-title-link\" href=\"https:\/\/slovenianjewelryweek.com\/sl\/portfolio\/maria-camera-smith-usa\/\" >\n\t\t\t<h4 class=\"bdt-gallery-item-title bdt-margin-remove\">\n\t\t\t\tMARIA CAMERA-SMITH, ZDA\t\t\t<\/h4>\n\t\t<\/a>\n\t\t\t\t<\/div>\n\t\t\t\t\t<\/div>\n\t\t<\/div>\n\t\t\t\t<div class=\"bdt-gallery-item bdt-transition-toggle bdt-width-1-1 bdt-width-1-2@s bdt-width-1-4@m\">\n\t\t\t<div >\n\t\t\t\t<div class=\"bdt-post-gallery-inner\">\n\t\t\t\t\t\t\t<div class=\"bdt-gallery-thumbnail bdt-gallery-thumbnail bdt-gallery-thumbnail\">\n\t\t\t<img loading=\"lazy\" decoding=\"async\" width=\"768\" height=\"512\" src=\"https:\/\/slovenianjewelryweek.com\/wp-content\/uploads\/2026\/03\/li_xi_50kg_footaccessory_2-768x512.jpg\" class=\"attachment-medium_large size-medium_large\" alt=\"XI LI, Velika Britanija\" srcset=\"https:\/\/slovenianjewelryweek.com\/wp-content\/uploads\/2026\/03\/li_xi_50kg_footaccessory_2-768x512.jpg 768w, https:\/\/slovenianjewelryweek.com\/wp-content\/uploads\/2026\/03\/li_xi_50kg_footaccessory_2-300x200.jpg 300w, https:\/\/slovenianjewelryweek.com\/wp-content\/uploads\/2026\/03\/li_xi_50kg_footaccessory_2-1024x683.jpg 1024w, https:\/\/slovenianjewelryweek.com\/wp-content\/uploads\/2026\/03\/li_xi_50kg_footaccessory_2.jpg 1400w\" sizes=\"auto, (max-width: 768px) 100vw, 768px\" \/>\t\t<\/div>\n\t\t\t\t<div class=\"bdt-position-cover bdt-overlay bdt-overlay-default bdt-transition-fade\">\n\t\t\t<div class=\"bdt-post-gallery-content\">\n\t\t\t\t<div class=\"bdt-gallery-content-inner\">\n\t\t\t\t\t\t\t\t\t\t\t<div class=\"bdt-flex-inline bdt-gallery-item-link-wrapper\">\n\t\t\t\t\t\t\t\t\t\t\t\t\t\t\t<a class=\"bdt-gallery-item-link bdt-gallery-lightbox-item bdt-link-icon\" data-elementor-open-lightbox=\"no\" data-caption=\"XI LI, Velika Britanija\" href=\"https:\/\/slovenianjewelryweek.com\/wp-content\/uploads\/2026\/03\/li_xi_50kg_footaccessory_2.jpg\">\n\t\t\t\t\t\t\t\t\t\t\t\t\t\t\t\t\t\t\t<i class=\"ep-icon-plus\" aria-hidden=\"true\"><\/i>\n\t\t\t\t\t\t\t\t\t\t\t\t\t\t\t\t\t\t<\/a>\n\t\t\t\t\t\t\t\n\t\t\t\t\t\t\t\t\t\t\t\t\t\t\t\t\t\t\t\t\t\t\t<a class=\"bdt-gallery-item-link bdt-link-icon\"\n\t\t\t\t\t\t\t\t\thref=\"https:\/\/slovenianjewelryweek.com\/sl\/portfolio\/xi-li-united-kingdom\/\" >\n\t\t\t\t\t\t\t\t\t\t\t\t\t\t\t\t\t\t\t<i class=\"ep-icon-link\" aria-hidden=\"true\"><\/i>\n\t\t\t\t\t\t\t\t\t\t\t\t\t\t\t\t\t\t<\/a>\n\t\t\t\t\t\t\t\t\t\t\t\t\t<\/div>\n\t\t\t\t\t\t\t\t\t<\/div>\n\t\t\t<\/div>\n\t\t<\/div>\n\t\t\t\t\t\t<\/div>\n\t\t\t\t\t\t<div class=\"bdt-post-gallery-skin-fedara-desc bdt-padding-small\">\n\t\t\t\t\t<a class=\"bdt-post-gallery-title-link\" href=\"https:\/\/slovenianjewelryweek.com\/sl\/portfolio\/xi-li-united-kingdom\/\" >\n\t\t\t<h4 class=\"bdt-gallery-item-title bdt-margin-remove\">\n\t\t\t\tXI LI, Velika Britanija\t\t\t<\/h4>\n\t\t<\/a>\n\t\t\t\t<\/div>\n\t\t\t\t\t<\/div>\n\t\t<\/div>\n\t\t\t\t<div class=\"bdt-gallery-item bdt-transition-toggle bdt-width-1-1 bdt-width-1-2@s bdt-width-1-4@m\">\n\t\t\t<div >\n\t\t\t\t<div class=\"bdt-post-gallery-inner\">\n\t\t\t\t\t\t\t<div class=\"bdt-gallery-thumbnail bdt-gallery-thumbnail bdt-gallery-thumbnail bdt-gallery-thumbnail\">\n\t\t\t<img loading=\"lazy\" decoding=\"async\" width=\"768\" height=\"556\" src=\"https:\/\/slovenianjewelryweek.com\/wp-content\/uploads\/2026\/03\/5-768x556.jpeg\" class=\"attachment-medium_large size-medium_large\" alt=\"XINYI CHEN, Velika Britanija\" srcset=\"https:\/\/slovenianjewelryweek.com\/wp-content\/uploads\/2026\/03\/5-768x556.jpeg 768w, https:\/\/slovenianjewelryweek.com\/wp-content\/uploads\/2026\/03\/5-300x217.jpeg 300w, https:\/\/slovenianjewelryweek.com\/wp-content\/uploads\/2026\/03\/5-1024x742.jpeg 1024w, https:\/\/slovenianjewelryweek.com\/wp-content\/uploads\/2026\/03\/5-1536x1112.jpeg 1536w, https:\/\/slovenianjewelryweek.com\/wp-content\/uploads\/2026\/03\/5-2048x1483.jpeg 2048w\" sizes=\"auto, (max-width: 768px) 100vw, 768px\" \/>\t\t<\/div>\n\t\t\t\t<div class=\"bdt-position-cover bdt-overlay bdt-overlay-default bdt-transition-fade\">\n\t\t\t<div class=\"bdt-post-gallery-content\">\n\t\t\t\t<div class=\"bdt-gallery-content-inner\">\n\t\t\t\t\t\t\t\t\t\t\t<div class=\"bdt-flex-inline bdt-gallery-item-link-wrapper\">\n\t\t\t\t\t\t\t\t\t\t\t\t\t\t\t<a class=\"bdt-gallery-item-link bdt-gallery-lightbox-item bdt-link-icon\" data-elementor-open-lightbox=\"no\" data-caption=\"XINYI CHEN, Velika Britanija\" href=\"https:\/\/slovenianjewelryweek.com\/wp-content\/uploads\/2026\/03\/5.jpeg\">\n\t\t\t\t\t\t\t\t\t\t\t\t\t\t\t\t\t\t\t<i class=\"ep-icon-plus\" aria-hidden=\"true\"><\/i>\n\t\t\t\t\t\t\t\t\t\t\t\t\t\t\t\t\t\t<\/a>\n\t\t\t\t\t\t\t\n\t\t\t\t\t\t\t\t\t\t\t\t\t\t\t\t\t\t\t\t\t\t\t<a class=\"bdt-gallery-item-link bdt-link-icon\"\n\t\t\t\t\t\t\t\t\thref=\"https:\/\/slovenianjewelryweek.com\/sl\/portfolio\/xinyi-chen-great-britain\/\" >\n\t\t\t\t\t\t\t\t\t\t\t\t\t\t\t\t\t\t\t<i class=\"ep-icon-link\" aria-hidden=\"true\"><\/i>\n\t\t\t\t\t\t\t\t\t\t\t\t\t\t\t\t\t\t<\/a>\n\t\t\t\t\t\t\t\t\t\t\t\t\t<\/div>\n\t\t\t\t\t\t\t\t\t<\/div>\n\t\t\t<\/div>\n\t\t<\/div>\n\t\t\t\t\t\t<\/div>\n\t\t\t\t\t\t<div class=\"bdt-post-gallery-skin-fedara-desc bdt-padding-small\">\n\t\t\t\t\t<a class=\"bdt-post-gallery-title-link\" href=\"https:\/\/slovenianjewelryweek.com\/sl\/portfolio\/xinyi-chen-great-britain\/\" >\n\t\t\t<h4 class=\"bdt-gallery-item-title bdt-margin-remove\">\n\t\t\t\tXINYI CHEN, Velika Britanija\t\t\t<\/h4>\n\t\t<\/a>\n\t\t\t\t<\/div>\n\t\t\t\t\t<\/div>\n\t\t<\/div>\n\t\t\t\t<div class=\"bdt-gallery-item bdt-transition-toggle bdt-width-1-1 bdt-width-1-2@s bdt-width-1-4@m\">\n\t\t\t<div >\n\t\t\t\t<div class=\"bdt-post-gallery-inner\">\n\t\t\t\t\t\t\t<div class=\"bdt-gallery-thumbnail bdt-gallery-thumbnail bdt-gallery-thumbnail bdt-gallery-thumbnail bdt-gallery-thumbnail\">\n\t\t\t<img loading=\"lazy\" decoding=\"async\" width=\"768\" height=\"1024\" src=\"https:\/\/slovenianjewelryweek.com\/wp-content\/uploads\/2026\/03\/choi_yejin_Ascend2_brooch_2-768x1024.jpg\" class=\"attachment-medium_large size-medium_large\" alt=\"YEJIN CHOI, Ju\u017ena Koreja\" srcset=\"https:\/\/slovenianjewelryweek.com\/wp-content\/uploads\/2026\/03\/choi_yejin_Ascend2_brooch_2-768x1024.jpg 768w, https:\/\/slovenianjewelryweek.com\/wp-content\/uploads\/2026\/03\/choi_yejin_Ascend2_brooch_2-225x300.jpg 225w, https:\/\/slovenianjewelryweek.com\/wp-content\/uploads\/2026\/03\/choi_yejin_Ascend2_brooch_2.jpg 1050w\" sizes=\"auto, (max-width: 768px) 100vw, 768px\" \/>\t\t<\/div>\n\t\t\t\t<div class=\"bdt-position-cover bdt-overlay bdt-overlay-default bdt-transition-fade\">\n\t\t\t<div class=\"bdt-post-gallery-content\">\n\t\t\t\t<div class=\"bdt-gallery-content-inner\">\n\t\t\t\t\t\t\t\t\t\t\t<div class=\"bdt-flex-inline bdt-gallery-item-link-wrapper\">\n\t\t\t\t\t\t\t\t\t\t\t\t\t\t\t<a class=\"bdt-gallery-item-link bdt-gallery-lightbox-item bdt-link-icon\" data-elementor-open-lightbox=\"no\" data-caption=\"YEJIN CHOI, Ju\u017ena Koreja\" href=\"https:\/\/slovenianjewelryweek.com\/wp-content\/uploads\/2026\/03\/choi_yejin_Ascend2_brooch_2.jpg\">\n\t\t\t\t\t\t\t\t\t\t\t\t\t\t\t\t\t\t\t<i class=\"ep-icon-plus\" aria-hidden=\"true\"><\/i>\n\t\t\t\t\t\t\t\t\t\t\t\t\t\t\t\t\t\t<\/a>\n\t\t\t\t\t\t\t\n\t\t\t\t\t\t\t\t\t\t\t\t\t\t\t\t\t\t\t\t\t\t\t<a class=\"bdt-gallery-item-link bdt-link-icon\"\n\t\t\t\t\t\t\t\t\thref=\"https:\/\/slovenianjewelryweek.com\/sl\/portfolio\/yejin-choi-south-korea\/\" >\n\t\t\t\t\t\t\t\t\t\t\t\t\t\t\t\t\t\t\t<i class=\"ep-icon-link\" aria-hidden=\"true\"><\/i>\n\t\t\t\t\t\t\t\t\t\t\t\t\t\t\t\t\t\t<\/a>\n\t\t\t\t\t\t\t\t\t\t\t\t\t<\/div>\n\t\t\t\t\t\t\t\t\t<\/div>\n\t\t\t<\/div>\n\t\t<\/div>\n\t\t\t\t\t\t<\/div>\n\t\t\t\t\t\t<div class=\"bdt-post-gallery-skin-fedara-desc bdt-padding-small\">\n\t\t\t\t\t<a class=\"bdt-post-gallery-title-link\" href=\"https:\/\/slovenianjewelryweek.com\/sl\/portfolio\/yejin-choi-south-korea\/\" >\n\t\t\t<h4 class=\"bdt-gallery-item-title bdt-margin-remove\">\n\t\t\t\tYEJIN CHOI, Ju\u017ena Koreja\t\t\t<\/h4>\n\t\t<\/a>\n\t\t\t\t<\/div>\n\t\t\t\t\t<\/div>\n\t\t<\/div>\n\t\t\n\t\t\t<\/div>\n\t\t<\/div>\n\t\t\t\t\t\t<\/div>\n\t\t\t\t<\/div>\n\t\t\t\t\t<\/div>\n\t\t\t\t<\/div>\n\t\t\t\t<\/div>\n\t\t","protected":false},"excerpt":{"rendered":"<p>SLOVENSKI TEDEN NAKITA 2026 &#8211; GOST PREZIOSA YOUNG (Italija) Le Arti Orafe je mednarodni letni projekt in tekmovanje, ki ga<\/p>\n","protected":false},"author":1,"featured_media":0,"parent":14470,"menu_order":0,"comment_status":"closed","ping_status":"closed","template":"","meta":{"iawp_total_views":21,"footnotes":""},"class_list":["post-14101","page","type-page","status-publish","hentry"],"yoast_head":"<!-- This site is optimized with the Yoast SEO plugin v27.2 - https:\/\/yoast.com\/product\/yoast-seo-wordpress\/ -->\n<title>PREZIOSA YOUNG - SIJW<\/title>\n<meta name=\"robots\" content=\"index, follow, max-snippet:-1, max-image-preview:large, max-video-preview:-1\" \/>\n<link rel=\"canonical\" href=\"https:\/\/slovenianjewelryweek.com\/sl\/sijw-2026\/guests-2026\/preziosa-young\/\" \/>\n<meta property=\"og:locale\" content=\"sl_SI\" \/>\n<meta property=\"og:type\" content=\"article\" \/>\n<meta property=\"og:title\" content=\"PREZIOSA YOUNG - SIJW\" \/>\n<meta property=\"og:description\" content=\"SLOVENSKI TEDEN NAKITA 2026 &#8211; GOST PREZIOSA YOUNG (Italija) Le Arti Orafe je mednarodni letni projekt in tekmovanje, ki ga\" \/>\n<meta property=\"og:url\" content=\"https:\/\/slovenianjewelryweek.com\/sl\/sijw-2026\/guests-2026\/preziosa-young\/\" \/>\n<meta property=\"og:site_name\" content=\"SIJW\" \/>\n<meta property=\"article:modified_time\" content=\"2026-03-12T18:51:49+00:00\" \/>\n<meta property=\"og:image\" content=\"https:\/\/slovenianjewelryweek.com\/wp-content\/uploads\/2026\/03\/kurd_hasan_extension-of_ring_hand-piece_2-768x1152.jpg\" \/>\n<meta name=\"twitter:card\" content=\"summary_large_image\" \/>\n<meta name=\"twitter:label1\" content=\"Est. reading time\" \/>\n\t<meta name=\"twitter:data1\" content=\"2 minuti\" \/>\n<script type=\"application\/ld+json\" class=\"yoast-schema-graph\">{\"@context\":\"https:\/\/schema.org\",\"@graph\":[{\"@type\":\"WebPage\",\"@id\":\"https:\/\/slovenianjewelryweek.com\/sl\/sijw-2026\/guests-2026\/preziosa-young\/\",\"url\":\"https:\/\/slovenianjewelryweek.com\/sl\/sijw-2026\/guests-2026\/preziosa-young\/\",\"name\":\"PREZIOSA YOUNG - SIJW\",\"isPartOf\":{\"@id\":\"https:\/\/slovenianjewelryweek.com\/sl\/#website\"},\"primaryImageOfPage\":{\"@id\":\"https:\/\/slovenianjewelryweek.com\/sl\/sijw-2026\/guests-2026\/preziosa-young\/#primaryimage\"},\"image\":{\"@id\":\"https:\/\/slovenianjewelryweek.com\/sl\/sijw-2026\/guests-2026\/preziosa-young\/#primaryimage\"},\"thumbnailUrl\":\"https:\/\/slovenianjewelryweek.com\/wp-content\/uploads\/2026\/03\/kurd_hasan_extension-of_ring_hand-piece_2-768x1152.jpg\",\"datePublished\":\"2026-03-12T15:55:32+00:00\",\"dateModified\":\"2026-03-12T18:51:49+00:00\",\"breadcrumb\":{\"@id\":\"https:\/\/slovenianjewelryweek.com\/sl\/sijw-2026\/guests-2026\/preziosa-young\/#breadcrumb\"},\"inLanguage\":\"sl-SI\",\"potentialAction\":[{\"@type\":\"ReadAction\",\"target\":[\"https:\/\/slovenianjewelryweek.com\/sl\/sijw-2026\/guests-2026\/preziosa-young\/\"]}]},{\"@type\":\"ImageObject\",\"inLanguage\":\"sl-SI\",\"@id\":\"https:\/\/slovenianjewelryweek.com\/sl\/sijw-2026\/guests-2026\/preziosa-young\/#primaryimage\",\"url\":\"https:\/\/slovenianjewelryweek.com\/wp-content\/uploads\/2026\/03\/kurd_hasan_extension-of_ring_hand-piece_2-768x1152.jpg\",\"contentUrl\":\"https:\/\/slovenianjewelryweek.com\/wp-content\/uploads\/2026\/03\/kurd_hasan_extension-of_ring_hand-piece_2-768x1152.jpg\"},{\"@type\":\"BreadcrumbList\",\"@id\":\"https:\/\/slovenianjewelryweek.com\/sl\/sijw-2026\/guests-2026\/preziosa-young\/#breadcrumb\",\"itemListElement\":[{\"@type\":\"ListItem\",\"position\":1,\"name\":\"Home\",\"item\":\"https:\/\/slovenianjewelryweek.com\/sl\/\"},{\"@type\":\"ListItem\",\"position\":2,\"name\":\"SLOVENSKI TEDEN NAKITA 2026\",\"item\":\"https:\/\/slovenianjewelryweek.com\/sl\/\"},{\"@type\":\"ListItem\",\"position\":3,\"name\":\"Gosti 2026\",\"item\":\"https:\/\/slovenianjewelryweek.com\/sl\/sijw-2026\/guests-2026\/\"},{\"@type\":\"ListItem\",\"position\":4,\"name\":\"PREZIOSA YOUNG\"}]},{\"@type\":\"WebSite\",\"@id\":\"https:\/\/slovenianjewelryweek.com\/sl\/#website\",\"url\":\"https:\/\/slovenianjewelryweek.com\/sl\/\",\"name\":\"SIJW\",\"description\":\"\",\"potentialAction\":[{\"@type\":\"SearchAction\",\"target\":{\"@type\":\"EntryPoint\",\"urlTemplate\":\"https:\/\/slovenianjewelryweek.com\/sl\/?s={search_term_string}\"},\"query-input\":{\"@type\":\"PropertyValueSpecification\",\"valueRequired\":true,\"valueName\":\"search_term_string\"}}],\"inLanguage\":\"sl-SI\"}]}<\/script>\n<!-- \/ Yoast SEO plugin. -->","yoast_head_json":{"title":"PREZIOSA YOUNG - SIJW","robots":{"index":"index","follow":"follow","max-snippet":"max-snippet:-1","max-image-preview":"max-image-preview:large","max-video-preview":"max-video-preview:-1"},"canonical":"https:\/\/slovenianjewelryweek.com\/sl\/sijw-2026\/guests-2026\/preziosa-young\/","og_locale":"sl_SI","og_type":"article","og_title":"PREZIOSA YOUNG - SIJW","og_description":"SLOVENSKI TEDEN NAKITA 2026 &#8211; GOST PREZIOSA YOUNG (Italija) Le Arti Orafe je mednarodni letni projekt in tekmovanje, ki ga","og_url":"https:\/\/slovenianjewelryweek.com\/sl\/sijw-2026\/guests-2026\/preziosa-young\/","og_site_name":"SIJW","article_modified_time":"2026-03-12T18:51:49+00:00","og_image":[{"url":"https:\/\/slovenianjewelryweek.com\/wp-content\/uploads\/2026\/03\/kurd_hasan_extension-of_ring_hand-piece_2-768x1152.jpg","type":"","width":"","height":""}],"twitter_card":"summary_large_image","twitter_misc":{"Est. reading time":"2 minuti"},"schema":{"@context":"https:\/\/schema.org","@graph":[{"@type":"WebPage","@id":"https:\/\/slovenianjewelryweek.com\/sl\/sijw-2026\/guests-2026\/preziosa-young\/","url":"https:\/\/slovenianjewelryweek.com\/sl\/sijw-2026\/guests-2026\/preziosa-young\/","name":"PREZIOSA YOUNG - SIJW","isPartOf":{"@id":"https:\/\/slovenianjewelryweek.com\/sl\/#website"},"primaryImageOfPage":{"@id":"https:\/\/slovenianjewelryweek.com\/sl\/sijw-2026\/guests-2026\/preziosa-young\/#primaryimage"},"image":{"@id":"https:\/\/slovenianjewelryweek.com\/sl\/sijw-2026\/guests-2026\/preziosa-young\/#primaryimage"},"thumbnailUrl":"https:\/\/slovenianjewelryweek.com\/wp-content\/uploads\/2026\/03\/kurd_hasan_extension-of_ring_hand-piece_2-768x1152.jpg","datePublished":"2026-03-12T15:55:32+00:00","dateModified":"2026-03-12T18:51:49+00:00","breadcrumb":{"@id":"https:\/\/slovenianjewelryweek.com\/sl\/sijw-2026\/guests-2026\/preziosa-young\/#breadcrumb"},"inLanguage":"sl-SI","potentialAction":[{"@type":"ReadAction","target":["https:\/\/slovenianjewelryweek.com\/sl\/sijw-2026\/guests-2026\/preziosa-young\/"]}]},{"@type":"ImageObject","inLanguage":"sl-SI","@id":"https:\/\/slovenianjewelryweek.com\/sl\/sijw-2026\/guests-2026\/preziosa-young\/#primaryimage","url":"https:\/\/slovenianjewelryweek.com\/wp-content\/uploads\/2026\/03\/kurd_hasan_extension-of_ring_hand-piece_2-768x1152.jpg","contentUrl":"https:\/\/slovenianjewelryweek.com\/wp-content\/uploads\/2026\/03\/kurd_hasan_extension-of_ring_hand-piece_2-768x1152.jpg"},{"@type":"BreadcrumbList","@id":"https:\/\/slovenianjewelryweek.com\/sl\/sijw-2026\/guests-2026\/preziosa-young\/#breadcrumb","itemListElement":[{"@type":"ListItem","position":1,"name":"Home","item":"https:\/\/slovenianjewelryweek.com\/sl\/"},{"@type":"ListItem","position":2,"name":"SLOVENSKI TEDEN NAKITA 2026","item":"https:\/\/slovenianjewelryweek.com\/sl\/"},{"@type":"ListItem","position":3,"name":"Gosti 2026","item":"https:\/\/slovenianjewelryweek.com\/sl\/sijw-2026\/guests-2026\/"},{"@type":"ListItem","position":4,"name":"PREZIOSA YOUNG"}]},{"@type":"WebSite","@id":"https:\/\/slovenianjewelryweek.com\/sl\/#website","url":"https:\/\/slovenianjewelryweek.com\/sl\/","name":"SIJW","description":"","potentialAction":[{"@type":"SearchAction","target":{"@type":"EntryPoint","urlTemplate":"https:\/\/slovenianjewelryweek.com\/sl\/?s={search_term_string}"},"query-input":{"@type":"PropertyValueSpecification","valueRequired":true,"valueName":"search_term_string"}}],"inLanguage":"sl-SI"}]}},"_links":{"self":[{"href":"https:\/\/slovenianjewelryweek.com\/sl\/wp-json\/wp\/v2\/pages\/14101","targetHints":{"allow":["GET"]}}],"collection":[{"href":"https:\/\/slovenianjewelryweek.com\/sl\/wp-json\/wp\/v2\/pages"}],"about":[{"href":"https:\/\/slovenianjewelryweek.com\/sl\/wp-json\/wp\/v2\/types\/page"}],"author":[{"embeddable":true,"href":"https:\/\/slovenianjewelryweek.com\/sl\/wp-json\/wp\/v2\/users\/1"}],"replies":[{"embeddable":true,"href":"https:\/\/slovenianjewelryweek.com\/sl\/wp-json\/wp\/v2\/comments?post=14101"}],"version-history":[{"count":4,"href":"https:\/\/slovenianjewelryweek.com\/sl\/wp-json\/wp\/v2\/pages\/14101\/revisions"}],"predecessor-version":[{"id":14475,"href":"https:\/\/slovenianjewelryweek.com\/sl\/wp-json\/wp\/v2\/pages\/14101\/revisions\/14475"}],"up":[{"embeddable":true,"href":"https:\/\/slovenianjewelryweek.com\/sl\/wp-json\/wp\/v2\/pages\/14470"}],"wp:attachment":[{"href":"https:\/\/slovenianjewelryweek.com\/sl\/wp-json\/wp\/v2\/media?parent=14101"}],"curies":[{"name":"wp","href":"https:\/\/api.w.org\/{rel}","templated":true}]}}