{"id":11829,"date":"2025-09-09T13:53:28","date_gmt":"2025-09-09T11:53:28","guid":{"rendered":"https:\/\/slovenianjewelryweek.com\/open-call-sijw-2026\/"},"modified":"2026-04-01T08:38:02","modified_gmt":"2026-04-01T06:38:02","slug":"sijw-2026","status":"publish","type":"page","link":"https:\/\/slovenianjewelryweek.com\/sl\/","title":{"rendered":"SLOVENSKI TEDEN NAKITA 2026"},"content":{"rendered":"\t\t<div data-elementor-type=\"wp-page\" data-elementor-id=\"11829\" class=\"elementor elementor-11829 elementor-11797\">\n\t\t\t\t<div class=\"elementor-element elementor-element-293b786 e-flex e-con-boxed e-con e-parent\" data-id=\"293b786\" data-element_type=\"container\" data-e-type=\"container\">\n\t\t\t\t\t<div class=\"e-con-inner\">\n\t\t\t\t<div class=\"elementor-element elementor-element-135ad41 elementor-widget elementor-widget-heading\" data-id=\"135ad41\" data-element_type=\"widget\" data-e-type=\"widget\" data-widget_type=\"heading.default\">\n\t\t\t\t<div class=\"elementor-widget-container\">\n\t\t\t\t\t<h2 class=\"elementor-heading-title elementor-size-default\">SLOVENSKI TEDEN NAKITA 2026 = snov\/preobrazba<\/h2>\t\t\t\t<\/div>\n\t\t\t\t<\/div>\n\t\t\t\t<div class=\"elementor-element elementor-element-30474ba color-scheme-inherit text-left elementor-widget elementor-widget-text-editor\" data-id=\"30474ba\" data-element_type=\"widget\" data-e-type=\"widget\" data-widget_type=\"text-editor.default\">\n\t\t\t\t<div class=\"elementor-widget-container\">\n\t\t\t\t\t\t\t\t\t<p><strong>Slovenski teden nakita (SIJW 2026)<\/strong> v svoji jubilejni, peti izvedbi ponovno celovito povezuje umetni\u0161ko prakso, vrhunsko obrtni\u0161tvo, raziskave in mednarodno izmenjavo na podro\u010dju sodobnega oblikovanja nakita. Festival poteka v Ljubljani, Izoli, Slovenj Gradcu, Kranju, Roga\u0161ki Slatini, Slovenski Bistrici, Vrhniki in Mirnu. SIJW je v letu 2026 zaznamovan z osrednjo temo, ki so jo oblikovalci raziskovali skozi predstavljane kolekcije: <strong>snov\/preobrazba (substance\/reimagined)<\/strong>.<\/p><p>Snov ni le surovina, temve\u010d proces in nosilec globokega pomena, ki skozi preobrazbo postane artikulirana avtorska izjava. Preobrazba je razumljena kot trenutek transformacije \u2013 to\u010dka, v kateri material skozi fizi\u010dno intervencijo spremeni svoje stanje, funkcijo in interpretacijo. Ta nenehna igra med snovjo in obliko deluje kot gonilna sila na\u0161e ustvarjalnosti, saj nas spodbuja, da izra\u017eamo svoje vizije na na\u010dine, ki presegajo meje fizi\u010dnega in nagovarjajo simbolni ter digitalni svet. V tej prepletenosti snov in preobrazba postaneta temeljna gradnika umetni\u0161kega ustvarjanja, ki odra\u017ea duh \u010dasa in spodbuja nove na\u010dine razmi\u0161ljanja.<\/p>\t\t\t\t\t\t\t\t<\/div>\n\t\t\t\t<\/div>\n\t\t\t\t<div class=\"elementor-element elementor-element-7e5d42b color-scheme-inherit text-left elementor-widget elementor-widget-text-editor\" data-id=\"7e5d42b\" data-element_type=\"widget\" data-e-type=\"widget\" data-widget_type=\"text-editor.default\">\n\t\t\t\t<div class=\"elementor-widget-container\">\n\t\t\t\t\t\t\t\t\t<p>Osrednji program SIJW 2026, ki zajema\u00a0 tri razstave in zdru\u017euje <strong>152 umetnikov iz 38 dr\u017eav<\/strong>, poteka :<\/p><ul><li><strong>od 26. marca do 18. aprila 2026<\/strong>, <strong>Ljubljana<\/strong><\/li><li><strong>od 17. marca do 11. aprila 2026, Izola<\/strong><\/li><li><strong>od 26. marca do 3. maja 2026, Slovenj Gradec<\/strong><\/li><\/ul>\t\t\t\t\t\t\t\t<\/div>\n\t\t\t\t<\/div>\n\t\t\t\t<div class=\"elementor-element elementor-element-965112b elementor-widget elementor-widget-wd_button\" data-id=\"965112b\" data-element_type=\"widget\" data-e-type=\"widget\" data-widget_type=\"wd_button.default\">\n\t\t\t\t<div class=\"elementor-widget-container\">\n\t\t\t\t\t\t\t<div class=\"wd-button-wrapper text-left\" >\n\t\t\t<a class=\"btn btn-style-default btn-shape-rectangle btn-size-large btn-color-primary btn-icon-pos-right\"  href=\"https:\/\/slovenianjewelryweek.com\/sl\/sijw-2026\/program-2026\/\">\n\t\t\t\t<span class=\"wd-btn-text\" data-elementor-setting-key=\"text\">\n\t\t\t\t\tPROGRAM\t\t\t\t<\/span>\n\n\t\t\t\t\t\t\t<\/a>\n\t\t<\/div>\n\t\t\t\t\t\t<\/div>\n\t\t\t\t<\/div>\n\t\t\t\t\t<\/div>\n\t\t\t\t<\/div>\n\t\t<div class=\"wd-negative-gap elementor-element elementor-element-5d75f03 wd-section-stretch-content e-flex e-con-boxed e-con e-parent\" data-id=\"5d75f03\" data-element_type=\"container\" data-e-type=\"container\">\n\t\t\t\t\t<div class=\"e-con-inner\">\n\t\t\t\t<div class=\"elementor-element elementor-element-db8c828 elementor-widget elementor-widget-wd_image_or_svg\" data-id=\"db8c828\" data-element_type=\"widget\" data-e-type=\"widget\" data-widget_type=\"wd_image_or_svg.default\">\n\t\t\t\t<div class=\"elementor-widget-container\">\n\t\t\t\t\t\n\t\t<div class=\"wd-image text-left\">\n\t\t\t\t\t\t\t\t<img loading=\"lazy\" decoding=\"async\" width=\"1920\" height=\"800\" src=\"https:\/\/slovenianjewelryweek.com\/wp-content\/uploads\/2026\/02\/www2026.jpg\" class=\"attachment-full size-full\" alt=\"\" srcset=\"https:\/\/slovenianjewelryweek.com\/wp-content\/uploads\/2026\/02\/www2026.jpg 1920w, https:\/\/slovenianjewelryweek.com\/wp-content\/uploads\/2026\/02\/www2026-300x125.jpg 300w, https:\/\/slovenianjewelryweek.com\/wp-content\/uploads\/2026\/02\/www2026-1024x427.jpg 1024w, https:\/\/slovenianjewelryweek.com\/wp-content\/uploads\/2026\/02\/www2026-768x320.jpg 768w, https:\/\/slovenianjewelryweek.com\/wp-content\/uploads\/2026\/02\/www2026-1536x640.jpg 1536w\" sizes=\"auto, (max-width: 1920px) 100vw, 1920px\" \/>\t\t\t\t\t<\/div>\n\n\t\t\t\t\t\t<\/div>\n\t\t\t\t<\/div>\n\t\t\t\t\t<\/div>\n\t\t\t\t<\/div>\n\t\t<div class=\"elementor-element elementor-element-f560d1b e-flex e-con-boxed e-con e-parent\" data-id=\"f560d1b\" data-element_type=\"container\" data-e-type=\"container\">\n\t\t\t\t\t<div class=\"e-con-inner\">\n\t\t\t\t<div class=\"elementor-element elementor-element-0ad2b29 elementor-widget elementor-widget-heading\" data-id=\"0ad2b29\" data-element_type=\"widget\" data-e-type=\"widget\" data-widget_type=\"heading.default\">\n\t\t\t\t<div class=\"elementor-widget-container\">\n\t\t\t\t\t<h2 class=\"elementor-heading-title elementor-size-default\">SUBSTANCE \/ REIMAGINED, LJUBLJANA<\/h2>\t\t\t\t<\/div>\n\t\t\t\t<\/div>\n\t\t\t\t<div class=\"elementor-element elementor-element-67d47b2 color-scheme-inherit text-left elementor-widget elementor-widget-text-editor\" data-id=\"67d47b2\" data-element_type=\"widget\" data-e-type=\"widget\" data-widget_type=\"text-editor.default\">\n\t\t\t\t<div class=\"elementor-widget-container\">\n\t\t\t\t\t\t\t\t\t<p><strong>Center Rog, Trubarjeva 72, Ljubljana<\/strong><\/p><p>Datum: <strong>26. marec\u201318. april 2026<\/strong><\/p><p>Uradno odprtje: <strong>petek, 27. marec 2026, ob 19.00<\/strong><\/p><p>Predstavljamo <strong>110 izbranih<\/strong> umetnikov iz Slovenije in tujine, ki raziskujejo sodobne interpretacije materialnosti in transformacije. Njihova dela je ocenila mednarodna strokovna \u017eirija, ki bo najbolj\u0161im podelila nagrade za izjemne umetni\u0161ke dose\u017eke.<\/p><p>Oblikovalci raziskujejo zapleten odnos med fizi\u010dnim, simboli\u010dnim in digitalnim svetom ter preu\u010dujejo, kako material nastopa kot aktiven sogovornik. Razstava osvetljuje, kako se surova snov skozi umetni\u0161ko vizijo spremeni v miniaturne skulpture, ki nosijo sledi \u010dasa, skrbi in prisotnosti. Razstava <em>Substance \/ Reimagined <\/em>je edinstvena prilo\u017enost za razmislek o vlogi nakita v \u010dasu hitrih dru\u017ebenih preobrazb in o njegovem globokem vplivu na na\u0161o identiteto.<\/p><p><strong>Center Rog<\/strong> je osrednje prizori\u0161\u010de razstave <em>Substance \/ Reimagined<\/em> in celotnega programa SIJW 2026.<\/p>\t\t\t\t\t\t\t\t<\/div>\n\t\t\t\t<\/div>\n\t\t\t\t<div class=\"elementor-element elementor-element-4aa060a color-scheme-inherit text-left elementor-widget elementor-widget-text-editor\" data-id=\"4aa060a\" data-element_type=\"widget\" data-e-type=\"widget\" data-widget_type=\"text-editor.default\">\n\t\t\t\t<div class=\"elementor-widget-container\">\n\t\t\t\t\t\t\t\t\t<p>Strokovna \u017eirija SIJW 2026: <strong>Martina Lon\u010dar (predsednica), Petra Bole, Tanja Pak, Olga Ko\u0161ica, Nichka Marobin (Italija), Gi\u00f2 Carbone (Italija) in Arata Fuchi (Japonska)<\/strong><\/p>\n<p>Kustosi: <strong>Olga Ko\u0161ica, Dalija Sega, Katarina \u0160porar \u010ce\u0161arek, Nina Podobnikar, Metka Mikuleti\u010d, Rok Marin\u0161ek<\/strong><\/p>\n<p>Zasnova postavitev razstave: <strong>Katarina \u010cak\u0161 in Isabela Karlin \u010coh<\/strong><\/p>\n<p>Koordinatorka razstave (Center Rog): <strong>Anja Radovi\u010d<\/strong><\/p>\n<p>Izbrani razstavljavci:<\/p>\n<p><strong>Alain Roggeman (Belgija), Aleksandra Atanasovski (Slovenija), Aleksandra Dedi\u0107 (Srbija), Andreia Gabriela Popescu (Romunija), Anna Paparella (Italija), An\u017ee Mrak (Slovenija), Arijana Gad\u017eijev (Slovenija), Ayla Tur (Nem\u010dija), Chu-Hsien Huang (Tajvan), Dalija Sega (Slovenija), Daye Kim (Ju\u017ena Koreja \/ Zdru\u017eeno kraljestvo), Dodo Paruznik (Avstrija), Hanna Kivel\u00e4 (Finska), Heather Blake (Zdru\u017eeno kraljestvo), Isil Ozcam (Tur\u010dija), Itamar Harari &amp; Alessandro Boscolo (Italija), Jana Seli\u0161kar (Slovenija), Jeanne-Sophie Aas (Francija \/ Norve\u0161ka), Jung Ki Min (ZDA), Katarina Ekart (Slovenija), Katja Marolt (Slovenija), Konstanze Prechtl (Avstrija), Lee Minseo (Ju\u017ena Koreja), Luca Vir\u00e1g Boncz (Mad\u017earska), Luis Acosta (Argentina \/ Nizozemska), Maja Licul (Slovenija), Mariana von Atzingen Gorga (Italija \/ Brazilija), Michael Berger (Nem\u010dija), Mojca Gazi\u010d (Slovenija), Nadezhda Elkina (Poljska), Nata\u0161a Dru\u0161kovi\u010d (Slovenija), Nata\u0161a Grandovec (Slovenija), Nico Delaide (Belgija), Nina Podobnikar (Slovenija), Olja Todosijevi\u0107 (Srbija), Park Junghee (Ju\u017ena Koreja), Patr\u00edcia Hars\u00e1ny (Mad\u017earska), Qian-Qian Xing (Tajvan), Renzhi Guo (Kitajska \/ Zdru\u017eeno kraljestvo), Rikke Lunnemann (Ferski otoki \/ Danska), Robin Deriaz (\u0160vica), Sara Mermal (Slovenija), Shane \/ Shi Yan (Zdru\u017eeno kraljestvo), Sre\u010dko Molk (Slovenija), Tanja Podbev\u0161ek (Slovenija), Teresa Milheiro (Portugalska), Weixin Huang (Zdru\u017eeno kraljestvo), Yuka Ishikawa (Japonska), Yuxin Song (Kitajska), Ziqi Yuan (Kitajska)<\/strong><\/p>\n<p><strong>Gostje (ustanove in kolektivi):<\/strong><\/p>\n<p><strong>JOYEROS ARGENTINOS (Argentina)<\/strong><\/p>\n<p>Adriana Gomez, Ana Lavarello, Carmen Romero, Cecilia Fergero, Gabriela Nirino (Argentina\/ZDA), Graciela Lescano, Hebe Argentieri, Laura Giusti, Laura Leyt, Leda Daverio, Lena Echelle, Patricia Mogni, Paula Isola, Sol Flores in Vanesa Perez Cepeda (Argentina)<\/p>\n<p><strong>ULUPUH \u2013 Hrva\u0161ka udruga likovnih umjetnosti (Croatia)<\/strong><\/p>\n<p>Andreja Kru\u0161elj, Bo\u017eica Petkovi\u0107, Dunja Naerlovi\u0107, Ines Dela\u010d, Julijana Rodi\u0107 Ozimec, Lazer Rok Lumezi, Luka Petrinjak, Marijana Pi\u0161ani\u0107, Petra Podnar\u010duk, Sabina Koloni\u0107, Smiljka Franji\u0107, Sonja Turner Fegi\u0107 in Zlatko Odr\u010di\u0107 (Croatia); Benjamin Kavazovi\u0107 (Bosnia and Herzegovina); Carlos Ignacio Bellante (Argentina\/Croatia); Christoph Steidl Porenta (Slovenia)<\/p>\n<p><strong>PIN \u2013 Portuguese Association of Contemporary Jewelry (Portugal)<\/strong><\/p>\n<p>Carlos Silva, Miguel Matos, Paola Castro, Paula Zerbes (Portugal); Kaia Ansip (Estonia\/Portugal); Caio Mahin in Viviane Kiritani (Brazil\/Portugal)<\/p>\n<p><strong>PREZIOSA YOUNG by LAO \u2013 Le Arti Orafe, Contemporary Jewelry School, Firence (Italy)<\/strong><\/p>\n<p>Hasan Kurd (Palestine\/Germany), Maria Camera-Smith (USA), Xi Li (United Kingdom), Xinyi Chen (United Kingdom) in YeJin Choi (South Korea)<\/p>\n<p><strong>ROJW (Romania)<\/strong><\/p>\n<p>Alexandrina Remescu-Simo, Andreea Radu, David Sandu, Marie Jianu in Romana Mateia\u0219 (Romania) ter Huda Mahdi (Iraq\/Romania)<\/p>\n<p><strong>Birmingham School of Jewelry (United Kingdom)<\/strong><\/p>\n<p><strong>BA program:<\/strong> Bowen Song, Xiaoyan Chen in Chenyang Zhao (China\/UK)<\/p>\n<p><strong>MA program:<\/strong> Xiaoxue Zhang, Cho Nam Tsang (Hong Kong (SAR, China)\/UK) in Hao Zheng (China\/UK)<\/p><p><br><\/p>\n<p><\/p>\n<p><strong>MLADE USTVARJALKE (Slovenija):<\/strong><\/p>\n<p>Korina Kotnik, Roga\u0161ka Slatina School Center (Slovenia); Ne\u017ea Mia Andlovi\u0107, Academy of Fine Arts and Design in Ljubljana (Slovenia); Tia \u0160tefan\u010di\u010d, Faculty of Education, University of Primorska in Koper (Slovenia)<\/p>\t\t\t\t\t\t\t\t<\/div>\n\t\t\t\t<\/div>\n\t\t\t\t\t<\/div>\n\t\t\t\t<\/div>\n\t\t<div class=\"elementor-element elementor-element-1d8b107 e-flex e-con-boxed e-con e-parent\" data-id=\"1d8b107\" data-element_type=\"container\" data-e-type=\"container\">\n\t\t\t\t\t<div class=\"e-con-inner\">\n\t\t\t\t<div class=\"elementor-element elementor-element-181a68e elementor-widget elementor-widget-heading\" data-id=\"181a68e\" data-element_type=\"widget\" data-e-type=\"widget\" data-widget_type=\"heading.default\">\n\t\t\t\t<div class=\"elementor-widget-container\">\n\t\t\t\t\t<h2 class=\"elementor-heading-title elementor-size-default\">Mednarodna gostujo\u010da razstava SERENITY \/SPOKOJNOST, IZOLA<\/h2>\t\t\t\t<\/div>\n\t\t\t\t<\/div>\n\t\t\t\t<div class=\"elementor-element elementor-element-daa1944 color-scheme-inherit text-left elementor-widget elementor-widget-text-editor\" data-id=\"daa1944\" data-element_type=\"widget\" data-e-type=\"widget\" data-widget_type=\"text-editor.default\">\n\t\t\t\t<div class=\"elementor-widget-container\">\n\t\t\t\t\t\t\t\t\t<p><strong>Galerija DRAT, Ljubljanska ulica 20, Izola<\/strong><\/p><p>Datum:<strong> 17. marec \u2013 11. april 2026<\/strong><\/p><p>Otvoritev razstave z umetniki in gosti:<strong> sobota, 28. marec 2026, ob 11.00<\/strong><\/p><p>Kustos:<strong> Luis Acosta<\/strong><\/p><p>Organizacija in postavitev razstave:<strong> Sandra Kocjan\u010di\u010d in Tina Coti\u010d<\/strong><\/p><p>\u00a0<\/p><p>Kustos <strong>Luis Acosta<\/strong> je zasnoval mednarodno gostujo\u010do razstavo <em>Serenity<\/em>, v kateri sodeluje 32 mednarodnih oblikovalcev. Razstava bo v <strong>Galeriji Drat<\/strong> v Izoli na ogled od 28. marca do 18. aprila 2026. Projekt ponuja kontemplativen pogled na nakit kot medij notranjega ravnovesja in \u010dustvene resonance.<\/p><p><em>Serenity<\/em> v sodobnem nakitu predstavlja \u010diste linije, organske oblike in zadr\u017eano barvno paleto, ki namesto k vizualni prevladi vabi k introspekciji. Skrbno izbrani materiali vzpostavljajo subtilen dialog med eteri\u010dnim in otipljivim, vsak kos pa pripoveduje zgodbo o trajnostnem razmi\u0161ljanju in iskanju miru v kompleksnem svetu. Ta mednarodna potujo\u010da razstava zdru\u017euje svetovne oblikovalce in njihove inovativne pristope k umetnosti, ki nakit preobra\u017ea v prostor aktivacije \u010dustev in lepote.<\/p><p>\u00a0<\/p><p>Mednarodni oblikovalci:<\/p><p><strong>Akane Hayashi (Japonska), Alejandra Baham\u00f3n (Kolumbija), Alexandra Conde (Mehika), Alicia Salcedo Gonz\u00e1lvez (\u0160panija), Amalgama (Giorgia Tasca) (Italija \/ ZDA), Andrea Barrera (Kolumbija), Angela Gentile (Italija), Anne Earls Boylan (Zdru\u017eeno kraljestvo), Beatriz Yebaile Gargano (\u0160panija), Caron Fitzpatrick (Nizozemska), Cecilia Mattera (Argentina), Clara Moranta Mart\u00ed (\u0160panija), Claudia Isabel Alban Andrioli (Kolumbija), FLUXIS (Mariangela &amp; Alberto) (Italija), Gabriela Sierra (Mehika), Graciela Di M\u00f3naco (Argentina), Lamia Saab (\u0160vedska), Laura Volpi (Italija), Lidia Godfrid (Argentina), Lily Kanellopoulou (Gr\u010dija), Luisa Mucedola (Italija), Marija Radosavljevi\u0107 (Srbija), May Ga\u00f1an (\u0160panija), \u00d6zlem B\u00f6ge (Tur\u010dija), Pamela Su\u00e1rez Iturrieta (\u010cile), Patrizia Casamirra (Italija), Pauletta Brooks (ZDA), Rosanna Raljevi\u0107 Ceglar (Slovenija), Susanne Elstner (Nem\u010dija), Tiziana Chiara (Italija), Vera Blixen (\u0160panija), Ye-jee LEE (Ju\u017ena Koreja).<\/strong><\/p>\t\t\t\t\t\t\t\t<\/div>\n\t\t\t\t<\/div>\n\t\t\t\t\t<\/div>\n\t\t\t\t<\/div>\n\t\t<div class=\"elementor-element elementor-element-47c4abe e-flex e-con-boxed e-con e-parent\" data-id=\"47c4abe\" data-element_type=\"container\" data-e-type=\"container\">\n\t\t\t\t\t<div class=\"e-con-inner\">\n\t\t\t\t<div class=\"elementor-element elementor-element-f508e04 elementor-widget elementor-widget-heading\" data-id=\"f508e04\" data-element_type=\"widget\" data-e-type=\"widget\" data-widget_type=\"heading.default\">\n\t\t\t\t<div class=\"elementor-widget-container\">\n\t\t\t\t\t<h2 class=\"elementor-heading-title elementor-size-default\">PET LET SIJAJA (FIVE YEARS OF BRILLIANCE), SLOVENJ GRADEC<\/h2>\t\t\t\t<\/div>\n\t\t\t\t<\/div>\n\t\t\t\t<div class=\"elementor-element elementor-element-76afce4 color-scheme-inherit text-left elementor-widget elementor-widget-text-editor\" data-id=\"76afce4\" data-element_type=\"widget\" data-e-type=\"widget\" data-widget_type=\"text-editor.default\">\n\t\t\t\t<div class=\"elementor-widget-container\">\n\t\t\t\t\t\t\t\t\t<p><strong>Koro\u0161ki pokrajinski muzej, Glavni trg 24, Slovenj Gradec<\/strong><\/p><p>Datum:<strong> 26. marec\u20133. maj 2026<\/strong><\/p><p>Otvoritev:<strong> \u010detrtek, 26. marec 2026, ob 18.00<\/strong><\/p><p>Kustosinji:<strong> Aleksandra \u010cas, Sara Mermal<\/strong><\/p><p>\u00a0<\/p><p>Razstava <em>Pet let sijaja<\/em> bo <strong>v Koro\u0161kem pokrajinskem muzeju <\/strong>na ogled <strong>od 26. marca do 3. maja<\/strong> 2026. Razstava predstavlja izbor dobitnikov nagrad preteklih izdaj Slovenskega tedna nakita ter izpostavlja umetni\u0161ko odli\u010dnost, kontinuiteto ustvarjanja in dolgoro\u010dni vpliv nagrajencev na slovensko sceno sodobnega nakita.<\/p><p>Projekt poudarja klju\u010dno vlogo festivala pri spodbujanju novih talentov in priznavanju uveljavljenih mojstrov. Preko izbranih del, ki so zaznamovala pretekla leta, razstava gradi trajnostno strokovno platformo v slovenskem prostoru. Gre za izrazito trajnostno naravnan pregled, ki poudarja kulturno dedi\u0161\u010dino in prihodnost slovenskega oblikovanja nakita.<\/p><p>\u00a0<\/p><p>Razstavljavci:<\/p><p><strong>An\u017ee Mrak <\/strong>(Najbolj\u0161i mladi oblikovalec 2023)<\/p><p><strong>Martina Lon\u010dar <\/strong>(Najbolj\u0161a slovenska oblikovalka 2023)<\/p><p><strong>Huberto \u0160iroka <\/strong>(Nagrada za posebne dose\u017eke 2023)<\/p><p><strong>Kristina Drnov\u0161ek <\/strong>(Najbolj\u0161a mlada oblikovalka 2024)<\/p><p><strong>Sanda Vidmar <\/strong>(Najbolj\u0161a slovenska oblikovalka 2024)<\/p><p><strong>Christoph Steidl Porenta <\/strong>(Nagrada za posebne dose\u017eke 2024)<\/p><p><strong>Sara Mermal <\/strong>(Najbolj\u0161a mlada oblikovalka 2025)<\/p><p><strong>Katja Marolt <\/strong>(Najbolj\u0161a slovenska oblikovalka 2025)<\/p><p><strong>Zdenka \u0160amec<\/strong> (Nagrada za posebne dose\u017eke 2025)<\/p>\t\t\t\t\t\t\t\t<\/div>\n\t\t\t\t<\/div>\n\t\t\t\t\t<\/div>\n\t\t\t\t<\/div>\n\t\t<div class=\"elementor-element elementor-element-9dbe9d1 e-flex e-con-boxed e-con e-parent\" data-id=\"9dbe9d1\" data-element_type=\"container\" data-e-type=\"container\">\n\t\t\t\t\t<div class=\"e-con-inner\">\n\t\t\t\t<div class=\"elementor-element elementor-element-f734621 color-scheme-inherit text-left elementor-widget elementor-widget-text-editor\" data-id=\"f734621\" data-element_type=\"widget\" data-e-type=\"widget\" data-widget_type=\"text-editor.default\">\n\t\t\t\t<div class=\"elementor-widget-container\">\n\t\t\t\t\t\t\t\t\t<p>Slovenski teden nakita je v svoji osnovi <strong>kulturno-izobra\u017eevalni projekt<\/strong>, ki v letu 2026 vklju\u010duje bogat spremljevalni program: <strong>strokovna predavanja, interaktivne delavnice, umetni\u0161ke rezidence in vodene oglede po vsej dr\u017eavi<\/strong>. Poseben poudarek namenjamo izobra\u017eevanju, izmenjavi znanja ter spodbujanju mladih talentov in \u0161tudentov, ki prina\u0161ajo sve\u017ee, trajnostno naravnane ideje.<\/p><p>Slovenski teden nakita ni le sre\u010danje ustvarjalcev \u2013 je praznik kulture, inovativnosti in raznolikosti, ki skozi snovno preobrazbo nagovarja svet okoli nas.<\/p><p><strong>Vabljeni, da z nami do\u017eivite bogastvo ob\u010dutkov, pomenov in zgodb, ki jih vzbuja sodobni nakit!<\/strong><\/p>\t\t\t\t\t\t\t\t<\/div>\n\t\t\t\t<\/div>\n\t\t\t\t\t<\/div>\n\t\t\t\t<\/div>\n\t\t<div class=\"wd-negative-gap elementor-element elementor-element-3189fcd wd-section-stretch-content e-flex e-con-boxed e-con e-parent\" data-id=\"3189fcd\" data-element_type=\"container\" data-e-type=\"container\">\n\t\t\t\t\t<div class=\"e-con-inner\">\n\t\t\t\t<div class=\"elementor-element elementor-element-815496c e-transform e-transform elementor-widget elementor-widget-wd_marquee\" data-id=\"815496c\" data-element_type=\"widget\" data-e-type=\"widget\" data-settings=\"{&quot;_transform_rotateZ_effect&quot;:{&quot;unit&quot;:&quot;px&quot;,&quot;size&quot;:2,&quot;sizes&quot;:[]},&quot;_transform_rotateZ_effect_tablet&quot;:{&quot;unit&quot;:&quot;deg&quot;,&quot;size&quot;:&quot;&quot;,&quot;sizes&quot;:[]},&quot;_transform_rotateZ_effect_mobile&quot;:{&quot;unit&quot;:&quot;deg&quot;,&quot;size&quot;:&quot;&quot;,&quot;sizes&quot;:[]},&quot;_transform_translateX_effect&quot;:{&quot;unit&quot;:&quot;px&quot;,&quot;size&quot;:&quot;&quot;,&quot;sizes&quot;:[]},&quot;_transform_translateX_effect_tablet&quot;:{&quot;unit&quot;:&quot;px&quot;,&quot;size&quot;:&quot;&quot;,&quot;sizes&quot;:[]},&quot;_transform_translateX_effect_mobile&quot;:{&quot;unit&quot;:&quot;px&quot;,&quot;size&quot;:&quot;&quot;,&quot;sizes&quot;:[]},&quot;_transform_translateY_effect&quot;:{&quot;unit&quot;:&quot;px&quot;,&quot;size&quot;:&quot;&quot;,&quot;sizes&quot;:[]},&quot;_transform_translateY_effect_tablet&quot;:{&quot;unit&quot;:&quot;px&quot;,&quot;size&quot;:&quot;&quot;,&quot;sizes&quot;:[]},&quot;_transform_translateY_effect_mobile&quot;:{&quot;unit&quot;:&quot;px&quot;,&quot;size&quot;:&quot;&quot;,&quot;sizes&quot;:[]}}\" data-widget_type=\"wd_marquee.default\">\n\t\t\t\t<div class=\"elementor-widget-container\">\n\t\t\t\t\t\t\t<div class=\"wd-marquee \">\n\t\t\t<div class=\"wd-marquee-content\">\n\t\t\t\t\t\t\t<span class=\"wd-marquee-item\">\n\t\t\t\t<img loading=\"lazy\" decoding=\"async\" width=\"42\" height=\"42\" src=\"https:\/\/slovenianjewelryweek.com\/wp-content\/uploads\/2024\/10\/SIJW-42x42.png\" class=\"attachment-42x42 size-42x42\" alt=\"\" srcset=\"https:\/\/slovenianjewelryweek.com\/wp-content\/uploads\/2024\/10\/SIJW-42x42.png 42w, https:\/\/slovenianjewelryweek.com\/wp-content\/uploads\/2024\/10\/SIJW-600x600.png 600w, https:\/\/slovenianjewelryweek.com\/wp-content\/uploads\/2024\/10\/SIJW-150x150.png 150w, https:\/\/slovenianjewelryweek.com\/wp-content\/uploads\/2024\/10\/SIJW-300x300.png 300w, https:\/\/slovenianjewelryweek.com\/wp-content\/uploads\/2024\/10\/SIJW-1024x1024.png 1024w, https:\/\/slovenianjewelryweek.com\/wp-content\/uploads\/2024\/10\/SIJW-768x768.png 768w, https:\/\/slovenianjewelryweek.com\/wp-content\/uploads\/2024\/10\/SIJW-230x230.png 230w, https:\/\/slovenianjewelryweek.com\/wp-content\/uploads\/2024\/10\/SIJW.png 1139w\" sizes=\"auto, (max-width: 42px) 100vw, 42px\" \/>\n\t\t\t\t\t\t\t\t\t5. SLOVENSKI TEDEN NAKITA 2026\t\t\t\t\n\t\t\t\t\t\t\t<\/span>\n\t\t\t\t\t\t<span class=\"wd-marquee-item\">\n\t\t\t\t<img loading=\"lazy\" decoding=\"async\" width=\"42\" height=\"42\" src=\"https:\/\/slovenianjewelryweek.com\/wp-content\/uploads\/2024\/10\/SIJW-42x42.png\" class=\"attachment-42x42 size-42x42\" alt=\"\" srcset=\"https:\/\/slovenianjewelryweek.com\/wp-content\/uploads\/2024\/10\/SIJW-42x42.png 42w, https:\/\/slovenianjewelryweek.com\/wp-content\/uploads\/2024\/10\/SIJW-600x600.png 600w, https:\/\/slovenianjewelryweek.com\/wp-content\/uploads\/2024\/10\/SIJW-150x150.png 150w, https:\/\/slovenianjewelryweek.com\/wp-content\/uploads\/2024\/10\/SIJW-300x300.png 300w, https:\/\/slovenianjewelryweek.com\/wp-content\/uploads\/2024\/10\/SIJW-1024x1024.png 1024w, https:\/\/slovenianjewelryweek.com\/wp-content\/uploads\/2024\/10\/SIJW-768x768.png 768w, https:\/\/slovenianjewelryweek.com\/wp-content\/uploads\/2024\/10\/SIJW-230x230.png 230w, https:\/\/slovenianjewelryweek.com\/wp-content\/uploads\/2024\/10\/SIJW.png 1139w\" sizes=\"auto, (max-width: 42px) 100vw, 42px\" \/>\n\t\t\t\t\t\t\t\t\t26. marec\u201318. april 2026\t\t\t\t\n\t\t\t\t\t\t\t<\/span>\n\t\t\t\t\t\t<\/div>\n\t\t\t<div class=\"wd-marquee-content\">\n\t\t\t\t\t\t\t<span class=\"wd-marquee-item\">\n\t\t\t\t<img loading=\"lazy\" decoding=\"async\" width=\"42\" height=\"42\" src=\"https:\/\/slovenianjewelryweek.com\/wp-content\/uploads\/2024\/10\/SIJW-42x42.png\" class=\"attachment-42x42 size-42x42\" alt=\"\" srcset=\"https:\/\/slovenianjewelryweek.com\/wp-content\/uploads\/2024\/10\/SIJW-42x42.png 42w, https:\/\/slovenianjewelryweek.com\/wp-content\/uploads\/2024\/10\/SIJW-600x600.png 600w, https:\/\/slovenianjewelryweek.com\/wp-content\/uploads\/2024\/10\/SIJW-150x150.png 150w, https:\/\/slovenianjewelryweek.com\/wp-content\/uploads\/2024\/10\/SIJW-300x300.png 300w, https:\/\/slovenianjewelryweek.com\/wp-content\/uploads\/2024\/10\/SIJW-1024x1024.png 1024w, https:\/\/slovenianjewelryweek.com\/wp-content\/uploads\/2024\/10\/SIJW-768x768.png 768w, https:\/\/slovenianjewelryweek.com\/wp-content\/uploads\/2024\/10\/SIJW-230x230.png 230w, https:\/\/slovenianjewelryweek.com\/wp-content\/uploads\/2024\/10\/SIJW.png 1139w\" sizes=\"auto, (max-width: 42px) 100vw, 42px\" \/>\n\t\t\t\t\t\t\t\t\t5. SLOVENSKI TEDEN NAKITA 2026\t\t\t\t\n\t\t\t\t\t\t\t<\/span>\n\t\t\t\t\t\t<span class=\"wd-marquee-item\">\n\t\t\t\t<img loading=\"lazy\" decoding=\"async\" width=\"42\" height=\"42\" src=\"https:\/\/slovenianjewelryweek.com\/wp-content\/uploads\/2024\/10\/SIJW-42x42.png\" class=\"attachment-42x42 size-42x42\" alt=\"\" srcset=\"https:\/\/slovenianjewelryweek.com\/wp-content\/uploads\/2024\/10\/SIJW-42x42.png 42w, https:\/\/slovenianjewelryweek.com\/wp-content\/uploads\/2024\/10\/SIJW-600x600.png 600w, https:\/\/slovenianjewelryweek.com\/wp-content\/uploads\/2024\/10\/SIJW-150x150.png 150w, https:\/\/slovenianjewelryweek.com\/wp-content\/uploads\/2024\/10\/SIJW-300x300.png 300w, https:\/\/slovenianjewelryweek.com\/wp-content\/uploads\/2024\/10\/SIJW-1024x1024.png 1024w, https:\/\/slovenianjewelryweek.com\/wp-content\/uploads\/2024\/10\/SIJW-768x768.png 768w, https:\/\/slovenianjewelryweek.com\/wp-content\/uploads\/2024\/10\/SIJW-230x230.png 230w, https:\/\/slovenianjewelryweek.com\/wp-content\/uploads\/2024\/10\/SIJW.png 1139w\" sizes=\"auto, (max-width: 42px) 100vw, 42px\" \/>\n\t\t\t\t\t\t\t\t\t26. marec\u201318. april 2026\t\t\t\t\n\t\t\t\t\t\t\t<\/span>\n\t\t\t\t\t\t<\/div>\n\t\t<\/div>\n\t\t\t\t\t\t<\/div>\n\t\t\t\t<\/div>\n\t\t\t\t\t<\/div>\n\t\t\t\t<\/div>\n\t\t<div class=\"elementor-element elementor-element-71a90af e-con-full e-flex e-con e-child\" data-id=\"71a90af\" data-element_type=\"container\" data-e-type=\"container\">\n\t\t\t\t<div class=\"elementor-element elementor-element-99102dd wd-width-100 elementor-widget elementor-widget-wd_images_gallery\" data-id=\"99102dd\" data-element_type=\"widget\" data-e-type=\"widget\" data-widget_type=\"wd_images_gallery.default\">\n\t\t\t\t<div class=\"elementor-widget-container\">\n\t\t\t\t\t\t\t<div class=\"wd-images-gallery\" style=\"--wd-align-items:center; --wd-justify-content:center;\">\n\t\t\t\t\t\t<div class=\"wd-grid-g\" style=\"--wd-col-lg:4;--wd-col-md:4;--wd-col-sm:2;--wd-gap-lg:0px;\" >\n\t\t\t\t\t\t\t\t\t\t\t\t\t\t\t\t\t\t<div class=\"wd-gallery-item wd-col\">\n\t\t\t\t\t\t\n\t\t\t\t\t\t<img loading=\"lazy\" decoding=\"async\" width=\"500\" height=\"500\" src=\"https:\/\/slovenianjewelryweek.com\/wp-content\/uploads\/2025\/07\/SIJW2025-rog-otvoritev_07-500x500.jpg\" class=\"attachment-500x500 size-500x500\" alt=\"SIJW2025-rog-otvoritev_07\" srcset=\"https:\/\/slovenianjewelryweek.com\/wp-content\/uploads\/2025\/07\/SIJW2025-rog-otvoritev_07-500x500.jpg 500w, https:\/\/slovenianjewelryweek.com\/wp-content\/uploads\/2025\/07\/SIJW2025-rog-otvoritev_07-150x150.jpg 150w\" sizes=\"auto, (max-width: 500px) 100vw, 500px\" \/>\n\t\t\t\t\t\t\t\t\t\t\t<\/div>\n\t\t\t\t\t\t\t\t\t\t\t\t\t\t\t<div class=\"wd-gallery-item wd-col\">\n\t\t\t\t\t\t\n\t\t\t\t\t\t<img loading=\"lazy\" decoding=\"async\" width=\"500\" height=\"500\" src=\"https:\/\/slovenianjewelryweek.com\/wp-content\/uploads\/2025\/07\/SIJW2025-rog-otvoritev_05-500x500.jpg\" class=\"attachment-500x500 size-500x500\" alt=\"SIJW2025-rog-otvoritev_05\" srcset=\"https:\/\/slovenianjewelryweek.com\/wp-content\/uploads\/2025\/07\/SIJW2025-rog-otvoritev_05-500x500.jpg 500w, https:\/\/slovenianjewelryweek.com\/wp-content\/uploads\/2025\/07\/SIJW2025-rog-otvoritev_05-150x150.jpg 150w\" sizes=\"auto, (max-width: 500px) 100vw, 500px\" \/>\n\t\t\t\t\t\t\t\t\t\t\t<\/div>\n\t\t\t\t\t\t\t\t\t\t\t\t\t\t\t<div class=\"wd-gallery-item wd-col\">\n\t\t\t\t\t\t\n\t\t\t\t\t\t<img loading=\"lazy\" decoding=\"async\" width=\"500\" height=\"500\" src=\"https:\/\/slovenianjewelryweek.com\/wp-content\/uploads\/2025\/07\/SIJW2025-IZOLA-INSULA_05-500x500.jpg\" class=\"attachment-500x500 size-500x500\" alt=\"SIJW2025-IZOLA-INSULA_05\" srcset=\"https:\/\/slovenianjewelryweek.com\/wp-content\/uploads\/2025\/07\/SIJW2025-IZOLA-INSULA_05-500x500.jpg 500w, https:\/\/slovenianjewelryweek.com\/wp-content\/uploads\/2025\/07\/SIJW2025-IZOLA-INSULA_05-150x150.jpg 150w\" sizes=\"auto, (max-width: 500px) 100vw, 500px\" \/>\n\t\t\t\t\t\t\t\t\t\t\t<\/div>\n\t\t\t\t\t\t\t\t\t\t\t\t\t\t\t<div class=\"wd-gallery-item wd-col\">\n\t\t\t\t\t\t\n\t\t\t\t\t\t<img loading=\"lazy\" decoding=\"async\" width=\"500\" height=\"500\" src=\"https:\/\/slovenianjewelryweek.com\/wp-content\/uploads\/2025\/07\/SIJW2025-zakljucek-LJ_13-500x500.jpg\" class=\"attachment-500x500 size-500x500\" alt=\"SIJW2025-zakljucek-LJ_13\" srcset=\"https:\/\/slovenianjewelryweek.com\/wp-content\/uploads\/2025\/07\/SIJW2025-zakljucek-LJ_13-500x500.jpg 500w, https:\/\/slovenianjewelryweek.com\/wp-content\/uploads\/2025\/07\/SIJW2025-zakljucek-LJ_13-150x150.jpg 150w\" sizes=\"auto, (max-width: 500px) 100vw, 500px\" \/>\n\t\t\t\t\t\t\t\t\t\t\t<\/div>\n\t\t\t\t\t\t\t\t\t\t\t\t\t<\/div>\n\t\t\t\t\t<\/div>\n\t\t\t\t\t\t<\/div>\n\t\t\t\t<\/div>\n\t\t\t\t<\/div>\n\t\t\t\t<\/div>\n\t\t","protected":false},"excerpt":{"rendered":"<p>SLOVENSKI TEDEN NAKITA 2026 = snov\/preobrazba Slovenski teden nakita (SIJW 2026) v svoji jubilejni, peti izvedbi ponovno celovito povezuje umetni\u0161ko<\/p>\n","protected":false},"author":1,"featured_media":1807,"parent":0,"menu_order":13,"comment_status":"closed","ping_status":"closed","template":"","meta":{"iawp_total_views":1500,"footnotes":""},"class_list":["post-11829","page","type-page","status-publish","has-post-thumbnail","hentry"],"yoast_head":"<!-- This site is optimized with the Yoast SEO plugin v27.2 - https:\/\/yoast.com\/product\/yoast-seo-wordpress\/ -->\n<title>SLOVENSKI TEDEN NAKITA 2026 - 4th SLOVENIAN JEWELRY WEEK 2025<\/title>\n<meta name=\"description\" content=\"Slovenian Jewelry Week (SIJW) is the premier platform for showcasing contemporary jewelry design in Slovenia on a global stage.\" \/>\n<meta name=\"robots\" content=\"index, follow, max-snippet:-1, max-image-preview:large, max-video-preview:-1\" \/>\n<link rel=\"canonical\" href=\"https:\/\/slovenianjewelryweek.com\/sl\/\" \/>\n<meta property=\"og:locale\" content=\"sl_SI\" \/>\n<meta property=\"og:type\" content=\"article\" \/>\n<meta property=\"og:title\" content=\"SLOVENSKI TEDEN NAKITA 2026 - 4th SLOVENIAN JEWELRY WEEK 2025\" \/>\n<meta property=\"og:description\" content=\"Slovenian Jewelry Week (SIJW) is the premier platform for showcasing contemporary jewelry design in Slovenia on a global stage.\" \/>\n<meta property=\"og:url\" content=\"https:\/\/slovenianjewelryweek.com\/sl\/\" \/>\n<meta property=\"og:site_name\" content=\"SIJW\" \/>\n<meta property=\"article:modified_time\" content=\"2026-04-01T06:38:02+00:00\" \/>\n<meta property=\"og:image\" content=\"https:\/\/slovenianjewelryweek.com\/wp-content\/uploads\/2024\/10\/cropped-SIJW.png\" \/>\n\t<meta property=\"og:image:width\" content=\"512\" \/>\n\t<meta property=\"og:image:height\" content=\"512\" \/>\n\t<meta property=\"og:image:type\" content=\"image\/png\" \/>\n<meta name=\"twitter:card\" content=\"summary_large_image\" \/>\n<meta name=\"twitter:title\" content=\"SLOVENSKI TEDEN NAKITA 2026 - 4th SLOVENIAN JEWELRY WEEK 2025\" \/>\n<meta name=\"twitter:description\" content=\"Slovenian Jewelry Week (SIJW) is the premier platform for showcasing contemporary jewelry design in Slovenia on a global stage.\" \/>\n<meta name=\"twitter:image\" content=\"https:\/\/slovenianjewelryweek.com\/wp-content\/uploads\/2024\/10\/cropped-SIJW.png\" \/>\n<meta name=\"twitter:label1\" content=\"Est. reading time\" \/>\n\t<meta name=\"twitter:data1\" content=\"10 minut\" \/>\n<script type=\"application\/ld+json\" class=\"yoast-schema-graph\">{\"@context\":\"https:\/\/schema.org\",\"@graph\":[{\"@type\":\"WebPage\",\"@id\":\"https:\/\/slovenianjewelryweek.com\/sl\/\",\"url\":\"https:\/\/slovenianjewelryweek.com\/sl\/\",\"name\":\"SLOVENSKI TEDEN NAKITA 2026 - 4th SLOVENIAN JEWELRY WEEK 2025\",\"isPartOf\":{\"@id\":\"https:\/\/slovenianjewelryweek.com\/sl\/#website\"},\"primaryImageOfPage\":{\"@id\":\"https:\/\/slovenianjewelryweek.com\/sl\/#primaryimage\"},\"image\":{\"@id\":\"https:\/\/slovenianjewelryweek.com\/sl\/#primaryimage\"},\"thumbnailUrl\":\"https:\/\/slovenianjewelryweek.com\/wp-content\/uploads\/2024\/10\/cropped-SIJW.png\",\"datePublished\":\"2025-09-09T11:53:28+00:00\",\"dateModified\":\"2026-04-01T06:38:02+00:00\",\"description\":\"Slovenian Jewelry Week (SIJW) is the premier platform for showcasing contemporary jewelry design in Slovenia on a global stage.\",\"breadcrumb\":{\"@id\":\"https:\/\/slovenianjewelryweek.com\/sl\/#breadcrumb\"},\"inLanguage\":\"sl-SI\",\"potentialAction\":[{\"@type\":\"ReadAction\",\"target\":[\"https:\/\/slovenianjewelryweek.com\/sl\/\"]}]},{\"@type\":\"ImageObject\",\"inLanguage\":\"sl-SI\",\"@id\":\"https:\/\/slovenianjewelryweek.com\/sl\/#primaryimage\",\"url\":\"https:\/\/slovenianjewelryweek.com\/wp-content\/uploads\/2024\/10\/cropped-SIJW.png\",\"contentUrl\":\"https:\/\/slovenianjewelryweek.com\/wp-content\/uploads\/2024\/10\/cropped-SIJW.png\",\"width\":512,\"height\":512},{\"@type\":\"BreadcrumbList\",\"@id\":\"https:\/\/slovenianjewelryweek.com\/sl\/#breadcrumb\",\"itemListElement\":[{\"@type\":\"ListItem\",\"position\":1,\"name\":\"Home\",\"item\":\"https:\/\/slovenianjewelryweek.com\/sl\/\"},{\"@type\":\"ListItem\",\"position\":2,\"name\":\"SLOVENSKI TEDEN NAKITA 2026\"}]},{\"@type\":\"WebSite\",\"@id\":\"https:\/\/slovenianjewelryweek.com\/sl\/#website\",\"url\":\"https:\/\/slovenianjewelryweek.com\/sl\/\",\"name\":\"SIJW\",\"description\":\"\",\"potentialAction\":[{\"@type\":\"SearchAction\",\"target\":{\"@type\":\"EntryPoint\",\"urlTemplate\":\"https:\/\/slovenianjewelryweek.com\/sl\/?s={search_term_string}\"},\"query-input\":{\"@type\":\"PropertyValueSpecification\",\"valueRequired\":true,\"valueName\":\"search_term_string\"}}],\"inLanguage\":\"sl-SI\"}]}<\/script>\n<!-- \/ Yoast SEO plugin. -->","yoast_head_json":{"title":"SLOVENSKI TEDEN NAKITA 2026 - 4th SLOVENIAN JEWELRY WEEK 2025","description":"Slovenian Jewelry Week (SIJW) is the premier platform for showcasing contemporary jewelry design in Slovenia on a global stage.","robots":{"index":"index","follow":"follow","max-snippet":"max-snippet:-1","max-image-preview":"max-image-preview:large","max-video-preview":"max-video-preview:-1"},"canonical":"https:\/\/slovenianjewelryweek.com\/sl\/","og_locale":"sl_SI","og_type":"article","og_title":"SLOVENSKI TEDEN NAKITA 2026 - 4th SLOVENIAN JEWELRY WEEK 2025","og_description":"Slovenian Jewelry Week (SIJW) is the premier platform for showcasing contemporary jewelry design in Slovenia on a global stage.","og_url":"https:\/\/slovenianjewelryweek.com\/sl\/","og_site_name":"SIJW","article_modified_time":"2026-04-01T06:38:02+00:00","og_image":[{"width":512,"height":512,"url":"https:\/\/slovenianjewelryweek.com\/wp-content\/uploads\/2024\/10\/cropped-SIJW.png","type":"image\/png"}],"twitter_card":"summary_large_image","twitter_title":"SLOVENSKI TEDEN NAKITA 2026 - 4th SLOVENIAN JEWELRY WEEK 2025","twitter_description":"Slovenian Jewelry Week (SIJW) is the premier platform for showcasing contemporary jewelry design in Slovenia on a global stage.","twitter_image":"https:\/\/slovenianjewelryweek.com\/wp-content\/uploads\/2024\/10\/cropped-SIJW.png","twitter_misc":{"Est. reading time":"10 minut"},"schema":{"@context":"https:\/\/schema.org","@graph":[{"@type":"WebPage","@id":"https:\/\/slovenianjewelryweek.com\/sl\/","url":"https:\/\/slovenianjewelryweek.com\/sl\/","name":"SLOVENSKI TEDEN NAKITA 2026 - 4th SLOVENIAN JEWELRY WEEK 2025","isPartOf":{"@id":"https:\/\/slovenianjewelryweek.com\/sl\/#website"},"primaryImageOfPage":{"@id":"https:\/\/slovenianjewelryweek.com\/sl\/#primaryimage"},"image":{"@id":"https:\/\/slovenianjewelryweek.com\/sl\/#primaryimage"},"thumbnailUrl":"https:\/\/slovenianjewelryweek.com\/wp-content\/uploads\/2024\/10\/cropped-SIJW.png","datePublished":"2025-09-09T11:53:28+00:00","dateModified":"2026-04-01T06:38:02+00:00","description":"Slovenian Jewelry Week (SIJW) is the premier platform for showcasing contemporary jewelry design in Slovenia on a global stage.","breadcrumb":{"@id":"https:\/\/slovenianjewelryweek.com\/sl\/#breadcrumb"},"inLanguage":"sl-SI","potentialAction":[{"@type":"ReadAction","target":["https:\/\/slovenianjewelryweek.com\/sl\/"]}]},{"@type":"ImageObject","inLanguage":"sl-SI","@id":"https:\/\/slovenianjewelryweek.com\/sl\/#primaryimage","url":"https:\/\/slovenianjewelryweek.com\/wp-content\/uploads\/2024\/10\/cropped-SIJW.png","contentUrl":"https:\/\/slovenianjewelryweek.com\/wp-content\/uploads\/2024\/10\/cropped-SIJW.png","width":512,"height":512},{"@type":"BreadcrumbList","@id":"https:\/\/slovenianjewelryweek.com\/sl\/#breadcrumb","itemListElement":[{"@type":"ListItem","position":1,"name":"Home","item":"https:\/\/slovenianjewelryweek.com\/sl\/"},{"@type":"ListItem","position":2,"name":"SLOVENSKI TEDEN NAKITA 2026"}]},{"@type":"WebSite","@id":"https:\/\/slovenianjewelryweek.com\/sl\/#website","url":"https:\/\/slovenianjewelryweek.com\/sl\/","name":"SIJW","description":"","potentialAction":[{"@type":"SearchAction","target":{"@type":"EntryPoint","urlTemplate":"https:\/\/slovenianjewelryweek.com\/sl\/?s={search_term_string}"},"query-input":{"@type":"PropertyValueSpecification","valueRequired":true,"valueName":"search_term_string"}}],"inLanguage":"sl-SI"}]}},"_links":{"self":[{"href":"https:\/\/slovenianjewelryweek.com\/sl\/wp-json\/wp\/v2\/pages\/11829","targetHints":{"allow":["GET"]}}],"collection":[{"href":"https:\/\/slovenianjewelryweek.com\/sl\/wp-json\/wp\/v2\/pages"}],"about":[{"href":"https:\/\/slovenianjewelryweek.com\/sl\/wp-json\/wp\/v2\/types\/page"}],"author":[{"embeddable":true,"href":"https:\/\/slovenianjewelryweek.com\/sl\/wp-json\/wp\/v2\/users\/1"}],"replies":[{"embeddable":true,"href":"https:\/\/slovenianjewelryweek.com\/sl\/wp-json\/wp\/v2\/comments?post=11829"}],"version-history":[{"count":93,"href":"https:\/\/slovenianjewelryweek.com\/sl\/wp-json\/wp\/v2\/pages\/11829\/revisions"}],"predecessor-version":[{"id":15014,"href":"https:\/\/slovenianjewelryweek.com\/sl\/wp-json\/wp\/v2\/pages\/11829\/revisions\/15014"}],"wp:featuredmedia":[{"embeddable":true,"href":"https:\/\/slovenianjewelryweek.com\/sl\/wp-json\/wp\/v2\/media\/1807"}],"wp:attachment":[{"href":"https:\/\/slovenianjewelryweek.com\/sl\/wp-json\/wp\/v2\/media?parent=11829"}],"curies":[{"name":"wp","href":"https:\/\/api.w.org\/{rel}","templated":true}]}}